{"id":2160,"date":"2023-02-04T20:53:00","date_gmt":"2023-02-04T19:53:00","guid":{"rendered":"https:\/\/ggi-initiative.at\/wp\/?page_id=2160"},"modified":"2024-04-06T17:49:06","modified_gmt":"2024-04-06T15:49:06","slug":"angst-machen-verbrechen-gegen-die-menschlichkeit","status":"publish","type":"page","link":"https:\/\/ggi-initiative.at\/wp\/angst-machen-verbrechen-gegen-die-menschlichkeit\/","title":{"rendered":"Angst verbreiten &#8211; kein Verbrechen gegen die Menschlichkeit?"},"content":{"rendered":"\n<div class=\"wp-block-media-text is-stacked-on-mobile is-vertically-aligned-top\" style=\"grid-template-columns:20% auto\"><figure class=\"wp-block-media-text__media\"><img fetchpriority=\"high\" decoding=\"async\" width=\"1024\" height=\"961\" src=\"https:\/\/ggi-initiative.at\/wp\/wp-content\/uploads\/2023\/06\/brennende-fragen-1024x961.jpeg\" alt=\"Viele Fragen, wenn man nachdenkt...\" class=\"wp-image-14800 size-full\" srcset=\"https:\/\/ggi-initiative.at\/wp\/wp-content\/uploads\/2023\/06\/brennende-fragen-1024x961.jpeg 1024w, https:\/\/ggi-initiative.at\/wp\/wp-content\/uploads\/2023\/06\/brennende-fragen-300x282.jpeg 300w, https:\/\/ggi-initiative.at\/wp\/wp-content\/uploads\/2023\/06\/brennende-fragen-768x721.jpeg 768w, https:\/\/ggi-initiative.at\/wp\/wp-content\/uploads\/2023\/06\/brennende-fragen-1536x1442.jpeg 1536w, https:\/\/ggi-initiative.at\/wp\/wp-content\/uploads\/2023\/06\/brennende-fragen-2048x1923.jpeg 2048w, https:\/\/ggi-initiative.at\/wp\/wp-content\/uploads\/2023\/06\/brennende-fragen-920x864.jpeg 920w, https:\/\/ggi-initiative.at\/wp\/wp-content\/uploads\/2023\/06\/brennende-fragen-230x216.jpeg 230w, https:\/\/ggi-initiative.at\/wp\/wp-content\/uploads\/2023\/06\/brennende-fragen-350x329.jpeg 350w, https:\/\/ggi-initiative.at\/wp\/wp-content\/uploads\/2023\/06\/brennende-fragen-480x451.jpeg 480w\" sizes=\"(max-width: 1024px) 100vw, 1024px\" \/><\/figure><div class=\"wp-block-media-text__content\">\n<p>Wir regen an zum kritischen Hinterfragen des offiziellen Narrativs. Die folgenden Fragen sind Teil der <a href=\"https:\/\/ggi-initiative.at\/wp\/100-fragen-an-politik-wissenschaft-und-medien\/\">100 Fragen an Politik, Wissenschaft und Medien<\/a>. Was uns dazu motivierte versuchen wir nachvollziehbar zu beschreiben \u2013 im Bewusstsein, dass es auch andere, berechtigte Sichtweisen gibt.<\/p>\n<\/div><\/div>\n\n\n\n<p><strong><em>Warum wurde von Anfang an Angst gesch\u00fcrt und somit die Realit\u00e4t falsch dargestellt? Von Politikern, Medienfachleuten, Universit\u00e4ts-Medizinern? Angst macht Menschen krank. Angst verhindert vern\u00fcnftiges Nachdenken und gute L\u00f6sungen. Angst zerst\u00f6rt Lebensstrukturen und Beziehungen. Wer hatte das Mandat, so etwas tun zu d\u00fcrfen<\/em>?<em> Und von wem?<\/em><\/strong><\/p>\n\n\n\n\n\n<p>Ausgehend von den allgemein bekannten Ereignissen werden erg\u00e4nzende Informationen und Gedanken sowie Verbindungen zwischen Ereignissen angef\u00fchrt. Quellenangaben als Fu\u00dfnoten. <a href=\"#sdfootnote1sym\" id=\"sdfootnote1anc\"><sup>1<\/sup><\/a><\/p>\n\n\n\n<h4 class=\"wp-block-heading\" id=\"aioseo-warum-wurden-irrefuhrende-schreckensbilder-gezeigt\">Warum wurden irref\u00fchrende Schreckensbilder gezeigt?<\/h4>\n\n\n\n<p>Am Anfang der Corona-Zeit sah man furchtbare Bilder aus Italien oder auch New York <a href=\"#sdfootnote2sym\" id=\"sdfootnote2anc\"><sup>2<\/sup><\/a>, die viele Menschen schockierten. Diese Bilder pr\u00e4gten sich ein und f\u00f6rderten die Angst vieler Menschen.<\/p>\n\n\n\n<ul class=\"wp-block-list\">\n<li>Viel sp\u00e4ter erst wurde bewusst, wie viele Missverst\u00e4ndnisse es in dieser Zeit gegeben hatte \u2013 aber die Bilder wirkten weiter. Manche Bilder wurden schon vor Jahren aufgenommen. <a href=\"#sdfootnote3sym\" id=\"sdfootnote3anc\"><sup>3<\/sup><\/a><\/li>\n<\/ul>\n\n\n\n<h4 class=\"wp-block-heading\" id=\"aioseo-warum-begrundeten-experten-die-notwendigkeit-des-angstmachens-damit-dass-menschen-von-grund-auf-egoistisch-und-asozial-sind\">Warum begr\u00fcndeten Experten die Notwendigkeit des Angstmachens damit, dass Menschen von Grund auf egoistisch und asozial sind?<\/h4>\n\n\n\n<p>Fr\u00fchling 2020: Verschiedene Regierungen hatten zur selben Zeit denselben Gedankengang: Die Bev\u00f6lkerung sollte m\u00f6glichst gro\u00dfe Angst vor dem Virus bekommen, damit sie ausreichend motiviert w\u00e4re, die Pandemiepolitik mitzutragen. Die Argumentation im Detail ist aus Deutschland bekannt. <a href=\"#sdfootnote4sym\" id=\"sdfootnote4anc\"><sup>4<\/sup><\/a> und <a href=\"#sdfootnote5sym\" id=\"sdfootnote5anc\"><sup>5<\/sup><\/a><\/p>\n\n\n\n<ul class=\"wp-block-list\">\n<li>Gro\u00dfen Teilen der Bev\u00f6lkerung wurde damit die M\u00fcndigkeit abgesprochen, f\u00fcr ihr Leben und das ihrer Lieben, sowie f\u00fcr das Land gute und richtige Entscheidungen treffen zu k\u00f6nnen. Dazu hatte die Regierung in keinem Fall ein Mandat. Zu Ende gedacht h\u00e4tte dies auch bedeutet, dass auch die Wahl der Regierung von nicht-m\u00fcndigen Menschen erfolgt ist, was ihre Legimitation g\u00e4nzlich aufgehoben h\u00e4tte.<\/li>\n\n\n\n<li>Eine solch abwertende Einstellung gegen\u00fcber der Bev\u00f6lkerung l\u00e4sst sich vermutlich auch nur dann aufrecht erhalten, wenn man konsequent ausblendet, dass alles, was man der Bev\u00f6lkerung zuschreibt, letztlich ebenso f\u00fcr ihre politischen Vertreter gilt.<\/li>\n<\/ul>\n\n\n\n<p>Die Wahrheit \u00fcber die meisten Menschen, ob kritisch oder nicht, war:<\/p>\n\n\n\n<ul class=\"wp-block-list\">\n<li>Fast alle nahmen die M\u00fchen des Lockdowns auf sich, um die Alten und Schwachen zu sch\u00fctzen. Das galt auch f\u00fcr viele der sp\u00e4teren impf-kritischen Personen. <a href=\"#sdfootnote6sym\" id=\"sdfootnote6anc\"><sup>6<\/sup><\/a><\/li>\n\n\n\n<li>Das Krankenhauspersonal und die Rettung waren die Helden 2020. Dazu geh\u00f6rten auch jene Personen, die nichts mit mRNA-Impfstoffen zu tun haben wollten, und die deshalb sp\u00e4ter ihren oftmals geliebten Beruf verlassen mussten. Dazu geh\u00f6rten auch hochrangige Mediziner, die sp\u00e4ter ihre Universit\u00e4ts-Lehrst\u00fchle verloren, weil sie zur Vorsicht mahnten und eine fachliche Diskussion \u00fcber alle Aspekte des Themas f\u00fchren wollten.<\/li>\n\n\n\n<li>In der Bev\u00f6lkerung gab es viel Verst\u00e4ndnis f\u00fcr fehlerhafte Entscheidungen der Regierung, die doch in gro\u00dfer Unsicherheit, Angst und gro\u00dfem Stress getroffen werden mussten. Politiker:innen waren nicht dazu ausgebildet, mit solchen Krisen umzugehen.<\/li>\n\n\n\n<li>Die Menschen suchten Wege, um mit den Lockdowns halbwegs zurecht zu kommen. Manche K\u00fcnstler, von denen viele besonders betroffen waren, fanden Wege, um Menschen zu erbauen und zu erfreuen. <a href=\"#sdfootnote7sym\" id=\"sdfootnote7anc\"><sup>7<\/sup><\/a> und <a href=\"#sdfootnote8sym\" id=\"sdfootnote8anc\"><sup>8<\/sup><\/a><\/li>\n<\/ul>\n\n\n\n<h4 class=\"wp-block-heading\" id=\"aioseo-warum-verwehrten-sich-amtstrager-nicht-gegen-die-angstpolitik\">Warum verwehrten sich Amtstr\u00e4ger nicht gegen die Angstpolitik?<\/h4>\n\n\n\n<ul class=\"wp-block-list\">\n<li>Zur Angst als politisches Mittel erkl\u00e4rte der EX-UN-General G\u00fcnther Greindl sp\u00e4ter, dass das erste Gebot eines guten Krisenmanagements ist, Panik zu vermeiden. <a href=\"#sdfootnote9sym\" id=\"sdfootnote9anc\"><sup>9<\/sup><\/a><\/li>\n\n\n\n<li>Der deutsche Verfassungsrichter Winfried Hassemer erachtete 2009 den Grundsatz, dass man den Leuten keine Angst machen darf, nicht nur f\u00fcr ein politisches, sondern auch f\u00fcr ein moralisches Konzept. Weil Sicherheitsbed\u00fcrfnisse unstillbar sind und in ihrer Massierung eine ausgewogene und wirklichkeitsnahe Politik verhindern k\u00f6nnen. <a href=\"#sdfootnote10sym\" id=\"sdfootnote10anc\"><sup>10<\/sup><\/a><\/li>\n\n\n\n<li>Ein diffuser Angstzustand, die sogenannte Binnenangst, f\u00f6rdert Depression, psychosomatische Reaktionen, Verschiebungen hin zu Aggression, Suchtverhalten, Polarisierung der Gesellschaft, politisches Desinteresse und eine Neigung, den Status-Quo beizubehalten. <a href=\"#sdfootnote11sym\" id=\"sdfootnote11anc\"><sup>11<\/sup><\/a> Seit Beginn der politischen Ma\u00dfnahmen stiegen beispielsweise die depressiven Symptome bei jungen Menschen stark an <a href=\"#sdfootnote12sym\" id=\"sdfootnote12anc\"><sup>12<\/sup><\/a> und man konnte eine zunehmende Polarisierung der Gesellschaft beobachten.<\/li>\n<\/ul>\n\n\n\n<h4 class=\"wp-block-heading\" id=\"aioseo-warum-wurde-durch-den-tunnelblick-auf-einen-aspekt-eine-drohkulisse-aufgebaut-und-gleichzeitig-massnahmen-undifferenziert-empfohlen\">Warum wurde durch den Tunnelblick auf einen Aspekt eine Drohkulisse aufgebaut und gleichzeitig Ma\u00dfnahmen undifferenziert empfohlen?<\/h4>\n\n\n\n<p>Fr\u00fchling 2020: Es entstanden Drohkulissen. Von 100.000 Toten, von exponentiellem Wachstum der Infektionszahlen. Grundlage daf\u00fcr war unter anderem ein Gutachten einiger Expert:innen der Uni Wien. <a href=\"#sdfootnote13sym\" id=\"sdfootnote13anc\"><sup>13<\/sup><\/a><\/p>\n\n\n\n<ul class=\"wp-block-list\">\n<li>In diesem Gutachten wurden gravierende Eingriffe in das Leben vieler Menschen empfohlen. Eine Kosten-Nutzen-Gegen\u00fcberstellung fehlte und die negativen Folgen der empfohlenen Ma\u00dfnahmen wurden nicht aufgezeigt.<\/li>\n\n\n\n<li>Der Gro\u00dfteil des Gutachtens widmete sich der Tatsache, dass sich das Virus immer schneller ausbreiten wird, wenn der Replikationsfaktor gr\u00f6\u00dfer als 1 ist. Die empfohlenen Ma\u00dfnahmen wurden ohne Begr\u00fcndung angef\u00fchrt und es wurde in Aussicht gestellt, dass sie flexibel variiert werden k\u00f6nnten.<\/li>\n\n\n\n<li>Es wurden nur zwei Wege aufgezeigt, welche die Pandemiepolitik ab dieser Zeit bestimmen sollten: H\u00e4rteste Einschr\u00e4nkungen des Lebens bis das Virus ausgel\u00f6scht ist oder die fl\u00e4chendeckende Impfung.<\/li>\n\n\n\n<li>Viele Fachleute \u00fcbten Kritik an dieser Art, mittels Mathematik Genauigkeit vorzut\u00e4uschen, um damit von Auftraggebern gew\u00fcnschte Politiken \u201ewissenschaftlich\u201c zu begr\u00fcnden. <a href=\"#sdfootnote14sym\" id=\"sdfootnote14anc\"><sup>14<\/sup><\/a><\/li>\n<\/ul>\n\n\n\n<h4 class=\"wp-block-heading\" id=\"aioseo-warum-wehrten-sich-so-wenige-fuhrende-experten-gegen-die-verangstigung-der-kinder\">Warum wehrten sich so wenige f\u00fchrende &#8220;Experten&#8221; gegen die Ver\u00e4ngstigung der Kinder?<\/h4>\n\n\n\n<p>Die gesamte Pandemie \u00fcber: Vor allem Kinder und Jugendliche litten unter der fehlenden Normalit\u00e4t und konnten die Angst-Botschaften am wenigsten verarbeiten.<\/p>\n\n\n\n<ul class=\"wp-block-list\">\n<li>Vielen Menschen, aber nicht allen, wurde schon damals klar, dass dieses Pandemiemanagement neben positiven Effekten auch gro\u00dfen Schaden anrichten konnte. Viele Fachleute warnten seit damals immer wieder vor dem Schaden f\u00fcr unsere Kinder. 2022 zogen manche ein Res\u00fcmee \u00fcber die Auswirkungen dieser Politik, die nun manifest waren, und die zum Teil als dauerhafte Sch\u00e4digungen bleiben w\u00fcrden. <a href=\"#sdfootnote15sym\" id=\"sdfootnote15anc\"><sup>15<\/sup><\/a><\/li>\n\n\n\n<li>Kinder wurden mehrmals falsch geframed. Martin Sprenger: \u201eDas erste Mal wurden Kinder als Treiber der Pandemie bezeichnet. Das stimmt nicht, das ist heute widerlegt. Das zweite Mal hat man Kinder als bedrohte Gruppe dargestellt. \u2026 Ich glaube, dass viele Kinder und Jugendliche ihr Risiko um mehr als das 100fache \u00fcbersch\u00e4tzen. Das dritte Framing passiert jetzt, mit der Forderung, dass Kinder und Jugendliche geimpft werden m\u00fcssen \u2013 zum Selbstschutz und aus Solidarit\u00e4t.\u201c <a href=\"#sdfootnote16sym\" id=\"sdfootnote16anc\"><sup>16<\/sup><\/a><\/li>\n<\/ul>\n\n\n\n<h4 class=\"wp-block-heading\" id=\"aioseo-warum-wurde-die-angst-vor-der-erkrankung-durch-unmenschliche-behandlung-zusatzlich-gefordert\">Warum wurde die Angst vor der Erkrankung durch unmenschliche Behandlung zus\u00e4tzlich gef\u00f6rdert?<\/h4>\n\n\n\n<p>Die medizinische Betreuung Corona-Kranker l\u00f6ste damals viel Angst aus. Erkrankte mussten oftmals (zumindest in Wien) isoliert und ohne jede \u00e4rztliche Betreuung zu Hause bleiben, bekamen keine Hilfsmittel, die wie bei jeder Grippe\/Erkrankung wenigstens unterst\u00fctzend gewesen w\u00e4ren, ihre Lunge wurden nicht abgeh\u00f6rt. <a href=\"#sdfootnote17sym\" id=\"sdfootnote17anc\"><sup>17<\/sup><\/a> Einzige Option laut Telefon-Hotline: Mit der Rettung ins Spital. Von den Spit\u00e4lern wusste man aber schreckliche Dinge: Schwerkranken und sterbenden Menschen wurde der Kontakt mit denen verweigert, die sie lieben. So lange, bis sie tot waren. <a href=\"#sdfootnote18sym\" id=\"sdfootnote18anc\"><sup>18<\/sup><\/a><\/p>\n\n\n\n<ul class=\"wp-block-list\">\n<li>Immer wieder warnten \u00c4rzt:innen davor, dass schon allein gro\u00dfe Angst das Immunsystem bereits gravierend schw\u00e4chen kann. So erst recht die Isolation und das Fehlen der Zuwendung von geliebten Menschen und die M\u00f6glichkeit, sich selbst jemandem zuzuwenden \u2013 vielleicht auch nur zum Abschied.<\/li>\n\n\n\n<li>Menschen, die diesem Spitals-Horror entgehen wollten, blieben trotz schwerer Erkrankung zu Hause \u2013 vermutlich \u00f6fter so lange, bis jede Hilfe zu sp\u00e4t kam. Umgekehrt musste jeder Patient, der eine Panik vor schwerem Verlauf hatte, in jedem Fall ins Spital, auch wenn es sein Zustand in Wahrheit nicht erfordert h\u00e4tte. So wuchsen die Zahlen der Spitals-Aufenthalte nur aufgrund der Ma\u00dfnahmen und Patent:innen, die schwerste Verl\u00e4ufe hatten, wurden manchmal zu sp\u00e4t ins Krankenhaus gebracht.<\/li>\n\n\n\n<li>2020 hatten manche noch Verst\u00e4ndnis f\u00fcr die Angst der Spitals\u00e4rzt:innen und diese unmenschlichen Ma\u00dfnahmen. Doch auch im Herbst 2021 fand man in Spit\u00e4lern dieselben Regelungen, trotz mehrfach geimpftem Spitalspersonal, trotz meist mehrfach geimpfter alter Patienten, trotz PCR-Tests f\u00fcr die Angeh\u00f6rigen, die zum Besuch kommen wollten. <a href=\"#sdfootnote19sym\" id=\"sdfootnote19anc\"><sup>19<\/sup><\/a> Vertrauen in die Qualit\u00e4t der Tests und in die wirksame Verhinderung von Ansteckungen durch diese Impfstoffe h\u00e4tte vielleicht auch andere Optionen er\u00f6ffnet.<\/li>\n<\/ul>\n\n\n\n<h4 class=\"wp-block-heading\" id=\"aioseo-warum-setzten-experten-und-amtstrager-die-sich-als-diener-der-bevolkerung-prasentieren-psychoterror-und-offene-feindseligkeit-als-mittel-ein\">Warum setzten Experten und Amtstr\u00e4ger, die sich als Diener der Bev\u00f6lkerung pr\u00e4sentieren, Psychoterror und offene Feindseligkeit als Mittel ein?<\/h4>\n\n\n\n<p>Ende Sommer 2021 verbreitete die Regierung, dass die ungeimpften \u00d6sterreicher ein erfolgreiches Zur\u00fcckdr\u00e4ngung des Virus und den garantierten Schutz der Krankenh\u00e4user durch ihr verantwortungsloses Verhalten verhindern w\u00fcrden.<\/p>\n\n\n\n<ul class=\"wp-block-list\">\n<li>Viele Menschen schlossen sich dieser allgemeinen Verurteilung einer Bev\u00f6lkerungsgruppe an und hinterfragten nicht die pers\u00f6nlichen Motive ihrer Mitmenschen und die Gr\u00fcnde f\u00fcr ihr Verhalten.<\/li>\n\n\n\n<li>Schon damals stellten j\u00fcngere, gesunde Menschen, die sich mit Corona infizierten, keine Bedrohung f\u00fcr das Gesundheitssystem dar. <a href=\"#sdfootnote20sym\" id=\"sdfootnote20anc\"><sup>20<\/sup><\/a><\/li>\n<\/ul>\n\n\n\n<p>Die Konsequenzen daf\u00fcr, dass sich das Virus wegen der vielen ungeimpften Menschen weiter ausbreiten konnte, sollten nicht die Menschen tragen, die sich impfen lie\u00dfen, sondern jene, durch die das Virus verbreitet wurde. Die Regierung startete eine gro\u00dfe Kampagne und verst\u00e4rkte den psychischen, sozialen und wirtschaftlichen Druck auf alle, die sich nicht \u00fcberzeugen lassen wollten. Alle verst\u00e4ndigen und aufgekl\u00e4rten Menschen sollten mithelfen, den problematischen Teil der Bev\u00f6lkerung zur Impfung zu bewegen. Dabei war jedes Mittel erlaubt, das dem Zweck der Impfung diente.<\/p>\n\n\n\n<ul class=\"wp-block-list\">\n<li>Die erlaubten Mitteln waren: Freunden wurde die Freundschaft gek\u00fcndigt, Kollegen wurden entlassen, Jugendliche und sogar Kinder wurden gemobbt, Arbeitslose bekamen keine Unterst\u00fctzung mehr, Kinder ungeimpfter Menschen wurden von \u00c4rzt:innen nicht mehr behandelt, man drohte sogar mit Landesverweis.<\/li>\n\n\n\n<li>Besonders junge Menschen, die sich nur mehr geimpft mit anderen treffen konnten, studieren durften, den F\u00fchrerschein, Tanzkurs etc machen durften, am Vereinsleben teilnehmen konnten, Schifahren oder ins Fitnesscenter gehen durften, wurden dadurch einem extremen Druck ausgesetzt, der durchaus mit einem Zwang vergleichbar war.<\/li>\n\n\n\n<li>Manche Priester der Katholischen Kirche zeigten \u00f6ffentlich ihren Mangel an Mitleid. <a href=\"#sdfootnote21sym\" id=\"sdfootnote21anc\"><sup>21<\/sup><\/a> Sie wirkten damit als Vorbild. Andere Priester traten f\u00fcr Menschen ein, die von ihren Mitmenschen schlecht behandelt wurden. Einige davon traten sp\u00e4ter, Anfang 2022, auch an die \u00d6ffentlichkeit. <a href=\"#sdfootnote22sym\" id=\"sdfootnote22anc\"><sup>22<\/sup><\/a><\/li>\n<\/ul>\n\n\n\n<h4 class=\"wp-block-heading\" id=\"aioseo-warum-waren-irrefuhrende-falsche-zahlen-dann-kein-problem-wenn-sie-die-impfbereitschaft-erhohten\">Warum waren irref\u00fchrende (falsche) Zahlen dann kein Problem, wenn sie die Impfbereitschaft erh\u00f6hten?<\/h4>\n\n\n\n<p>Herbst 2021: Die Todeszahlen stiegen stark an. Man hatte damals aufgrund der Aussagen der Regierung und der Medien den Eindruck, dass die meisten Corona-Opfer auf Intensiv-Stationen lagen bevor sie starben, und dass sie meist ungeimpft waren.<\/p>\n\n\n\n<ul class=\"wp-block-list\">\n<li>Damals erfolgte die Erfassung der Corona-Toten nach folgender Regel: Nur ein positiver Test sollte relevant sein. Es war nicht relevant, ob die Corona-Infektion Schuld am Tod war, und ein \u201ekausaler Zusammenhang\u201c war ausdr\u00fccklich nicht erforderlich. <a href=\"#sdfootnote23sym\" id=\"sdfootnote23anc\"><sup>23<\/sup><\/a><\/li>\n\n\n\n<li>In Wahrheit starben die meisten der erfassten Corona-Toten ohne vorher auf einer Intensiv-Station gewesen zu sein. <a href=\"#sdfootnote24sym\" id=\"sdfootnote24anc\"><sup>24<\/sup><\/a><\/li>\n\n\n\n<li>Damals war die Qualit\u00e4t und Vollst\u00e4ndigkeit der Daten aus den Spit\u00e4lern sehr schlecht und vieles wusste man in Wahrheit nicht, wie Public-Health-Experten immer wieder betonten. Selbst im Sommer 2022 gelingt es noch immer nur wenigen Krankenh\u00e4usern, wie den Vorarlberger Krankenh\u00e4usern, konkrete Daten zu liefern. Nach diesen waren im Fr\u00fchjahr und Sommer 2022 ungef\u00e4hr 80% der Corona-positiven Patienten nicht wegen Corona im Spital. <a href=\"#sdfootnote25sym\" id=\"sdfootnote25anc\"><sup>25<\/sup><\/a> Wenn diese 80% dort sterben w\u00fcrden, dann w\u00fcrden sie als Corona-Tote gez\u00e4hlt werden. Die Bev\u00f6lkerung glaubt nat\u00fcrlich den offiziellen Zahlen, und ihre Angst wird durch diese Irref\u00fchrung unn\u00f6tig verst\u00e4rkt.<\/li>\n\n\n\n<li>Im Sept. 2022 stellte die Regierung ein neues COVID-19-Register zur Verf\u00fcgung, das auf etwas vollst\u00e4ndigeren Daten beruhte. <a href=\"#sdfootnote26sym\" id=\"sdfootnote26anc\"><sup>26<\/sup><\/a> Obwohl diese Daten den bisher ver\u00f6ffentlichten Daten der AGES gravierend widersprachen, wurden die alten, falschen Daten weiterhin ver\u00f6ffentlicht und in Medien kommuniziert.<\/li>\n<\/ul>\n\n\n\n<h4 class=\"wp-block-heading\" id=\"aioseo-warum-wurde-jede-unbekannte-krankheitsursache-zu-long-covid-erklart\">Warum wurde jede unbekannte <em><strong>Krankheitsursache<\/strong><\/em> zu Long-Covid erkl\u00e4rt?<\/h4>\n\n\n\n<p>Allen Fragen rund um Long-Covid gehen wir in diesem Artikel nach: <a href=\"https:\/\/ggi-initiative.at\/wp\/long-covid-folge-von-virus-angst-und-impfung\/\">Long Covid \u2013 Folge von Virus, Angst und Impfung?<\/a><\/p>\n\n\n\n<h4 class=\"wp-block-heading\" id=\"aioseo-warum-wurde-laufend-mehr-angst-vor-dem-virus-verbreitet-als-angemessen\">Warum wurde laufend mehr Angst vor dem Virus verbreitet als angemessen?<\/h4>\n\n\n\n<p>Im Fr\u00fchling 2022 lie\u00df die Omikron-Welle nach und brach zusammen.<\/p>\n\n\n\n<ul class=\"wp-block-list\">\n<li>R\u00fcckblickend konnte man den Eindruck gewinnen, dass weder die Impfungen noch die Masken eine erkennbare Wirkung auf die Onikron-Welle gehabt hatten. Scheinbar konnten nur die Genesenen aufgrund ihrer gro\u00dfen Zahl die Omikron-Welle wirklich brechen.<\/li>\n<\/ul>\n\n\n\n<p>Im Fr\u00fchjahr 2022 wurden die Massentests beendet. Die Zahlen der Neuinfektionen sank extrem ab. Die Regierung warnte weiterhin auch vor den unwahrscheinlichsten nur denkbaren Entwicklungen.<\/p>\n\n\n\n<ul class=\"wp-block-list\">\n<li>Ein Virus wird normalerweise mit jeder Mutation ansteckender, daf\u00fcr aber harmloser. Auch die Corona-Virus-Mutationen verliefen bisher ganz genau nach diesem Muster. <a href=\"#sdfootnote27sym\" id=\"sdfootnote27anc\"><sup>27<\/sup><\/a><\/li>\n<\/ul>\n\n\n\n<p>Auch noch im Fr\u00fchjahr 2022 werden die Infektionszahlen, nicht die Erkrankungszahlen, als Alarmsignal verwendet, unabh\u00e4ngig davon, wie bedrohlich die aktuelle Virus-Mutation tats\u00e4chlich noch ist und wie viele Menschen bereits genesen oder vielfach geimpft sind. Viele B\u00fcrger f\u00fcrchten sich jedes Mal neu, wenn die Zahlen stiegen.<\/p>\n\n\n\n<ul class=\"wp-block-list\">\n<li>Bei nat\u00fcrlichen Infektionen bildet der K\u00f6rper normalerweise eine echte Immunit\u00e4t gegen die Mutation aus, von der er genesen ist. Die Corona-Viren sind extrem mutationsfreudig, ganz besonders auch das Spike-Protein, weshalb auch Genesene sich bei neuen Mutationen immer wieder infizieren und deshalb auch positiv getestet werden k\u00f6nnen. Genesene bekommen aber, sofern sie ein gesundes Immunsystem haben, keine schweren Symptome mehr, weil das Immunsystem auch die neuen Viren erkennen und bek\u00e4mpfen kann. <a href=\"#sdfootnote28sym\" id=\"sdfootnote28anc\"><sup>28<\/sup><\/a><\/li>\n<\/ul>\n\n\n\n<p>Der Komplexit\u00e4tsforscher Peter Klimek der Uni Wien prophezeit f\u00fcr den Sommer eine riesige Ansteckungswelle mit t\u00e4glich bis zu 70.000 neuen Infektionen. <a href=\"#sdfootnote29sym\" id=\"sdfootnote29anc\"><sup>29<\/sup><\/a><\/p>\n\n\n\n<ul class=\"wp-block-list\">\n<li>Obwohl \u201ealle Berechnungen\u201c \u00e4hnlich hohe Zahlen ergeben, sind die wirklichen Zahlen ungef\u00e4hr 10 mal kleiner, wie man im Nachhinein sehen kann. <a href=\"#sdfootnote30sym\" id=\"sdfootnote30anc\"><sup>30<\/sup><\/a><\/li>\n\n\n\n<li>Diese Art und Weise, das Infektionsgeschehen vorherzusagen, war bis dahin eine wichtige Grundlage f\u00fcr die \u00f6sterreichische Corona-Politik.<\/li>\n<\/ul>\n\n\n\n<p>Im Sommer sch\u00fcrt Univ.-Prof. Dr. Florian Thalhammer von der MedUni Wien gr\u00f6\u00dftm\u00f6gliche Angst vor dem Virus: \u201eWer sich nicht (gegen Covid-19, Anm.) impfen l\u00e4sst, wird auf der Intensivstation enden und \u00fcber die Pathologie nach Hause gehen. Das muss man, glaub&#8217; ich, klar aussprechen.\u201c. <a href=\"#sdfootnote31sym\" id=\"sdfootnote31anc\"><sup>31<\/sup><\/a><\/p>\n\n\n\n<ul class=\"wp-block-list\">\n<li>Die \u00c4rztekammer bleibt unt\u00e4tig, obwohl diese Aussage eine offensichtliche Irref\u00fchrung darstellt. Gleichzeitig gibt es ein Disziplinarverfahren gegen Prof. S\u00f6nnichsen, weil er zur vorsichtigen und spezifischen Anwendung der Impfstoffe gemahnt hatte. <a href=\"#sdfootnote32sym\" id=\"sdfootnote32anc\"><sup>32<\/sup><\/a><\/li>\n<\/ul>\n\n\n\n<h4 class=\"wp-block-heading\" id=\"aioseo-warum-finanzierten-die-wiener-verantwortlichen-impfwerbung-in-form-von-drohungen-gewaltverherrlichung-und-entfuhrung\">Warum finanzierten die Wiener Verantwortlichen Impfwerbung in Form von Drohungen, Gewaltverherrlichung und Entf\u00fchrung?<\/h4>\n\n\n\n<p>Ende 2022 finanzierte die Stadt Wien eine Serie von Videos \u00fcber ein gewaltverharmlosendes und menschenverachtendes Spritzenmonter \u201cBoosta\u201d, mit der sie Angst- und Drohbotschaften an Jugendliche aussandte. Ziel war Impfwerbung. <a href=\"#sdfootnote33sym\" id=\"sdfootnote33anc\"><sup>33<\/sup><\/a><\/p>\n\n\n\n<ul class=\"wp-block-list\">\n<li>Der Werberat beanstandete unter anderem: \u201eZu aggressiven oder gar gewaltt\u00e4tigen Verhaltensweisen sollte weder ermutigt werden, noch sollten diese verharmlost oder als gerechtfertigt dargestellt werden.\u201c <a href=\"#sdfootnote34sym\" id=\"sdfootnote34anc\"><sup>34<\/sup><\/a><\/li>\n<\/ul>\n\n\n\n<h4 class=\"wp-block-heading\" id=\"aioseo-quellen\">Quellen<\/h4>\n\n\n\n<p><a href=\"#sdfootnote1anc\" id=\"sdfootnote1sym\">1<\/a>Zu den Quellenangaben generell: Falls einzelne Links sp\u00e4ter nicht mehr funktionieren sollten oder die Inhalte sich ge\u00e4ndert haben, k\u00f6nnen die Original-Seiten im Internet-Archiv gefunden werden: <a href=\"https:\/\/archive.org\/web\/\">https:\/\/archive.org\/web\/<\/a><\/p>\n\n\n\n<p><a href=\"#sdfootnote2anc\" id=\"sdfootnote2sym\">2<\/a><a href=\"https:\/\/www.bbc.com\/news\/world-us-canada-52241221\">https:\/\/www.bbc.com\/news\/world-us-canada-52241221<\/a><\/p>\n\n\n\n<p><a href=\"#sdfootnote3anc\" id=\"sdfootnote3sym\">3<\/a>Wie eine Foto-Legende entsteht: <a href=\"https:\/\/www.br.de\/kultur\/wieso-das-foto-des-militaerkonvois-in-bergamo-fuer-corona-steht-100.html\">https:\/\/www.br.de\/kultur\/wieso-das-foto-des-militaerkonvois-in-bergamo-fuer-corona-steht-100.html<\/a><\/p>\n\n\n\n<p><a href=\"#sdfootnote4anc\" id=\"sdfootnote4sym\">4<\/a>Gedankengang in \u00d6sterreich: <a href=\"https:\/\/www.vienna.at\/protokoll-zeigt-regierung-wollte-angst-vor-corona-verbreiten\/6600360\">https:\/\/www.vienna.at\/protokoll-zeigt-regierung-wollte-angst-vor-corona-verbreiten\/6600360<\/a><\/p>\n\n\n\n<p><a href=\"#sdfootnote5anc\" id=\"sdfootnote5sym\">5<\/a>Gedankengang in Deutschland: Ab Seite 13, Kapitel 4: <a href=\"https:\/\/fragdenstaat.de\/dokumente\/4123-wie-wir-covid-19-unter-kontrolle-bekommen\/\">https:\/\/fragdenstaat.de\/dokumente\/4123-wie-wir-covid-19-unter-kontrolle-bekommen\/<\/a><\/p>\n\n\n\n<p><a href=\"#sdfootnote6anc\" id=\"sdfootnote6sym\">6<\/a>Erfahrung und Beobachtung der Autoren<\/p>\n\n\n\n<p><a href=\"#sdfootnote7anc\" id=\"sdfootnote7sym\">7<\/a><a href=\"https:\/\/www.youtube.com\/watch?v=1M7fcICJfJo\">https:\/\/www.youtube.com\/watch?v=1M7fcICJfJo<\/a><\/p>\n\n\n\n<p><a href=\"#sdfootnote8anc\" id=\"sdfootnote8sym\">8<\/a><a href=\"https:\/\/m.youtube.com\/watch?v=rK2ZBx6Ws3U\">https:\/\/m.youtube.com\/watch?v=rK2ZBx6Ws3U<\/a><\/p>\n\n\n\n<p><a href=\"#sdfootnote9anc\" id=\"sdfootnote9sym\">9<\/a><a href=\"https:\/\/www.youtube.com\/watch?v=Y5jTrv7K_5A\">https:\/\/www.youtube.com\/watch?v=Y5jTrv7K_5A<\/a><\/p>\n\n\n\n<p><a href=\"#sdfootnote10anc\" id=\"sdfootnote10sym\">10<\/a><a href=\"https:\/\/www.zeit.de\/online\/2009\/21\/hassemer-privatsphaere\/seite-2\">https:\/\/www.zeit.de\/online\/2009\/21\/hassemer-privatsphaere\/seite-2<\/a><\/p>\n\n\n\n<p><a id=\"sdfootnote11sym\" href=\"#sdfootnote11anc\">11<\/a>Auf die Teile des Videos oder  des gleichnamigen Buches, wo es um die Mechanismen und Wirkungen der Angst geht, wird hier verwiesen: <a href=\"https:\/\/www.swr.de\/wissen\/tele-akademie\/angst-und-macht-rainer-mausfeld-100.html\">https:\/\/www.swr.de\/wissen\/tele-akademie\/angst-und-macht-rainer-mausfeld-100.html<\/a><\/p>\n\n\n\n<p><a href=\"#sdfootnote12anc\" id=\"sdfootnote12sym\">12<\/a><a href=\"https:\/\/orf.at\/stories\/3283446\/\">https:\/\/orf.at\/stories\/3283446\/<\/a><\/p>\n\n\n\n<p><a href=\"#sdfootnote13anc\" id=\"sdfootnote13sym\">13<\/a><a href=\"https:\/\/ggi-initiative.at\/wp\/wp-content\/uploads\/2022\/09\/Executive-Summary-Covid19.pdf\">https:\/\/ggi-initiative.at\/wp\/wp-content\/uploads\/2022\/09\/Executive-Summary-Covid19.pdf<\/a><\/p>\n\n\n\n<p><a href=\"#sdfootnote14anc\" id=\"sdfootnote14sym\">14<\/a>Siehe Norbert Regitnig-Tilian (HG), Die Corona-Krise, Was wir daraus lernen, Delta X Verlag, 2020, ISBN: 978-3-903229-21-1<\/p>\n\n\n\n<p><a href=\"#sdfootnote15anc\" id=\"sdfootnote15sym\">15<\/a><a href=\"https:\/\/www.gesundheit-oesterreich.at\/bildung-schauen-wir-auf-unsere-kinder\/\">https:\/\/www.gesundheit-oesterreich.at\/bildung-schauen-wir-auf-unsere-kinder\/<\/a><\/p>\n\n\n\n<p><a href=\"#sdfootnote16anc\" id=\"sdfootnote16sym\">16<\/a><a href=\"https:\/\/kinderbuero.at\/blog\/coronaimpfung-fuer-kinder-und-jugendliche-ein-gespraech-mit-dr-sprenger-teil-2\/\">https:\/\/kinderbuero.at\/blog\/coronaimpfung-fuer-kinder-und-jugendliche-ein-gespraech-mit-dr-sprenger-teil-2\/<\/a><\/p>\n\n\n\n<p><a href=\"#sdfootnote17anc\" id=\"sdfootnote17sym\">17<\/a>Erfahrung des Autors und Beobachtungen im Bekanntenkreis<\/p>\n\n\n\n<p><a href=\"#sdfootnote18anc\" id=\"sdfootnote18sym\">18<\/a><a href=\"https:\/\/www.swr.de\/wissen\/odysso\/sterben-ohne-abschied-100.html\">https:\/\/www.swr.de\/wissen\/odysso\/sterben-ohne-abschied-100.html<\/a><\/p>\n\n\n\n<p><a href=\"#sdfootnote19anc\" id=\"sdfootnote19sym\">19<\/a>Artikel in Die Presse vom 14.11.2021<\/p>\n\n\n\n<p><a href=\"#sdfootnote20anc\" id=\"sdfootnote20sym\">20<\/a>Aus folgender Evidenz, die 2022 zusammengestellt wurde, waren viele Aspekte schon 2021 bekannt: <a href=\"https:\/\/www.gesundheit-oesterreich.at\/evidenz\/covid-impfung\/\">https:\/\/www.gesundheit-oesterreich.at\/evidenz\/covid-impfung\/<\/a> . Sehr viele Studien fanden sich auch in den Stellungnahmen zum Impfpflicht-Gesetz.<\/p>\n\n\n\n<p><a href=\"#sdfootnote21anc\" id=\"sdfootnote21sym\">21<\/a><a href=\"https:\/\/www.katholisch.de\/artikel\/31977-wiener-dompfarrer-habe-kein-mitleid-mit-ungeimpften\">https:\/\/www.katholisch.de\/artikel\/31977-wiener-dompfarrer-habe-kein-mitleid-mit-ungeimpften<\/a><\/p>\n\n\n\n<p><a href=\"#sdfootnote22anc\" id=\"sdfootnote22sym\">22<\/a><a href=\"https:\/\/www.priester22.at\/brief\/\">https:\/\/www.priester22.at\/brief\/<\/a><\/p>\n\n\n\n<p><a href=\"#sdfootnote23anc\" id=\"sdfootnote23sym\">23<\/a>Handlungsrahmen \u2013 Meldung von Todesf\u00e4llen: <a href=\"https:\/\/www.sozialministerium.at\/dam\/jcr:0c4db1d5-e448-4d25-8a97-26fdf8c44987\/COVID-19-Pandemie\/\/_Bestandsaufnahme\/\/_Handlungsrahmen.pdf\">https:\/\/www.sozialministerium.at\/dam\/jcr:0c4db1d5-e448-4d25-8a97-26fdf8c44987\/COVID-19-Pandemie\/\/_Bestandsaufnahme\/\/_Handlungsrahmen.pdf<\/a><\/p>\n\n\n\n<p><a href=\"#sdfootnote24anc\" id=\"sdfootnote24sym\">24<\/a><a href=\"https:\/\/www.sozialministerium.at\/dam\/jcr:f472e977-e1bf-415f-95e1-35a1b53e608d\/Factsheet_Coronavirus_Hospitalisierungen.pdf\">https:\/\/www.sozialministerium.at\/dam\/jcr:f472e977-e1bf-415f-95e1-35a1b53e608d\/Factsheet_Coronavirus_Hospitalisierungen.pdf<\/a><\/p>\n\n\n\n<p><a href=\"#sdfootnote25anc\" id=\"sdfootnote25sym\">25<\/a>W\u00f6chentlicher Corona-Lagebericht. Die ungef\u00e4hr 80% konnte man monatelang lesen: <a href=\"https:\/\/www.landeskrankenhaus.at\/news\/lagebericht-covid-19\">https:\/\/www.landeskrankenhaus.at\/news\/lagebericht-covid-19<\/a> . Im Web-Archiv (<a href=\"https:\/\/web.archive.org\/web\/20220412120934\/https:\/\/www.landeskrankenhaus.at\/news\/lagebericht-covid-19\">https:\/\/web.archive.org\/web\/20220412120934\/https:\/\/www.landeskrankenhaus.at\/news\/lagebericht-covid-19<\/a> ) finden sich Berichte verschiedener Wochen. Zum Beispiel waren am 11.4.2022 alle COVID-Patienten auf der Intensivstation voll immunisiert.<\/p>\n\n\n\n<p><a href=\"#sdfootnote26anc\" id=\"sdfootnote26sym\">26<\/a><a href=\"https:\/\/datenplattform-covid.goeg.at\/covid-19-register\">https:\/\/datenplattform-covid.goeg.at\/covid-19-register<\/a><\/p>\n\n\n\n<p><a href=\"#sdfootnote27anc\" id=\"sdfootnote27sym\">27<\/a>FAQs &#8211; Wie hoch ist die Gefahr einer neuen gef\u00e4hrlichen Welle im Herbst 2022?: <a href=\"https:\/\/www.gesundheit-oesterreich.at\/faq\/\">https:\/\/www.gesundheit-oesterreich.at\/faq\/<\/a><\/p>\n\n\n\n<p><a href=\"#sdfootnote28anc\" id=\"sdfootnote28sym\">28<\/a>FAQs &#8211; Worin unterscheidet sich die Immunit\u00e4t durch Impfung von jener durch nat\u00fcrliche Infektion?: <a href=\"https:\/\/www.gesundheit-oesterreich.at\/faq\/\">https:\/\/www.gesundheit-oesterreich.at\/faq\/<\/a><\/p>\n\n\n\n<p><a href=\"#sdfootnote29anc\" id=\"sdfootnote29sym\">29<\/a><a href=\"https:\/\/www.heute.at\/s\/70000-faelle-schlimme-sommer-prognose-fuer-oesterreich-da-100215204\">https:\/\/www.heute.at\/s\/70000-faelle-schlimme-sommer-prognose-fuer-oesterreich-da-100215204<\/a><\/p>\n\n\n\n<p><a href=\"#sdfootnote30anc\" id=\"sdfootnote30sym\">30<\/a><a href=\"https:\/\/orf.at\/corona\/daten\/oesterreich\">https:\/\/orf.at\/corona\/daten\/oesterreich<\/a><\/p>\n\n\n\n<p><a href=\"#sdfootnote31anc\" id=\"sdfootnote31sym\">31<\/a><a href=\"https:\/\/kurier.at\/wissen\/gesundheit\/infektiologe-wer-sich-nicht-impfen-laesst-wird-auf-intensivstation-enden\/402118161\">https:\/\/kurier.at\/wissen\/gesundheit\/infektiologe-wer-sich-nicht-impfen-laesst-wird-auf-intensivstation-enden\/402118161<\/a><\/p>\n\n\n\n<p><a href=\"#sdfootnote32anc\" id=\"sdfootnote32sym\">32<\/a><a href=\"https:\/\/tkp.at\/2022\/10\/27\/disziplinarverfahren-soennichsen-per-offenen-brief-an-salzburger-aerztekammer\/\">https:\/\/tkp.at\/2022\/10\/27\/disziplinarverfahren-soennichsen-per-offenen-brief-an-salzburger-aerztekammer\/<\/a><\/p>\n\n\n\n<p><a href=\"#sdfootnote33anc\" id=\"sdfootnote33sym\">33<\/a><a href=\"https:\/\/www.tiktok.com\/@boosta.diespritze\">https:\/\/www.tiktok.com\/@boosta.diespritze<\/a><\/p>\n\n\n\n<p><a href=\"#sdfootnote34anc\" id=\"sdfootnote34sym\">34<\/a><a href=\"https:\/\/werberat.at\/beschwerdedetail.aspx?id=7504\">https:\/\/werberat.at\/beschwerdedetail.aspx?id=7504<\/a><\/p>\n\n\n\n<h4 class=\"wp-block-heading\" id=\"aioseo-siehe-auch\">Siehe auch<\/h4>\n\n\n\n<ul class=\"wp-block-list\">\n<li>Unsere Vision in der dunklen Zeit der Pandemie-Ma\u00dfnahmen <a href=\"https:\/\/ggi-initiative.at\/wp\/2022\/02\/17\/wir-haben-einen-traum\/\" title=\"<strong>Wir haben einen Traum<\/strong>&#8220;>Wir haben einen Traum<\/a><\/li>\n\n\n\n<li>Pressemitteilung #2 vom 09.02.2023: <a href=\"https:\/\/ggi-initiative.at\/wp\/pm-2-ohne-meinungsfreiheit-keine-demokratie\/\" title=\"PM: #2 Ohne Meinungsfreiheit keine Demokratie\">Ohne Meinungsfreiheit keine Demokratie<\/a><\/li>\n\n\n\n<li>Pressemitteilung #3 vom 14.02.2023: <a href=\"https:\/\/ggi-initiative.at\/wp\/pm-3-wie-man-investigativjournalistinnen-gezielt-von-der-arbeit-abhaelt\/\" title=\"PM: #3 Wie man Investigativjournalist:innen gezielt von der Arbeit abh\u00e4lt\">Wie man Investigativjournalist:innen gezielt von der Arbeit abh\u00e4lt<\/a><\/li>\n\n\n\n<li>Pressemitteilung #6 vom 23.02.2023: <a href=\"https:\/\/ggi-initiative.at\/wp\/pm-6-das-corona-trauma\/\" title=\"PM: #6 Das Corona-Trauma\">Das Corona-Trauma<\/a><\/li>\n\n\n\n<li>Pressemitteilung #9 vom 07.03.2023: <a href=\"https:\/\/ggi-initiative.at\/wp\/pm-9-entrechtete-kinder-und-jugendliche-in-der-corona-krise\/\" title=\"PM: #9 Entrechtete Kinder und Jugendliche in der Corona-Krise\">Entrechtete Kinder und Jugendliche in der Corona-Krise<\/a><\/li>\n\n\n\n<li>Pressemitteilung #10 vom 09.03.2023: <a href=\"https:\/\/ggi-initiative.at\/wp\/pm-10-das-spiel-mit-der-angst-die-offenbarungen-der-lockdown-files\/\" title=\"PM: #10 Das Spiel mit der Angst \u2013 die Offenbarungen der \u201eLockdown Files\u201d\">Das Spiel mit der Angst \u2013 die Offenbarungen der \u201eLockdown Files\u201d<\/a><\/li>\n\n\n\n<li>Pressemitteilung #12 vom 16.03.2023: <a href=\"https:\/\/ggi-initiative.at\/wp\/pm-12-dritter-jahrestag-des-ersten-lockdowns-ein-rueckblick\/\" title=\"PM: #12 Dritter Jahrestag des ersten Lockdowns: Ein R\u00fcckblick\">Dritter Jahrestag des ersten Lockdowns: Ein R\u00fcckblick<\/a><\/li>\n\n\n\n<li>Pressemitteilung #27 vom 16.05.2023: <a href=\"https:\/\/ggi-initiative.at\/wp\/pm-27-die-erste-lockdown-verordnung\/\" title=\"PM: #27 Die erste Lockdown-Verordnung\">Die erste Lockdown-Verordnung<\/a><\/li>\n\n\n\n<li>Pressemitteilung #17 vom 11.04.2023: <a href=\"https:\/\/ggi-initiative.at\/wp\/pm-17-gedanken-zur-corona-aufarbeitung-aus-psychologischer-sicht\/\" title=\"PM: #17 Gedanken zur Corona-Aufarbeitung aus psychologischer Sicht\">Gedanken zur Corona-Aufarbeitung aus psychologischer Sicht<\/a><\/li>\n\n\n\n<li>Pressemitteilung #22 vom 27.04.2023: <a href=\"https:\/\/ggi-initiative.at\/wp\/pm-22-die-who-eine-historie-von-gravierenden-pandemie-fehleinschaetzungen\/\" title=\"PM: #22 Die WHO \u2013 eine Historie von gravierenden Pandemie-Fehleinsch\u00e4tzungen\">Die WHO \u2013 eine Historie von gravierenden Pandemie-Fehleinsch\u00e4tzungen<\/a><\/li>\n\n\n\n<li>Pressemitteilung #26 vom 11.05.2023: <a href=\"https:\/\/ggi-initiative.at\/wp\/pm-26-die-macht-der-bilder-bergamo-und-die-wirklichkeit\/\" title=\"PM: #26 Die Macht der Bilder \u2013 Bergamo und die Wirklichkeit\">Die Macht der Bilder \u2013 Bergamo und die Wirklichkeit<\/a><\/li>\n\n\n\n<li>Pressemitteilung #28 vom 23.05.2023: <a href=\"https:\/\/ggi-initiative.at\/wp\/pm-28-zensur-und-unterdrueckung-wie-kritiker-mit-strafprozessen-mundtot-gemacht-werden-sollen\/\" title=\"PM: #28 Zensur und Unterdr\u00fcckung \u2013 wie Kritiker mit Strafprozessen mundtot gemacht werden sollen\">Zensur und Unterdr\u00fcckung \u2013 wie Kritiker mit Strafprozessen mundtot gemacht werden sollen<\/a><\/li>\n\n\n\n<li>Pressemitteilung #31 vom 01.06.2023: <a href=\"https:\/\/ggi-initiative.at\/wp\/pm-31-der-r-wert-kennzahl-mit-wenig-aussagekraft\/\" title=\"PM: #31 Der R-Wert \u2013 Kennzahl mit wenig Aussagekraft\">Der R-Wert \u2013 Kennzahl mit wenig Aussagekraft<\/a> <\/li>\n<\/ul>\n","protected":false},"excerpt":{"rendered":"<p>Wir regen an zum kritischen Hinterfragen des offiziellen Narrativs. Die folgenden Fragen [&hellip;]<\/p>\n","protected":false},"author":4,"featured_media":0,"parent":0,"menu_order":0,"comment_status":"closed","ping_status":"closed","template":"","meta":{"footnotes":""},"class_list":["post-2160","page","type-page","status-publish","hentry"],"aioseo_notices":[],"_links":{"self":[{"href":"https:\/\/ggi-initiative.at\/wp\/wp-json\/wp\/v2\/pages\/2160","targetHints":{"allow":["GET"]}}],"collection":[{"href":"https:\/\/ggi-initiative.at\/wp\/wp-json\/wp\/v2\/pages"}],"about":[{"href":"https:\/\/ggi-initiative.at\/wp\/wp-json\/wp\/v2\/types\/page"}],"author":[{"embeddable":true,"href":"https:\/\/ggi-initiative.at\/wp\/wp-json\/wp\/v2\/users\/4"}],"replies":[{"embeddable":true,"href":"https:\/\/ggi-initiative.at\/wp\/wp-json\/wp\/v2\/comments?post=2160"}],"version-history":[{"count":10,"href":"https:\/\/ggi-initiative.at\/wp\/wp-json\/wp\/v2\/pages\/2160\/revisions"}],"predecessor-version":[{"id":36806,"href":"https:\/\/ggi-initiative.at\/wp\/wp-json\/wp\/v2\/pages\/2160\/revisions\/36806"}],"wp:attachment":[{"href":"https:\/\/ggi-initiative.at\/wp\/wp-json\/wp\/v2\/media?parent=2160"}],"curies":[{"name":"wp","href":"https:\/\/api.w.org\/{rel}","templated":true}]}}