{"id":26461,"date":"2023-08-02T21:40:23","date_gmt":"2023-08-02T19:40:23","guid":{"rendered":"https:\/\/ggi-initiative.at\/wp\/?page_id=26461"},"modified":"2024-04-06T19:13:10","modified_gmt":"2024-04-06T17:13:10","slug":"verhaeltnismaessigkeit","status":"publish","type":"page","link":"https:\/\/ggi-initiative.at\/wp\/verhaeltnismaessigkeit\/","title":{"rendered":"Verh\u00e4ltnism\u00e4\u00dfigkeit"},"content":{"rendered":"\t\t<div data-elementor-type=\"wp-page\" data-elementor-id=\"26461\" class=\"elementor elementor-26461\">\n\t\t\t\t\t\t<section class=\"elementor-section elementor-top-section elementor-element elementor-element-5d979e5 elementor-section-boxed elementor-section-height-default elementor-section-height-default\" data-id=\"5d979e5\" data-element_type=\"section\" data-e-type=\"section\">\n\t\t\t\t\t\t\t<div class=\"elementor-background-overlay\"><\/div>\n\t\t\t\t\t\t\t<div class=\"elementor-container elementor-column-gap-default\">\n\t\t\t\t\t<div class=\"elementor-column elementor-col-100 elementor-top-column elementor-element elementor-element-aed06aa\" data-id=\"aed06aa\" data-element_type=\"column\" data-e-type=\"column\">\n\t\t\t<div class=\"elementor-widget-wrap elementor-element-populated\">\n\t\t\t\t\t\t<div class=\"elementor-element elementor-element-1e728bd elementor-position-left elementor-vertical-align-top elementor-widget elementor-widget-image-box\" data-id=\"1e728bd\" data-element_type=\"widget\" data-e-type=\"widget\" data-widget_type=\"image-box.default\">\n\t\t\t\t<div class=\"elementor-widget-container\">\n\t\t\t\t\t<div class=\"elementor-image-box-wrapper\"><figure class=\"elementor-image-box-img\"><a href=\"https:\/\/ggi-initiative.at\/wp\/versprechen\/\" tabindex=\"-1\"><img fetchpriority=\"high\" decoding=\"async\" width=\"768\" height=\"576\" src=\"https:\/\/ggi-initiative.at\/wp\/wp-content\/uploads\/2023\/05\/lady-justice-gb347a03fc_1280-768x576.jpeg\" class=\"attachment-medium_large size-medium_large wp-image-8188\" alt=\"\" srcset=\"https:\/\/ggi-initiative.at\/wp\/wp-content\/uploads\/2023\/05\/lady-justice-gb347a03fc_1280-768x576.jpeg 768w, https:\/\/ggi-initiative.at\/wp\/wp-content\/uploads\/2023\/05\/lady-justice-gb347a03fc_1280-300x225.jpeg 300w, https:\/\/ggi-initiative.at\/wp\/wp-content\/uploads\/2023\/05\/lady-justice-gb347a03fc_1280-1024x768.jpeg 1024w, https:\/\/ggi-initiative.at\/wp\/wp-content\/uploads\/2023\/05\/lady-justice-gb347a03fc_1280-920x690.jpeg 920w, https:\/\/ggi-initiative.at\/wp\/wp-content\/uploads\/2023\/05\/lady-justice-gb347a03fc_1280-230x173.jpeg 230w, https:\/\/ggi-initiative.at\/wp\/wp-content\/uploads\/2023\/05\/lady-justice-gb347a03fc_1280-350x263.jpeg 350w, https:\/\/ggi-initiative.at\/wp\/wp-content\/uploads\/2023\/05\/lady-justice-gb347a03fc_1280-480x360.jpeg 480w, https:\/\/ggi-initiative.at\/wp\/wp-content\/uploads\/2023\/05\/lady-justice-gb347a03fc_1280.jpeg 1280w\" sizes=\"(max-width: 768px) 100vw, 768px\" \/><\/a><\/figure><div class=\"elementor-image-box-content\"><h1 class=\"elementor-image-box-title\"><a href=\"https:\/\/ggi-initiative.at\/wp\/versprechen\/\">Verh\u00e4ltnism\u00e4\u00dfigkeit<\/a><\/h1><p class=\"elementor-image-box-description\">Notwendigkeit und Verh\u00e4ltnism\u00e4\u00dfigkeit sind grundlegende Grunds\u00e4tze in einem Rechtsstaat, um sicherzustellen, dass Ma\u00dfnahmen, die in die Grundrechte der B\u00fcrgerinnen und B\u00fcrger eingreifen, schonend und nur bei wirklicher Dringlichkeit angewendet werden. \n<\/p><\/div><\/div>\t\t\t\t<\/div>\n\t\t\t\t<\/div>\n\t\t\t\t\t<\/div>\n\t\t<\/div>\n\t\t\t\t\t<\/div>\n\t\t<\/section>\n\t\t\t\t<section class=\"elementor-section elementor-top-section elementor-element elementor-element-37d0045 elementor-section-boxed elementor-section-height-default elementor-section-height-default\" data-id=\"37d0045\" data-element_type=\"section\" data-e-type=\"section\">\n\t\t\t\t\t\t<div class=\"elementor-container elementor-column-gap-default\">\n\t\t\t\t\t<div class=\"elementor-column elementor-col-100 elementor-top-column elementor-element elementor-element-9ac9885\" data-id=\"9ac9885\" data-element_type=\"column\" data-e-type=\"column\">\n\t\t\t<div class=\"elementor-widget-wrap elementor-element-populated\">\n\t\t\t\t\t\t<div class=\"elementor-element elementor-element-eec7eea elementor-widget elementor-widget-spacer\" data-id=\"eec7eea\" data-element_type=\"widget\" data-e-type=\"widget\" data-widget_type=\"spacer.default\">\n\t\t\t\t<div class=\"elementor-widget-container\">\n\t\t\t\t\t\t\t<div class=\"elementor-spacer\">\n\t\t\t<div class=\"elementor-spacer-inner\"><\/div>\n\t\t<\/div>\n\t\t\t\t\t\t<\/div>\n\t\t\t\t<\/div>\n\t\t\t\t\t<\/div>\n\t\t<\/div>\n\t\t\t\t\t<\/div>\n\t\t<\/section>\n\t\t\t\t<section class=\"elementor-section elementor-top-section elementor-element elementor-element-f61300d elementor-section-boxed elementor-section-height-default elementor-section-height-default\" data-id=\"f61300d\" data-element_type=\"section\" data-e-type=\"section\">\n\t\t\t\t\t\t<div class=\"elementor-container elementor-column-gap-default\">\n\t\t\t\t\t<div class=\"elementor-column elementor-col-100 elementor-top-column elementor-element elementor-element-36b1626\" data-id=\"36b1626\" data-element_type=\"column\" data-e-type=\"column\">\n\t\t\t<div class=\"elementor-widget-wrap elementor-element-populated\">\n\t\t\t\t\t\t<div class=\"elementor-element elementor-element-ad292dc elementor-widget elementor-widget-text-editor\" data-id=\"ad292dc\" data-element_type=\"widget\" data-e-type=\"widget\" data-widget_type=\"text-editor.default\">\n\t\t\t\t<div class=\"elementor-widget-container\">\n\t\t\t\t\t\t\t\t\t<p>An dieser Stelle werden Zitate, Studien, Deklarationen, Stellungnahmen, Offene Briefe, Interviews und Berichte ab 2020 gesammelt und aufgelistet, um einen \u00dcberblick dar\u00fcber zu schaffen, welches Wissen ab wann \u00f6ffentlich vorlag.\u00a0<\/p>\t\t\t\t\t\t\t\t<\/div>\n\t\t\t\t<\/div>\n\t\t\t\t\t<\/div>\n\t\t<\/div>\n\t\t\t\t\t<\/div>\n\t\t<\/section>\n\t\t\t\t<section class=\"elementor-section elementor-top-section elementor-element elementor-element-5eb3e2d elementor-section-boxed elementor-section-height-default elementor-section-height-default\" data-id=\"5eb3e2d\" data-element_type=\"section\" data-e-type=\"section\">\n\t\t\t\t\t\t<div class=\"elementor-container elementor-column-gap-default\">\n\t\t\t\t\t<div class=\"elementor-column elementor-col-100 elementor-top-column elementor-element elementor-element-6c7c2cb\" data-id=\"6c7c2cb\" data-element_type=\"column\" data-e-type=\"column\">\n\t\t\t<div class=\"elementor-widget-wrap elementor-element-populated\">\n\t\t\t\t\t\t<div class=\"elementor-element elementor-element-4136907 elementor-widget elementor-widget-spacer\" data-id=\"4136907\" data-element_type=\"widget\" data-e-type=\"widget\" data-widget_type=\"spacer.default\">\n\t\t\t\t<div class=\"elementor-widget-container\">\n\t\t\t\t\t\t\t<div class=\"elementor-spacer\">\n\t\t\t<div class=\"elementor-spacer-inner\"><\/div>\n\t\t<\/div>\n\t\t\t\t\t\t<\/div>\n\t\t\t\t<\/div>\n\t\t\t\t\t<\/div>\n\t\t<\/div>\n\t\t\t\t\t<\/div>\n\t\t<\/section>\n\t\t\t\t<section class=\"elementor-section elementor-top-section elementor-element elementor-element-b77eabe elementor-section-boxed elementor-section-height-default elementor-section-height-default\" data-id=\"b77eabe\" data-element_type=\"section\" data-e-type=\"section\">\n\t\t\t\t\t\t<div class=\"elementor-container elementor-column-gap-default\">\n\t\t\t\t\t<div class=\"elementor-column elementor-col-50 elementor-top-column elementor-element elementor-element-ebc2fb4\" data-id=\"ebc2fb4\" data-element_type=\"column\" data-e-type=\"column\">\n\t\t\t<div class=\"elementor-widget-wrap elementor-element-populated\">\n\t\t\t\t\t\t<div class=\"elementor-element elementor-element-2236d27 elementor-widget elementor-widget-menu-anchor\" data-id=\"2236d27\" data-element_type=\"widget\" data-e-type=\"widget\" data-widget_type=\"menu-anchor.default\">\n\t\t\t\t<div class=\"elementor-widget-container\">\n\t\t\t\t\t\t\t<div class=\"elementor-menu-anchor\" id=\"Zitate\"><\/div>\n\t\t\t\t\t\t<\/div>\n\t\t\t\t<\/div>\n\t\t\t\t<div class=\"elementor-element elementor-element-b3dd05d elementor-widget elementor-widget-heading\" data-id=\"b3dd05d\" data-element_type=\"widget\" data-e-type=\"widget\" data-widget_type=\"heading.default\">\n\t\t\t\t<div class=\"elementor-widget-container\">\n\t\t\t\t\t<h2 class=\"elementor-heading-title elementor-size-default\">(1) Zitate <\/h2>\t\t\t\t<\/div>\n\t\t\t\t<\/div>\n\t\t\t\t\t<\/div>\n\t\t<\/div>\n\t\t\t\t<div class=\"elementor-column elementor-col-50 elementor-top-column elementor-element elementor-element-6787e27\" data-id=\"6787e27\" data-element_type=\"column\" data-e-type=\"column\">\n\t\t\t<div class=\"elementor-widget-wrap elementor-element-populated\">\n\t\t\t\t\t\t<div class=\"elementor-element elementor-element-789f5f5 elementor-align-right elementor-widget elementor-widget-button\" data-id=\"789f5f5\" data-element_type=\"widget\" data-e-type=\"widget\" data-widget_type=\"button.default\">\n\t\t\t\t<div class=\"elementor-widget-container\">\n\t\t\t\t\t\t\t\t\t<div class=\"elementor-button-wrapper\">\n\t\t\t\t\t<a class=\"elementor-button elementor-button-link elementor-size-sm\" href=\"#Kommentar\">\n\t\t\t\t\t\t<span class=\"elementor-button-content-wrapper\">\n\t\t\t\t\t\t\t\t\t<span class=\"elementor-button-text\">Kommentieren<\/span>\n\t\t\t\t\t<\/span>\n\t\t\t\t\t<\/a>\n\t\t\t\t<\/div>\n\t\t\t\t\t\t\t\t<\/div>\n\t\t\t\t<\/div>\n\t\t\t\t\t<\/div>\n\t\t<\/div>\n\t\t\t\t\t<\/div>\n\t\t<\/section>\n\t\t\t\t<section class=\"elementor-section elementor-top-section elementor-element elementor-element-565b58d elementor-section-boxed elementor-section-height-default elementor-section-height-default\" data-id=\"565b58d\" data-element_type=\"section\" data-e-type=\"section\">\n\t\t\t\t\t\t<div class=\"elementor-container elementor-column-gap-default\">\n\t\t\t\t\t<div class=\"elementor-column elementor-col-50 elementor-top-column elementor-element elementor-element-631e798\" data-id=\"631e798\" data-element_type=\"column\" data-e-type=\"column\">\n\t\t\t<div class=\"elementor-widget-wrap elementor-element-populated\">\n\t\t\t\t\t\t<div class=\"elementor-element elementor-element-b49e150 elementor-widget elementor-widget-testimonial\" data-id=\"b49e150\" data-element_type=\"widget\" data-e-type=\"widget\" data-widget_type=\"testimonial.default\">\n\t\t\t\t<div class=\"elementor-widget-container\">\n\t\t\t\t\t\t\t<div class=\"elementor-testimonial-wrapper\">\n\t\t\t\t\t\t\t<div class=\"elementor-testimonial-content\">Die Angaben bekr\u00e4ftigen vorherige Zwischenergebnisse, laut denen die Sterblichkeitsrate in der untersuchten Ortschaft Gangelt bei 0,37 Prozent liegt.\u00a0<\/div>\n\t\t\t\n\t\t\t\t\t\t<div class=\"elementor-testimonial-meta elementor-has-image elementor-testimonial-image-position-aside\">\n\t\t\t\t<div class=\"elementor-testimonial-meta-inner\">\n\t\t\t\t\t\t\t\t\t\t\t<div class=\"elementor-testimonial-image\">\n\t\t\t\t\t\t\t<a href=\"https:\/\/www.spiegel.de\/wissenschaft\/medizin\/corona-ergebnisse-der-heinsberg-studie-veroeffentlicht-a-37119092-08b5-496e-a848-f8da93e55950\" target=\"_blank\"><img decoding=\"async\" width=\"1280\" height=\"960\" src=\"https:\/\/ggi-initiative.at\/wp\/wp-content\/uploads\/2023\/05\/lady-justice-gb347a03fc_1280.jpeg\" class=\"attachment-full size-full wp-image-8188\" alt=\"\" srcset=\"https:\/\/ggi-initiative.at\/wp\/wp-content\/uploads\/2023\/05\/lady-justice-gb347a03fc_1280.jpeg 1280w, https:\/\/ggi-initiative.at\/wp\/wp-content\/uploads\/2023\/05\/lady-justice-gb347a03fc_1280-300x225.jpeg 300w, https:\/\/ggi-initiative.at\/wp\/wp-content\/uploads\/2023\/05\/lady-justice-gb347a03fc_1280-1024x768.jpeg 1024w, https:\/\/ggi-initiative.at\/wp\/wp-content\/uploads\/2023\/05\/lady-justice-gb347a03fc_1280-768x576.jpeg 768w, https:\/\/ggi-initiative.at\/wp\/wp-content\/uploads\/2023\/05\/lady-justice-gb347a03fc_1280-920x690.jpeg 920w, https:\/\/ggi-initiative.at\/wp\/wp-content\/uploads\/2023\/05\/lady-justice-gb347a03fc_1280-230x173.jpeg 230w, https:\/\/ggi-initiative.at\/wp\/wp-content\/uploads\/2023\/05\/lady-justice-gb347a03fc_1280-350x263.jpeg 350w, https:\/\/ggi-initiative.at\/wp\/wp-content\/uploads\/2023\/05\/lady-justice-gb347a03fc_1280-480x360.jpeg 480w\" sizes=\"(max-width: 1280px) 100vw, 1280px\" \/><\/a>\t\t\t\t\t\t<\/div>\n\t\t\t\t\t\n\t\t\t\t\t\t\t\t\t\t<div class=\"elementor-testimonial-details\">\n\t\t\t\t\t\t\t\t\t\t\t\t\t\t<a class=\"elementor-testimonial-name\" href=\"https:\/\/www.spiegel.de\/wissenschaft\/medizin\/corona-ergebnisse-der-heinsberg-studie-veroeffentlicht-a-37119092-08b5-496e-a848-f8da93e55950\" target=\"_blank\">Mai 2020<\/a>\n\t\t\t\t\t\t\t\t\t\t\t\t\t\t\t\t\t\t\t\t\t\t<a class=\"elementor-testimonial-job\" href=\"https:\/\/www.spiegel.de\/wissenschaft\/medizin\/corona-ergebnisse-der-heinsberg-studie-veroeffentlicht-a-37119092-08b5-496e-a848-f8da93e55950\" target=\"_blank\">Spiegel Wissenschaft<\/a>\n\t\t\t\t\t\t\t\t\t\t\t\t\t<\/div>\n\t\t\t\t\t\t\t\t\t<\/div>\n\t\t\t<\/div>\n\t\t\t\t\t<\/div>\n\t\t\t\t\t\t<\/div>\n\t\t\t\t<\/div>\n\t\t\t\t\t<\/div>\n\t\t<\/div>\n\t\t\t\t<div class=\"elementor-column elementor-col-50 elementor-top-column elementor-element elementor-element-7bc9455\" data-id=\"7bc9455\" data-element_type=\"column\" data-e-type=\"column\">\n\t\t\t<div class=\"elementor-widget-wrap elementor-element-populated\">\n\t\t\t\t\t\t<div class=\"elementor-element elementor-element-e35985e elementor-widget elementor-widget-testimonial\" data-id=\"e35985e\" data-element_type=\"widget\" data-e-type=\"widget\" data-widget_type=\"testimonial.default\">\n\t\t\t\t<div class=\"elementor-widget-container\">\n\t\t\t\t\t\t\t<div class=\"elementor-testimonial-wrapper\">\n\t\t\t\t\t\t\t<div class=\"elementor-testimonial-content\">Viele nun vorliegende Studien zeigen aber, dass die Infection Fatality Rate (IFR), der Anteil der Todesfalle an allen Corona Infektionen, in einem Bereich von 0.1 bis 0.3 Prozent liegt, also dem einer normalen Grippe.<\/div>\n\t\t\t\n\t\t\t\t\t\t<div class=\"elementor-testimonial-meta elementor-has-image elementor-testimonial-image-position-aside\">\n\t\t\t\t<div class=\"elementor-testimonial-meta-inner\">\n\t\t\t\t\t\t\t\t\t\t\t<div class=\"elementor-testimonial-image\">\n\t\t\t\t\t\t\t<a href=\"https:\/\/taz.de\/Ulrich-Keil\/!a59990\/\" target=\"_blank\"><img decoding=\"async\" width=\"1280\" height=\"960\" src=\"https:\/\/ggi-initiative.at\/wp\/wp-content\/uploads\/2023\/05\/lady-justice-gb347a03fc_1280.jpeg\" class=\"attachment-full size-full wp-image-8188\" alt=\"\" srcset=\"https:\/\/ggi-initiative.at\/wp\/wp-content\/uploads\/2023\/05\/lady-justice-gb347a03fc_1280.jpeg 1280w, https:\/\/ggi-initiative.at\/wp\/wp-content\/uploads\/2023\/05\/lady-justice-gb347a03fc_1280-300x225.jpeg 300w, https:\/\/ggi-initiative.at\/wp\/wp-content\/uploads\/2023\/05\/lady-justice-gb347a03fc_1280-1024x768.jpeg 1024w, https:\/\/ggi-initiative.at\/wp\/wp-content\/uploads\/2023\/05\/lady-justice-gb347a03fc_1280-768x576.jpeg 768w, https:\/\/ggi-initiative.at\/wp\/wp-content\/uploads\/2023\/05\/lady-justice-gb347a03fc_1280-920x690.jpeg 920w, https:\/\/ggi-initiative.at\/wp\/wp-content\/uploads\/2023\/05\/lady-justice-gb347a03fc_1280-230x173.jpeg 230w, https:\/\/ggi-initiative.at\/wp\/wp-content\/uploads\/2023\/05\/lady-justice-gb347a03fc_1280-350x263.jpeg 350w, https:\/\/ggi-initiative.at\/wp\/wp-content\/uploads\/2023\/05\/lady-justice-gb347a03fc_1280-480x360.jpeg 480w\" sizes=\"(max-width: 1280px) 100vw, 1280px\" \/><\/a>\t\t\t\t\t\t<\/div>\n\t\t\t\t\t\n\t\t\t\t\t\t\t\t\t\t<div class=\"elementor-testimonial-details\">\n\t\t\t\t\t\t\t\t\t\t\t\t\t\t<a class=\"elementor-testimonial-name\" href=\"https:\/\/taz.de\/Ulrich-Keil\/!a59990\/\" target=\"_blank\">August 2020<\/a>\n\t\t\t\t\t\t\t\t\t\t\t\t\t\t\t\t\t\t\t\t\t\t<a class=\"elementor-testimonial-job\" href=\"https:\/\/taz.de\/Ulrich-Keil\/!a59990\/\" target=\"_blank\">Ulrich Keil<\/a>\n\t\t\t\t\t\t\t\t\t\t\t\t\t<\/div>\n\t\t\t\t\t\t\t\t\t<\/div>\n\t\t\t<\/div>\n\t\t\t\t\t<\/div>\n\t\t\t\t\t\t<\/div>\n\t\t\t\t<\/div>\n\t\t\t\t\t<\/div>\n\t\t<\/div>\n\t\t\t\t\t<\/div>\n\t\t<\/section>\n\t\t\t\t<section class=\"elementor-section elementor-top-section elementor-element elementor-element-d5f639e elementor-section-boxed elementor-section-height-default elementor-section-height-default\" data-id=\"d5f639e\" data-element_type=\"section\" data-e-type=\"section\">\n\t\t\t\t\t\t<div class=\"elementor-container elementor-column-gap-default\">\n\t\t\t\t\t<div class=\"elementor-column elementor-col-50 elementor-top-column elementor-element elementor-element-8588fd1\" data-id=\"8588fd1\" data-element_type=\"column\" data-e-type=\"column\">\n\t\t\t<div class=\"elementor-widget-wrap elementor-element-populated\">\n\t\t\t\t\t\t<div class=\"elementor-element elementor-element-db5331e elementor-widget elementor-widget-testimonial\" data-id=\"db5331e\" data-element_type=\"widget\" data-e-type=\"widget\" data-widget_type=\"testimonial.default\">\n\t\t\t\t<div class=\"elementor-widget-container\">\n\t\t\t\t\t\t\t<div class=\"elementor-testimonial-wrapper\">\n\t\t\t\t\t\t\t<div class=\"elementor-testimonial-content\">Es gibt viele Dinge, die wir \u00fcber Covid-19 nicht wissen, aber eine wichtige Sache wissen wir, und zwar die Sterblichkeit von Covid-19 (...). Es ist also eine sehr gef\u00e4hrliche Krankheit f\u00fcr alte Menschen. F\u00fcr Kinder ist es weniger gef\u00e4hrlich als die j\u00e4hrliche Grippe und f\u00fcr Menschen in den 20ern und 30ern ist es keine gef\u00e4hrliche Krankheit.<\/div>\n\t\t\t\n\t\t\t\t\t\t<div class=\"elementor-testimonial-meta elementor-has-image elementor-testimonial-image-position-aside\">\n\t\t\t\t<div class=\"elementor-testimonial-meta-inner\">\n\t\t\t\t\t\t\t\t\t\t\t<div class=\"elementor-testimonial-image\">\n\t\t\t\t\t\t\t<a href=\"https:\/\/youtu.be\/lIQ0SSMo3JU\" target=\"_blank\"><img decoding=\"async\" width=\"1280\" height=\"960\" src=\"https:\/\/ggi-initiative.at\/wp\/wp-content\/uploads\/2023\/05\/lady-justice-gb347a03fc_1280.jpeg\" class=\"attachment-full size-full wp-image-8188\" alt=\"\" srcset=\"https:\/\/ggi-initiative.at\/wp\/wp-content\/uploads\/2023\/05\/lady-justice-gb347a03fc_1280.jpeg 1280w, https:\/\/ggi-initiative.at\/wp\/wp-content\/uploads\/2023\/05\/lady-justice-gb347a03fc_1280-300x225.jpeg 300w, https:\/\/ggi-initiative.at\/wp\/wp-content\/uploads\/2023\/05\/lady-justice-gb347a03fc_1280-1024x768.jpeg 1024w, https:\/\/ggi-initiative.at\/wp\/wp-content\/uploads\/2023\/05\/lady-justice-gb347a03fc_1280-768x576.jpeg 768w, https:\/\/ggi-initiative.at\/wp\/wp-content\/uploads\/2023\/05\/lady-justice-gb347a03fc_1280-920x690.jpeg 920w, https:\/\/ggi-initiative.at\/wp\/wp-content\/uploads\/2023\/05\/lady-justice-gb347a03fc_1280-230x173.jpeg 230w, https:\/\/ggi-initiative.at\/wp\/wp-content\/uploads\/2023\/05\/lady-justice-gb347a03fc_1280-350x263.jpeg 350w, https:\/\/ggi-initiative.at\/wp\/wp-content\/uploads\/2023\/05\/lady-justice-gb347a03fc_1280-480x360.jpeg 480w\" sizes=\"(max-width: 1280px) 100vw, 1280px\" \/><\/a>\t\t\t\t\t\t<\/div>\n\t\t\t\t\t\n\t\t\t\t\t\t\t\t\t\t<div class=\"elementor-testimonial-details\">\n\t\t\t\t\t\t\t\t\t\t\t\t\t\t<a class=\"elementor-testimonial-name\" href=\"https:\/\/youtu.be\/lIQ0SSMo3JU\" target=\"_blank\">August 2020<\/a>\n\t\t\t\t\t\t\t\t\t\t\t\t\t\t\t\t\t\t\t\t\t\t<a class=\"elementor-testimonial-job\" href=\"https:\/\/youtu.be\/lIQ0SSMo3JU\" target=\"_blank\">Martin Kulldorff<\/a>\n\t\t\t\t\t\t\t\t\t\t\t\t\t<\/div>\n\t\t\t\t\t\t\t\t\t<\/div>\n\t\t\t<\/div>\n\t\t\t\t\t<\/div>\n\t\t\t\t\t\t<\/div>\n\t\t\t\t<\/div>\n\t\t\t\t\t<\/div>\n\t\t<\/div>\n\t\t\t\t<div class=\"elementor-column elementor-col-50 elementor-top-column elementor-element elementor-element-8f6fbb0\" data-id=\"8f6fbb0\" data-element_type=\"column\" data-e-type=\"column\">\n\t\t\t<div class=\"elementor-widget-wrap elementor-element-populated\">\n\t\t\t\t\t\t<div class=\"elementor-element elementor-element-6f6f8f9 elementor-widget elementor-widget-testimonial\" data-id=\"6f6f8f9\" data-element_type=\"widget\" data-e-type=\"widget\" data-widget_type=\"testimonial.default\">\n\t\t\t\t<div class=\"elementor-widget-container\">\n\t\t\t\t\t\t\t<div class=\"elementor-testimonial-wrapper\">\n\t\t\t\t\t\t\t<div class=\"elementor-testimonial-content\">An den Folgen der Lockdowns werden weit mehr Menschen sterben als am Virus<\/div>\n\t\t\t\n\t\t\t\t\t\t<div class=\"elementor-testimonial-meta elementor-has-image elementor-testimonial-image-position-aside\">\n\t\t\t\t<div class=\"elementor-testimonial-meta-inner\">\n\t\t\t\t\t\t\t\t\t\t\t<div class=\"elementor-testimonial-image\">\n\t\t\t\t\t\t\t<a href=\"https:\/\/www.reuters.com\/article\/afrika-virus-m-ller-idDEKCN26E0MN\" target=\"_blank\"><img decoding=\"async\" width=\"1280\" height=\"960\" src=\"https:\/\/ggi-initiative.at\/wp\/wp-content\/uploads\/2023\/05\/lady-justice-gb347a03fc_1280.jpeg\" class=\"attachment-full size-full wp-image-8188\" alt=\"\" srcset=\"https:\/\/ggi-initiative.at\/wp\/wp-content\/uploads\/2023\/05\/lady-justice-gb347a03fc_1280.jpeg 1280w, https:\/\/ggi-initiative.at\/wp\/wp-content\/uploads\/2023\/05\/lady-justice-gb347a03fc_1280-300x225.jpeg 300w, https:\/\/ggi-initiative.at\/wp\/wp-content\/uploads\/2023\/05\/lady-justice-gb347a03fc_1280-1024x768.jpeg 1024w, https:\/\/ggi-initiative.at\/wp\/wp-content\/uploads\/2023\/05\/lady-justice-gb347a03fc_1280-768x576.jpeg 768w, https:\/\/ggi-initiative.at\/wp\/wp-content\/uploads\/2023\/05\/lady-justice-gb347a03fc_1280-920x690.jpeg 920w, https:\/\/ggi-initiative.at\/wp\/wp-content\/uploads\/2023\/05\/lady-justice-gb347a03fc_1280-230x173.jpeg 230w, https:\/\/ggi-initiative.at\/wp\/wp-content\/uploads\/2023\/05\/lady-justice-gb347a03fc_1280-350x263.jpeg 350w, https:\/\/ggi-initiative.at\/wp\/wp-content\/uploads\/2023\/05\/lady-justice-gb347a03fc_1280-480x360.jpeg 480w\" sizes=\"(max-width: 1280px) 100vw, 1280px\" \/><\/a>\t\t\t\t\t\t<\/div>\n\t\t\t\t\t\n\t\t\t\t\t\t\t\t\t\t<div class=\"elementor-testimonial-details\">\n\t\t\t\t\t\t\t\t\t\t\t\t\t\t<a class=\"elementor-testimonial-name\" href=\"https:\/\/www.reuters.com\/article\/afrika-virus-m-ller-idDEKCN26E0MN\" target=\"_blank\">September 2020<\/a>\n\t\t\t\t\t\t\t\t\t\t\t\t\t\t\t\t\t\t\t\t\t\t<a class=\"elementor-testimonial-job\" href=\"https:\/\/www.reuters.com\/article\/afrika-virus-m-ller-idDEKCN26E0MN\" target=\"_blank\">Gerd M\u00fcller<\/a>\n\t\t\t\t\t\t\t\t\t\t\t\t\t<\/div>\n\t\t\t\t\t\t\t\t\t<\/div>\n\t\t\t<\/div>\n\t\t\t\t\t<\/div>\n\t\t\t\t\t\t<\/div>\n\t\t\t\t<\/div>\n\t\t\t\t\t<\/div>\n\t\t<\/div>\n\t\t\t\t\t<\/div>\n\t\t<\/section>\n\t\t\t\t<section class=\"elementor-section elementor-top-section elementor-element elementor-element-5466e1c elementor-section-boxed elementor-section-height-default elementor-section-height-default\" data-id=\"5466e1c\" data-element_type=\"section\" data-e-type=\"section\">\n\t\t\t\t\t\t<div class=\"elementor-container elementor-column-gap-default\">\n\t\t\t\t\t<div class=\"elementor-column elementor-col-50 elementor-top-column elementor-element elementor-element-44a4ea6\" data-id=\"44a4ea6\" data-element_type=\"column\" data-e-type=\"column\">\n\t\t\t<div class=\"elementor-widget-wrap elementor-element-populated\">\n\t\t\t\t\t\t<div class=\"elementor-element elementor-element-46eb752 elementor-widget elementor-widget-testimonial\" data-id=\"46eb752\" data-element_type=\"widget\" data-e-type=\"widget\" data-widget_type=\"testimonial.default\">\n\t\t\t\t<div class=\"elementor-widget-container\">\n\t\t\t\t\t\t\t<div class=\"elementor-testimonial-wrapper\">\n\t\t\t\t\t\t\t<div class=\"elementor-testimonial-content\">Covid-19 hat einen besonders steilen Gradienten der Schwere der Erkrankungen mit zunehmendem Alter. Der Unterschied zwischen einem Kind und einem 85-J\u00e4hrigen mit Vorerkrankungen betr\u00e4gt das Tausendfache.<\/div>\n\t\t\t\n\t\t\t\t\t\t<div class=\"elementor-testimonial-meta elementor-has-image elementor-testimonial-image-position-aside\">\n\t\t\t\t<div class=\"elementor-testimonial-meta-inner\">\n\t\t\t\t\t\t\t\t\t\t\t<div class=\"elementor-testimonial-image\">\n\t\t\t\t\t\t\t<a href=\"https:\/\/www.meinbezirk.at\/niederoesterreich\/c-regionauten-community\/top-medizin-wissenschaftler-john-ioannidis-skeptisch-ueber-corona-impfstoff_a4216986\" target=\"_blank\"><img decoding=\"async\" width=\"1280\" height=\"960\" src=\"https:\/\/ggi-initiative.at\/wp\/wp-content\/uploads\/2023\/05\/lady-justice-gb347a03fc_1280.jpeg\" class=\"attachment-full size-full wp-image-8188\" alt=\"\" srcset=\"https:\/\/ggi-initiative.at\/wp\/wp-content\/uploads\/2023\/05\/lady-justice-gb347a03fc_1280.jpeg 1280w, https:\/\/ggi-initiative.at\/wp\/wp-content\/uploads\/2023\/05\/lady-justice-gb347a03fc_1280-300x225.jpeg 300w, https:\/\/ggi-initiative.at\/wp\/wp-content\/uploads\/2023\/05\/lady-justice-gb347a03fc_1280-1024x768.jpeg 1024w, https:\/\/ggi-initiative.at\/wp\/wp-content\/uploads\/2023\/05\/lady-justice-gb347a03fc_1280-768x576.jpeg 768w, https:\/\/ggi-initiative.at\/wp\/wp-content\/uploads\/2023\/05\/lady-justice-gb347a03fc_1280-920x690.jpeg 920w, https:\/\/ggi-initiative.at\/wp\/wp-content\/uploads\/2023\/05\/lady-justice-gb347a03fc_1280-230x173.jpeg 230w, https:\/\/ggi-initiative.at\/wp\/wp-content\/uploads\/2023\/05\/lady-justice-gb347a03fc_1280-350x263.jpeg 350w, https:\/\/ggi-initiative.at\/wp\/wp-content\/uploads\/2023\/05\/lady-justice-gb347a03fc_1280-480x360.jpeg 480w\" sizes=\"(max-width: 1280px) 100vw, 1280px\" \/><\/a>\t\t\t\t\t\t<\/div>\n\t\t\t\t\t\n\t\t\t\t\t\t\t\t\t\t<div class=\"elementor-testimonial-details\">\n\t\t\t\t\t\t\t\t\t\t\t\t\t\t<a class=\"elementor-testimonial-name\" href=\"https:\/\/www.meinbezirk.at\/niederoesterreich\/c-regionauten-community\/top-medizin-wissenschaftler-john-ioannidis-skeptisch-ueber-corona-impfstoff_a4216986\" target=\"_blank\">September 2020<\/a>\n\t\t\t\t\t\t\t\t\t\t\t\t\t\t\t\t\t\t\t\t\t\t<a class=\"elementor-testimonial-job\" href=\"https:\/\/www.meinbezirk.at\/niederoesterreich\/c-regionauten-community\/top-medizin-wissenschaftler-john-ioannidis-skeptisch-ueber-corona-impfstoff_a4216986\" target=\"_blank\">John Ioannidis<\/a>\n\t\t\t\t\t\t\t\t\t\t\t\t\t<\/div>\n\t\t\t\t\t\t\t\t\t<\/div>\n\t\t\t<\/div>\n\t\t\t\t\t<\/div>\n\t\t\t\t\t\t<\/div>\n\t\t\t\t<\/div>\n\t\t\t\t\t<\/div>\n\t\t<\/div>\n\t\t\t\t<div class=\"elementor-column elementor-col-50 elementor-top-column elementor-element elementor-element-37c8032\" data-id=\"37c8032\" data-element_type=\"column\" data-e-type=\"column\">\n\t\t\t<div class=\"elementor-widget-wrap elementor-element-populated\">\n\t\t\t\t\t\t<div class=\"elementor-element elementor-element-a53958a elementor-widget elementor-widget-testimonial\" data-id=\"a53958a\" data-element_type=\"widget\" data-e-type=\"widget\" data-widget_type=\"testimonial.default\">\n\t\t\t\t<div class=\"elementor-widget-container\">\n\t\t\t\t\t\t\t<div class=\"elementor-testimonial-wrapper\">\n\t\t\t\t\t\t\t<div class=\"elementor-testimonial-content\">Die Sterblichkeitsrate betr\u00e4gt 0,27 % \u2013 mit gro\u00dfen Schwankungen.<\/div>\n\t\t\t\n\t\t\t\t\t\t<div class=\"elementor-testimonial-meta elementor-has-image elementor-testimonial-image-position-aside\">\n\t\t\t\t<div class=\"elementor-testimonial-meta-inner\">\n\t\t\t\t\t\t\t\t\t\t\t<div class=\"elementor-testimonial-image\">\n\t\t\t\t\t\t\t<a href=\"https:\/\/www.ncbi.nlm.nih.gov\/pmc\/articles\/PMC7947934\/pdf\/BLT.20.265892.pdf\/\" target=\"_blank\"><img decoding=\"async\" width=\"1280\" height=\"960\" src=\"https:\/\/ggi-initiative.at\/wp\/wp-content\/uploads\/2023\/05\/lady-justice-gb347a03fc_1280.jpeg\" class=\"attachment-full size-full wp-image-8188\" alt=\"\" srcset=\"https:\/\/ggi-initiative.at\/wp\/wp-content\/uploads\/2023\/05\/lady-justice-gb347a03fc_1280.jpeg 1280w, https:\/\/ggi-initiative.at\/wp\/wp-content\/uploads\/2023\/05\/lady-justice-gb347a03fc_1280-300x225.jpeg 300w, https:\/\/ggi-initiative.at\/wp\/wp-content\/uploads\/2023\/05\/lady-justice-gb347a03fc_1280-1024x768.jpeg 1024w, https:\/\/ggi-initiative.at\/wp\/wp-content\/uploads\/2023\/05\/lady-justice-gb347a03fc_1280-768x576.jpeg 768w, https:\/\/ggi-initiative.at\/wp\/wp-content\/uploads\/2023\/05\/lady-justice-gb347a03fc_1280-920x690.jpeg 920w, https:\/\/ggi-initiative.at\/wp\/wp-content\/uploads\/2023\/05\/lady-justice-gb347a03fc_1280-230x173.jpeg 230w, https:\/\/ggi-initiative.at\/wp\/wp-content\/uploads\/2023\/05\/lady-justice-gb347a03fc_1280-350x263.jpeg 350w, https:\/\/ggi-initiative.at\/wp\/wp-content\/uploads\/2023\/05\/lady-justice-gb347a03fc_1280-480x360.jpeg 480w\" sizes=\"(max-width: 1280px) 100vw, 1280px\" \/><\/a>\t\t\t\t\t\t<\/div>\n\t\t\t\t\t\n\t\t\t\t\t\t\t\t\t\t<div class=\"elementor-testimonial-details\">\n\t\t\t\t\t\t\t\t\t\t\t\t\t\t<a class=\"elementor-testimonial-name\" href=\"https:\/\/www.ncbi.nlm.nih.gov\/pmc\/articles\/PMC7947934\/pdf\/BLT.20.265892.pdf\/\" target=\"_blank\">Oktober 2020<\/a>\n\t\t\t\t\t\t\t\t\t\t\t\t\t\t\t\t\t\t\t\t\t\t<a class=\"elementor-testimonial-job\" href=\"https:\/\/www.ncbi.nlm.nih.gov\/pmc\/articles\/PMC7947934\/pdf\/BLT.20.265892.pdf\/\" target=\"_blank\">Metastudie John Ioannidis<\/a>\n\t\t\t\t\t\t\t\t\t\t\t\t\t<\/div>\n\t\t\t\t\t\t\t\t\t<\/div>\n\t\t\t<\/div>\n\t\t\t\t\t<\/div>\n\t\t\t\t\t\t<\/div>\n\t\t\t\t<\/div>\n\t\t\t\t\t<\/div>\n\t\t<\/div>\n\t\t\t\t\t<\/div>\n\t\t<\/section>\n\t\t\t\t<section class=\"elementor-section elementor-top-section elementor-element elementor-element-65fb233 elementor-section-boxed elementor-section-height-default elementor-section-height-default\" data-id=\"65fb233\" data-element_type=\"section\" data-e-type=\"section\">\n\t\t\t\t\t\t<div class=\"elementor-container elementor-column-gap-default\">\n\t\t\t\t\t<div class=\"elementor-column elementor-col-50 elementor-top-column elementor-element elementor-element-38946ee\" data-id=\"38946ee\" data-element_type=\"column\" data-e-type=\"column\">\n\t\t\t<div class=\"elementor-widget-wrap elementor-element-populated\">\n\t\t\t\t\t\t<div class=\"elementor-element elementor-element-46af73f elementor-widget elementor-widget-testimonial\" data-id=\"46af73f\" data-element_type=\"widget\" data-e-type=\"widget\" data-widget_type=\"testimonial.default\">\n\t\t\t\t<div class=\"elementor-widget-container\">\n\t\t\t\t\t\t\t<div class=\"elementor-testimonial-wrapper\">\n\t\t\t\t\t\t\t<div class=\"elementor-testimonial-content\">Das h\u00e4ngt davon ab, ob der Impfstoff eine sterilisierende Immunit\u00e4t besitzt, also auch vor der \u00dcbertragung sch\u00fctzt. Bei den jetzt bekannten Impfstoffen scheint es noch nicht der Fall zu sein. <\/div>\n\t\t\t\n\t\t\t\t\t\t<div class=\"elementor-testimonial-meta elementor-has-image elementor-testimonial-image-position-aside\">\n\t\t\t\t<div class=\"elementor-testimonial-meta-inner\">\n\t\t\t\t\t\t\t\t\t\t\t<div class=\"elementor-testimonial-image\">\n\t\t\t\t\t\t\t<a href=\"https:\/\/www.kleinezeitung.at\/politik\/innenpolitik\/5917183\/Herwig-Kollaritsch-zu-Corona_Koennen-wir-uns-2021-wieder-die-Hand?xtor=CS1-15&#038;fbclid=IwAR1ZQpCZeDeHKGeoTaSkQJFx5YssXLi-LyaPpTao_oCSR6h-rx-S2m_JQzg\" target=\"_blank\"><img decoding=\"async\" width=\"1280\" height=\"960\" src=\"https:\/\/ggi-initiative.at\/wp\/wp-content\/uploads\/2023\/05\/lady-justice-gb347a03fc_1280.jpeg\" class=\"attachment-full size-full wp-image-8188\" alt=\"\" srcset=\"https:\/\/ggi-initiative.at\/wp\/wp-content\/uploads\/2023\/05\/lady-justice-gb347a03fc_1280.jpeg 1280w, https:\/\/ggi-initiative.at\/wp\/wp-content\/uploads\/2023\/05\/lady-justice-gb347a03fc_1280-300x225.jpeg 300w, https:\/\/ggi-initiative.at\/wp\/wp-content\/uploads\/2023\/05\/lady-justice-gb347a03fc_1280-1024x768.jpeg 1024w, https:\/\/ggi-initiative.at\/wp\/wp-content\/uploads\/2023\/05\/lady-justice-gb347a03fc_1280-768x576.jpeg 768w, https:\/\/ggi-initiative.at\/wp\/wp-content\/uploads\/2023\/05\/lady-justice-gb347a03fc_1280-920x690.jpeg 920w, https:\/\/ggi-initiative.at\/wp\/wp-content\/uploads\/2023\/05\/lady-justice-gb347a03fc_1280-230x173.jpeg 230w, https:\/\/ggi-initiative.at\/wp\/wp-content\/uploads\/2023\/05\/lady-justice-gb347a03fc_1280-350x263.jpeg 350w, https:\/\/ggi-initiative.at\/wp\/wp-content\/uploads\/2023\/05\/lady-justice-gb347a03fc_1280-480x360.jpeg 480w\" sizes=\"(max-width: 1280px) 100vw, 1280px\" \/><\/a>\t\t\t\t\t\t<\/div>\n\t\t\t\t\t\n\t\t\t\t\t\t\t\t\t\t<div class=\"elementor-testimonial-details\">\n\t\t\t\t\t\t\t\t\t\t\t\t\t\t<a class=\"elementor-testimonial-name\" href=\"https:\/\/www.kleinezeitung.at\/politik\/innenpolitik\/5917183\/Herwig-Kollaritsch-zu-Corona_Koennen-wir-uns-2021-wieder-die-Hand?xtor=CS1-15&#038;fbclid=IwAR1ZQpCZeDeHKGeoTaSkQJFx5YssXLi-LyaPpTao_oCSR6h-rx-S2m_JQzg\" target=\"_blank\">Dezember 2020<\/a>\n\t\t\t\t\t\t\t\t\t\t\t\t\t\t\t\t\t\t\t\t\t\t<a class=\"elementor-testimonial-job\" href=\"https:\/\/www.kleinezeitung.at\/politik\/innenpolitik\/5917183\/Herwig-Kollaritsch-zu-Corona_Koennen-wir-uns-2021-wieder-die-Hand?xtor=CS1-15&#038;fbclid=IwAR1ZQpCZeDeHKGeoTaSkQJFx5YssXLi-LyaPpTao_oCSR6h-rx-S2m_JQzg\" target=\"_blank\">Herwig Kollaritsch<\/a>\n\t\t\t\t\t\t\t\t\t\t\t\t\t<\/div>\n\t\t\t\t\t\t\t\t\t<\/div>\n\t\t\t<\/div>\n\t\t\t\t\t<\/div>\n\t\t\t\t\t\t<\/div>\n\t\t\t\t<\/div>\n\t\t\t\t\t<\/div>\n\t\t<\/div>\n\t\t\t\t<div class=\"elementor-column elementor-col-50 elementor-top-column elementor-element elementor-element-b0acf86\" data-id=\"b0acf86\" data-element_type=\"column\" data-e-type=\"column\">\n\t\t\t<div class=\"elementor-widget-wrap elementor-element-populated\">\n\t\t\t\t\t\t<div class=\"elementor-element elementor-element-ee31055 elementor-widget elementor-widget-testimonial\" data-id=\"ee31055\" data-element_type=\"widget\" data-e-type=\"widget\" data-widget_type=\"testimonial.default\">\n\t\t\t\t<div class=\"elementor-widget-container\">\n\t\t\t\t\t\t\t<div class=\"elementor-testimonial-wrapper\">\n\t\t\t\t\t\t\t<div class=\"elementor-testimonial-content\">Derzeit gibt es keine Daten, um eine Aussage dar\u00fcber zu treffen, wie lange der Impfstoff Schutz bietet, noch gibt es Beweise daf\u00fcr, dass das Vakzin die \u00dcbertragung des Virus von Mensch zu Mensch verhindert.<\/div>\n\t\t\t\n\t\t\t\t\t\t<div class=\"elementor-testimonial-meta elementor-has-image elementor-testimonial-image-position-aside\">\n\t\t\t\t<div class=\"elementor-testimonial-meta-inner\">\n\t\t\t\t\t\t\t\t\t\t\t<div class=\"elementor-testimonial-image\">\n\t\t\t\t\t\t\t<a href=\"https:\/\/www.fda.gov\/news-events\/press-announcements\/fda-takes-key-action-fight-against-covid-19-issuing-emergency-use-authorization-first-covid-19\" target=\"_blank\"><img decoding=\"async\" width=\"1280\" height=\"960\" src=\"https:\/\/ggi-initiative.at\/wp\/wp-content\/uploads\/2023\/05\/lady-justice-gb347a03fc_1280.jpeg\" class=\"attachment-full size-full wp-image-8188\" alt=\"\" srcset=\"https:\/\/ggi-initiative.at\/wp\/wp-content\/uploads\/2023\/05\/lady-justice-gb347a03fc_1280.jpeg 1280w, https:\/\/ggi-initiative.at\/wp\/wp-content\/uploads\/2023\/05\/lady-justice-gb347a03fc_1280-300x225.jpeg 300w, https:\/\/ggi-initiative.at\/wp\/wp-content\/uploads\/2023\/05\/lady-justice-gb347a03fc_1280-1024x768.jpeg 1024w, https:\/\/ggi-initiative.at\/wp\/wp-content\/uploads\/2023\/05\/lady-justice-gb347a03fc_1280-768x576.jpeg 768w, https:\/\/ggi-initiative.at\/wp\/wp-content\/uploads\/2023\/05\/lady-justice-gb347a03fc_1280-920x690.jpeg 920w, https:\/\/ggi-initiative.at\/wp\/wp-content\/uploads\/2023\/05\/lady-justice-gb347a03fc_1280-230x173.jpeg 230w, https:\/\/ggi-initiative.at\/wp\/wp-content\/uploads\/2023\/05\/lady-justice-gb347a03fc_1280-350x263.jpeg 350w, https:\/\/ggi-initiative.at\/wp\/wp-content\/uploads\/2023\/05\/lady-justice-gb347a03fc_1280-480x360.jpeg 480w\" sizes=\"(max-width: 1280px) 100vw, 1280px\" \/><\/a>\t\t\t\t\t\t<\/div>\n\t\t\t\t\t\n\t\t\t\t\t\t\t\t\t\t<div class=\"elementor-testimonial-details\">\n\t\t\t\t\t\t\t\t\t\t\t\t\t\t<a class=\"elementor-testimonial-name\" href=\"https:\/\/www.fda.gov\/news-events\/press-announcements\/fda-takes-key-action-fight-against-covid-19-issuing-emergency-use-authorization-first-covid-19\" target=\"_blank\">Dezember 2020<\/a>\n\t\t\t\t\t\t\t\t\t\t\t\t\t\t\t\t\t\t\t\t\t\t<a class=\"elementor-testimonial-job\" href=\"https:\/\/www.fda.gov\/news-events\/press-announcements\/fda-takes-key-action-fight-against-covid-19-issuing-emergency-use-authorization-first-covid-19\" target=\"_blank\">FDA<\/a>\n\t\t\t\t\t\t\t\t\t\t\t\t\t<\/div>\n\t\t\t\t\t\t\t\t\t<\/div>\n\t\t\t<\/div>\n\t\t\t\t\t<\/div>\n\t\t\t\t\t\t<\/div>\n\t\t\t\t<\/div>\n\t\t\t\t\t<\/div>\n\t\t<\/div>\n\t\t\t\t\t<\/div>\n\t\t<\/section>\n\t\t\t\t<section class=\"elementor-section elementor-top-section elementor-element elementor-element-c9074d0 elementor-section-boxed elementor-section-height-default elementor-section-height-default\" data-id=\"c9074d0\" data-element_type=\"section\" data-e-type=\"section\">\n\t\t\t\t\t\t<div class=\"elementor-container elementor-column-gap-default\">\n\t\t\t\t\t<div class=\"elementor-column elementor-col-50 elementor-top-column elementor-element elementor-element-0c1427e\" data-id=\"0c1427e\" data-element_type=\"column\" data-e-type=\"column\">\n\t\t\t<div class=\"elementor-widget-wrap elementor-element-populated\">\n\t\t\t\t\t\t<div class=\"elementor-element elementor-element-daca356 elementor-widget elementor-widget-testimonial\" data-id=\"daca356\" data-element_type=\"widget\" data-e-type=\"widget\" data-widget_type=\"testimonial.default\">\n\t\t\t\t<div class=\"elementor-widget-container\">\n\t\t\t\t\t\t\t<div class=\"elementor-testimonial-wrapper\">\n\t\t\t\t\t\t\t<div class=\"elementor-testimonial-content\">Covid war nie der \u00abSchwarze Schwan\u00bb oder hat eine \u00abglobale Verw\u00fcstung\u00bb hinterlassen, wie das proklamiert wurde. Das hat selbst die WHO-Epidemiologin Maria van Kerkhove bereits 2021 best\u00e4tigt.<\/div>\n\t\t\t\n\t\t\t\t\t\t<div class=\"elementor-testimonial-meta elementor-has-image elementor-testimonial-image-position-aside\">\n\t\t\t\t<div class=\"elementor-testimonial-meta-inner\">\n\t\t\t\t\t\t\t\t\t\t\t<div class=\"elementor-testimonial-image\">\n\t\t\t\t\t\t\t<a href=\"https:\/\/www.infosperber.ch\/gesundheit\/corona-pandemie-das-war-angstmache-zum-quadrat-4\/\" target=\"_blank\"><img decoding=\"async\" width=\"1280\" height=\"960\" src=\"https:\/\/ggi-initiative.at\/wp\/wp-content\/uploads\/2023\/05\/lady-justice-gb347a03fc_1280.jpeg\" class=\"attachment-full size-full wp-image-8188\" alt=\"\" srcset=\"https:\/\/ggi-initiative.at\/wp\/wp-content\/uploads\/2023\/05\/lady-justice-gb347a03fc_1280.jpeg 1280w, https:\/\/ggi-initiative.at\/wp\/wp-content\/uploads\/2023\/05\/lady-justice-gb347a03fc_1280-300x225.jpeg 300w, https:\/\/ggi-initiative.at\/wp\/wp-content\/uploads\/2023\/05\/lady-justice-gb347a03fc_1280-1024x768.jpeg 1024w, https:\/\/ggi-initiative.at\/wp\/wp-content\/uploads\/2023\/05\/lady-justice-gb347a03fc_1280-768x576.jpeg 768w, https:\/\/ggi-initiative.at\/wp\/wp-content\/uploads\/2023\/05\/lady-justice-gb347a03fc_1280-920x690.jpeg 920w, https:\/\/ggi-initiative.at\/wp\/wp-content\/uploads\/2023\/05\/lady-justice-gb347a03fc_1280-230x173.jpeg 230w, https:\/\/ggi-initiative.at\/wp\/wp-content\/uploads\/2023\/05\/lady-justice-gb347a03fc_1280-350x263.jpeg 350w, https:\/\/ggi-initiative.at\/wp\/wp-content\/uploads\/2023\/05\/lady-justice-gb347a03fc_1280-480x360.jpeg 480w\" sizes=\"(max-width: 1280px) 100vw, 1280px\" \/><\/a>\t\t\t\t\t\t<\/div>\n\t\t\t\t\t\n\t\t\t\t\t\t\t\t\t\t<div class=\"elementor-testimonial-details\">\n\t\t\t\t\t\t\t\t\t\t\t\t\t\t<a class=\"elementor-testimonial-name\" href=\"https:\/\/www.infosperber.ch\/gesundheit\/corona-pandemie-das-war-angstmache-zum-quadrat-4\/\" target=\"_blank\">2021<\/a>\n\t\t\t\t\t\t\t\t\t\t\t\t\t\t\t\t\t\t\t\t\t\t<a class=\"elementor-testimonial-job\" href=\"https:\/\/www.infosperber.ch\/gesundheit\/corona-pandemie-das-war-angstmache-zum-quadrat-4\/\" target=\"_blank\">Franz Allerberger, 2023<\/a>\n\t\t\t\t\t\t\t\t\t\t\t\t\t<\/div>\n\t\t\t\t\t\t\t\t\t<\/div>\n\t\t\t<\/div>\n\t\t\t\t\t<\/div>\n\t\t\t\t\t\t<\/div>\n\t\t\t\t<\/div>\n\t\t\t\t\t<\/div>\n\t\t<\/div>\n\t\t\t\t<div class=\"elementor-column elementor-col-50 elementor-top-column elementor-element elementor-element-df786c9\" data-id=\"df786c9\" data-element_type=\"column\" data-e-type=\"column\">\n\t\t\t<div class=\"elementor-widget-wrap elementor-element-populated\">\n\t\t\t\t\t\t<div class=\"elementor-element elementor-element-054b729 elementor-widget elementor-widget-testimonial\" data-id=\"054b729\" data-element_type=\"widget\" data-e-type=\"widget\" data-widget_type=\"testimonial.default\">\n\t\t\t\t<div class=\"elementor-widget-container\">\n\t\t\t\t\t\t\t<div class=\"elementor-testimonial-wrapper\">\n\t\t\t\t\t\t\t<div class=\"elementor-testimonial-content\">Was sie \u00fcber den Schutz vor einer Infektion aussagen, ist allerdings unklar. Ein weiteres potenzielles Problem: Der Impfstoff kommt streng genommen am falschen Ort zum Einsatz und erzeugt m\u00f6glicherweise deswegen keine sterile Immunit\u00e4t.\u00a0<\/div>\n\t\t\t\n\t\t\t\t\t\t<div class=\"elementor-testimonial-meta elementor-has-image elementor-testimonial-image-position-aside\">\n\t\t\t\t<div class=\"elementor-testimonial-meta-inner\">\n\t\t\t\t\t\t\t\t\t\t\t<div class=\"elementor-testimonial-image\">\n\t\t\t\t\t\t\t<a href=\"https:\/\/www.spektrum.de\/news\/impfstoffe-warum-auch-geimpfte-das-virus-verbreiten-koennten\/1824145\" target=\"_blank\"><img decoding=\"async\" width=\"1280\" height=\"960\" src=\"https:\/\/ggi-initiative.at\/wp\/wp-content\/uploads\/2023\/05\/lady-justice-gb347a03fc_1280.jpeg\" class=\"attachment-full size-full wp-image-8188\" alt=\"\" srcset=\"https:\/\/ggi-initiative.at\/wp\/wp-content\/uploads\/2023\/05\/lady-justice-gb347a03fc_1280.jpeg 1280w, https:\/\/ggi-initiative.at\/wp\/wp-content\/uploads\/2023\/05\/lady-justice-gb347a03fc_1280-300x225.jpeg 300w, https:\/\/ggi-initiative.at\/wp\/wp-content\/uploads\/2023\/05\/lady-justice-gb347a03fc_1280-1024x768.jpeg 1024w, https:\/\/ggi-initiative.at\/wp\/wp-content\/uploads\/2023\/05\/lady-justice-gb347a03fc_1280-768x576.jpeg 768w, https:\/\/ggi-initiative.at\/wp\/wp-content\/uploads\/2023\/05\/lady-justice-gb347a03fc_1280-920x690.jpeg 920w, https:\/\/ggi-initiative.at\/wp\/wp-content\/uploads\/2023\/05\/lady-justice-gb347a03fc_1280-230x173.jpeg 230w, https:\/\/ggi-initiative.at\/wp\/wp-content\/uploads\/2023\/05\/lady-justice-gb347a03fc_1280-350x263.jpeg 350w, https:\/\/ggi-initiative.at\/wp\/wp-content\/uploads\/2023\/05\/lady-justice-gb347a03fc_1280-480x360.jpeg 480w\" sizes=\"(max-width: 1280px) 100vw, 1280px\" \/><\/a>\t\t\t\t\t\t<\/div>\n\t\t\t\t\t\n\t\t\t\t\t\t\t\t\t\t<div class=\"elementor-testimonial-details\">\n\t\t\t\t\t\t\t\t\t\t\t\t\t\t<a class=\"elementor-testimonial-name\" href=\"https:\/\/www.spektrum.de\/news\/impfstoffe-warum-auch-geimpfte-das-virus-verbreiten-koennten\/1824145\" target=\"_blank\">J\u00e4nner 2021<\/a>\n\t\t\t\t\t\t\t\t\t\t\t\t\t\t\t\t\t\t\t\t\t\t<a class=\"elementor-testimonial-job\" href=\"https:\/\/www.spektrum.de\/news\/impfstoffe-warum-auch-geimpfte-das-virus-verbreiten-koennten\/1824145\" target=\"_blank\">Peggy Riese<\/a>\n\t\t\t\t\t\t\t\t\t\t\t\t\t<\/div>\n\t\t\t\t\t\t\t\t\t<\/div>\n\t\t\t<\/div>\n\t\t\t\t\t<\/div>\n\t\t\t\t\t\t<\/div>\n\t\t\t\t<\/div>\n\t\t\t\t\t<\/div>\n\t\t<\/div>\n\t\t\t\t\t<\/div>\n\t\t<\/section>\n\t\t\t\t<section class=\"elementor-section elementor-top-section elementor-element elementor-element-d722a83 elementor-section-boxed elementor-section-height-default elementor-section-height-default\" data-id=\"d722a83\" data-element_type=\"section\" data-e-type=\"section\">\n\t\t\t\t\t\t<div class=\"elementor-container elementor-column-gap-default\">\n\t\t\t\t\t<div class=\"elementor-column elementor-col-50 elementor-top-column elementor-element elementor-element-98d37e1\" data-id=\"98d37e1\" data-element_type=\"column\" data-e-type=\"column\">\n\t\t\t<div class=\"elementor-widget-wrap elementor-element-populated\">\n\t\t\t\t\t\t<div class=\"elementor-element elementor-element-3050c25 elementor-widget elementor-widget-testimonial\" data-id=\"3050c25\" data-element_type=\"widget\" data-e-type=\"widget\" data-widget_type=\"testimonial.default\">\n\t\t\t\t<div class=\"elementor-widget-container\">\n\t\t\t\t\t\t\t<div class=\"elementor-testimonial-wrapper\">\n\t\t\t\t\t\t\t<div class=\"elementor-testimonial-content\">Die Wirksamkeit der Impfung ist bei Menschen ab 75 Jahre \u201enicht mehr statistisch signifikant\u201c sch\u00e4tzbar und \u201emit hoher Unsicherheit behaftet\u201c.<\/div>\n\t\t\t\n\t\t\t\t\t\t<div class=\"elementor-testimonial-meta elementor-has-image elementor-testimonial-image-position-aside\">\n\t\t\t\t<div class=\"elementor-testimonial-meta-inner\">\n\t\t\t\t\t\t\t\t\t\t\t<div class=\"elementor-testimonial-image\">\n\t\t\t\t\t\t\t<a href=\"https:\/\/www.rki.de\/DE\/Content\/Infekt\/EpidBull\/Archiv\/2021\/Ausgaben\/02_21.pdf?__blob=publicationFile\" target=\"_blank\"><img decoding=\"async\" width=\"1280\" height=\"960\" src=\"https:\/\/ggi-initiative.at\/wp\/wp-content\/uploads\/2023\/05\/lady-justice-gb347a03fc_1280.jpeg\" class=\"attachment-full size-full wp-image-8188\" alt=\"\" srcset=\"https:\/\/ggi-initiative.at\/wp\/wp-content\/uploads\/2023\/05\/lady-justice-gb347a03fc_1280.jpeg 1280w, https:\/\/ggi-initiative.at\/wp\/wp-content\/uploads\/2023\/05\/lady-justice-gb347a03fc_1280-300x225.jpeg 300w, https:\/\/ggi-initiative.at\/wp\/wp-content\/uploads\/2023\/05\/lady-justice-gb347a03fc_1280-1024x768.jpeg 1024w, https:\/\/ggi-initiative.at\/wp\/wp-content\/uploads\/2023\/05\/lady-justice-gb347a03fc_1280-768x576.jpeg 768w, https:\/\/ggi-initiative.at\/wp\/wp-content\/uploads\/2023\/05\/lady-justice-gb347a03fc_1280-920x690.jpeg 920w, https:\/\/ggi-initiative.at\/wp\/wp-content\/uploads\/2023\/05\/lady-justice-gb347a03fc_1280-230x173.jpeg 230w, https:\/\/ggi-initiative.at\/wp\/wp-content\/uploads\/2023\/05\/lady-justice-gb347a03fc_1280-350x263.jpeg 350w, https:\/\/ggi-initiative.at\/wp\/wp-content\/uploads\/2023\/05\/lady-justice-gb347a03fc_1280-480x360.jpeg 480w\" sizes=\"(max-width: 1280px) 100vw, 1280px\" \/><\/a>\t\t\t\t\t\t<\/div>\n\t\t\t\t\t\n\t\t\t\t\t\t\t\t\t\t<div class=\"elementor-testimonial-details\">\n\t\t\t\t\t\t\t\t\t\t\t\t\t\t<a class=\"elementor-testimonial-name\" href=\"https:\/\/www.rki.de\/DE\/Content\/Infekt\/EpidBull\/Archiv\/2021\/Ausgaben\/02_21.pdf?__blob=publicationFile\" target=\"_blank\">J\u00e4nner 2021<\/a>\n\t\t\t\t\t\t\t\t\t\t\t\t\t\t\t\t\t\t\t\t\t\t<a class=\"elementor-testimonial-job\" href=\"https:\/\/www.rki.de\/DE\/Content\/Infekt\/EpidBull\/Archiv\/2021\/Ausgaben\/02_21.pdf?__blob=publicationFile\" target=\"_blank\">RKI<\/a>\n\t\t\t\t\t\t\t\t\t\t\t\t\t<\/div>\n\t\t\t\t\t\t\t\t\t<\/div>\n\t\t\t<\/div>\n\t\t\t\t\t<\/div>\n\t\t\t\t\t\t<\/div>\n\t\t\t\t<\/div>\n\t\t\t\t\t<\/div>\n\t\t<\/div>\n\t\t\t\t<div class=\"elementor-column elementor-col-50 elementor-top-column elementor-element elementor-element-1a6ded0\" data-id=\"1a6ded0\" data-element_type=\"column\" data-e-type=\"column\">\n\t\t\t<div class=\"elementor-widget-wrap elementor-element-populated\">\n\t\t\t\t\t\t<div class=\"elementor-element elementor-element-27a7fd0 elementor-widget elementor-widget-testimonial\" data-id=\"27a7fd0\" data-element_type=\"widget\" data-e-type=\"widget\" data-widget_type=\"testimonial.default\">\n\t\t\t\t<div class=\"elementor-widget-container\">\n\t\t\t\t\t\t\t<div class=\"elementor-testimonial-wrapper\">\n\t\t\t\t\t\t\t<div class=\"elementor-testimonial-content\">Zu denken, dass jeder geimpft werden muss ist wissenschaftlich genauso falsch, wie zu denken, dass niemand geimpft werden sollte. Die Covid-Impfung ist wichtig f\u00fcr \u00e4ltere Menschen mit hohem Risiko und deren Betreuer. Genesene brauchen sie nicht. Kinder auch nicht.\u00a0<\/div>\n\t\t\t\n\t\t\t\t\t\t<div class=\"elementor-testimonial-meta elementor-has-image elementor-testimonial-image-position-aside\">\n\t\t\t\t<div class=\"elementor-testimonial-meta-inner\">\n\t\t\t\t\t\t\t\t\t\t\t<div class=\"elementor-testimonial-image\">\n\t\t\t\t\t\t\t<a href=\"https:\/\/twitter.com\/MartinKulldorff\/status\/1371638485686358018?ref_src=twsrc%5Etfw%7Ctwcamp%5Etweetembed%7Ctwterm%5E1371638485686358018%7Ctwgr%5Ec42c16aea84e76ea4e443e55a6616c591936e27e%7Ctwcon%5Es1_&#038;ref_url=https%3A%2F%2Ftkp.at%2F2021%2F04%2F07%2Fsollen-kinder-und-immune-geimpft-werden%2F\" target=\"_blank\"><img decoding=\"async\" width=\"1280\" height=\"960\" src=\"https:\/\/ggi-initiative.at\/wp\/wp-content\/uploads\/2023\/05\/lady-justice-gb347a03fc_1280.jpeg\" class=\"attachment-full size-full wp-image-8188\" alt=\"\" srcset=\"https:\/\/ggi-initiative.at\/wp\/wp-content\/uploads\/2023\/05\/lady-justice-gb347a03fc_1280.jpeg 1280w, https:\/\/ggi-initiative.at\/wp\/wp-content\/uploads\/2023\/05\/lady-justice-gb347a03fc_1280-300x225.jpeg 300w, https:\/\/ggi-initiative.at\/wp\/wp-content\/uploads\/2023\/05\/lady-justice-gb347a03fc_1280-1024x768.jpeg 1024w, https:\/\/ggi-initiative.at\/wp\/wp-content\/uploads\/2023\/05\/lady-justice-gb347a03fc_1280-768x576.jpeg 768w, https:\/\/ggi-initiative.at\/wp\/wp-content\/uploads\/2023\/05\/lady-justice-gb347a03fc_1280-920x690.jpeg 920w, https:\/\/ggi-initiative.at\/wp\/wp-content\/uploads\/2023\/05\/lady-justice-gb347a03fc_1280-230x173.jpeg 230w, https:\/\/ggi-initiative.at\/wp\/wp-content\/uploads\/2023\/05\/lady-justice-gb347a03fc_1280-350x263.jpeg 350w, https:\/\/ggi-initiative.at\/wp\/wp-content\/uploads\/2023\/05\/lady-justice-gb347a03fc_1280-480x360.jpeg 480w\" sizes=\"(max-width: 1280px) 100vw, 1280px\" \/><\/a>\t\t\t\t\t\t<\/div>\n\t\t\t\t\t\n\t\t\t\t\t\t\t\t\t\t<div class=\"elementor-testimonial-details\">\n\t\t\t\t\t\t\t\t\t\t\t\t\t\t<a class=\"elementor-testimonial-name\" href=\"https:\/\/twitter.com\/MartinKulldorff\/status\/1371638485686358018?ref_src=twsrc%5Etfw%7Ctwcamp%5Etweetembed%7Ctwterm%5E1371638485686358018%7Ctwgr%5Ec42c16aea84e76ea4e443e55a6616c591936e27e%7Ctwcon%5Es1_&#038;ref_url=https%3A%2F%2Ftkp.at%2F2021%2F04%2F07%2Fsollen-kinder-und-immune-geimpft-werden%2F\" target=\"_blank\">M\u00e4rz 2021<\/a>\n\t\t\t\t\t\t\t\t\t\t\t\t\t\t\t\t\t\t\t\t\t\t<a class=\"elementor-testimonial-job\" href=\"https:\/\/twitter.com\/MartinKulldorff\/status\/1371638485686358018?ref_src=twsrc%5Etfw%7Ctwcamp%5Etweetembed%7Ctwterm%5E1371638485686358018%7Ctwgr%5Ec42c16aea84e76ea4e443e55a6616c591936e27e%7Ctwcon%5Es1_&#038;ref_url=https%3A%2F%2Ftkp.at%2F2021%2F04%2F07%2Fsollen-kinder-und-immune-geimpft-werden%2F\" target=\"_blank\">Martin Kulldorff<\/a>\n\t\t\t\t\t\t\t\t\t\t\t\t\t<\/div>\n\t\t\t\t\t\t\t\t\t<\/div>\n\t\t\t<\/div>\n\t\t\t\t\t<\/div>\n\t\t\t\t\t\t<\/div>\n\t\t\t\t<\/div>\n\t\t\t\t\t<\/div>\n\t\t<\/div>\n\t\t\t\t\t<\/div>\n\t\t<\/section>\n\t\t\t\t<section class=\"elementor-section elementor-top-section elementor-element elementor-element-8dfb1bb elementor-section-boxed elementor-section-height-default elementor-section-height-default\" data-id=\"8dfb1bb\" data-element_type=\"section\" data-e-type=\"section\">\n\t\t\t\t\t\t<div class=\"elementor-container elementor-column-gap-default\">\n\t\t\t\t\t<div class=\"elementor-column elementor-col-50 elementor-top-column elementor-element elementor-element-4811efb\" data-id=\"4811efb\" data-element_type=\"column\" data-e-type=\"column\">\n\t\t\t<div class=\"elementor-widget-wrap elementor-element-populated\">\n\t\t\t\t\t\t<div class=\"elementor-element elementor-element-7a15ebc elementor-widget elementor-widget-testimonial\" data-id=\"7a15ebc\" data-element_type=\"widget\" data-e-type=\"widget\" data-widget_type=\"testimonial.default\">\n\t\t\t\t<div class=\"elementor-widget-container\">\n\t\t\t\t\t\t\t<div class=\"elementor-testimonial-wrapper\">\n\t\t\t\t\t\t\t<div class=\"elementor-testimonial-content\">Leider ist es sowohl in \u00d6sterreich als auch in Deutschland vers\u00e4umt worden, w\u00e4hrend der jetzt begonnenen Impfkampagne Kohortenstudien durchzuf\u00fchren, um mehr Erkenntnisse in Bezug auf Wirksamkeit, Sicherheit und Immunogenit\u00e4t der Impfstoffe zu erhalten. Dies w\u00e4re eine wichtige Aufgabe der Gesundheitspolitiker gewesen, die leider diesbez\u00fcglich unt\u00e4tig waren.<\/div>\n\t\t\t\n\t\t\t\t\t\t<div class=\"elementor-testimonial-meta elementor-has-image elementor-testimonial-image-position-aside\">\n\t\t\t\t<div class=\"elementor-testimonial-meta-inner\">\n\t\t\t\t\t\t\t\t\t\t\t<div class=\"elementor-testimonial-image\">\n\t\t\t\t\t\t\t<a href=\"https:\/\/www.noen.at\/niederoesterreich\/gesellschaft\/ema-mitglied-im-gespraech-wolf-dieter-ludwig-vieles-versaeumt-bei-impfstudien-oesterreich-print-wolf-dieter-ludwig-europaeische-arzneimittel-agentur-ema-corona-krise-coronavirus-interview-266136837\" target=\"_blank\"><img decoding=\"async\" width=\"1280\" height=\"960\" src=\"https:\/\/ggi-initiative.at\/wp\/wp-content\/uploads\/2023\/05\/lady-justice-gb347a03fc_1280.jpeg\" class=\"attachment-full size-full wp-image-8188\" alt=\"\" srcset=\"https:\/\/ggi-initiative.at\/wp\/wp-content\/uploads\/2023\/05\/lady-justice-gb347a03fc_1280.jpeg 1280w, https:\/\/ggi-initiative.at\/wp\/wp-content\/uploads\/2023\/05\/lady-justice-gb347a03fc_1280-300x225.jpeg 300w, https:\/\/ggi-initiative.at\/wp\/wp-content\/uploads\/2023\/05\/lady-justice-gb347a03fc_1280-1024x768.jpeg 1024w, https:\/\/ggi-initiative.at\/wp\/wp-content\/uploads\/2023\/05\/lady-justice-gb347a03fc_1280-768x576.jpeg 768w, https:\/\/ggi-initiative.at\/wp\/wp-content\/uploads\/2023\/05\/lady-justice-gb347a03fc_1280-920x690.jpeg 920w, https:\/\/ggi-initiative.at\/wp\/wp-content\/uploads\/2023\/05\/lady-justice-gb347a03fc_1280-230x173.jpeg 230w, https:\/\/ggi-initiative.at\/wp\/wp-content\/uploads\/2023\/05\/lady-justice-gb347a03fc_1280-350x263.jpeg 350w, https:\/\/ggi-initiative.at\/wp\/wp-content\/uploads\/2023\/05\/lady-justice-gb347a03fc_1280-480x360.jpeg 480w\" sizes=\"(max-width: 1280px) 100vw, 1280px\" \/><\/a>\t\t\t\t\t\t<\/div>\n\t\t\t\t\t\n\t\t\t\t\t\t\t\t\t\t<div class=\"elementor-testimonial-details\">\n\t\t\t\t\t\t\t\t\t\t\t\t\t\t<a class=\"elementor-testimonial-name\" href=\"https:\/\/www.noen.at\/niederoesterreich\/gesellschaft\/ema-mitglied-im-gespraech-wolf-dieter-ludwig-vieles-versaeumt-bei-impfstudien-oesterreich-print-wolf-dieter-ludwig-europaeische-arzneimittel-agentur-ema-corona-krise-coronavirus-interview-266136837\" target=\"_blank\">M\u00e4rz 2021<\/a>\n\t\t\t\t\t\t\t\t\t\t\t\t\t\t\t\t\t\t\t\t\t\t<a class=\"elementor-testimonial-job\" href=\"https:\/\/www.noen.at\/niederoesterreich\/gesellschaft\/ema-mitglied-im-gespraech-wolf-dieter-ludwig-vieles-versaeumt-bei-impfstudien-oesterreich-print-wolf-dieter-ludwig-europaeische-arzneimittel-agentur-ema-corona-krise-coronavirus-interview-266136837\" target=\"_blank\">Wolf-Dieter Ludwig<\/a>\n\t\t\t\t\t\t\t\t\t\t\t\t\t<\/div>\n\t\t\t\t\t\t\t\t\t<\/div>\n\t\t\t<\/div>\n\t\t\t\t\t<\/div>\n\t\t\t\t\t\t<\/div>\n\t\t\t\t<\/div>\n\t\t\t\t\t<\/div>\n\t\t<\/div>\n\t\t\t\t<div class=\"elementor-column elementor-col-50 elementor-top-column elementor-element elementor-element-2017688\" data-id=\"2017688\" data-element_type=\"column\" data-e-type=\"column\">\n\t\t\t<div class=\"elementor-widget-wrap elementor-element-populated\">\n\t\t\t\t\t\t<div class=\"elementor-element elementor-element-3e4e35d elementor-widget elementor-widget-testimonial\" data-id=\"3e4e35d\" data-element_type=\"widget\" data-e-type=\"widget\" data-widget_type=\"testimonial.default\">\n\t\t\t\t<div class=\"elementor-widget-container\">\n\t\t\t\t\t\t\t<div class=\"elementor-testimonial-wrapper\">\n\t\t\t\t\t\t\t<div class=\"elementor-testimonial-content\">Au\u00dferdem wissen wir immer noch nicht definitiv, ob die Geimpften das Virus weitergeben k\u00f6nnen oder nicht. Ich h\u00e4tte mir in diesem Zusammenhang eine bessere Kommunikation gew\u00fcnscht zu dem, was Impfstoffe leisten k\u00f6nnen und was nicht. Diese Transparenz w\u00e4re auch Voraussetzung gewesen, um die Impfbereitschaft zu verbessern. Ich habe in \u00d6sterreich mehrere Interviews im Fernsehen gegeben und war erstaunt, dass kritische Aussagen zur Impfung \u2013 zumindest in einer Sendung des ORF \u2013 nicht erw\u00fcnscht waren und nicht gesendet wurden.<\/div>\n\t\t\t\n\t\t\t\t\t\t<div class=\"elementor-testimonial-meta elementor-has-image elementor-testimonial-image-position-aside\">\n\t\t\t\t<div class=\"elementor-testimonial-meta-inner\">\n\t\t\t\t\t\t\t\t\t\t\t<div class=\"elementor-testimonial-image\">\n\t\t\t\t\t\t\t<a href=\"https:\/\/www.noen.at\/niederoesterreich\/gesellschaft\/ema-mitglied-im-gespraech-wolf-dieter-ludwig-vieles-versaeumt-bei-impfstudien-oesterreich-print-wolf-dieter-ludwig-europaeische-arzneimittel-agentur-ema-corona-krise-coronavirus-interview-266136837\" target=\"_blank\"><img decoding=\"async\" width=\"1280\" height=\"960\" src=\"https:\/\/ggi-initiative.at\/wp\/wp-content\/uploads\/2023\/05\/lady-justice-gb347a03fc_1280.jpeg\" class=\"attachment-full size-full wp-image-8188\" alt=\"\" srcset=\"https:\/\/ggi-initiative.at\/wp\/wp-content\/uploads\/2023\/05\/lady-justice-gb347a03fc_1280.jpeg 1280w, https:\/\/ggi-initiative.at\/wp\/wp-content\/uploads\/2023\/05\/lady-justice-gb347a03fc_1280-300x225.jpeg 300w, https:\/\/ggi-initiative.at\/wp\/wp-content\/uploads\/2023\/05\/lady-justice-gb347a03fc_1280-1024x768.jpeg 1024w, https:\/\/ggi-initiative.at\/wp\/wp-content\/uploads\/2023\/05\/lady-justice-gb347a03fc_1280-768x576.jpeg 768w, https:\/\/ggi-initiative.at\/wp\/wp-content\/uploads\/2023\/05\/lady-justice-gb347a03fc_1280-920x690.jpeg 920w, https:\/\/ggi-initiative.at\/wp\/wp-content\/uploads\/2023\/05\/lady-justice-gb347a03fc_1280-230x173.jpeg 230w, https:\/\/ggi-initiative.at\/wp\/wp-content\/uploads\/2023\/05\/lady-justice-gb347a03fc_1280-350x263.jpeg 350w, https:\/\/ggi-initiative.at\/wp\/wp-content\/uploads\/2023\/05\/lady-justice-gb347a03fc_1280-480x360.jpeg 480w\" sizes=\"(max-width: 1280px) 100vw, 1280px\" \/><\/a>\t\t\t\t\t\t<\/div>\n\t\t\t\t\t\n\t\t\t\t\t\t\t\t\t\t<div class=\"elementor-testimonial-details\">\n\t\t\t\t\t\t\t\t\t\t\t\t\t\t<a class=\"elementor-testimonial-name\" href=\"https:\/\/www.noen.at\/niederoesterreich\/gesellschaft\/ema-mitglied-im-gespraech-wolf-dieter-ludwig-vieles-versaeumt-bei-impfstudien-oesterreich-print-wolf-dieter-ludwig-europaeische-arzneimittel-agentur-ema-corona-krise-coronavirus-interview-266136837\" target=\"_blank\">M\u00e4rz 2021<\/a>\n\t\t\t\t\t\t\t\t\t\t\t\t\t\t\t\t\t\t\t\t\t\t<a class=\"elementor-testimonial-job\" href=\"https:\/\/www.noen.at\/niederoesterreich\/gesellschaft\/ema-mitglied-im-gespraech-wolf-dieter-ludwig-vieles-versaeumt-bei-impfstudien-oesterreich-print-wolf-dieter-ludwig-europaeische-arzneimittel-agentur-ema-corona-krise-coronavirus-interview-266136837\" target=\"_blank\">Wolf-Dieter Ludwig<\/a>\n\t\t\t\t\t\t\t\t\t\t\t\t\t<\/div>\n\t\t\t\t\t\t\t\t\t<\/div>\n\t\t\t<\/div>\n\t\t\t\t\t<\/div>\n\t\t\t\t\t\t<\/div>\n\t\t\t\t<\/div>\n\t\t\t\t\t<\/div>\n\t\t<\/div>\n\t\t\t\t\t<\/div>\n\t\t<\/section>\n\t\t\t\t<section class=\"elementor-section elementor-top-section elementor-element elementor-element-fc47030 elementor-section-boxed elementor-section-height-default elementor-section-height-default\" data-id=\"fc47030\" data-element_type=\"section\" data-e-type=\"section\">\n\t\t\t\t\t\t<div class=\"elementor-container elementor-column-gap-default\">\n\t\t\t\t\t<div class=\"elementor-column elementor-col-50 elementor-top-column elementor-element elementor-element-a25f96c\" data-id=\"a25f96c\" data-element_type=\"column\" data-e-type=\"column\">\n\t\t\t<div class=\"elementor-widget-wrap elementor-element-populated\">\n\t\t\t\t\t\t<div class=\"elementor-element elementor-element-dae2876 elementor-widget elementor-widget-testimonial\" data-id=\"dae2876\" data-element_type=\"widget\" data-e-type=\"widget\" data-widget_type=\"testimonial.default\">\n\t\t\t\t<div class=\"elementor-widget-container\">\n\t\t\t\t\t\t\t<div class=\"elementor-testimonial-wrapper\">\n\t\t\t\t\t\t\t<div class=\"elementor-testimonial-content\">Einige Geimpfte werden aufgrund von Lymphozytopenie, ADE (Antibody-dependent-enhancement, infektionsverst\u00e4rkende Antik\u00f6rper) oder der Tatsache, dass die Impfstoffe nur eine Teilmenge der viralen Antigene exprimieren, vor\u00fcbergehend zu Virus-Superspreadern\n<\/div>\n\t\t\t\n\t\t\t\t\t\t<div class=\"elementor-testimonial-meta elementor-has-image elementor-testimonial-image-position-aside\">\n\t\t\t\t<div class=\"elementor-testimonial-meta-inner\">\n\t\t\t\t\t\t\t\t\t\t\t<div class=\"elementor-testimonial-image\">\n\t\t\t\t\t\t\t<a href=\"https:\/\/twitter.com\/luigi_warren\/status\/1391925894936088578\" target=\"_blank\"><img decoding=\"async\" width=\"1280\" height=\"960\" src=\"https:\/\/ggi-initiative.at\/wp\/wp-content\/uploads\/2023\/05\/lady-justice-gb347a03fc_1280.jpeg\" class=\"attachment-full size-full wp-image-8188\" alt=\"\" srcset=\"https:\/\/ggi-initiative.at\/wp\/wp-content\/uploads\/2023\/05\/lady-justice-gb347a03fc_1280.jpeg 1280w, https:\/\/ggi-initiative.at\/wp\/wp-content\/uploads\/2023\/05\/lady-justice-gb347a03fc_1280-300x225.jpeg 300w, https:\/\/ggi-initiative.at\/wp\/wp-content\/uploads\/2023\/05\/lady-justice-gb347a03fc_1280-1024x768.jpeg 1024w, https:\/\/ggi-initiative.at\/wp\/wp-content\/uploads\/2023\/05\/lady-justice-gb347a03fc_1280-768x576.jpeg 768w, https:\/\/ggi-initiative.at\/wp\/wp-content\/uploads\/2023\/05\/lady-justice-gb347a03fc_1280-920x690.jpeg 920w, https:\/\/ggi-initiative.at\/wp\/wp-content\/uploads\/2023\/05\/lady-justice-gb347a03fc_1280-230x173.jpeg 230w, https:\/\/ggi-initiative.at\/wp\/wp-content\/uploads\/2023\/05\/lady-justice-gb347a03fc_1280-350x263.jpeg 350w, https:\/\/ggi-initiative.at\/wp\/wp-content\/uploads\/2023\/05\/lady-justice-gb347a03fc_1280-480x360.jpeg 480w\" sizes=\"(max-width: 1280px) 100vw, 1280px\" \/><\/a>\t\t\t\t\t\t<\/div>\n\t\t\t\t\t\n\t\t\t\t\t\t\t\t\t\t<div class=\"elementor-testimonial-details\">\n\t\t\t\t\t\t\t\t\t\t\t\t\t\t<a class=\"elementor-testimonial-name\" href=\"https:\/\/twitter.com\/luigi_warren\/status\/1391925894936088578\" target=\"_blank\">Mai 2021<\/a>\n\t\t\t\t\t\t\t\t\t\t\t\t\t\t\t\t\t\t\t\t\t\t<a class=\"elementor-testimonial-job\" href=\"https:\/\/twitter.com\/luigi_warren\/status\/1391925894936088578\" target=\"_blank\">Luigi Warren<\/a>\n\t\t\t\t\t\t\t\t\t\t\t\t\t<\/div>\n\t\t\t\t\t\t\t\t\t<\/div>\n\t\t\t<\/div>\n\t\t\t\t\t<\/div>\n\t\t\t\t\t\t<\/div>\n\t\t\t\t<\/div>\n\t\t\t\t\t<\/div>\n\t\t<\/div>\n\t\t\t\t<div class=\"elementor-column elementor-col-50 elementor-top-column elementor-element elementor-element-b4cc430\" data-id=\"b4cc430\" data-element_type=\"column\" data-e-type=\"column\">\n\t\t\t<div class=\"elementor-widget-wrap elementor-element-populated\">\n\t\t\t\t\t\t<div class=\"elementor-element elementor-element-a85e0f1 elementor-widget elementor-widget-testimonial\" data-id=\"a85e0f1\" data-element_type=\"widget\" data-e-type=\"widget\" data-widget_type=\"testimonial.default\">\n\t\t\t\t<div class=\"elementor-widget-container\">\n\t\t\t\t\t\t\t<div class=\"elementor-testimonial-wrapper\">\n\t\t\t\t\t\t\t<div class=\"elementor-testimonial-content\">Bei Kindern und Jugendlichen, die bestimmte Vorerkrankungen haben beziehungsweise chronisch krank sind, ist diese Impfung wahrscheinlich sinnvoll. Ich halte es aber nicht f\u00fcr gerechtfertigt, gesunde Kinder und Jugendliche nun generell gegen Covid-19 zu impfen. <\/div>\n\t\t\t\n\t\t\t\t\t\t<div class=\"elementor-testimonial-meta elementor-has-image elementor-testimonial-image-position-aside\">\n\t\t\t\t<div class=\"elementor-testimonial-meta-inner\">\n\t\t\t\t\t\t\t\t\t\t\t<div class=\"elementor-testimonial-image\">\n\t\t\t\t\t\t\t<a href=\"https:\/\/www.infosperber.ch\/gesundheit\/corona-die-information-der-oeffentlichkeit-ist-unbefriedigend\/\" target=\"_blank\"><img decoding=\"async\" width=\"1280\" height=\"960\" src=\"https:\/\/ggi-initiative.at\/wp\/wp-content\/uploads\/2023\/05\/lady-justice-gb347a03fc_1280.jpeg\" class=\"attachment-full size-full wp-image-8188\" alt=\"\" srcset=\"https:\/\/ggi-initiative.at\/wp\/wp-content\/uploads\/2023\/05\/lady-justice-gb347a03fc_1280.jpeg 1280w, https:\/\/ggi-initiative.at\/wp\/wp-content\/uploads\/2023\/05\/lady-justice-gb347a03fc_1280-300x225.jpeg 300w, https:\/\/ggi-initiative.at\/wp\/wp-content\/uploads\/2023\/05\/lady-justice-gb347a03fc_1280-1024x768.jpeg 1024w, https:\/\/ggi-initiative.at\/wp\/wp-content\/uploads\/2023\/05\/lady-justice-gb347a03fc_1280-768x576.jpeg 768w, https:\/\/ggi-initiative.at\/wp\/wp-content\/uploads\/2023\/05\/lady-justice-gb347a03fc_1280-920x690.jpeg 920w, https:\/\/ggi-initiative.at\/wp\/wp-content\/uploads\/2023\/05\/lady-justice-gb347a03fc_1280-230x173.jpeg 230w, https:\/\/ggi-initiative.at\/wp\/wp-content\/uploads\/2023\/05\/lady-justice-gb347a03fc_1280-350x263.jpeg 350w, https:\/\/ggi-initiative.at\/wp\/wp-content\/uploads\/2023\/05\/lady-justice-gb347a03fc_1280-480x360.jpeg 480w\" sizes=\"(max-width: 1280px) 100vw, 1280px\" \/><\/a>\t\t\t\t\t\t<\/div>\n\t\t\t\t\t\n\t\t\t\t\t\t\t\t\t\t<div class=\"elementor-testimonial-details\">\n\t\t\t\t\t\t\t\t\t\t\t\t\t\t<a class=\"elementor-testimonial-name\" href=\"https:\/\/www.infosperber.ch\/gesundheit\/corona-die-information-der-oeffentlichkeit-ist-unbefriedigend\/\" target=\"_blank\">Juni 2021<\/a>\n\t\t\t\t\t\t\t\t\t\t\t\t\t\t\t\t\t\t\t\t\t\t<a class=\"elementor-testimonial-job\" href=\"https:\/\/www.infosperber.ch\/gesundheit\/corona-die-information-der-oeffentlichkeit-ist-unbefriedigend\/\" target=\"_blank\">Wolf-Dieter Ludwig<\/a>\n\t\t\t\t\t\t\t\t\t\t\t\t\t<\/div>\n\t\t\t\t\t\t\t\t\t<\/div>\n\t\t\t<\/div>\n\t\t\t\t\t<\/div>\n\t\t\t\t\t\t<\/div>\n\t\t\t\t<\/div>\n\t\t\t\t\t<\/div>\n\t\t<\/div>\n\t\t\t\t\t<\/div>\n\t\t<\/section>\n\t\t\t\t<section class=\"elementor-section elementor-top-section elementor-element elementor-element-d6387d2 elementor-section-boxed elementor-section-height-default elementor-section-height-default\" data-id=\"d6387d2\" data-element_type=\"section\" data-e-type=\"section\">\n\t\t\t\t\t\t<div class=\"elementor-container elementor-column-gap-default\">\n\t\t\t\t\t<div class=\"elementor-column elementor-col-50 elementor-top-column elementor-element elementor-element-aaa05b3\" data-id=\"aaa05b3\" data-element_type=\"column\" data-e-type=\"column\">\n\t\t\t<div class=\"elementor-widget-wrap elementor-element-populated\">\n\t\t\t\t\t\t<div class=\"elementor-element elementor-element-90485f9 elementor-widget elementor-widget-testimonial\" data-id=\"90485f9\" data-element_type=\"widget\" data-e-type=\"widget\" data-widget_type=\"testimonial.default\">\n\t\t\t\t<div class=\"elementor-widget-container\">\n\t\t\t\t\t\t\t<div class=\"elementor-testimonial-wrapper\">\n\t\t\t\t\t\t\t<div class=\"elementor-testimonial-content\">Wenn es weltweit keine PCR-Tests gegeben h\u00e4tte, w\u00e4re die Epidemie - nach meinem Daf\u00fcrhalten - niemandem wirklich aufgefallen.<\/div>\n\t\t\t\n\t\t\t\t\t\t<div class=\"elementor-testimonial-meta elementor-has-image elementor-testimonial-image-position-aside\">\n\t\t\t\t<div class=\"elementor-testimonial-meta-inner\">\n\t\t\t\t\t\t\t\t\t\t\t<div class=\"elementor-testimonial-image\">\n\t\t\t\t\t\t\t<a href=\"https:\/\/www.oval.media\/e6bd5618-c2e9-45a2-9d5a-f76a3704909d\/\" target=\"_blank\"><img decoding=\"async\" width=\"1280\" height=\"960\" src=\"https:\/\/ggi-initiative.at\/wp\/wp-content\/uploads\/2023\/05\/lady-justice-gb347a03fc_1280.jpeg\" class=\"attachment-full size-full wp-image-8188\" alt=\"\" srcset=\"https:\/\/ggi-initiative.at\/wp\/wp-content\/uploads\/2023\/05\/lady-justice-gb347a03fc_1280.jpeg 1280w, https:\/\/ggi-initiative.at\/wp\/wp-content\/uploads\/2023\/05\/lady-justice-gb347a03fc_1280-300x225.jpeg 300w, https:\/\/ggi-initiative.at\/wp\/wp-content\/uploads\/2023\/05\/lady-justice-gb347a03fc_1280-1024x768.jpeg 1024w, https:\/\/ggi-initiative.at\/wp\/wp-content\/uploads\/2023\/05\/lady-justice-gb347a03fc_1280-768x576.jpeg 768w, https:\/\/ggi-initiative.at\/wp\/wp-content\/uploads\/2023\/05\/lady-justice-gb347a03fc_1280-920x690.jpeg 920w, https:\/\/ggi-initiative.at\/wp\/wp-content\/uploads\/2023\/05\/lady-justice-gb347a03fc_1280-230x173.jpeg 230w, https:\/\/ggi-initiative.at\/wp\/wp-content\/uploads\/2023\/05\/lady-justice-gb347a03fc_1280-350x263.jpeg 350w, https:\/\/ggi-initiative.at\/wp\/wp-content\/uploads\/2023\/05\/lady-justice-gb347a03fc_1280-480x360.jpeg 480w\" sizes=\"(max-width: 1280px) 100vw, 1280px\" \/><\/a>\t\t\t\t\t\t<\/div>\n\t\t\t\t\t\n\t\t\t\t\t\t\t\t\t\t<div class=\"elementor-testimonial-details\">\n\t\t\t\t\t\t\t\t\t\t\t\t\t\t<a class=\"elementor-testimonial-name\" href=\"https:\/\/www.oval.media\/e6bd5618-c2e9-45a2-9d5a-f76a3704909d\/\" target=\"_blank\">Juni 2021<\/a>\n\t\t\t\t\t\t\t\t\t\t\t\t\t\t\t\t\t\t\t\t\t\t<a class=\"elementor-testimonial-job\" href=\"https:\/\/www.oval.media\/e6bd5618-c2e9-45a2-9d5a-f76a3704909d\/\" target=\"_blank\">Franz Allerberger<\/a>\n\t\t\t\t\t\t\t\t\t\t\t\t\t<\/div>\n\t\t\t\t\t\t\t\t\t<\/div>\n\t\t\t<\/div>\n\t\t\t\t\t<\/div>\n\t\t\t\t\t\t<\/div>\n\t\t\t\t<\/div>\n\t\t\t\t\t<\/div>\n\t\t<\/div>\n\t\t\t\t<div class=\"elementor-column elementor-col-50 elementor-top-column elementor-element elementor-element-af08cd7\" data-id=\"af08cd7\" data-element_type=\"column\" data-e-type=\"column\">\n\t\t\t<div class=\"elementor-widget-wrap elementor-element-populated\">\n\t\t\t\t\t\t<div class=\"elementor-element elementor-element-9b241d2 elementor-widget elementor-widget-testimonial\" data-id=\"9b241d2\" data-element_type=\"widget\" data-e-type=\"widget\" data-widget_type=\"testimonial.default\">\n\t\t\t\t<div class=\"elementor-widget-container\">\n\t\t\t\t\t\t\t<div class=\"elementor-testimonial-wrapper\">\n\t\t\t\t\t\t\t<div class=\"elementor-testimonial-content\">Wir erreichen mit diesen Impfstoffen keine Herdenimmunit\u00e4t.<\/div>\n\t\t\t\n\t\t\t\t\t\t<div class=\"elementor-testimonial-meta elementor-has-image elementor-testimonial-image-position-aside\">\n\t\t\t\t<div class=\"elementor-testimonial-meta-inner\">\n\t\t\t\t\t\t\t\t\t\t\t<div class=\"elementor-testimonial-image\">\n\t\t\t\t\t\t\t<a href=\"https:\/\/www.rnd.de\/gesundheit\/virologe-hendrik-streeck-wir-erreichen-mit-diesen-impfstoffen-keine-herdenimmunitaet-42ZY777OCRFXBEVG5KJYGONI4I.html\" target=\"_blank\"><img decoding=\"async\" width=\"1280\" height=\"960\" src=\"https:\/\/ggi-initiative.at\/wp\/wp-content\/uploads\/2023\/05\/lady-justice-gb347a03fc_1280.jpeg\" class=\"attachment-full size-full wp-image-8188\" alt=\"\" srcset=\"https:\/\/ggi-initiative.at\/wp\/wp-content\/uploads\/2023\/05\/lady-justice-gb347a03fc_1280.jpeg 1280w, https:\/\/ggi-initiative.at\/wp\/wp-content\/uploads\/2023\/05\/lady-justice-gb347a03fc_1280-300x225.jpeg 300w, https:\/\/ggi-initiative.at\/wp\/wp-content\/uploads\/2023\/05\/lady-justice-gb347a03fc_1280-1024x768.jpeg 1024w, https:\/\/ggi-initiative.at\/wp\/wp-content\/uploads\/2023\/05\/lady-justice-gb347a03fc_1280-768x576.jpeg 768w, https:\/\/ggi-initiative.at\/wp\/wp-content\/uploads\/2023\/05\/lady-justice-gb347a03fc_1280-920x690.jpeg 920w, https:\/\/ggi-initiative.at\/wp\/wp-content\/uploads\/2023\/05\/lady-justice-gb347a03fc_1280-230x173.jpeg 230w, https:\/\/ggi-initiative.at\/wp\/wp-content\/uploads\/2023\/05\/lady-justice-gb347a03fc_1280-350x263.jpeg 350w, https:\/\/ggi-initiative.at\/wp\/wp-content\/uploads\/2023\/05\/lady-justice-gb347a03fc_1280-480x360.jpeg 480w\" sizes=\"(max-width: 1280px) 100vw, 1280px\" \/><\/a>\t\t\t\t\t\t<\/div>\n\t\t\t\t\t\n\t\t\t\t\t\t\t\t\t\t<div class=\"elementor-testimonial-details\">\n\t\t\t\t\t\t\t\t\t\t\t\t\t\t<a class=\"elementor-testimonial-name\" href=\"https:\/\/www.rnd.de\/gesundheit\/virologe-hendrik-streeck-wir-erreichen-mit-diesen-impfstoffen-keine-herdenimmunitaet-42ZY777OCRFXBEVG5KJYGONI4I.html\" target=\"_blank\">Juli 2021<\/a>\n\t\t\t\t\t\t\t\t\t\t\t\t\t\t\t\t\t\t\t\t\t\t<a class=\"elementor-testimonial-job\" href=\"https:\/\/www.rnd.de\/gesundheit\/virologe-hendrik-streeck-wir-erreichen-mit-diesen-impfstoffen-keine-herdenimmunitaet-42ZY777OCRFXBEVG5KJYGONI4I.html\" target=\"_blank\">Hendrik Streek<\/a>\n\t\t\t\t\t\t\t\t\t\t\t\t\t<\/div>\n\t\t\t\t\t\t\t\t\t<\/div>\n\t\t\t<\/div>\n\t\t\t\t\t<\/div>\n\t\t\t\t\t\t<\/div>\n\t\t\t\t<\/div>\n\t\t\t\t\t<\/div>\n\t\t<\/div>\n\t\t\t\t\t<\/div>\n\t\t<\/section>\n\t\t\t\t<section class=\"elementor-section elementor-top-section elementor-element elementor-element-5dc1542 elementor-section-boxed elementor-section-height-default elementor-section-height-default\" data-id=\"5dc1542\" data-element_type=\"section\" data-e-type=\"section\">\n\t\t\t\t\t\t<div class=\"elementor-container elementor-column-gap-default\">\n\t\t\t\t\t<div class=\"elementor-column elementor-col-50 elementor-top-column elementor-element elementor-element-c413c64\" data-id=\"c413c64\" data-element_type=\"column\" data-e-type=\"column\">\n\t\t\t<div class=\"elementor-widget-wrap elementor-element-populated\">\n\t\t\t\t\t\t<div class=\"elementor-element elementor-element-88b3f82 elementor-widget elementor-widget-testimonial\" data-id=\"88b3f82\" data-element_type=\"widget\" data-e-type=\"widget\" data-widget_type=\"testimonial.default\">\n\t\t\t\t<div class=\"elementor-widget-container\">\n\t\t\t\t\t\t\t<div class=\"elementor-testimonial-wrapper\">\n\t\t\t\t\t\t\t<div class=\"elementor-testimonial-content\">Sterile Immunit\u00e4t bedeutet, dass man nach Impfung oder Infektion sich nicht wieder reinfizieren und erkranken kann. Das tritt nur f\u00fcr ganz wenigen Erreger zu, zum Beispiel Masern, Tetanus und Pocken. Bei den meisten Viren, auch den Coronaviren, ist das nicht der Fall.\u00a0<\/div>\n\t\t\t\n\t\t\t\t\t\t<div class=\"elementor-testimonial-meta elementor-has-image elementor-testimonial-image-position-aside\">\n\t\t\t\t<div class=\"elementor-testimonial-meta-inner\">\n\t\t\t\t\t\t\t\t\t\t\t<div class=\"elementor-testimonial-image\">\n\t\t\t\t\t\t\t<a href=\"https:\/\/www.nd-aktuell.de\/artikel\/1155113.klaus-stoehr-erste-pandemie-die-durch-impfstoffe-beendet-wird.html\" target=\"_blank\"><img decoding=\"async\" width=\"1280\" height=\"960\" src=\"https:\/\/ggi-initiative.at\/wp\/wp-content\/uploads\/2023\/05\/lady-justice-gb347a03fc_1280.jpeg\" class=\"attachment-full size-full wp-image-8188\" alt=\"\" srcset=\"https:\/\/ggi-initiative.at\/wp\/wp-content\/uploads\/2023\/05\/lady-justice-gb347a03fc_1280.jpeg 1280w, https:\/\/ggi-initiative.at\/wp\/wp-content\/uploads\/2023\/05\/lady-justice-gb347a03fc_1280-300x225.jpeg 300w, https:\/\/ggi-initiative.at\/wp\/wp-content\/uploads\/2023\/05\/lady-justice-gb347a03fc_1280-1024x768.jpeg 1024w, https:\/\/ggi-initiative.at\/wp\/wp-content\/uploads\/2023\/05\/lady-justice-gb347a03fc_1280-768x576.jpeg 768w, https:\/\/ggi-initiative.at\/wp\/wp-content\/uploads\/2023\/05\/lady-justice-gb347a03fc_1280-920x690.jpeg 920w, https:\/\/ggi-initiative.at\/wp\/wp-content\/uploads\/2023\/05\/lady-justice-gb347a03fc_1280-230x173.jpeg 230w, https:\/\/ggi-initiative.at\/wp\/wp-content\/uploads\/2023\/05\/lady-justice-gb347a03fc_1280-350x263.jpeg 350w, https:\/\/ggi-initiative.at\/wp\/wp-content\/uploads\/2023\/05\/lady-justice-gb347a03fc_1280-480x360.jpeg 480w\" sizes=\"(max-width: 1280px) 100vw, 1280px\" \/><\/a>\t\t\t\t\t\t<\/div>\n\t\t\t\t\t\n\t\t\t\t\t\t\t\t\t\t<div class=\"elementor-testimonial-details\">\n\t\t\t\t\t\t\t\t\t\t\t\t\t\t<a class=\"elementor-testimonial-name\" href=\"https:\/\/www.nd-aktuell.de\/artikel\/1155113.klaus-stoehr-erste-pandemie-die-durch-impfstoffe-beendet-wird.html\" target=\"_blank\">Juli 2021<\/a>\n\t\t\t\t\t\t\t\t\t\t\t\t\t\t\t\t\t\t\t\t\t\t<a class=\"elementor-testimonial-job\" href=\"https:\/\/www.nd-aktuell.de\/artikel\/1155113.klaus-stoehr-erste-pandemie-die-durch-impfstoffe-beendet-wird.html\" target=\"_blank\">Klaus St\u00f6hr<\/a>\n\t\t\t\t\t\t\t\t\t\t\t\t\t<\/div>\n\t\t\t\t\t\t\t\t\t<\/div>\n\t\t\t<\/div>\n\t\t\t\t\t<\/div>\n\t\t\t\t\t\t<\/div>\n\t\t\t\t<\/div>\n\t\t\t\t\t<\/div>\n\t\t<\/div>\n\t\t\t\t<div class=\"elementor-column elementor-col-50 elementor-top-column elementor-element elementor-element-e14d16b\" data-id=\"e14d16b\" data-element_type=\"column\" data-e-type=\"column\">\n\t\t\t<div class=\"elementor-widget-wrap elementor-element-populated\">\n\t\t\t\t\t\t<div class=\"elementor-element elementor-element-4bdf168 elementor-widget elementor-widget-testimonial\" data-id=\"4bdf168\" data-element_type=\"widget\" data-e-type=\"widget\" data-widget_type=\"testimonial.default\">\n\t\t\t\t<div class=\"elementor-widget-container\">\n\t\t\t\t\t\t\t<div class=\"elementor-testimonial-wrapper\">\n\t\t\t\t\t\t\t<div class=\"elementor-testimonial-content\">Doppelt Geimpfte k\u00f6nnten mit der Delta-Variante nicht nur selber angesteckt werden, sondern anschliessend auch Drittpersonen mit Corona anstecken. Vor allem dann, wenn die doppelt Geimpften nach einer Ansteckung Krankheitssymptome aufweisen.<\/div>\n\t\t\t\n\t\t\t\t\t\t<div class=\"elementor-testimonial-meta elementor-has-image elementor-testimonial-image-position-aside\">\n\t\t\t\t<div class=\"elementor-testimonial-meta-inner\">\n\t\t\t\t\t\t\t\t\t\t\t<div class=\"elementor-testimonial-image\">\n\t\t\t\t\t\t\t<a href=\"https:\/\/edition.cnn.com\/2021\/07\/30\/health\/breakthrough-infection-masks-cdc-provincetown-study\/index.html\" target=\"_blank\"><img decoding=\"async\" width=\"1280\" height=\"960\" src=\"https:\/\/ggi-initiative.at\/wp\/wp-content\/uploads\/2023\/05\/lady-justice-gb347a03fc_1280.jpeg\" class=\"attachment-full size-full wp-image-8188\" alt=\"\" srcset=\"https:\/\/ggi-initiative.at\/wp\/wp-content\/uploads\/2023\/05\/lady-justice-gb347a03fc_1280.jpeg 1280w, https:\/\/ggi-initiative.at\/wp\/wp-content\/uploads\/2023\/05\/lady-justice-gb347a03fc_1280-300x225.jpeg 300w, https:\/\/ggi-initiative.at\/wp\/wp-content\/uploads\/2023\/05\/lady-justice-gb347a03fc_1280-1024x768.jpeg 1024w, https:\/\/ggi-initiative.at\/wp\/wp-content\/uploads\/2023\/05\/lady-justice-gb347a03fc_1280-768x576.jpeg 768w, https:\/\/ggi-initiative.at\/wp\/wp-content\/uploads\/2023\/05\/lady-justice-gb347a03fc_1280-920x690.jpeg 920w, https:\/\/ggi-initiative.at\/wp\/wp-content\/uploads\/2023\/05\/lady-justice-gb347a03fc_1280-230x173.jpeg 230w, https:\/\/ggi-initiative.at\/wp\/wp-content\/uploads\/2023\/05\/lady-justice-gb347a03fc_1280-350x263.jpeg 350w, https:\/\/ggi-initiative.at\/wp\/wp-content\/uploads\/2023\/05\/lady-justice-gb347a03fc_1280-480x360.jpeg 480w\" sizes=\"(max-width: 1280px) 100vw, 1280px\" \/><\/a>\t\t\t\t\t\t<\/div>\n\t\t\t\t\t\n\t\t\t\t\t\t\t\t\t\t<div class=\"elementor-testimonial-details\">\n\t\t\t\t\t\t\t\t\t\t\t\t\t\t<a class=\"elementor-testimonial-name\" href=\"https:\/\/edition.cnn.com\/2021\/07\/30\/health\/breakthrough-infection-masks-cdc-provincetown-study\/index.html\" target=\"_blank\">Juli 2021<\/a>\n\t\t\t\t\t\t\t\t\t\t\t\t\t\t\t\t\t\t\t\t\t\t<a class=\"elementor-testimonial-job\" href=\"https:\/\/edition.cnn.com\/2021\/07\/30\/health\/breakthrough-infection-masks-cdc-provincetown-study\/index.html\" target=\"_blank\">CDC<\/a>\n\t\t\t\t\t\t\t\t\t\t\t\t\t<\/div>\n\t\t\t\t\t\t\t\t\t<\/div>\n\t\t\t<\/div>\n\t\t\t\t\t<\/div>\n\t\t\t\t\t\t<\/div>\n\t\t\t\t<\/div>\n\t\t\t\t\t<\/div>\n\t\t<\/div>\n\t\t\t\t\t<\/div>\n\t\t<\/section>\n\t\t\t\t<section class=\"elementor-section elementor-top-section elementor-element elementor-element-e0305b0 elementor-section-boxed elementor-section-height-default elementor-section-height-default\" data-id=\"e0305b0\" data-element_type=\"section\" data-e-type=\"section\">\n\t\t\t\t\t\t<div class=\"elementor-container elementor-column-gap-default\">\n\t\t\t\t\t<div class=\"elementor-column elementor-col-50 elementor-top-column elementor-element elementor-element-d971f6c\" data-id=\"d971f6c\" data-element_type=\"column\" data-e-type=\"column\">\n\t\t\t<div class=\"elementor-widget-wrap elementor-element-populated\">\n\t\t\t\t\t\t<div class=\"elementor-element elementor-element-7e3698b elementor-widget elementor-widget-testimonial\" data-id=\"7e3698b\" data-element_type=\"widget\" data-e-type=\"widget\" data-widget_type=\"testimonial.default\">\n\t\t\t\t<div class=\"elementor-widget-container\">\n\t\t\t\t\t\t\t<div class=\"elementor-testimonial-wrapper\">\n\t\t\t\t\t\t\t<div class=\"elementor-testimonial-content\">Die Vorstellung des Erreichens einer \u201eHerdenimmunit\u00e4t\u201c im Sinne einer Elimination oder sogar Eradikation des Virus ist (...) nicht realistisch.<\/div>\n\t\t\t\n\t\t\t\t\t\t<div class=\"elementor-testimonial-meta elementor-has-image elementor-testimonial-image-position-aside\">\n\t\t\t\t<div class=\"elementor-testimonial-meta-inner\">\n\t\t\t\t\t\t\t\t\t\t\t<div class=\"elementor-testimonial-image\">\n\t\t\t\t\t\t\t<a href=\"http:\/\/web.archive.org\/web\/20210722075810\/https:\/\/www.rki.de\/DE\/Content\/InfAZ\/N\/Neuartiges_Coronavirus\/Downloads\/Vorbereitung-Herbst-Winter.html\" target=\"_blank\"><img decoding=\"async\" width=\"1280\" height=\"960\" src=\"https:\/\/ggi-initiative.at\/wp\/wp-content\/uploads\/2023\/05\/lady-justice-gb347a03fc_1280.jpeg\" class=\"attachment-full size-full wp-image-8188\" alt=\"\" srcset=\"https:\/\/ggi-initiative.at\/wp\/wp-content\/uploads\/2023\/05\/lady-justice-gb347a03fc_1280.jpeg 1280w, https:\/\/ggi-initiative.at\/wp\/wp-content\/uploads\/2023\/05\/lady-justice-gb347a03fc_1280-300x225.jpeg 300w, https:\/\/ggi-initiative.at\/wp\/wp-content\/uploads\/2023\/05\/lady-justice-gb347a03fc_1280-1024x768.jpeg 1024w, https:\/\/ggi-initiative.at\/wp\/wp-content\/uploads\/2023\/05\/lady-justice-gb347a03fc_1280-768x576.jpeg 768w, https:\/\/ggi-initiative.at\/wp\/wp-content\/uploads\/2023\/05\/lady-justice-gb347a03fc_1280-920x690.jpeg 920w, https:\/\/ggi-initiative.at\/wp\/wp-content\/uploads\/2023\/05\/lady-justice-gb347a03fc_1280-230x173.jpeg 230w, https:\/\/ggi-initiative.at\/wp\/wp-content\/uploads\/2023\/05\/lady-justice-gb347a03fc_1280-350x263.jpeg 350w, https:\/\/ggi-initiative.at\/wp\/wp-content\/uploads\/2023\/05\/lady-justice-gb347a03fc_1280-480x360.jpeg 480w\" sizes=\"(max-width: 1280px) 100vw, 1280px\" \/><\/a>\t\t\t\t\t\t<\/div>\n\t\t\t\t\t\n\t\t\t\t\t\t\t\t\t\t<div class=\"elementor-testimonial-details\">\n\t\t\t\t\t\t\t\t\t\t\t\t\t\t<a class=\"elementor-testimonial-name\" href=\"http:\/\/web.archive.org\/web\/20210722075810\/https:\/\/www.rki.de\/DE\/Content\/InfAZ\/N\/Neuartiges_Coronavirus\/Downloads\/Vorbereitung-Herbst-Winter.html\" target=\"_blank\">Juli 2021<\/a>\n\t\t\t\t\t\t\t\t\t\t\t\t\t\t\t\t\t\t\t\t\t\t<a class=\"elementor-testimonial-job\" href=\"http:\/\/web.archive.org\/web\/20210722075810\/https:\/\/www.rki.de\/DE\/Content\/InfAZ\/N\/Neuartiges_Coronavirus\/Downloads\/Vorbereitung-Herbst-Winter.html\" target=\"_blank\">RKI<\/a>\n\t\t\t\t\t\t\t\t\t\t\t\t\t<\/div>\n\t\t\t\t\t\t\t\t\t<\/div>\n\t\t\t<\/div>\n\t\t\t\t\t<\/div>\n\t\t\t\t\t\t<\/div>\n\t\t\t\t<\/div>\n\t\t\t\t\t<\/div>\n\t\t<\/div>\n\t\t\t\t<div class=\"elementor-column elementor-col-50 elementor-top-column elementor-element elementor-element-4ef010f\" data-id=\"4ef010f\" data-element_type=\"column\" data-e-type=\"column\">\n\t\t\t<div class=\"elementor-widget-wrap elementor-element-populated\">\n\t\t\t\t\t\t<div class=\"elementor-element elementor-element-7fefe38 elementor-widget elementor-widget-testimonial\" data-id=\"7fefe38\" data-element_type=\"widget\" data-e-type=\"widget\" data-widget_type=\"testimonial.default\">\n\t\t\t\t<div class=\"elementor-widget-container\">\n\t\t\t\t\t\t\t<div class=\"elementor-testimonial-wrapper\">\n\t\t\t\t\t\t\t<div class=\"elementor-testimonial-content\">Man kann davon ausgehen, dass geimpfte Menschen das Virus genauso \u00fcbertragen k\u00f6nnen wie ungeimpfte Menschen.<\/div>\n\t\t\t\n\t\t\t\t\t\t<div class=\"elementor-testimonial-meta elementor-has-image elementor-testimonial-image-position-aside\">\n\t\t\t\t<div class=\"elementor-testimonial-meta-inner\">\n\t\t\t\t\t\t\t\t\t\t\t<div class=\"elementor-testimonial-image\">\n\t\t\t\t\t\t\t<a href=\"https:\/\/www.washingtonpost.com\/health\/breakthrough-infections-cdc-data\/2021\/07\/28\/dcaaa6b2-efce-11eb-a452-4da5fe48582d_story.html\" target=\"_blank\"><img decoding=\"async\" width=\"1280\" height=\"960\" src=\"https:\/\/ggi-initiative.at\/wp\/wp-content\/uploads\/2023\/05\/lady-justice-gb347a03fc_1280.jpeg\" class=\"attachment-full size-full wp-image-8188\" alt=\"\" srcset=\"https:\/\/ggi-initiative.at\/wp\/wp-content\/uploads\/2023\/05\/lady-justice-gb347a03fc_1280.jpeg 1280w, https:\/\/ggi-initiative.at\/wp\/wp-content\/uploads\/2023\/05\/lady-justice-gb347a03fc_1280-300x225.jpeg 300w, https:\/\/ggi-initiative.at\/wp\/wp-content\/uploads\/2023\/05\/lady-justice-gb347a03fc_1280-1024x768.jpeg 1024w, https:\/\/ggi-initiative.at\/wp\/wp-content\/uploads\/2023\/05\/lady-justice-gb347a03fc_1280-768x576.jpeg 768w, https:\/\/ggi-initiative.at\/wp\/wp-content\/uploads\/2023\/05\/lady-justice-gb347a03fc_1280-920x690.jpeg 920w, https:\/\/ggi-initiative.at\/wp\/wp-content\/uploads\/2023\/05\/lady-justice-gb347a03fc_1280-230x173.jpeg 230w, https:\/\/ggi-initiative.at\/wp\/wp-content\/uploads\/2023\/05\/lady-justice-gb347a03fc_1280-350x263.jpeg 350w, https:\/\/ggi-initiative.at\/wp\/wp-content\/uploads\/2023\/05\/lady-justice-gb347a03fc_1280-480x360.jpeg 480w\" sizes=\"(max-width: 1280px) 100vw, 1280px\" \/><\/a>\t\t\t\t\t\t<\/div>\n\t\t\t\t\t\n\t\t\t\t\t\t\t\t\t\t<div class=\"elementor-testimonial-details\">\n\t\t\t\t\t\t\t\t\t\t\t\t\t\t<a class=\"elementor-testimonial-name\" href=\"https:\/\/www.washingtonpost.com\/health\/breakthrough-infections-cdc-data\/2021\/07\/28\/dcaaa6b2-efce-11eb-a452-4da5fe48582d_story.html\" target=\"_blank\">Juli 2021<\/a>\n\t\t\t\t\t\t\t\t\t\t\t\t\t\t\t\t\t\t\t\t\t\t<a class=\"elementor-testimonial-job\" href=\"https:\/\/www.washingtonpost.com\/health\/breakthrough-infections-cdc-data\/2021\/07\/28\/dcaaa6b2-efce-11eb-a452-4da5fe48582d_story.html\" target=\"_blank\">Anthony S. Fauci <\/a>\n\t\t\t\t\t\t\t\t\t\t\t\t\t<\/div>\n\t\t\t\t\t\t\t\t\t<\/div>\n\t\t\t<\/div>\n\t\t\t\t\t<\/div>\n\t\t\t\t\t\t<\/div>\n\t\t\t\t<\/div>\n\t\t\t\t\t<\/div>\n\t\t<\/div>\n\t\t\t\t\t<\/div>\n\t\t<\/section>\n\t\t\t\t<section class=\"elementor-section elementor-top-section elementor-element elementor-element-758edc7 elementor-section-boxed elementor-section-height-default elementor-section-height-default\" data-id=\"758edc7\" data-element_type=\"section\" data-e-type=\"section\">\n\t\t\t\t\t\t<div class=\"elementor-container elementor-column-gap-default\">\n\t\t\t\t\t<div class=\"elementor-column elementor-col-50 elementor-top-column elementor-element elementor-element-3ab8392\" data-id=\"3ab8392\" data-element_type=\"column\" data-e-type=\"column\">\n\t\t\t<div class=\"elementor-widget-wrap elementor-element-populated\">\n\t\t\t\t\t\t<div class=\"elementor-element elementor-element-d3f85b0 elementor-widget elementor-widget-testimonial\" data-id=\"d3f85b0\" data-element_type=\"widget\" data-e-type=\"widget\" data-widget_type=\"testimonial.default\">\n\t\t\t\t<div class=\"elementor-widget-container\">\n\t\t\t\t\t\t\t<div class=\"elementor-testimonial-wrapper\">\n\t\t\t\t\t\t\t<div class=\"elementor-testimonial-content\">Sogar wenn angesteckte Geimpfte keine Symptome sp\u00fcren, k\u00f6nnten sich in Nase und Rachen enorme Mengen von Viren befinden, mit denen sie andere anstecken k\u00f6nnen.<\/div>\n\t\t\t\n\t\t\t\t\t\t<div class=\"elementor-testimonial-meta elementor-has-image elementor-testimonial-image-position-aside\">\n\t\t\t\t<div class=\"elementor-testimonial-meta-inner\">\n\t\t\t\t\t\t\t\t\t\t\t<div class=\"elementor-testimonial-image\">\n\t\t\t\t\t\t\t<a href=\"https:\/\/www.nytimes.com\/2021\/07\/30\/health\/cdc-vaccinated-delta.html\" target=\"_blank\"><img decoding=\"async\" width=\"1280\" height=\"960\" src=\"https:\/\/ggi-initiative.at\/wp\/wp-content\/uploads\/2023\/05\/lady-justice-gb347a03fc_1280.jpeg\" class=\"attachment-full size-full wp-image-8188\" alt=\"\" srcset=\"https:\/\/ggi-initiative.at\/wp\/wp-content\/uploads\/2023\/05\/lady-justice-gb347a03fc_1280.jpeg 1280w, https:\/\/ggi-initiative.at\/wp\/wp-content\/uploads\/2023\/05\/lady-justice-gb347a03fc_1280-300x225.jpeg 300w, https:\/\/ggi-initiative.at\/wp\/wp-content\/uploads\/2023\/05\/lady-justice-gb347a03fc_1280-1024x768.jpeg 1024w, https:\/\/ggi-initiative.at\/wp\/wp-content\/uploads\/2023\/05\/lady-justice-gb347a03fc_1280-768x576.jpeg 768w, https:\/\/ggi-initiative.at\/wp\/wp-content\/uploads\/2023\/05\/lady-justice-gb347a03fc_1280-920x690.jpeg 920w, https:\/\/ggi-initiative.at\/wp\/wp-content\/uploads\/2023\/05\/lady-justice-gb347a03fc_1280-230x173.jpeg 230w, https:\/\/ggi-initiative.at\/wp\/wp-content\/uploads\/2023\/05\/lady-justice-gb347a03fc_1280-350x263.jpeg 350w, https:\/\/ggi-initiative.at\/wp\/wp-content\/uploads\/2023\/05\/lady-justice-gb347a03fc_1280-480x360.jpeg 480w\" sizes=\"(max-width: 1280px) 100vw, 1280px\" \/><\/a>\t\t\t\t\t\t<\/div>\n\t\t\t\t\t\n\t\t\t\t\t\t\t\t\t\t<div class=\"elementor-testimonial-details\">\n\t\t\t\t\t\t\t\t\t\t\t\t\t\t<a class=\"elementor-testimonial-name\" href=\"https:\/\/www.nytimes.com\/2021\/07\/30\/health\/cdc-vaccinated-delta.html\" target=\"_blank\">Juli 2021<\/a>\n\t\t\t\t\t\t\t\t\t\t\t\t\t\t\t\t\t\t\t\t\t\t<a class=\"elementor-testimonial-job\" href=\"https:\/\/www.nytimes.com\/2021\/07\/30\/health\/cdc-vaccinated-delta.html\" target=\"_blank\">Rochelle Walensky<\/a>\n\t\t\t\t\t\t\t\t\t\t\t\t\t<\/div>\n\t\t\t\t\t\t\t\t\t<\/div>\n\t\t\t<\/div>\n\t\t\t\t\t<\/div>\n\t\t\t\t\t\t<\/div>\n\t\t\t\t<\/div>\n\t\t\t\t\t<\/div>\n\t\t<\/div>\n\t\t\t\t<div class=\"elementor-column elementor-col-50 elementor-top-column elementor-element elementor-element-b8f2068\" data-id=\"b8f2068\" data-element_type=\"column\" data-e-type=\"column\">\n\t\t\t<div class=\"elementor-widget-wrap elementor-element-populated\">\n\t\t\t\t\t\t<div class=\"elementor-element elementor-element-2e294cf elementor-widget elementor-widget-testimonial\" data-id=\"2e294cf\" data-element_type=\"widget\" data-e-type=\"widget\" data-widget_type=\"testimonial.default\">\n\t\t\t\t<div class=\"elementor-widget-container\">\n\t\t\t\t\t\t\t<div class=\"elementor-testimonial-wrapper\">\n\t\t\t\t\t\t\t<div class=\"elementor-testimonial-content\">Bei der Deltavariante haben wir gemerkt, dass die Geimpften gar nicht mehr so sehr vor einer Ansteckung gesch\u00fctzt sind.<\/div>\n\t\t\t\n\t\t\t\t\t\t<div class=\"elementor-testimonial-meta elementor-has-image elementor-testimonial-image-position-aside\">\n\t\t\t\t<div class=\"elementor-testimonial-meta-inner\">\n\t\t\t\t\t\t\t\t\t\t\t<div class=\"elementor-testimonial-image\">\n\t\t\t\t\t\t\t<a href=\"https:\/\/www.tagesschau.de\/faktenfinder\/coronavirus-ansteckung-101.html\" target=\"_blank\"><img decoding=\"async\" width=\"1280\" height=\"960\" src=\"https:\/\/ggi-initiative.at\/wp\/wp-content\/uploads\/2023\/05\/lady-justice-gb347a03fc_1280.jpeg\" class=\"attachment-full size-full wp-image-8188\" alt=\"\" srcset=\"https:\/\/ggi-initiative.at\/wp\/wp-content\/uploads\/2023\/05\/lady-justice-gb347a03fc_1280.jpeg 1280w, https:\/\/ggi-initiative.at\/wp\/wp-content\/uploads\/2023\/05\/lady-justice-gb347a03fc_1280-300x225.jpeg 300w, https:\/\/ggi-initiative.at\/wp\/wp-content\/uploads\/2023\/05\/lady-justice-gb347a03fc_1280-1024x768.jpeg 1024w, https:\/\/ggi-initiative.at\/wp\/wp-content\/uploads\/2023\/05\/lady-justice-gb347a03fc_1280-768x576.jpeg 768w, https:\/\/ggi-initiative.at\/wp\/wp-content\/uploads\/2023\/05\/lady-justice-gb347a03fc_1280-920x690.jpeg 920w, https:\/\/ggi-initiative.at\/wp\/wp-content\/uploads\/2023\/05\/lady-justice-gb347a03fc_1280-230x173.jpeg 230w, https:\/\/ggi-initiative.at\/wp\/wp-content\/uploads\/2023\/05\/lady-justice-gb347a03fc_1280-350x263.jpeg 350w, https:\/\/ggi-initiative.at\/wp\/wp-content\/uploads\/2023\/05\/lady-justice-gb347a03fc_1280-480x360.jpeg 480w\" sizes=\"(max-width: 1280px) 100vw, 1280px\" \/><\/a>\t\t\t\t\t\t<\/div>\n\t\t\t\t\t\n\t\t\t\t\t\t\t\t\t\t<div class=\"elementor-testimonial-details\">\n\t\t\t\t\t\t\t\t\t\t\t\t\t\t<a class=\"elementor-testimonial-name\" href=\"https:\/\/www.tagesschau.de\/faktenfinder\/coronavirus-ansteckung-101.html\" target=\"_blank\">Sommer 2021<\/a>\n\t\t\t\t\t\t\t\t\t\t\t\t\t\t\t\t\t\t\t\t\t\t<a class=\"elementor-testimonial-job\" href=\"https:\/\/www.tagesschau.de\/faktenfinder\/coronavirus-ansteckung-101.html\" target=\"_blank\">Carsten Watzl<\/a>\n\t\t\t\t\t\t\t\t\t\t\t\t\t<\/div>\n\t\t\t\t\t\t\t\t\t<\/div>\n\t\t\t<\/div>\n\t\t\t\t\t<\/div>\n\t\t\t\t\t\t<\/div>\n\t\t\t\t<\/div>\n\t\t\t\t\t<\/div>\n\t\t<\/div>\n\t\t\t\t\t<\/div>\n\t\t<\/section>\n\t\t\t\t<section class=\"elementor-section elementor-top-section elementor-element elementor-element-acc0149 elementor-section-boxed elementor-section-height-default elementor-section-height-default\" data-id=\"acc0149\" data-element_type=\"section\" data-e-type=\"section\">\n\t\t\t\t\t\t<div class=\"elementor-container elementor-column-gap-default\">\n\t\t\t\t\t<div class=\"elementor-column elementor-col-50 elementor-top-column elementor-element elementor-element-557082e\" data-id=\"557082e\" data-element_type=\"column\" data-e-type=\"column\">\n\t\t\t<div class=\"elementor-widget-wrap elementor-element-populated\">\n\t\t\t\t\t\t<div class=\"elementor-element elementor-element-3f9d638 elementor-widget elementor-widget-testimonial\" data-id=\"3f9d638\" data-element_type=\"widget\" data-e-type=\"widget\" data-widget_type=\"testimonial.default\">\n\t\t\t\t<div class=\"elementor-widget-container\">\n\t\t\t\t\t\t\t<div class=\"elementor-testimonial-wrapper\">\n\t\t\t\t\t\t\t<div class=\"elementor-testimonial-content\">Gerade bei der Delta-Variante wirken die Impfstoffe nicht so gut. Man kann sich infizieren und das hei\u00dft, man kann auch wieder andere anstecken.<\/div>\n\t\t\t\n\t\t\t\t\t\t<div class=\"elementor-testimonial-meta elementor-has-image elementor-testimonial-image-position-aside\">\n\t\t\t\t<div class=\"elementor-testimonial-meta-inner\">\n\t\t\t\t\t\t\t\t\t\t\t<div class=\"elementor-testimonial-image\">\n\t\t\t\t\t\t\t<a href=\"https:\/\/www.deutschlandfunk.de\/corona-impfungen-koennen-geimpfte-andere-menschen-weiter-100.html\" target=\"_blank\"><img decoding=\"async\" width=\"1280\" height=\"960\" src=\"https:\/\/ggi-initiative.at\/wp\/wp-content\/uploads\/2023\/05\/lady-justice-gb347a03fc_1280.jpeg\" class=\"attachment-full size-full wp-image-8188\" alt=\"\" srcset=\"https:\/\/ggi-initiative.at\/wp\/wp-content\/uploads\/2023\/05\/lady-justice-gb347a03fc_1280.jpeg 1280w, https:\/\/ggi-initiative.at\/wp\/wp-content\/uploads\/2023\/05\/lady-justice-gb347a03fc_1280-300x225.jpeg 300w, https:\/\/ggi-initiative.at\/wp\/wp-content\/uploads\/2023\/05\/lady-justice-gb347a03fc_1280-1024x768.jpeg 1024w, https:\/\/ggi-initiative.at\/wp\/wp-content\/uploads\/2023\/05\/lady-justice-gb347a03fc_1280-768x576.jpeg 768w, https:\/\/ggi-initiative.at\/wp\/wp-content\/uploads\/2023\/05\/lady-justice-gb347a03fc_1280-920x690.jpeg 920w, https:\/\/ggi-initiative.at\/wp\/wp-content\/uploads\/2023\/05\/lady-justice-gb347a03fc_1280-230x173.jpeg 230w, https:\/\/ggi-initiative.at\/wp\/wp-content\/uploads\/2023\/05\/lady-justice-gb347a03fc_1280-350x263.jpeg 350w, https:\/\/ggi-initiative.at\/wp\/wp-content\/uploads\/2023\/05\/lady-justice-gb347a03fc_1280-480x360.jpeg 480w\" sizes=\"(max-width: 1280px) 100vw, 1280px\" \/><\/a>\t\t\t\t\t\t<\/div>\n\t\t\t\t\t\n\t\t\t\t\t\t\t\t\t\t<div class=\"elementor-testimonial-details\">\n\t\t\t\t\t\t\t\t\t\t\t\t\t\t<a class=\"elementor-testimonial-name\" href=\"https:\/\/www.deutschlandfunk.de\/corona-impfungen-koennen-geimpfte-andere-menschen-weiter-100.html\" target=\"_blank\">August 2021<\/a>\n\t\t\t\t\t\t\t\t\t\t\t\t\t\t\t\t\t\t\t\t\t\t<a class=\"elementor-testimonial-job\" href=\"https:\/\/www.deutschlandfunk.de\/corona-impfungen-koennen-geimpfte-andere-menschen-weiter-100.html\" target=\"_blank\">Deutschlandfunk<\/a>\n\t\t\t\t\t\t\t\t\t\t\t\t\t<\/div>\n\t\t\t\t\t\t\t\t\t<\/div>\n\t\t\t<\/div>\n\t\t\t\t\t<\/div>\n\t\t\t\t\t\t<\/div>\n\t\t\t\t<\/div>\n\t\t\t\t\t<\/div>\n\t\t<\/div>\n\t\t\t\t<div class=\"elementor-column elementor-col-50 elementor-top-column elementor-element elementor-element-b4a74fb\" data-id=\"b4a74fb\" data-element_type=\"column\" data-e-type=\"column\">\n\t\t\t<div class=\"elementor-widget-wrap elementor-element-populated\">\n\t\t\t\t\t\t<div class=\"elementor-element elementor-element-ffca9f9 elementor-widget elementor-widget-testimonial\" data-id=\"ffca9f9\" data-element_type=\"widget\" data-e-type=\"widget\" data-widget_type=\"testimonial.default\">\n\t\t\t\t<div class=\"elementor-widget-container\">\n\t\t\t\t\t\t\t<div class=\"elementor-testimonial-wrapper\">\n\t\t\t\t\t\t\t<div class=\"elementor-testimonial-content\">\u201e..now with Delta, we know that we are getting breakthrough infections with Delta but when you measure the level of virus in the nasal pharynx of a vaccinated person which has a breakthrough infection with Delta the level of virus in the nasal pharynx is high and equivalent to the level of virus in the nasopharynx of an unvaccinated person\u201c<\/div>\n\t\t\t\n\t\t\t\t\t\t<div class=\"elementor-testimonial-meta elementor-has-image elementor-testimonial-image-position-aside\">\n\t\t\t\t<div class=\"elementor-testimonial-meta-inner\">\n\t\t\t\t\t\t\t\t\t\t\t<div class=\"elementor-testimonial-image\">\n\t\t\t\t\t\t\t<a href=\"https:\/\/www.youtube.com\/watch?v=0dQQZsTv40A&#038;ab_channel=GlobalNews\" target=\"_blank\"><img decoding=\"async\" width=\"1280\" height=\"960\" src=\"https:\/\/ggi-initiative.at\/wp\/wp-content\/uploads\/2023\/05\/lady-justice-gb347a03fc_1280.jpeg\" class=\"attachment-full size-full wp-image-8188\" alt=\"\" srcset=\"https:\/\/ggi-initiative.at\/wp\/wp-content\/uploads\/2023\/05\/lady-justice-gb347a03fc_1280.jpeg 1280w, https:\/\/ggi-initiative.at\/wp\/wp-content\/uploads\/2023\/05\/lady-justice-gb347a03fc_1280-300x225.jpeg 300w, https:\/\/ggi-initiative.at\/wp\/wp-content\/uploads\/2023\/05\/lady-justice-gb347a03fc_1280-1024x768.jpeg 1024w, https:\/\/ggi-initiative.at\/wp\/wp-content\/uploads\/2023\/05\/lady-justice-gb347a03fc_1280-768x576.jpeg 768w, https:\/\/ggi-initiative.at\/wp\/wp-content\/uploads\/2023\/05\/lady-justice-gb347a03fc_1280-920x690.jpeg 920w, https:\/\/ggi-initiative.at\/wp\/wp-content\/uploads\/2023\/05\/lady-justice-gb347a03fc_1280-230x173.jpeg 230w, https:\/\/ggi-initiative.at\/wp\/wp-content\/uploads\/2023\/05\/lady-justice-gb347a03fc_1280-350x263.jpeg 350w, https:\/\/ggi-initiative.at\/wp\/wp-content\/uploads\/2023\/05\/lady-justice-gb347a03fc_1280-480x360.jpeg 480w\" sizes=\"(max-width: 1280px) 100vw, 1280px\" \/><\/a>\t\t\t\t\t\t<\/div>\n\t\t\t\t\t\n\t\t\t\t\t\t\t\t\t\t<div class=\"elementor-testimonial-details\">\n\t\t\t\t\t\t\t\t\t\t\t\t\t\t<a class=\"elementor-testimonial-name\" href=\"https:\/\/www.youtube.com\/watch?v=0dQQZsTv40A&#038;ab_channel=GlobalNews\" target=\"_blank\">August 2021<\/a>\n\t\t\t\t\t\t\t\t\t\t\t\t\t\t\t\t\t\t\t\t\t\t<a class=\"elementor-testimonial-job\" href=\"https:\/\/www.youtube.com\/watch?v=0dQQZsTv40A&#038;ab_channel=GlobalNews\" target=\"_blank\">Anthony S. Fauci<\/a>\n\t\t\t\t\t\t\t\t\t\t\t\t\t<\/div>\n\t\t\t\t\t\t\t\t\t<\/div>\n\t\t\t<\/div>\n\t\t\t\t\t<\/div>\n\t\t\t\t\t\t<\/div>\n\t\t\t\t<\/div>\n\t\t\t\t\t<\/div>\n\t\t<\/div>\n\t\t\t\t\t<\/div>\n\t\t<\/section>\n\t\t\t\t<section class=\"elementor-section elementor-top-section elementor-element elementor-element-da15f09 elementor-section-boxed elementor-section-height-default elementor-section-height-default\" data-id=\"da15f09\" data-element_type=\"section\" data-e-type=\"section\">\n\t\t\t\t\t\t<div class=\"elementor-container elementor-column-gap-default\">\n\t\t\t\t\t<div class=\"elementor-column elementor-col-50 elementor-top-column elementor-element elementor-element-b4f682c\" data-id=\"b4f682c\" data-element_type=\"column\" data-e-type=\"column\">\n\t\t\t<div class=\"elementor-widget-wrap elementor-element-populated\">\n\t\t\t\t\t\t<div class=\"elementor-element elementor-element-7b7e776 elementor-widget elementor-widget-testimonial\" data-id=\"7b7e776\" data-element_type=\"widget\" data-e-type=\"widget\" data-widget_type=\"testimonial.default\">\n\t\t\t\t<div class=\"elementor-widget-container\">\n\t\t\t\t\t\t\t<div class=\"elementor-testimonial-wrapper\">\n\t\t\t\t\t\t\t<div class=\"elementor-testimonial-content\">Nach einer Sars-CoV-2-Infektion Genesene sind laut einer neuen Studie aus Israel noch besser vor einer neuerlichen Ansteckung gesch\u00fctzt als Menschen, die zweimal mit dem Pfizer-BionTech-Impfstoff geimpft wurden. Am st\u00e4rksten reagiert das Immunsystem demnach nach \u00fcberstandener Infektion plus einfacher Impfung.<\/div>\n\t\t\t\n\t\t\t\t\t\t<div class=\"elementor-testimonial-meta elementor-has-image elementor-testimonial-image-position-aside\">\n\t\t\t\t<div class=\"elementor-testimonial-meta-inner\">\n\t\t\t\t\t\t\t\t\t\t\t<div class=\"elementor-testimonial-image\">\n\t\t\t\t\t\t\t<a href=\"https:\/\/science.orf.at\/stories\/3208378\/\" target=\"_blank\"><img decoding=\"async\" width=\"1280\" height=\"960\" src=\"https:\/\/ggi-initiative.at\/wp\/wp-content\/uploads\/2023\/05\/lady-justice-gb347a03fc_1280.jpeg\" class=\"attachment-full size-full wp-image-8188\" alt=\"\" srcset=\"https:\/\/ggi-initiative.at\/wp\/wp-content\/uploads\/2023\/05\/lady-justice-gb347a03fc_1280.jpeg 1280w, https:\/\/ggi-initiative.at\/wp\/wp-content\/uploads\/2023\/05\/lady-justice-gb347a03fc_1280-300x225.jpeg 300w, https:\/\/ggi-initiative.at\/wp\/wp-content\/uploads\/2023\/05\/lady-justice-gb347a03fc_1280-1024x768.jpeg 1024w, https:\/\/ggi-initiative.at\/wp\/wp-content\/uploads\/2023\/05\/lady-justice-gb347a03fc_1280-768x576.jpeg 768w, https:\/\/ggi-initiative.at\/wp\/wp-content\/uploads\/2023\/05\/lady-justice-gb347a03fc_1280-920x690.jpeg 920w, https:\/\/ggi-initiative.at\/wp\/wp-content\/uploads\/2023\/05\/lady-justice-gb347a03fc_1280-230x173.jpeg 230w, https:\/\/ggi-initiative.at\/wp\/wp-content\/uploads\/2023\/05\/lady-justice-gb347a03fc_1280-350x263.jpeg 350w, https:\/\/ggi-initiative.at\/wp\/wp-content\/uploads\/2023\/05\/lady-justice-gb347a03fc_1280-480x360.jpeg 480w\" sizes=\"(max-width: 1280px) 100vw, 1280px\" \/><\/a>\t\t\t\t\t\t<\/div>\n\t\t\t\t\t\n\t\t\t\t\t\t\t\t\t\t<div class=\"elementor-testimonial-details\">\n\t\t\t\t\t\t\t\t\t\t\t\t\t\t<a class=\"elementor-testimonial-name\" href=\"https:\/\/science.orf.at\/stories\/3208378\/\" target=\"_blank\">August 2021<\/a>\n\t\t\t\t\t\t\t\t\t\t\t\t\t\t\t\t\t\t\t\t\t\t<a class=\"elementor-testimonial-job\" href=\"https:\/\/science.orf.at\/stories\/3208378\/\" target=\"_blank\">ORF<\/a>\n\t\t\t\t\t\t\t\t\t\t\t\t\t<\/div>\n\t\t\t\t\t\t\t\t\t<\/div>\n\t\t\t<\/div>\n\t\t\t\t\t<\/div>\n\t\t\t\t\t\t<\/div>\n\t\t\t\t<\/div>\n\t\t\t\t\t<\/div>\n\t\t<\/div>\n\t\t\t\t<div class=\"elementor-column elementor-col-50 elementor-top-column elementor-element elementor-element-e815c10\" data-id=\"e815c10\" data-element_type=\"column\" data-e-type=\"column\">\n\t\t\t<div class=\"elementor-widget-wrap elementor-element-populated\">\n\t\t\t\t\t\t<div class=\"elementor-element elementor-element-5dac5e6 elementor-widget elementor-widget-testimonial\" data-id=\"5dac5e6\" data-element_type=\"widget\" data-e-type=\"widget\" data-widget_type=\"testimonial.default\">\n\t\t\t\t<div class=\"elementor-widget-container\">\n\t\t\t\t\t\t\t<div class=\"elementor-testimonial-wrapper\">\n\t\t\t\t\t\t\t<div class=\"elementor-testimonial-content\">Das ist ein Lehrbuchbeispiel, wie nat\u00fcrliche Immunit\u00e4t wirklich besser ist als Impfungen.<\/div>\n\t\t\t\n\t\t\t\t\t\t<div class=\"elementor-testimonial-meta elementor-has-image elementor-testimonial-image-position-aside\">\n\t\t\t\t<div class=\"elementor-testimonial-meta-inner\">\n\t\t\t\t\t\t\t\t\t\t\t<div class=\"elementor-testimonial-image\">\n\t\t\t\t\t\t\t<a href=\"https:\/\/www.science.org\/content\/article\/having-sars-cov-2-once-confers-much-greater-immunity-vaccine-vaccination-remains-vital\" target=\"_blank\"><img decoding=\"async\" width=\"1280\" height=\"960\" src=\"https:\/\/ggi-initiative.at\/wp\/wp-content\/uploads\/2023\/05\/lady-justice-gb347a03fc_1280.jpeg\" class=\"attachment-full size-full wp-image-8188\" alt=\"\" srcset=\"https:\/\/ggi-initiative.at\/wp\/wp-content\/uploads\/2023\/05\/lady-justice-gb347a03fc_1280.jpeg 1280w, https:\/\/ggi-initiative.at\/wp\/wp-content\/uploads\/2023\/05\/lady-justice-gb347a03fc_1280-300x225.jpeg 300w, https:\/\/ggi-initiative.at\/wp\/wp-content\/uploads\/2023\/05\/lady-justice-gb347a03fc_1280-1024x768.jpeg 1024w, https:\/\/ggi-initiative.at\/wp\/wp-content\/uploads\/2023\/05\/lady-justice-gb347a03fc_1280-768x576.jpeg 768w, https:\/\/ggi-initiative.at\/wp\/wp-content\/uploads\/2023\/05\/lady-justice-gb347a03fc_1280-920x690.jpeg 920w, https:\/\/ggi-initiative.at\/wp\/wp-content\/uploads\/2023\/05\/lady-justice-gb347a03fc_1280-230x173.jpeg 230w, https:\/\/ggi-initiative.at\/wp\/wp-content\/uploads\/2023\/05\/lady-justice-gb347a03fc_1280-350x263.jpeg 350w, https:\/\/ggi-initiative.at\/wp\/wp-content\/uploads\/2023\/05\/lady-justice-gb347a03fc_1280-480x360.jpeg 480w\" sizes=\"(max-width: 1280px) 100vw, 1280px\" \/><\/a>\t\t\t\t\t\t<\/div>\n\t\t\t\t\t\n\t\t\t\t\t\t\t\t\t\t<div class=\"elementor-testimonial-details\">\n\t\t\t\t\t\t\t\t\t\t\t\t\t\t<a class=\"elementor-testimonial-name\" href=\"https:\/\/www.science.org\/content\/article\/having-sars-cov-2-once-confers-much-greater-immunity-vaccine-vaccination-remains-vital\" target=\"_blank\">August 2021<\/a>\n\t\t\t\t\t\t\t\t\t\t\t\t\t\t\t\t\t\t\t\t\t\t<a class=\"elementor-testimonial-job\" href=\"https:\/\/www.science.org\/content\/article\/having-sars-cov-2-once-confers-much-greater-immunity-vaccine-vaccination-remains-vital\" target=\"_blank\">Charlotte Th\u00e5lin<\/a>\n\t\t\t\t\t\t\t\t\t\t\t\t\t<\/div>\n\t\t\t\t\t\t\t\t\t<\/div>\n\t\t\t<\/div>\n\t\t\t\t\t<\/div>\n\t\t\t\t\t\t<\/div>\n\t\t\t\t<\/div>\n\t\t\t\t\t<\/div>\n\t\t<\/div>\n\t\t\t\t\t<\/div>\n\t\t<\/section>\n\t\t\t\t<section class=\"elementor-section elementor-top-section elementor-element elementor-element-46eca98 elementor-section-boxed elementor-section-height-default elementor-section-height-default\" data-id=\"46eca98\" data-element_type=\"section\" data-e-type=\"section\">\n\t\t\t\t\t\t<div class=\"elementor-container elementor-column-gap-default\">\n\t\t\t\t\t<div class=\"elementor-column elementor-col-50 elementor-top-column elementor-element elementor-element-d3b8c35\" data-id=\"d3b8c35\" data-element_type=\"column\" data-e-type=\"column\">\n\t\t\t<div class=\"elementor-widget-wrap elementor-element-populated\">\n\t\t\t\t\t\t<div class=\"elementor-element elementor-element-7d07b7d elementor-widget elementor-widget-testimonial\" data-id=\"7d07b7d\" data-element_type=\"widget\" data-e-type=\"widget\" data-widget_type=\"testimonial.default\">\n\t\t\t\t<div class=\"elementor-widget-container\">\n\t\t\t\t\t\t\t<div class=\"elementor-testimonial-wrapper\">\n\t\t\t\t\t\t\t<div class=\"elementor-testimonial-content\">Aber eine wichtige Tatsache ist auch: Notzulassungen f\u00fcr Impfstoffe sind ausdr\u00fccklich verboten - also nicht erlaubt, wenn sichere und wirksame alternative Therapien vorliegen. Es gibt mindestens f\u00fcnf nachweislich sichere und wirksame Therapien zur Behandlung der durch das Corona-Virus verursachten Krankheit Covid-19. <\/div>\n\t\t\t\n\t\t\t\t\t\t<div class=\"elementor-testimonial-meta elementor-has-image elementor-testimonial-image-position-aside\">\n\t\t\t\t<div class=\"elementor-testimonial-meta-inner\">\n\t\t\t\t\t\t\t\t\t\t\t<div class=\"elementor-testimonial-image\">\n\t\t\t\t\t\t\t<a href=\"https:\/\/www.servustv.com\/aktuelles\/v\/aa-28a3dbyxh1w11\/\" target=\"_blank\"><img decoding=\"async\" width=\"1280\" height=\"960\" src=\"https:\/\/ggi-initiative.at\/wp\/wp-content\/uploads\/2023\/05\/lady-justice-gb347a03fc_1280.jpeg\" class=\"attachment-full size-full wp-image-8188\" alt=\"\" srcset=\"https:\/\/ggi-initiative.at\/wp\/wp-content\/uploads\/2023\/05\/lady-justice-gb347a03fc_1280.jpeg 1280w, https:\/\/ggi-initiative.at\/wp\/wp-content\/uploads\/2023\/05\/lady-justice-gb347a03fc_1280-300x225.jpeg 300w, https:\/\/ggi-initiative.at\/wp\/wp-content\/uploads\/2023\/05\/lady-justice-gb347a03fc_1280-1024x768.jpeg 1024w, https:\/\/ggi-initiative.at\/wp\/wp-content\/uploads\/2023\/05\/lady-justice-gb347a03fc_1280-768x576.jpeg 768w, https:\/\/ggi-initiative.at\/wp\/wp-content\/uploads\/2023\/05\/lady-justice-gb347a03fc_1280-920x690.jpeg 920w, https:\/\/ggi-initiative.at\/wp\/wp-content\/uploads\/2023\/05\/lady-justice-gb347a03fc_1280-230x173.jpeg 230w, https:\/\/ggi-initiative.at\/wp\/wp-content\/uploads\/2023\/05\/lady-justice-gb347a03fc_1280-350x263.jpeg 350w, https:\/\/ggi-initiative.at\/wp\/wp-content\/uploads\/2023\/05\/lady-justice-gb347a03fc_1280-480x360.jpeg 480w\" sizes=\"(max-width: 1280px) 100vw, 1280px\" \/><\/a>\t\t\t\t\t\t<\/div>\n\t\t\t\t\t\n\t\t\t\t\t\t\t\t\t\t<div class=\"elementor-testimonial-details\">\n\t\t\t\t\t\t\t\t\t\t\t\t\t\t<a class=\"elementor-testimonial-name\" href=\"https:\/\/www.servustv.com\/aktuelles\/v\/aa-28a3dbyxh1w11\/\" target=\"_blank\">August 2021<\/a>\n\t\t\t\t\t\t\t\t\t\t\t\t\t\t\t\t\t\t\t\t\t\t<a class=\"elementor-testimonial-job\" href=\"https:\/\/www.servustv.com\/aktuelles\/v\/aa-28a3dbyxh1w11\/\" target=\"_blank\">Michael Yeadon<\/a>\n\t\t\t\t\t\t\t\t\t\t\t\t\t<\/div>\n\t\t\t\t\t\t\t\t\t<\/div>\n\t\t\t<\/div>\n\t\t\t\t\t<\/div>\n\t\t\t\t\t\t<\/div>\n\t\t\t\t<\/div>\n\t\t\t\t\t<\/div>\n\t\t<\/div>\n\t\t\t\t<div class=\"elementor-column elementor-col-50 elementor-top-column elementor-element elementor-element-8718745\" data-id=\"8718745\" data-element_type=\"column\" data-e-type=\"column\">\n\t\t\t<div class=\"elementor-widget-wrap elementor-element-populated\">\n\t\t\t\t\t\t<div class=\"elementor-element elementor-element-572edb5 elementor-widget elementor-widget-testimonial\" data-id=\"572edb5\" data-element_type=\"widget\" data-e-type=\"widget\" data-widget_type=\"testimonial.default\">\n\t\t\t\t<div class=\"elementor-widget-container\">\n\t\t\t\t\t\t\t<div class=\"elementor-testimonial-wrapper\">\n\t\t\t\t\t\t\t<div class=\"elementor-testimonial-content\">Es macht bei einer Infektion, wo nur sehr wenige Menschen wirklich einen schweren Verlauf durchmachen und noch weniger Menschen daran sterben, viel mehr Sinn, sich therapeutisch Gedanken zu machen, zB mit Ivermectin oder mit anderen Substanzen, die durchaus vor der T\u00fcr stehen. Also Alternativlos ist diese Impfung sicherlich nicht. \n<\/div>\n\t\t\t\n\t\t\t\t\t\t<div class=\"elementor-testimonial-meta elementor-has-image elementor-testimonial-image-position-aside\">\n\t\t\t\t<div class=\"elementor-testimonial-meta-inner\">\n\t\t\t\t\t\t\t\t\t\t\t<div class=\"elementor-testimonial-image\">\n\t\t\t\t\t\t\t<a href=\"https:\/\/www.servustv.com\/aktuelles\/v\/aa-28a3dbyxh1w11\/\" target=\"_blank\"><img decoding=\"async\" width=\"1280\" height=\"960\" src=\"https:\/\/ggi-initiative.at\/wp\/wp-content\/uploads\/2023\/05\/lady-justice-gb347a03fc_1280.jpeg\" class=\"attachment-full size-full wp-image-8188\" alt=\"\" srcset=\"https:\/\/ggi-initiative.at\/wp\/wp-content\/uploads\/2023\/05\/lady-justice-gb347a03fc_1280.jpeg 1280w, https:\/\/ggi-initiative.at\/wp\/wp-content\/uploads\/2023\/05\/lady-justice-gb347a03fc_1280-300x225.jpeg 300w, https:\/\/ggi-initiative.at\/wp\/wp-content\/uploads\/2023\/05\/lady-justice-gb347a03fc_1280-1024x768.jpeg 1024w, https:\/\/ggi-initiative.at\/wp\/wp-content\/uploads\/2023\/05\/lady-justice-gb347a03fc_1280-768x576.jpeg 768w, https:\/\/ggi-initiative.at\/wp\/wp-content\/uploads\/2023\/05\/lady-justice-gb347a03fc_1280-920x690.jpeg 920w, https:\/\/ggi-initiative.at\/wp\/wp-content\/uploads\/2023\/05\/lady-justice-gb347a03fc_1280-230x173.jpeg 230w, https:\/\/ggi-initiative.at\/wp\/wp-content\/uploads\/2023\/05\/lady-justice-gb347a03fc_1280-350x263.jpeg 350w, https:\/\/ggi-initiative.at\/wp\/wp-content\/uploads\/2023\/05\/lady-justice-gb347a03fc_1280-480x360.jpeg 480w\" sizes=\"(max-width: 1280px) 100vw, 1280px\" \/><\/a>\t\t\t\t\t\t<\/div>\n\t\t\t\t\t\n\t\t\t\t\t\t\t\t\t\t<div class=\"elementor-testimonial-details\">\n\t\t\t\t\t\t\t\t\t\t\t\t\t\t<a class=\"elementor-testimonial-name\" href=\"https:\/\/www.servustv.com\/aktuelles\/v\/aa-28a3dbyxh1w11\/\" target=\"_blank\">August 2021<\/a>\n\t\t\t\t\t\t\t\t\t\t\t\t\t\t\t\t\t\t\t\t\t\t<a class=\"elementor-testimonial-job\" href=\"https:\/\/www.servustv.com\/aktuelles\/v\/aa-28a3dbyxh1w11\/\" target=\"_blank\">Stefan Hockertz <\/a>\n\t\t\t\t\t\t\t\t\t\t\t\t\t<\/div>\n\t\t\t\t\t\t\t\t\t<\/div>\n\t\t\t<\/div>\n\t\t\t\t\t<\/div>\n\t\t\t\t\t\t<\/div>\n\t\t\t\t<\/div>\n\t\t\t\t\t<\/div>\n\t\t<\/div>\n\t\t\t\t\t<\/div>\n\t\t<\/section>\n\t\t\t\t<section class=\"elementor-section elementor-top-section elementor-element elementor-element-2506059 elementor-section-boxed elementor-section-height-default elementor-section-height-default\" data-id=\"2506059\" data-element_type=\"section\" data-e-type=\"section\">\n\t\t\t\t\t\t<div class=\"elementor-container elementor-column-gap-default\">\n\t\t\t\t\t<div class=\"elementor-column elementor-col-50 elementor-top-column elementor-element elementor-element-ede6437\" data-id=\"ede6437\" data-element_type=\"column\" data-e-type=\"column\">\n\t\t\t<div class=\"elementor-widget-wrap elementor-element-populated\">\n\t\t\t\t\t\t<div class=\"elementor-element elementor-element-e894da5 elementor-widget elementor-widget-testimonial\" data-id=\"e894da5\" data-element_type=\"widget\" data-e-type=\"widget\" data-widget_type=\"testimonial.default\">\n\t\t\t\t<div class=\"elementor-widget-container\">\n\t\t\t\t\t\t\t<div class=\"elementor-testimonial-wrapper\">\n\t\t\t\t\t\t\t<div class=\"elementor-testimonial-content\">auch der Zeitpunkt der Impfung ist fatal. In jedem Lehrbuch f\u00fcr Immunologie finden sie auf den ersten 20 Seiten zum Thema Impfung den ganz klaren Hinweis: Impfe nie in eine Pandemie.<\/div>\n\t\t\t\n\t\t\t\t\t\t<div class=\"elementor-testimonial-meta elementor-has-image elementor-testimonial-image-position-aside\">\n\t\t\t\t<div class=\"elementor-testimonial-meta-inner\">\n\t\t\t\t\t\t\t\t\t\t\t<div class=\"elementor-testimonial-image\">\n\t\t\t\t\t\t\t<a href=\"https:\/\/www.servustv.com\/aktuelles\/v\/aa-28a3dbyxh1w11\/\" target=\"_blank\"><img decoding=\"async\" width=\"1280\" height=\"960\" src=\"https:\/\/ggi-initiative.at\/wp\/wp-content\/uploads\/2023\/05\/lady-justice-gb347a03fc_1280.jpeg\" class=\"attachment-full size-full wp-image-8188\" alt=\"\" srcset=\"https:\/\/ggi-initiative.at\/wp\/wp-content\/uploads\/2023\/05\/lady-justice-gb347a03fc_1280.jpeg 1280w, https:\/\/ggi-initiative.at\/wp\/wp-content\/uploads\/2023\/05\/lady-justice-gb347a03fc_1280-300x225.jpeg 300w, https:\/\/ggi-initiative.at\/wp\/wp-content\/uploads\/2023\/05\/lady-justice-gb347a03fc_1280-1024x768.jpeg 1024w, https:\/\/ggi-initiative.at\/wp\/wp-content\/uploads\/2023\/05\/lady-justice-gb347a03fc_1280-768x576.jpeg 768w, https:\/\/ggi-initiative.at\/wp\/wp-content\/uploads\/2023\/05\/lady-justice-gb347a03fc_1280-920x690.jpeg 920w, https:\/\/ggi-initiative.at\/wp\/wp-content\/uploads\/2023\/05\/lady-justice-gb347a03fc_1280-230x173.jpeg 230w, https:\/\/ggi-initiative.at\/wp\/wp-content\/uploads\/2023\/05\/lady-justice-gb347a03fc_1280-350x263.jpeg 350w, https:\/\/ggi-initiative.at\/wp\/wp-content\/uploads\/2023\/05\/lady-justice-gb347a03fc_1280-480x360.jpeg 480w\" sizes=\"(max-width: 1280px) 100vw, 1280px\" \/><\/a>\t\t\t\t\t\t<\/div>\n\t\t\t\t\t\n\t\t\t\t\t\t\t\t\t\t<div class=\"elementor-testimonial-details\">\n\t\t\t\t\t\t\t\t\t\t\t\t\t\t<a class=\"elementor-testimonial-name\" href=\"https:\/\/www.servustv.com\/aktuelles\/v\/aa-28a3dbyxh1w11\/\" target=\"_blank\">August 2021<\/a>\n\t\t\t\t\t\t\t\t\t\t\t\t\t\t\t\t\t\t\t\t\t\t<a class=\"elementor-testimonial-job\" href=\"https:\/\/www.servustv.com\/aktuelles\/v\/aa-28a3dbyxh1w11\/\" target=\"_blank\">Stefan Hockertz <\/a>\n\t\t\t\t\t\t\t\t\t\t\t\t\t<\/div>\n\t\t\t\t\t\t\t\t\t<\/div>\n\t\t\t<\/div>\n\t\t\t\t\t<\/div>\n\t\t\t\t\t\t<\/div>\n\t\t\t\t<\/div>\n\t\t\t\t\t<\/div>\n\t\t<\/div>\n\t\t\t\t<div class=\"elementor-column elementor-col-50 elementor-top-column elementor-element elementor-element-f3aa485\" data-id=\"f3aa485\" data-element_type=\"column\" data-e-type=\"column\">\n\t\t\t<div class=\"elementor-widget-wrap elementor-element-populated\">\n\t\t\t\t\t\t<div class=\"elementor-element elementor-element-b0a2c1a elementor-widget elementor-widget-testimonial\" data-id=\"b0a2c1a\" data-element_type=\"widget\" data-e-type=\"widget\" data-widget_type=\"testimonial.default\">\n\t\t\t\t<div class=\"elementor-widget-container\">\n\t\t\t\t\t\t\t<div class=\"elementor-testimonial-wrapper\">\n\t\t\t\t\t\t\t<div class=\"elementor-testimonial-content\">Zero-Covid war nie und ist ab jetzt mit Sicherheit keine Option mehr. Aber auch eine Herdenimmunit\u00e4t ist endg\u00fcltig Geschichte. SARS-CoV-2 ist endemisch und wird uns erhalten bleiben.<\/div>\n\t\t\t\n\t\t\t\t\t\t<div class=\"elementor-testimonial-meta elementor-has-image elementor-testimonial-image-position-aside\">\n\t\t\t\t<div class=\"elementor-testimonial-meta-inner\">\n\t\t\t\t\t\t\t\t\t\t\t<div class=\"elementor-testimonial-image\">\n\t\t\t\t\t\t\t<a href=\"https:\/\/www.facebook.com\/GrazPublicHealth\/posts\/pfbid036TKZhGzBJ4kgGDmUGAVqBETG6wXoi9ZW7fFUNUeqZPUErUhNbghdtQnh9X36od7Al\" target=\"_blank\"><img decoding=\"async\" width=\"1280\" height=\"960\" src=\"https:\/\/ggi-initiative.at\/wp\/wp-content\/uploads\/2023\/05\/lady-justice-gb347a03fc_1280.jpeg\" class=\"attachment-full size-full wp-image-8188\" alt=\"\" srcset=\"https:\/\/ggi-initiative.at\/wp\/wp-content\/uploads\/2023\/05\/lady-justice-gb347a03fc_1280.jpeg 1280w, https:\/\/ggi-initiative.at\/wp\/wp-content\/uploads\/2023\/05\/lady-justice-gb347a03fc_1280-300x225.jpeg 300w, https:\/\/ggi-initiative.at\/wp\/wp-content\/uploads\/2023\/05\/lady-justice-gb347a03fc_1280-1024x768.jpeg 1024w, https:\/\/ggi-initiative.at\/wp\/wp-content\/uploads\/2023\/05\/lady-justice-gb347a03fc_1280-768x576.jpeg 768w, https:\/\/ggi-initiative.at\/wp\/wp-content\/uploads\/2023\/05\/lady-justice-gb347a03fc_1280-920x690.jpeg 920w, https:\/\/ggi-initiative.at\/wp\/wp-content\/uploads\/2023\/05\/lady-justice-gb347a03fc_1280-230x173.jpeg 230w, https:\/\/ggi-initiative.at\/wp\/wp-content\/uploads\/2023\/05\/lady-justice-gb347a03fc_1280-350x263.jpeg 350w, https:\/\/ggi-initiative.at\/wp\/wp-content\/uploads\/2023\/05\/lady-justice-gb347a03fc_1280-480x360.jpeg 480w\" sizes=\"(max-width: 1280px) 100vw, 1280px\" \/><\/a>\t\t\t\t\t\t<\/div>\n\t\t\t\t\t\n\t\t\t\t\t\t\t\t\t\t<div class=\"elementor-testimonial-details\">\n\t\t\t\t\t\t\t\t\t\t\t\t\t\t<a class=\"elementor-testimonial-name\" href=\"https:\/\/www.facebook.com\/GrazPublicHealth\/posts\/pfbid036TKZhGzBJ4kgGDmUGAVqBETG6wXoi9ZW7fFUNUeqZPUErUhNbghdtQnh9X36od7Al\" target=\"_blank\">September 2021<\/a>\n\t\t\t\t\t\t\t\t\t\t\t\t\t\t\t\t\t\t\t\t\t\t<a class=\"elementor-testimonial-job\" href=\"https:\/\/www.facebook.com\/GrazPublicHealth\/posts\/pfbid036TKZhGzBJ4kgGDmUGAVqBETG6wXoi9ZW7fFUNUeqZPUErUhNbghdtQnh9X36od7Al\" target=\"_blank\">Martin Sprenger<\/a>\n\t\t\t\t\t\t\t\t\t\t\t\t\t<\/div>\n\t\t\t\t\t\t\t\t\t<\/div>\n\t\t\t<\/div>\n\t\t\t\t\t<\/div>\n\t\t\t\t\t\t<\/div>\n\t\t\t\t<\/div>\n\t\t\t\t\t<\/div>\n\t\t<\/div>\n\t\t\t\t\t<\/div>\n\t\t<\/section>\n\t\t\t\t<section class=\"elementor-section elementor-top-section elementor-element elementor-element-78611c6 elementor-section-boxed elementor-section-height-default elementor-section-height-default\" data-id=\"78611c6\" data-element_type=\"section\" data-e-type=\"section\">\n\t\t\t\t\t\t<div class=\"elementor-container elementor-column-gap-default\">\n\t\t\t\t\t<div class=\"elementor-column elementor-col-50 elementor-top-column elementor-element elementor-element-1542be0\" data-id=\"1542be0\" data-element_type=\"column\" data-e-type=\"column\">\n\t\t\t<div class=\"elementor-widget-wrap elementor-element-populated\">\n\t\t\t\t\t\t<div class=\"elementor-element elementor-element-27ce7c9 elementor-widget elementor-widget-testimonial\" data-id=\"27ce7c9\" data-element_type=\"widget\" data-e-type=\"widget\" data-widget_type=\"testimonial.default\">\n\t\t\t\t<div class=\"elementor-widget-container\">\n\t\t\t\t\t\t\t<div class=\"elementor-testimonial-wrapper\">\n\t\t\t\t\t\t\t<div class=\"elementor-testimonial-content\">Wir haben eine Sterblichkeit bei allen seit Mai 2021 mittels PCR-diagnostizierten SARS-CoV-2-Infektionen von 0,3 Prozent. Von den Verantwortlichen ist hier bei weitem nicht immer evidenzbasiert argumentiert worden.\u00a0\u00a0<\/div>\n\t\t\t\n\t\t\t\t\t\t<div class=\"elementor-testimonial-meta elementor-has-image elementor-testimonial-image-position-aside\">\n\t\t\t\t<div class=\"elementor-testimonial-meta-inner\">\n\t\t\t\t\t\t\t\t\t\t\t<div class=\"elementor-testimonial-image\">\n\t\t\t\t\t\t\t<a href=\"https:\/\/www.kleinezeitung.at\/politik\/innenpolitik\/6027892\/Allerberger-in-Pension_Bernhard-Benka-uebernimmt-den-Bereich\" target=\"_blank\"><img decoding=\"async\" width=\"1280\" height=\"960\" src=\"https:\/\/ggi-initiative.at\/wp\/wp-content\/uploads\/2023\/05\/lady-justice-gb347a03fc_1280.jpeg\" class=\"attachment-full size-full wp-image-8188\" alt=\"\" srcset=\"https:\/\/ggi-initiative.at\/wp\/wp-content\/uploads\/2023\/05\/lady-justice-gb347a03fc_1280.jpeg 1280w, https:\/\/ggi-initiative.at\/wp\/wp-content\/uploads\/2023\/05\/lady-justice-gb347a03fc_1280-300x225.jpeg 300w, https:\/\/ggi-initiative.at\/wp\/wp-content\/uploads\/2023\/05\/lady-justice-gb347a03fc_1280-1024x768.jpeg 1024w, https:\/\/ggi-initiative.at\/wp\/wp-content\/uploads\/2023\/05\/lady-justice-gb347a03fc_1280-768x576.jpeg 768w, https:\/\/ggi-initiative.at\/wp\/wp-content\/uploads\/2023\/05\/lady-justice-gb347a03fc_1280-920x690.jpeg 920w, https:\/\/ggi-initiative.at\/wp\/wp-content\/uploads\/2023\/05\/lady-justice-gb347a03fc_1280-230x173.jpeg 230w, https:\/\/ggi-initiative.at\/wp\/wp-content\/uploads\/2023\/05\/lady-justice-gb347a03fc_1280-350x263.jpeg 350w, https:\/\/ggi-initiative.at\/wp\/wp-content\/uploads\/2023\/05\/lady-justice-gb347a03fc_1280-480x360.jpeg 480w\" sizes=\"(max-width: 1280px) 100vw, 1280px\" \/><\/a>\t\t\t\t\t\t<\/div>\n\t\t\t\t\t\n\t\t\t\t\t\t\t\t\t\t<div class=\"elementor-testimonial-details\">\n\t\t\t\t\t\t\t\t\t\t\t\t\t\t<a class=\"elementor-testimonial-name\" href=\"https:\/\/www.kleinezeitung.at\/politik\/innenpolitik\/6027892\/Allerberger-in-Pension_Bernhard-Benka-uebernimmt-den-Bereich\" target=\"_blank\">September 2021<\/a>\n\t\t\t\t\t\t\t\t\t\t\t\t\t\t\t\t\t\t\t\t\t\t<a class=\"elementor-testimonial-job\" href=\"https:\/\/www.kleinezeitung.at\/politik\/innenpolitik\/6027892\/Allerberger-in-Pension_Bernhard-Benka-uebernimmt-den-Bereich\" target=\"_blank\">Franz Allerberger<\/a>\n\t\t\t\t\t\t\t\t\t\t\t\t\t<\/div>\n\t\t\t\t\t\t\t\t\t<\/div>\n\t\t\t<\/div>\n\t\t\t\t\t<\/div>\n\t\t\t\t\t\t<\/div>\n\t\t\t\t<\/div>\n\t\t\t\t\t<\/div>\n\t\t<\/div>\n\t\t\t\t<div class=\"elementor-column elementor-col-50 elementor-top-column elementor-element elementor-element-34a2e0f\" data-id=\"34a2e0f\" data-element_type=\"column\" data-e-type=\"column\">\n\t\t\t<div class=\"elementor-widget-wrap elementor-element-populated\">\n\t\t\t\t\t\t<div class=\"elementor-element elementor-element-9426a72 elementor-widget elementor-widget-testimonial\" data-id=\"9426a72\" data-element_type=\"widget\" data-e-type=\"widget\" data-widget_type=\"testimonial.default\">\n\t\t\t\t<div class=\"elementor-widget-container\">\n\t\t\t\t\t\t\t<div class=\"elementor-testimonial-wrapper\">\n\t\t\t\t\t\t\t<div class=\"elementor-testimonial-content\">Den endg\u00fcltigen Beweis daf\u00fcr, dass sich auch Geimpfte infizieren und andere anstecken k\u00f6nnen, dass die Impfungen also nicht zu einer sterilen Immunit\u00e4t f\u00fchren, erbrachte eine britische Studie, im Oktober in der renommierten Fachzeitschrift \u201eThe Lancet\u201c ver\u00f6ffentlicht wurde.<\/div>\n\t\t\t\n\t\t\t\t\t\t<div class=\"elementor-testimonial-meta elementor-has-image elementor-testimonial-image-position-aside\">\n\t\t\t\t<div class=\"elementor-testimonial-meta-inner\">\n\t\t\t\t\t\t\t\t\t\t\t<div class=\"elementor-testimonial-image\">\n\t\t\t\t\t\t\t<a href=\"https:\/\/www.diepresse.com\/6077320\/der-endgueltige-abschied-von-der-sterilen-immunitaet\" target=\"_blank\"><img decoding=\"async\" width=\"1280\" height=\"960\" src=\"https:\/\/ggi-initiative.at\/wp\/wp-content\/uploads\/2023\/05\/lady-justice-gb347a03fc_1280.jpeg\" class=\"attachment-full size-full wp-image-8188\" alt=\"\" srcset=\"https:\/\/ggi-initiative.at\/wp\/wp-content\/uploads\/2023\/05\/lady-justice-gb347a03fc_1280.jpeg 1280w, https:\/\/ggi-initiative.at\/wp\/wp-content\/uploads\/2023\/05\/lady-justice-gb347a03fc_1280-300x225.jpeg 300w, https:\/\/ggi-initiative.at\/wp\/wp-content\/uploads\/2023\/05\/lady-justice-gb347a03fc_1280-1024x768.jpeg 1024w, https:\/\/ggi-initiative.at\/wp\/wp-content\/uploads\/2023\/05\/lady-justice-gb347a03fc_1280-768x576.jpeg 768w, https:\/\/ggi-initiative.at\/wp\/wp-content\/uploads\/2023\/05\/lady-justice-gb347a03fc_1280-920x690.jpeg 920w, https:\/\/ggi-initiative.at\/wp\/wp-content\/uploads\/2023\/05\/lady-justice-gb347a03fc_1280-230x173.jpeg 230w, https:\/\/ggi-initiative.at\/wp\/wp-content\/uploads\/2023\/05\/lady-justice-gb347a03fc_1280-350x263.jpeg 350w, https:\/\/ggi-initiative.at\/wp\/wp-content\/uploads\/2023\/05\/lady-justice-gb347a03fc_1280-480x360.jpeg 480w\" sizes=\"(max-width: 1280px) 100vw, 1280px\" \/><\/a>\t\t\t\t\t\t<\/div>\n\t\t\t\t\t\n\t\t\t\t\t\t\t\t\t\t<div class=\"elementor-testimonial-details\">\n\t\t\t\t\t\t\t\t\t\t\t\t\t\t<a class=\"elementor-testimonial-name\" href=\"https:\/\/www.diepresse.com\/6077320\/der-endgueltige-abschied-von-der-sterilen-immunitaet\" target=\"_blank\">Oktober 2021<\/a>\n\t\t\t\t\t\t\t\t\t\t\t\t\t\t\t\t\t\t\t\t\t\t<a class=\"elementor-testimonial-job\" href=\"https:\/\/www.diepresse.com\/6077320\/der-endgueltige-abschied-von-der-sterilen-immunitaet\" target=\"_blank\">Die Presse<\/a>\n\t\t\t\t\t\t\t\t\t\t\t\t\t<\/div>\n\t\t\t\t\t\t\t\t\t<\/div>\n\t\t\t<\/div>\n\t\t\t\t\t<\/div>\n\t\t\t\t\t\t<\/div>\n\t\t\t\t<\/div>\n\t\t\t\t\t<\/div>\n\t\t<\/div>\n\t\t\t\t\t<\/div>\n\t\t<\/section>\n\t\t\t\t<section class=\"elementor-section elementor-top-section elementor-element elementor-element-6a72c53 elementor-section-boxed elementor-section-height-default elementor-section-height-default\" data-id=\"6a72c53\" data-element_type=\"section\" data-e-type=\"section\">\n\t\t\t\t\t\t<div class=\"elementor-container elementor-column-gap-default\">\n\t\t\t\t\t<div class=\"elementor-column elementor-col-50 elementor-top-column elementor-element elementor-element-737ce3c\" data-id=\"737ce3c\" data-element_type=\"column\" data-e-type=\"column\">\n\t\t\t<div class=\"elementor-widget-wrap elementor-element-populated\">\n\t\t\t\t\t\t<div class=\"elementor-element elementor-element-be9501c elementor-widget elementor-widget-testimonial\" data-id=\"be9501c\" data-element_type=\"widget\" data-e-type=\"widget\" data-widget_type=\"testimonial.default\">\n\t\t\t\t<div class=\"elementor-widget-container\">\n\t\t\t\t\t\t\t<div class=\"elementor-testimonial-wrapper\">\n\t\t\t\t\t\t\t<div class=\"elementor-testimonial-content\">Den ersten Eindruck zur Mortalit\u00e4t von Covid-19 konnte man bereits Ende Februar 2020 aus den Daten des Kreuzfahrtschiffes \u201eDiamond Princess\u201c erhalten: Die Sterblichkeitsrate lag trotz des relativ hohen Alters der Infizierten deutlich unter 1%. <\/div>\n\t\t\t\n\t\t\t\t\t\t<div class=\"elementor-testimonial-meta elementor-has-image elementor-testimonial-image-position-aside\">\n\t\t\t\t<div class=\"elementor-testimonial-meta-inner\">\n\t\t\t\t\t\t\t\t\t\t\t<div class=\"elementor-testimonial-image\">\n\t\t\t\t\t\t\t<a href=\"https:\/\/www.cicero.de\/innenpolitik\/corona-pandemie-lockdown-maskenpflicht\" target=\"_blank\"><img decoding=\"async\" width=\"1280\" height=\"960\" src=\"https:\/\/ggi-initiative.at\/wp\/wp-content\/uploads\/2023\/05\/lady-justice-gb347a03fc_1280.jpeg\" class=\"attachment-full size-full wp-image-8188\" alt=\"\" srcset=\"https:\/\/ggi-initiative.at\/wp\/wp-content\/uploads\/2023\/05\/lady-justice-gb347a03fc_1280.jpeg 1280w, https:\/\/ggi-initiative.at\/wp\/wp-content\/uploads\/2023\/05\/lady-justice-gb347a03fc_1280-300x225.jpeg 300w, https:\/\/ggi-initiative.at\/wp\/wp-content\/uploads\/2023\/05\/lady-justice-gb347a03fc_1280-1024x768.jpeg 1024w, https:\/\/ggi-initiative.at\/wp\/wp-content\/uploads\/2023\/05\/lady-justice-gb347a03fc_1280-768x576.jpeg 768w, https:\/\/ggi-initiative.at\/wp\/wp-content\/uploads\/2023\/05\/lady-justice-gb347a03fc_1280-920x690.jpeg 920w, https:\/\/ggi-initiative.at\/wp\/wp-content\/uploads\/2023\/05\/lady-justice-gb347a03fc_1280-230x173.jpeg 230w, https:\/\/ggi-initiative.at\/wp\/wp-content\/uploads\/2023\/05\/lady-justice-gb347a03fc_1280-350x263.jpeg 350w, https:\/\/ggi-initiative.at\/wp\/wp-content\/uploads\/2023\/05\/lady-justice-gb347a03fc_1280-480x360.jpeg 480w\" sizes=\"(max-width: 1280px) 100vw, 1280px\" \/><\/a>\t\t\t\t\t\t<\/div>\n\t\t\t\t\t\n\t\t\t\t\t\t\t\t\t\t<div class=\"elementor-testimonial-details\">\n\t\t\t\t\t\t\t\t\t\t\t\t\t\t<a class=\"elementor-testimonial-name\" href=\"https:\/\/www.cicero.de\/innenpolitik\/corona-pandemie-lockdown-maskenpflicht\" target=\"_blank\">R\u00fcckblickend<\/a>\n\t\t\t\t\t\t\t\t\t\t\t\t\t\t\t\t\t\t\t\t\t\t<a class=\"elementor-testimonial-job\" href=\"https:\/\/www.cicero.de\/innenpolitik\/corona-pandemie-lockdown-maskenpflicht\" target=\"_blank\">Boris Kotchoubey, 2023<\/a>\n\t\t\t\t\t\t\t\t\t\t\t\t\t<\/div>\n\t\t\t\t\t\t\t\t\t<\/div>\n\t\t\t<\/div>\n\t\t\t\t\t<\/div>\n\t\t\t\t\t\t<\/div>\n\t\t\t\t<\/div>\n\t\t\t\t\t<\/div>\n\t\t<\/div>\n\t\t\t\t<div class=\"elementor-column elementor-col-50 elementor-top-column elementor-element elementor-element-2181ac5\" data-id=\"2181ac5\" data-element_type=\"column\" data-e-type=\"column\">\n\t\t\t<div class=\"elementor-widget-wrap elementor-element-populated\">\n\t\t\t\t\t\t<div class=\"elementor-element elementor-element-5e7dabf elementor-widget elementor-widget-testimonial\" data-id=\"5e7dabf\" data-element_type=\"widget\" data-e-type=\"widget\" data-widget_type=\"testimonial.default\">\n\t\t\t\t<div class=\"elementor-widget-container\">\n\t\t\t\t\t\t\t<div class=\"elementor-testimonial-wrapper\">\n\t\t\t\t\t\t\t<div class=\"elementor-testimonial-content\">Im Fachbeirat des Europ\u00e4ischen Seuchenzentrums ECDC war bereits im Februar 2020 ein Drittel der Experten der Meinung, das Virus sei nicht so t\u00f6dlich wie angenommen, sondern eher grippe\u00e4hnlich.<\/div>\n\t\t\t\n\t\t\t\t\t\t<div class=\"elementor-testimonial-meta elementor-has-image elementor-testimonial-image-position-aside\">\n\t\t\t\t<div class=\"elementor-testimonial-meta-inner\">\n\t\t\t\t\t\t\t\t\t\t\t<div class=\"elementor-testimonial-image\">\n\t\t\t\t\t\t\t<a href=\"https:\/\/www.profil.at\/oesterreich\/umstrittener-infektiologe-die-grippe-ist-gefaehrlicher-als-corona\/402248583\" target=\"_blank\"><img decoding=\"async\" width=\"1280\" height=\"960\" src=\"https:\/\/ggi-initiative.at\/wp\/wp-content\/uploads\/2023\/05\/lady-justice-gb347a03fc_1280.jpeg\" class=\"attachment-full size-full wp-image-8188\" alt=\"\" srcset=\"https:\/\/ggi-initiative.at\/wp\/wp-content\/uploads\/2023\/05\/lady-justice-gb347a03fc_1280.jpeg 1280w, https:\/\/ggi-initiative.at\/wp\/wp-content\/uploads\/2023\/05\/lady-justice-gb347a03fc_1280-300x225.jpeg 300w, https:\/\/ggi-initiative.at\/wp\/wp-content\/uploads\/2023\/05\/lady-justice-gb347a03fc_1280-1024x768.jpeg 1024w, https:\/\/ggi-initiative.at\/wp\/wp-content\/uploads\/2023\/05\/lady-justice-gb347a03fc_1280-768x576.jpeg 768w, https:\/\/ggi-initiative.at\/wp\/wp-content\/uploads\/2023\/05\/lady-justice-gb347a03fc_1280-920x690.jpeg 920w, https:\/\/ggi-initiative.at\/wp\/wp-content\/uploads\/2023\/05\/lady-justice-gb347a03fc_1280-230x173.jpeg 230w, https:\/\/ggi-initiative.at\/wp\/wp-content\/uploads\/2023\/05\/lady-justice-gb347a03fc_1280-350x263.jpeg 350w, https:\/\/ggi-initiative.at\/wp\/wp-content\/uploads\/2023\/05\/lady-justice-gb347a03fc_1280-480x360.jpeg 480w\" sizes=\"(max-width: 1280px) 100vw, 1280px\" \/><\/a>\t\t\t\t\t\t<\/div>\n\t\t\t\t\t\n\t\t\t\t\t\t\t\t\t\t<div class=\"elementor-testimonial-details\">\n\t\t\t\t\t\t\t\t\t\t\t\t\t\t<a class=\"elementor-testimonial-name\" href=\"https:\/\/www.profil.at\/oesterreich\/umstrittener-infektiologe-die-grippe-ist-gefaehrlicher-als-corona\/402248583\" target=\"_blank\">R\u00fcckblickend<\/a>\n\t\t\t\t\t\t\t\t\t\t\t\t\t\t\t\t\t\t\t\t\t\t<a class=\"elementor-testimonial-job\" href=\"https:\/\/www.profil.at\/oesterreich\/umstrittener-infektiologe-die-grippe-ist-gefaehrlicher-als-corona\/402248583\" target=\"_blank\">Franz Allerberger, 2022<\/a>\n\t\t\t\t\t\t\t\t\t\t\t\t\t<\/div>\n\t\t\t\t\t\t\t\t\t<\/div>\n\t\t\t<\/div>\n\t\t\t\t\t<\/div>\n\t\t\t\t\t\t<\/div>\n\t\t\t\t<\/div>\n\t\t\t\t\t<\/div>\n\t\t<\/div>\n\t\t\t\t\t<\/div>\n\t\t<\/section>\n\t\t\t\t<section class=\"elementor-section elementor-top-section elementor-element elementor-element-d4a6663 elementor-section-boxed elementor-section-height-default elementor-section-height-default\" data-id=\"d4a6663\" data-element_type=\"section\" data-e-type=\"section\">\n\t\t\t\t\t\t<div class=\"elementor-container elementor-column-gap-default\">\n\t\t\t\t\t<div class=\"elementor-column elementor-col-50 elementor-top-column elementor-element elementor-element-6a77324\" data-id=\"6a77324\" data-element_type=\"column\" data-e-type=\"column\">\n\t\t\t<div class=\"elementor-widget-wrap elementor-element-populated\">\n\t\t\t\t\t\t<div class=\"elementor-element elementor-element-d21f8bc elementor-widget elementor-widget-testimonial\" data-id=\"d21f8bc\" data-element_type=\"widget\" data-e-type=\"widget\" data-widget_type=\"testimonial.default\">\n\t\t\t\t<div class=\"elementor-widget-container\">\n\t\t\t\t\t\t\t<div class=\"elementor-testimonial-wrapper\">\n\t\t\t\t\t\t\t<div class=\"elementor-testimonial-content\">Die derzeitige Lockdown-Politik hat kurz- und langfristig verheerende Auswirkungen auf die \u00f6ffentliche Gesundheit.<\/div>\n\t\t\t\n\t\t\t\t\t\t<div class=\"elementor-testimonial-meta elementor-has-image elementor-testimonial-image-position-aside\">\n\t\t\t\t<div class=\"elementor-testimonial-meta-inner\">\n\t\t\t\t\t\t\t\t\t\t\t<div class=\"elementor-testimonial-image\">\n\t\t\t\t\t\t\t<a href=\"https:\/\/gbdeclaration.org\/\" target=\"_blank\"><img decoding=\"async\" width=\"1280\" height=\"960\" src=\"https:\/\/ggi-initiative.at\/wp\/wp-content\/uploads\/2023\/05\/lady-justice-gb347a03fc_1280.jpeg\" class=\"attachment-full size-full wp-image-8188\" alt=\"\" srcset=\"https:\/\/ggi-initiative.at\/wp\/wp-content\/uploads\/2023\/05\/lady-justice-gb347a03fc_1280.jpeg 1280w, https:\/\/ggi-initiative.at\/wp\/wp-content\/uploads\/2023\/05\/lady-justice-gb347a03fc_1280-300x225.jpeg 300w, https:\/\/ggi-initiative.at\/wp\/wp-content\/uploads\/2023\/05\/lady-justice-gb347a03fc_1280-1024x768.jpeg 1024w, https:\/\/ggi-initiative.at\/wp\/wp-content\/uploads\/2023\/05\/lady-justice-gb347a03fc_1280-768x576.jpeg 768w, https:\/\/ggi-initiative.at\/wp\/wp-content\/uploads\/2023\/05\/lady-justice-gb347a03fc_1280-920x690.jpeg 920w, https:\/\/ggi-initiative.at\/wp\/wp-content\/uploads\/2023\/05\/lady-justice-gb347a03fc_1280-230x173.jpeg 230w, https:\/\/ggi-initiative.at\/wp\/wp-content\/uploads\/2023\/05\/lady-justice-gb347a03fc_1280-350x263.jpeg 350w, https:\/\/ggi-initiative.at\/wp\/wp-content\/uploads\/2023\/05\/lady-justice-gb347a03fc_1280-480x360.jpeg 480w\" sizes=\"(max-width: 1280px) 100vw, 1280px\" \/><\/a>\t\t\t\t\t\t<\/div>\n\t\t\t\t\t\n\t\t\t\t\t\t\t\t\t\t<div class=\"elementor-testimonial-details\">\n\t\t\t\t\t\t\t\t\t\t\t\t\t\t<a class=\"elementor-testimonial-name\" href=\"https:\/\/gbdeclaration.org\/\" target=\"_blank\">Oktober 2021<\/a>\n\t\t\t\t\t\t\t\t\t\t\t\t\t\t\t\t\t\t\t\t\t\t<a class=\"elementor-testimonial-job\" href=\"https:\/\/gbdeclaration.org\/\" target=\"_blank\">Great Barrington Declaration<\/a>\n\t\t\t\t\t\t\t\t\t\t\t\t\t<\/div>\n\t\t\t\t\t\t\t\t\t<\/div>\n\t\t\t<\/div>\n\t\t\t\t\t<\/div>\n\t\t\t\t\t\t<\/div>\n\t\t\t\t<\/div>\n\t\t\t\t\t<\/div>\n\t\t<\/div>\n\t\t\t\t<div class=\"elementor-column elementor-col-50 elementor-top-column elementor-element elementor-element-90d92e7\" data-id=\"90d92e7\" data-element_type=\"column\" data-e-type=\"column\">\n\t\t\t<div class=\"elementor-widget-wrap elementor-element-populated\">\n\t\t\t\t\t\t<div class=\"elementor-element elementor-element-f0f3d2d elementor-widget elementor-widget-testimonial\" data-id=\"f0f3d2d\" data-element_type=\"widget\" data-e-type=\"widget\" data-widget_type=\"testimonial.default\">\n\t\t\t\t<div class=\"elementor-widget-container\">\n\t\t\t\t\t\t\t<div class=\"elementor-testimonial-wrapper\">\n\t\t\t\t\t\t\t<div class=\"elementor-testimonial-content\">Der AGES liegen derzeit keine verl\u00e4sslichen Daten zum Schweregrad der Covid-19-Erkrankung vor bzw. keine Information \u00fcber Hospitalisierung oder erforderliche Intensivpflege des Covid-19-Erkrankten. Aus diesem Grund kann die Wirksamkeit der Impfstoffe in Bezug auf die Verhinderung von schweren Verl\u00e4ufen sowie letalen Ausgang einer Sars-CoV-2-Infektion nicht berechnet werden.<\/div>\n\t\t\t\n\t\t\t\t\t\t<div class=\"elementor-testimonial-meta elementor-has-image elementor-testimonial-image-position-aside\">\n\t\t\t\t<div class=\"elementor-testimonial-meta-inner\">\n\t\t\t\t\t\t\t\t\t\t\t<div class=\"elementor-testimonial-image\">\n\t\t\t\t\t\t\t<a href=\"http:\/\/web.archive.org\/web\/20211014075312\/https:\/\/www.ages.at\/download\/0\/0\/6ea07b06c144d5d51bbd6752d639bfce8eb40b61\/fileadmin\/AGES2015\/Themen\/Krankheitserreger_Dateien\/Coronavirus\/Impfdurchbruch\/Impfeffektivit%C3%A4t_der_in_%C3%96sterreich_eingesetzten_COVID19-Impfstoffe_Ergebnisse_einer_populatonsbasierten_Kohortenstudie__KW_05-35.pdf\" target=\"_blank\"><img decoding=\"async\" width=\"1280\" height=\"960\" src=\"https:\/\/ggi-initiative.at\/wp\/wp-content\/uploads\/2023\/05\/lady-justice-gb347a03fc_1280.jpeg\" class=\"attachment-full size-full wp-image-8188\" alt=\"\" srcset=\"https:\/\/ggi-initiative.at\/wp\/wp-content\/uploads\/2023\/05\/lady-justice-gb347a03fc_1280.jpeg 1280w, https:\/\/ggi-initiative.at\/wp\/wp-content\/uploads\/2023\/05\/lady-justice-gb347a03fc_1280-300x225.jpeg 300w, https:\/\/ggi-initiative.at\/wp\/wp-content\/uploads\/2023\/05\/lady-justice-gb347a03fc_1280-1024x768.jpeg 1024w, https:\/\/ggi-initiative.at\/wp\/wp-content\/uploads\/2023\/05\/lady-justice-gb347a03fc_1280-768x576.jpeg 768w, https:\/\/ggi-initiative.at\/wp\/wp-content\/uploads\/2023\/05\/lady-justice-gb347a03fc_1280-920x690.jpeg 920w, https:\/\/ggi-initiative.at\/wp\/wp-content\/uploads\/2023\/05\/lady-justice-gb347a03fc_1280-230x173.jpeg 230w, https:\/\/ggi-initiative.at\/wp\/wp-content\/uploads\/2023\/05\/lady-justice-gb347a03fc_1280-350x263.jpeg 350w, https:\/\/ggi-initiative.at\/wp\/wp-content\/uploads\/2023\/05\/lady-justice-gb347a03fc_1280-480x360.jpeg 480w\" sizes=\"(max-width: 1280px) 100vw, 1280px\" \/><\/a>\t\t\t\t\t\t<\/div>\n\t\t\t\t\t\n\t\t\t\t\t\t\t\t\t\t<div class=\"elementor-testimonial-details\">\n\t\t\t\t\t\t\t\t\t\t\t\t\t\t<a class=\"elementor-testimonial-name\" href=\"http:\/\/web.archive.org\/web\/20211014075312\/https:\/\/www.ages.at\/download\/0\/0\/6ea07b06c144d5d51bbd6752d639bfce8eb40b61\/fileadmin\/AGES2015\/Themen\/Krankheitserreger_Dateien\/Coronavirus\/Impfdurchbruch\/Impfeffektivit%C3%A4t_der_in_%C3%96sterreich_eingesetzten_COVID19-Impfstoffe_Ergebnisse_einer_populatonsbasierten_Kohortenstudie__KW_05-35.pdf\" target=\"_blank\">Oktober 2021<\/a>\n\t\t\t\t\t\t\t\t\t\t\t\t\t\t\t\t\t\t\t\t\t\t<a class=\"elementor-testimonial-job\" href=\"http:\/\/web.archive.org\/web\/20211014075312\/https:\/\/www.ages.at\/download\/0\/0\/6ea07b06c144d5d51bbd6752d639bfce8eb40b61\/fileadmin\/AGES2015\/Themen\/Krankheitserreger_Dateien\/Coronavirus\/Impfdurchbruch\/Impfeffektivit%C3%A4t_der_in_%C3%96sterreich_eingesetzten_COVID19-Impfstoffe_Ergebnisse_einer_populatonsbasierten_Kohortenstudie__KW_05-35.pdf\" target=\"_blank\">AGES<\/a>\n\t\t\t\t\t\t\t\t\t\t\t\t\t<\/div>\n\t\t\t\t\t\t\t\t\t<\/div>\n\t\t\t<\/div>\n\t\t\t\t\t<\/div>\n\t\t\t\t\t\t<\/div>\n\t\t\t\t<\/div>\n\t\t\t\t\t<\/div>\n\t\t<\/div>\n\t\t\t\t\t<\/div>\n\t\t<\/section>\n\t\t\t\t<section class=\"elementor-section elementor-top-section elementor-element elementor-element-be303c1 elementor-section-boxed elementor-section-height-default elementor-section-height-default\" data-id=\"be303c1\" data-element_type=\"section\" data-e-type=\"section\">\n\t\t\t\t\t\t<div class=\"elementor-container elementor-column-gap-default\">\n\t\t\t\t\t<div class=\"elementor-column elementor-col-50 elementor-top-column elementor-element elementor-element-c6c4f67\" data-id=\"c6c4f67\" data-element_type=\"column\" data-e-type=\"column\">\n\t\t\t<div class=\"elementor-widget-wrap elementor-element-populated\">\n\t\t\t\t\t\t<div class=\"elementor-element elementor-element-7567b61 elementor-widget elementor-widget-testimonial\" data-id=\"7567b61\" data-element_type=\"widget\" data-e-type=\"widget\" data-widget_type=\"testimonial.default\">\n\t\t\t\t<div class=\"elementor-widget-container\">\n\t\t\t\t\t\t\t<div class=\"elementor-testimonial-wrapper\">\n\t\t\t\t\t\t\t<div class=\"elementor-testimonial-content\">Die Gef\u00e4hrlichkeit von COVID-19 wird aufgrund der Todesopfer, welche die Erkrankung in bestimmten L\u00e4ndern gefordert hat, massiv \u00fcbersch\u00e4tzt. Die Todesraten sind auf Lebensumst\u00e4nde, auf Zustand und Ausrichtung des Gesundheitssystems sowie auf die unterschiedliche Z\u00e4hlweise bei Statistiken zur\u00fcckzuf\u00fchren. Die Folge waren unverh\u00e4ltnism\u00e4ssige Pr\u00e4ventions-Massnahmen, die mehr psychischen, wirtschaftlichen und gesundheitlichen Schaden verursachen als Nutzen. Im Fr\u00fchjahr 2020 war es ein deklariertes Ziel der Politik, unser Gesundheitssystems vor einer \u00dcberlastung zu sch\u00fctzen. Diese \u00dcberlastung ist aber nie eingetreten. Die maximale Belegung der Spitalskapazit\u00e4t lag [in \u00d6sterreich] bei 5 Prozent, diejenige der Intensivbetten bei 26 Prozent. Die vorhergesagten zehntausende Todesf\u00e4lle sind nie eingetreten. \n\n<\/div>\n\t\t\t\n\t\t\t\t\t\t<div class=\"elementor-testimonial-meta elementor-has-image elementor-testimonial-image-position-aside\">\n\t\t\t\t<div class=\"elementor-testimonial-meta-inner\">\n\t\t\t\t\t\t\t\t\t\t\t<div class=\"elementor-testimonial-image\">\n\t\t\t\t\t\t\t<a href=\"https:\/\/www.ots.at\/presseaussendung\/OTS_20201007_OTS0081\/mediziner-angst-vor-corona-voellig-ueberzogen\" target=\"_blank\"><img decoding=\"async\" width=\"1280\" height=\"960\" src=\"https:\/\/ggi-initiative.at\/wp\/wp-content\/uploads\/2023\/05\/lady-justice-gb347a03fc_1280.jpeg\" class=\"attachment-full size-full wp-image-8188\" alt=\"\" srcset=\"https:\/\/ggi-initiative.at\/wp\/wp-content\/uploads\/2023\/05\/lady-justice-gb347a03fc_1280.jpeg 1280w, https:\/\/ggi-initiative.at\/wp\/wp-content\/uploads\/2023\/05\/lady-justice-gb347a03fc_1280-300x225.jpeg 300w, https:\/\/ggi-initiative.at\/wp\/wp-content\/uploads\/2023\/05\/lady-justice-gb347a03fc_1280-1024x768.jpeg 1024w, https:\/\/ggi-initiative.at\/wp\/wp-content\/uploads\/2023\/05\/lady-justice-gb347a03fc_1280-768x576.jpeg 768w, https:\/\/ggi-initiative.at\/wp\/wp-content\/uploads\/2023\/05\/lady-justice-gb347a03fc_1280-920x690.jpeg 920w, https:\/\/ggi-initiative.at\/wp\/wp-content\/uploads\/2023\/05\/lady-justice-gb347a03fc_1280-230x173.jpeg 230w, https:\/\/ggi-initiative.at\/wp\/wp-content\/uploads\/2023\/05\/lady-justice-gb347a03fc_1280-350x263.jpeg 350w, https:\/\/ggi-initiative.at\/wp\/wp-content\/uploads\/2023\/05\/lady-justice-gb347a03fc_1280-480x360.jpeg 480w\" sizes=\"(max-width: 1280px) 100vw, 1280px\" \/><\/a>\t\t\t\t\t\t<\/div>\n\t\t\t\t\t\n\t\t\t\t\t\t\t\t\t\t<div class=\"elementor-testimonial-details\">\n\t\t\t\t\t\t\t\t\t\t\t\t\t\t<a class=\"elementor-testimonial-name\" href=\"https:\/\/www.ots.at\/presseaussendung\/OTS_20201007_OTS0081\/mediziner-angst-vor-corona-voellig-ueberzogen\" target=\"_blank\">Oktober 2021<\/a>\n\t\t\t\t\t\t\t\t\t\t\t\t\t\t\t\t\t\t\t\t\t\t<a class=\"elementor-testimonial-job\" href=\"https:\/\/www.ots.at\/presseaussendung\/OTS_20201007_OTS0081\/mediziner-angst-vor-corona-voellig-ueberzogen\" target=\"_blank\">Andreas S\u00f6nnichsen<\/a>\n\t\t\t\t\t\t\t\t\t\t\t\t\t<\/div>\n\t\t\t\t\t\t\t\t\t<\/div>\n\t\t\t<\/div>\n\t\t\t\t\t<\/div>\n\t\t\t\t\t\t<\/div>\n\t\t\t\t<\/div>\n\t\t\t\t\t<\/div>\n\t\t<\/div>\n\t\t\t\t<div class=\"elementor-column elementor-col-50 elementor-top-column elementor-element elementor-element-c52eace\" data-id=\"c52eace\" data-element_type=\"column\" data-e-type=\"column\">\n\t\t\t<div class=\"elementor-widget-wrap elementor-element-populated\">\n\t\t\t\t\t\t<div class=\"elementor-element elementor-element-cc179af elementor-widget elementor-widget-testimonial\" data-id=\"cc179af\" data-element_type=\"widget\" data-e-type=\"widget\" data-widget_type=\"testimonial.default\">\n\t\t\t\t<div class=\"elementor-widget-container\">\n\t\t\t\t\t\t\t<div class=\"elementor-testimonial-wrapper\">\n\t\t\t\t\t\t\t<div class=\"elementor-testimonial-content\">Indem man einfach immer nur sagt, es ist die Pandemie der Ungeimpften, suggeriert man auch den Geimpften, du musst dich jetzt gar nicht mehr vorsichtig verhalten. Auch die Geimpften m\u00fcssen leider ihren Beitrag wieder leisten, sie m\u00fcssen sich mehr testen lassen. Sie m\u00fcssen realisieren, dass sie sich auch anstecken k\u00f6nnen, dass sie das Virus auch weitergeben k\u00f6nnen.<\/div>\n\t\t\t\n\t\t\t\t\t\t<div class=\"elementor-testimonial-meta elementor-has-image elementor-testimonial-image-position-aside\">\n\t\t\t\t<div class=\"elementor-testimonial-meta-inner\">\n\t\t\t\t\t\t\t\t\t\t\t<div class=\"elementor-testimonial-image\">\n\t\t\t\t\t\t\t<a href=\"https:\/\/www1.wdr.de\/daserste\/monitor\/sendungen\/pandemie-der-ungeimpften-100.html\" target=\"_blank\"><img decoding=\"async\" width=\"1280\" height=\"960\" src=\"https:\/\/ggi-initiative.at\/wp\/wp-content\/uploads\/2023\/05\/lady-justice-gb347a03fc_1280.jpeg\" class=\"attachment-full size-full wp-image-8188\" alt=\"\" srcset=\"https:\/\/ggi-initiative.at\/wp\/wp-content\/uploads\/2023\/05\/lady-justice-gb347a03fc_1280.jpeg 1280w, https:\/\/ggi-initiative.at\/wp\/wp-content\/uploads\/2023\/05\/lady-justice-gb347a03fc_1280-300x225.jpeg 300w, https:\/\/ggi-initiative.at\/wp\/wp-content\/uploads\/2023\/05\/lady-justice-gb347a03fc_1280-1024x768.jpeg 1024w, https:\/\/ggi-initiative.at\/wp\/wp-content\/uploads\/2023\/05\/lady-justice-gb347a03fc_1280-768x576.jpeg 768w, https:\/\/ggi-initiative.at\/wp\/wp-content\/uploads\/2023\/05\/lady-justice-gb347a03fc_1280-920x690.jpeg 920w, https:\/\/ggi-initiative.at\/wp\/wp-content\/uploads\/2023\/05\/lady-justice-gb347a03fc_1280-230x173.jpeg 230w, https:\/\/ggi-initiative.at\/wp\/wp-content\/uploads\/2023\/05\/lady-justice-gb347a03fc_1280-350x263.jpeg 350w, https:\/\/ggi-initiative.at\/wp\/wp-content\/uploads\/2023\/05\/lady-justice-gb347a03fc_1280-480x360.jpeg 480w\" sizes=\"(max-width: 1280px) 100vw, 1280px\" \/><\/a>\t\t\t\t\t\t<\/div>\n\t\t\t\t\t\n\t\t\t\t\t\t\t\t\t\t<div class=\"elementor-testimonial-details\">\n\t\t\t\t\t\t\t\t\t\t\t\t\t\t<a class=\"elementor-testimonial-name\" href=\"https:\/\/www1.wdr.de\/daserste\/monitor\/sendungen\/pandemie-der-ungeimpften-100.html\" target=\"_blank\">Oktober 2021<\/a>\n\t\t\t\t\t\t\t\t\t\t\t\t\t\t\t\t\t\t\t\t\t\t<a class=\"elementor-testimonial-job\" href=\"https:\/\/www1.wdr.de\/daserste\/monitor\/sendungen\/pandemie-der-ungeimpften-100.html\" target=\"_blank\">Carsten Watzl<\/a>\n\t\t\t\t\t\t\t\t\t\t\t\t\t<\/div>\n\t\t\t\t\t\t\t\t\t<\/div>\n\t\t\t<\/div>\n\t\t\t\t\t<\/div>\n\t\t\t\t\t\t<\/div>\n\t\t\t\t<\/div>\n\t\t\t\t\t<\/div>\n\t\t<\/div>\n\t\t\t\t\t<\/div>\n\t\t<\/section>\n\t\t\t\t<section class=\"elementor-section elementor-top-section elementor-element elementor-element-af72471 elementor-section-boxed elementor-section-height-default elementor-section-height-default\" data-id=\"af72471\" data-element_type=\"section\" data-e-type=\"section\">\n\t\t\t\t\t\t<div class=\"elementor-container elementor-column-gap-default\">\n\t\t\t\t\t<div class=\"elementor-column elementor-col-50 elementor-top-column elementor-element elementor-element-9f5c1b2\" data-id=\"9f5c1b2\" data-element_type=\"column\" data-e-type=\"column\">\n\t\t\t<div class=\"elementor-widget-wrap elementor-element-populated\">\n\t\t\t\t\t\t<div class=\"elementor-element elementor-element-a5cf58e elementor-widget elementor-widget-testimonial\" data-id=\"a5cf58e\" data-element_type=\"widget\" data-e-type=\"widget\" data-widget_type=\"testimonial.default\">\n\t\t\t\t<div class=\"elementor-widget-container\">\n\t\t\t\t\t\t\t<div class=\"elementor-testimonial-wrapper\">\n\t\t\t\t\t\t\t<div class=\"elementor-testimonial-content\">Wir erreichen durch die Impfung keine sterile Immunit\u00e4t. Es ist, wie Hendrik Streeck es formuliert hat: Die Impfung ist vor allem Eigenschutz, nicht Fremdschutz.<\/div>\n\t\t\t\n\t\t\t\t\t\t<div class=\"elementor-testimonial-meta elementor-has-image elementor-testimonial-image-position-aside\">\n\t\t\t\t<div class=\"elementor-testimonial-meta-inner\">\n\t\t\t\t\t\t\t\t\t\t\t<div class=\"elementor-testimonial-image\">\n\t\t\t\t\t\t\t<a href=\"https:\/\/www.bild.de\/politik\/inland\/politik-inland\/ex-charit-chefvirologe-krueger-2g-ist-nicht-sicherer-aber-unfreier-78186550.bild.html?fbclid=IwAR3DqsJdhpxouBnw8ukUTcT0t_EkUyPg-kzQXfr8WSGDaTkEa7xdws6UKBI\" target=\"_blank\"><img decoding=\"async\" width=\"1280\" height=\"960\" src=\"https:\/\/ggi-initiative.at\/wp\/wp-content\/uploads\/2023\/05\/lady-justice-gb347a03fc_1280.jpeg\" class=\"attachment-full size-full wp-image-8188\" alt=\"\" srcset=\"https:\/\/ggi-initiative.at\/wp\/wp-content\/uploads\/2023\/05\/lady-justice-gb347a03fc_1280.jpeg 1280w, https:\/\/ggi-initiative.at\/wp\/wp-content\/uploads\/2023\/05\/lady-justice-gb347a03fc_1280-300x225.jpeg 300w, https:\/\/ggi-initiative.at\/wp\/wp-content\/uploads\/2023\/05\/lady-justice-gb347a03fc_1280-1024x768.jpeg 1024w, https:\/\/ggi-initiative.at\/wp\/wp-content\/uploads\/2023\/05\/lady-justice-gb347a03fc_1280-768x576.jpeg 768w, https:\/\/ggi-initiative.at\/wp\/wp-content\/uploads\/2023\/05\/lady-justice-gb347a03fc_1280-920x690.jpeg 920w, https:\/\/ggi-initiative.at\/wp\/wp-content\/uploads\/2023\/05\/lady-justice-gb347a03fc_1280-230x173.jpeg 230w, https:\/\/ggi-initiative.at\/wp\/wp-content\/uploads\/2023\/05\/lady-justice-gb347a03fc_1280-350x263.jpeg 350w, https:\/\/ggi-initiative.at\/wp\/wp-content\/uploads\/2023\/05\/lady-justice-gb347a03fc_1280-480x360.jpeg 480w\" sizes=\"(max-width: 1280px) 100vw, 1280px\" \/><\/a>\t\t\t\t\t\t<\/div>\n\t\t\t\t\t\n\t\t\t\t\t\t\t\t\t\t<div class=\"elementor-testimonial-details\">\n\t\t\t\t\t\t\t\t\t\t\t\t\t\t<a class=\"elementor-testimonial-name\" href=\"https:\/\/www.bild.de\/politik\/inland\/politik-inland\/ex-charit-chefvirologe-krueger-2g-ist-nicht-sicherer-aber-unfreier-78186550.bild.html?fbclid=IwAR3DqsJdhpxouBnw8ukUTcT0t_EkUyPg-kzQXfr8WSGDaTkEa7xdws6UKBI\" target=\"_blank\">November 2021<\/a>\n\t\t\t\t\t\t\t\t\t\t\t\t\t\t\t\t\t\t\t\t\t\t<a class=\"elementor-testimonial-job\" href=\"https:\/\/www.bild.de\/politik\/inland\/politik-inland\/ex-charit-chefvirologe-krueger-2g-ist-nicht-sicherer-aber-unfreier-78186550.bild.html?fbclid=IwAR3DqsJdhpxouBnw8ukUTcT0t_EkUyPg-kzQXfr8WSGDaTkEa7xdws6UKBI\" target=\"_blank\">Detlev Kr\u00fcger<\/a>\n\t\t\t\t\t\t\t\t\t\t\t\t\t<\/div>\n\t\t\t\t\t\t\t\t\t<\/div>\n\t\t\t<\/div>\n\t\t\t\t\t<\/div>\n\t\t\t\t\t\t<\/div>\n\t\t\t\t<\/div>\n\t\t\t\t\t<\/div>\n\t\t<\/div>\n\t\t\t\t<div class=\"elementor-column elementor-col-50 elementor-top-column elementor-element elementor-element-baf17fe\" data-id=\"baf17fe\" data-element_type=\"column\" data-e-type=\"column\">\n\t\t\t<div class=\"elementor-widget-wrap elementor-element-populated\">\n\t\t\t\t\t\t<div class=\"elementor-element elementor-element-24867a7 elementor-widget elementor-widget-testimonial\" data-id=\"24867a7\" data-element_type=\"widget\" data-e-type=\"widget\" data-widget_type=\"testimonial.default\">\n\t\t\t\t<div class=\"elementor-widget-container\">\n\t\t\t\t\t\t\t<div class=\"elementor-testimonial-wrapper\">\n\t\t\t\t\t\t\t<div class=\"elementor-testimonial-content\">Es gibt im Moment ein Narrativ, das ich f\u00fcr vollkommen falsch halte: die Pandemie der Ungeimpften. Wir haben keine Pandemie der Ungeimpften, wir haben eine Pandemie.<\/div>\n\t\t\t\n\t\t\t\t\t\t<div class=\"elementor-testimonial-meta elementor-has-image elementor-testimonial-image-position-aside\">\n\t\t\t\t<div class=\"elementor-testimonial-meta-inner\">\n\t\t\t\t\t\t\t\t\t\t\t<div class=\"elementor-testimonial-image\">\n\t\t\t\t\t\t\t<a href=\"https:\/\/www.focus.de\/corona-virus\/drosten-stellt-klar-pandemie-der-ungeimpften-ist-vollkommen-falsch_id_24417612.html\" target=\"_blank\"><img decoding=\"async\" width=\"1280\" height=\"960\" src=\"https:\/\/ggi-initiative.at\/wp\/wp-content\/uploads\/2023\/05\/lady-justice-gb347a03fc_1280.jpeg\" class=\"attachment-full size-full wp-image-8188\" alt=\"\" srcset=\"https:\/\/ggi-initiative.at\/wp\/wp-content\/uploads\/2023\/05\/lady-justice-gb347a03fc_1280.jpeg 1280w, https:\/\/ggi-initiative.at\/wp\/wp-content\/uploads\/2023\/05\/lady-justice-gb347a03fc_1280-300x225.jpeg 300w, https:\/\/ggi-initiative.at\/wp\/wp-content\/uploads\/2023\/05\/lady-justice-gb347a03fc_1280-1024x768.jpeg 1024w, https:\/\/ggi-initiative.at\/wp\/wp-content\/uploads\/2023\/05\/lady-justice-gb347a03fc_1280-768x576.jpeg 768w, https:\/\/ggi-initiative.at\/wp\/wp-content\/uploads\/2023\/05\/lady-justice-gb347a03fc_1280-920x690.jpeg 920w, https:\/\/ggi-initiative.at\/wp\/wp-content\/uploads\/2023\/05\/lady-justice-gb347a03fc_1280-230x173.jpeg 230w, https:\/\/ggi-initiative.at\/wp\/wp-content\/uploads\/2023\/05\/lady-justice-gb347a03fc_1280-350x263.jpeg 350w, https:\/\/ggi-initiative.at\/wp\/wp-content\/uploads\/2023\/05\/lady-justice-gb347a03fc_1280-480x360.jpeg 480w\" sizes=\"(max-width: 1280px) 100vw, 1280px\" \/><\/a>\t\t\t\t\t\t<\/div>\n\t\t\t\t\t\n\t\t\t\t\t\t\t\t\t\t<div class=\"elementor-testimonial-details\">\n\t\t\t\t\t\t\t\t\t\t\t\t\t\t<a class=\"elementor-testimonial-name\" href=\"https:\/\/www.focus.de\/corona-virus\/drosten-stellt-klar-pandemie-der-ungeimpften-ist-vollkommen-falsch_id_24417612.html\" target=\"_blank\">November 2021<\/a>\n\t\t\t\t\t\t\t\t\t\t\t\t\t\t\t\t\t\t\t\t\t\t<a class=\"elementor-testimonial-job\" href=\"https:\/\/www.focus.de\/corona-virus\/drosten-stellt-klar-pandemie-der-ungeimpften-ist-vollkommen-falsch_id_24417612.html\" target=\"_blank\">Christian Drosten<\/a>\n\t\t\t\t\t\t\t\t\t\t\t\t\t<\/div>\n\t\t\t\t\t\t\t\t\t<\/div>\n\t\t\t<\/div>\n\t\t\t\t\t<\/div>\n\t\t\t\t\t\t<\/div>\n\t\t\t\t<\/div>\n\t\t\t\t\t<\/div>\n\t\t<\/div>\n\t\t\t\t\t<\/div>\n\t\t<\/section>\n\t\t\t\t<section class=\"elementor-section elementor-top-section elementor-element elementor-element-e2f52c1 elementor-section-boxed elementor-section-height-default elementor-section-height-default\" data-id=\"e2f52c1\" data-element_type=\"section\" data-e-type=\"section\">\n\t\t\t\t\t\t<div class=\"elementor-container elementor-column-gap-default\">\n\t\t\t\t\t<div class=\"elementor-column elementor-col-50 elementor-top-column elementor-element elementor-element-10c9630\" data-id=\"10c9630\" data-element_type=\"column\" data-e-type=\"column\">\n\t\t\t<div class=\"elementor-widget-wrap elementor-element-populated\">\n\t\t\t\t\t\t<div class=\"elementor-element elementor-element-ccbcf9b elementor-widget elementor-widget-testimonial\" data-id=\"ccbcf9b\" data-element_type=\"widget\" data-e-type=\"widget\" data-widget_type=\"testimonial.default\">\n\t\t\t\t<div class=\"elementor-widget-container\">\n\t\t\t\t\t\t\t<div class=\"elementor-testimonial-wrapper\">\n\t\t\t\t\t\t\t<div class=\"elementor-testimonial-content\">Wir m\u00fcssen diesen Leuten, die sich zum gro\u00dfen Teil f\u00fcr diese Freiheiten haben impfen lassen, weil man ihnen das versprochen hat, sagen: Tut uns leid. Wir haben es falsch verstanden.<\/div>\n\t\t\t\n\t\t\t\t\t\t<div class=\"elementor-testimonial-meta elementor-has-image elementor-testimonial-image-position-aside\">\n\t\t\t\t<div class=\"elementor-testimonial-meta-inner\">\n\t\t\t\t\t\t\t\t\t\t\t<div class=\"elementor-testimonial-image\">\n\t\t\t\t\t\t\t<a href=\"https:\/\/www.welt.de\/politik\/deutschland\/plus235208392\/Virologe-Kekule-Geimpfte-glauben-sie-seien-sicher-Man-hat-sie-falsch-informiert.html\" target=\"_blank\"><img decoding=\"async\" width=\"1280\" height=\"960\" src=\"https:\/\/ggi-initiative.at\/wp\/wp-content\/uploads\/2023\/05\/lady-justice-gb347a03fc_1280.jpeg\" class=\"attachment-full size-full wp-image-8188\" alt=\"\" srcset=\"https:\/\/ggi-initiative.at\/wp\/wp-content\/uploads\/2023\/05\/lady-justice-gb347a03fc_1280.jpeg 1280w, https:\/\/ggi-initiative.at\/wp\/wp-content\/uploads\/2023\/05\/lady-justice-gb347a03fc_1280-300x225.jpeg 300w, https:\/\/ggi-initiative.at\/wp\/wp-content\/uploads\/2023\/05\/lady-justice-gb347a03fc_1280-1024x768.jpeg 1024w, https:\/\/ggi-initiative.at\/wp\/wp-content\/uploads\/2023\/05\/lady-justice-gb347a03fc_1280-768x576.jpeg 768w, https:\/\/ggi-initiative.at\/wp\/wp-content\/uploads\/2023\/05\/lady-justice-gb347a03fc_1280-920x690.jpeg 920w, https:\/\/ggi-initiative.at\/wp\/wp-content\/uploads\/2023\/05\/lady-justice-gb347a03fc_1280-230x173.jpeg 230w, https:\/\/ggi-initiative.at\/wp\/wp-content\/uploads\/2023\/05\/lady-justice-gb347a03fc_1280-350x263.jpeg 350w, https:\/\/ggi-initiative.at\/wp\/wp-content\/uploads\/2023\/05\/lady-justice-gb347a03fc_1280-480x360.jpeg 480w\" sizes=\"(max-width: 1280px) 100vw, 1280px\" \/><\/a>\t\t\t\t\t\t<\/div>\n\t\t\t\t\t\n\t\t\t\t\t\t\t\t\t\t<div class=\"elementor-testimonial-details\">\n\t\t\t\t\t\t\t\t\t\t\t\t\t\t<a class=\"elementor-testimonial-name\" href=\"https:\/\/www.welt.de\/politik\/deutschland\/plus235208392\/Virologe-Kekule-Geimpfte-glauben-sie-seien-sicher-Man-hat-sie-falsch-informiert.html\" target=\"_blank\">November 2021<\/a>\n\t\t\t\t\t\t\t\t\t\t\t\t\t\t\t\t\t\t\t\t\t\t<a class=\"elementor-testimonial-job\" href=\"https:\/\/www.welt.de\/politik\/deutschland\/plus235208392\/Virologe-Kekule-Geimpfte-glauben-sie-seien-sicher-Man-hat-sie-falsch-informiert.html\" target=\"_blank\">Alexander Kekul\u00e9<\/a>\n\t\t\t\t\t\t\t\t\t\t\t\t\t<\/div>\n\t\t\t\t\t\t\t\t\t<\/div>\n\t\t\t<\/div>\n\t\t\t\t\t<\/div>\n\t\t\t\t\t\t<\/div>\n\t\t\t\t<\/div>\n\t\t\t\t\t<\/div>\n\t\t<\/div>\n\t\t\t\t<div class=\"elementor-column elementor-col-50 elementor-top-column elementor-element elementor-element-72fc9f8\" data-id=\"72fc9f8\" data-element_type=\"column\" data-e-type=\"column\">\n\t\t\t<div class=\"elementor-widget-wrap elementor-element-populated\">\n\t\t\t\t\t\t<div class=\"elementor-element elementor-element-71eed0c elementor-widget elementor-widget-testimonial\" data-id=\"71eed0c\" data-element_type=\"widget\" data-e-type=\"widget\" data-widget_type=\"testimonial.default\">\n\t\t\t\t<div class=\"elementor-widget-container\">\n\t\t\t\t\t\t\t<div class=\"elementor-testimonial-wrapper\">\n\t\t\t\t\t\t\t<div class=\"elementor-testimonial-content\">Grunds\u00e4tzlich ist nach derzeitiger Datenlage davon auszugehen, dass die Booster-Impfung gut vor einen schweren Verlauf sch\u00fctzt, eine Erkrankung aber nicht ausschlie\u00dft.<\/div>\n\t\t\t\n\t\t\t\t\t\t<div class=\"elementor-testimonial-meta elementor-has-image elementor-testimonial-image-position-aside\">\n\t\t\t\t<div class=\"elementor-testimonial-meta-inner\">\n\t\t\t\t\t\t\t\t\t\t\t<div class=\"elementor-testimonial-image\">\n\t\t\t\t\t\t\t<a href=\"https:\/\/my.hidrive.com\/lnk\/UbST4YWv#file\" target=\"_blank\"><img decoding=\"async\" width=\"1280\" height=\"960\" src=\"https:\/\/ggi-initiative.at\/wp\/wp-content\/uploads\/2023\/05\/lady-justice-gb347a03fc_1280.jpeg\" class=\"attachment-full size-full wp-image-8188\" alt=\"\" srcset=\"https:\/\/ggi-initiative.at\/wp\/wp-content\/uploads\/2023\/05\/lady-justice-gb347a03fc_1280.jpeg 1280w, https:\/\/ggi-initiative.at\/wp\/wp-content\/uploads\/2023\/05\/lady-justice-gb347a03fc_1280-300x225.jpeg 300w, https:\/\/ggi-initiative.at\/wp\/wp-content\/uploads\/2023\/05\/lady-justice-gb347a03fc_1280-1024x768.jpeg 1024w, https:\/\/ggi-initiative.at\/wp\/wp-content\/uploads\/2023\/05\/lady-justice-gb347a03fc_1280-768x576.jpeg 768w, https:\/\/ggi-initiative.at\/wp\/wp-content\/uploads\/2023\/05\/lady-justice-gb347a03fc_1280-920x690.jpeg 920w, https:\/\/ggi-initiative.at\/wp\/wp-content\/uploads\/2023\/05\/lady-justice-gb347a03fc_1280-230x173.jpeg 230w, https:\/\/ggi-initiative.at\/wp\/wp-content\/uploads\/2023\/05\/lady-justice-gb347a03fc_1280-350x263.jpeg 350w, https:\/\/ggi-initiative.at\/wp\/wp-content\/uploads\/2023\/05\/lady-justice-gb347a03fc_1280-480x360.jpeg 480w\" sizes=\"(max-width: 1280px) 100vw, 1280px\" \/><\/a>\t\t\t\t\t\t<\/div>\n\t\t\t\t\t\n\t\t\t\t\t\t\t\t\t\t<div class=\"elementor-testimonial-details\">\n\t\t\t\t\t\t\t\t\t\t\t\t\t\t<a class=\"elementor-testimonial-name\" href=\"https:\/\/my.hidrive.com\/lnk\/UbST4YWv#file\" target=\"_blank\">Dezember 2021<\/a>\n\t\t\t\t\t\t\t\t\t\t\t\t\t\t\t\t\t\t\t\t\t\t<a class=\"elementor-testimonial-job\" href=\"https:\/\/my.hidrive.com\/lnk\/UbST4YWv#file\" target=\"_blank\">Corona Expertenrat Deutschland<\/a>\n\t\t\t\t\t\t\t\t\t\t\t\t\t<\/div>\n\t\t\t\t\t\t\t\t\t<\/div>\n\t\t\t<\/div>\n\t\t\t\t\t<\/div>\n\t\t\t\t\t\t<\/div>\n\t\t\t\t<\/div>\n\t\t\t\t\t<\/div>\n\t\t<\/div>\n\t\t\t\t\t<\/div>\n\t\t<\/section>\n\t\t\t\t<section class=\"elementor-section elementor-top-section elementor-element elementor-element-208b992 elementor-section-boxed elementor-section-height-default elementor-section-height-default\" data-id=\"208b992\" data-element_type=\"section\" data-e-type=\"section\">\n\t\t\t\t\t\t<div class=\"elementor-container elementor-column-gap-default\">\n\t\t\t\t\t<div class=\"elementor-column elementor-col-50 elementor-top-column elementor-element elementor-element-33d5812\" data-id=\"33d5812\" data-element_type=\"column\" data-e-type=\"column\">\n\t\t\t<div class=\"elementor-widget-wrap elementor-element-populated\">\n\t\t\t\t\t\t<div class=\"elementor-element elementor-element-bd40778 elementor-widget elementor-widget-testimonial\" data-id=\"bd40778\" data-element_type=\"widget\" data-e-type=\"widget\" data-widget_type=\"testimonial.default\">\n\t\t\t\t<div class=\"elementor-widget-container\">\n\t\t\t\t\t\t\t<div class=\"elementor-testimonial-wrapper\">\n\t\t\t\t\t\t\t<div class=\"elementor-testimonial-content\">Besonders realistisch war der Gedanke von Anfang an nicht. Im Gegenteil, das Erzeugen einer sterilen Immunit\u00e4t durch die Impfung w\u00e4re bei einer durch Tr\u00f6pfcheninfektion \u00fcbertragenen Krankheit sogar eine gro\u00dfe \u00dcberraschung gewesen.<\/div>\n\t\t\t\n\t\t\t\t\t\t<div class=\"elementor-testimonial-meta elementor-has-image elementor-testimonial-image-position-aside\">\n\t\t\t\t<div class=\"elementor-testimonial-meta-inner\">\n\t\t\t\t\t\t\t\t\t\t\t<div class=\"elementor-testimonial-image\">\n\t\t\t\t\t\t\t<a href=\"https:\/\/www.diepresse.com\/6077320\/der-endgueltige-abschied-von-der-sterilen-immunitaet\" target=\"_blank\"><img decoding=\"async\" width=\"1280\" height=\"960\" src=\"https:\/\/ggi-initiative.at\/wp\/wp-content\/uploads\/2023\/05\/lady-justice-gb347a03fc_1280.jpeg\" class=\"attachment-full size-full wp-image-8188\" alt=\"\" srcset=\"https:\/\/ggi-initiative.at\/wp\/wp-content\/uploads\/2023\/05\/lady-justice-gb347a03fc_1280.jpeg 1280w, https:\/\/ggi-initiative.at\/wp\/wp-content\/uploads\/2023\/05\/lady-justice-gb347a03fc_1280-300x225.jpeg 300w, https:\/\/ggi-initiative.at\/wp\/wp-content\/uploads\/2023\/05\/lady-justice-gb347a03fc_1280-1024x768.jpeg 1024w, https:\/\/ggi-initiative.at\/wp\/wp-content\/uploads\/2023\/05\/lady-justice-gb347a03fc_1280-768x576.jpeg 768w, https:\/\/ggi-initiative.at\/wp\/wp-content\/uploads\/2023\/05\/lady-justice-gb347a03fc_1280-920x690.jpeg 920w, https:\/\/ggi-initiative.at\/wp\/wp-content\/uploads\/2023\/05\/lady-justice-gb347a03fc_1280-230x173.jpeg 230w, https:\/\/ggi-initiative.at\/wp\/wp-content\/uploads\/2023\/05\/lady-justice-gb347a03fc_1280-350x263.jpeg 350w, https:\/\/ggi-initiative.at\/wp\/wp-content\/uploads\/2023\/05\/lady-justice-gb347a03fc_1280-480x360.jpeg 480w\" sizes=\"(max-width: 1280px) 100vw, 1280px\" \/><\/a>\t\t\t\t\t\t<\/div>\n\t\t\t\t\t\n\t\t\t\t\t\t\t\t\t\t<div class=\"elementor-testimonial-details\">\n\t\t\t\t\t\t\t\t\t\t\t\t\t\t<a class=\"elementor-testimonial-name\" href=\"https:\/\/www.diepresse.com\/6077320\/der-endgueltige-abschied-von-der-sterilen-immunitaet\" target=\"_blank\">Dezember 2021<\/a>\n\t\t\t\t\t\t\t\t\t\t\t\t\t\t\t\t\t\t\t\t\t\t<a class=\"elementor-testimonial-job\" href=\"https:\/\/www.diepresse.com\/6077320\/der-endgueltige-abschied-von-der-sterilen-immunitaet\" target=\"_blank\">Die Presse <\/a>\n\t\t\t\t\t\t\t\t\t\t\t\t\t<\/div>\n\t\t\t\t\t\t\t\t\t<\/div>\n\t\t\t<\/div>\n\t\t\t\t\t<\/div>\n\t\t\t\t\t\t<\/div>\n\t\t\t\t<\/div>\n\t\t\t\t\t<\/div>\n\t\t<\/div>\n\t\t\t\t<div class=\"elementor-column elementor-col-50 elementor-top-column elementor-element elementor-element-d51d1c5\" data-id=\"d51d1c5\" data-element_type=\"column\" data-e-type=\"column\">\n\t\t\t<div class=\"elementor-widget-wrap elementor-element-populated\">\n\t\t\t\t\t\t<div class=\"elementor-element elementor-element-f572cda elementor-widget elementor-widget-testimonial\" data-id=\"f572cda\" data-element_type=\"widget\" data-e-type=\"widget\" data-widget_type=\"testimonial.default\">\n\t\t\t\t<div class=\"elementor-widget-container\">\n\t\t\t\t\t\t\t<div class=\"elementor-testimonial-wrapper\">\n\t\t\t\t\t\t\t<div class=\"elementor-testimonial-content\">Das Mantra einiger Fachleute, man k\u00f6nne die Pandemie \u201ewegimpfen\u201c und die Erleichterungen f\u00fcr Geimpfte und Genesene waren bereits bei Delta wissenschaftlich nicht begr\u00fcndbar. Mit dem Aufkommen der Omikron-Variante l\u00e4sst sich dieses falsche Versprechen definitiv nicht mehr aufrechterhalten.<\/div>\n\t\t\t\n\t\t\t\t\t\t<div class=\"elementor-testimonial-meta elementor-has-image elementor-testimonial-image-position-aside\">\n\t\t\t\t<div class=\"elementor-testimonial-meta-inner\">\n\t\t\t\t\t\t\t\t\t\t\t<div class=\"elementor-testimonial-image\">\n\t\t\t\t\t\t\t<a href=\"https:\/\/www.focus.de\/gesundheit\/news\/focus-online-kolumne-von-alexander-kekule-geimpfte-laenger-geschuetzt-als-genesene-dafuer-gibt-es-keinen-medizinischen-beleg_id_47001796.html\" target=\"_blank\"><img decoding=\"async\" width=\"1280\" height=\"960\" src=\"https:\/\/ggi-initiative.at\/wp\/wp-content\/uploads\/2023\/05\/lady-justice-gb347a03fc_1280.jpeg\" class=\"attachment-full size-full wp-image-8188\" alt=\"\" srcset=\"https:\/\/ggi-initiative.at\/wp\/wp-content\/uploads\/2023\/05\/lady-justice-gb347a03fc_1280.jpeg 1280w, https:\/\/ggi-initiative.at\/wp\/wp-content\/uploads\/2023\/05\/lady-justice-gb347a03fc_1280-300x225.jpeg 300w, https:\/\/ggi-initiative.at\/wp\/wp-content\/uploads\/2023\/05\/lady-justice-gb347a03fc_1280-1024x768.jpeg 1024w, https:\/\/ggi-initiative.at\/wp\/wp-content\/uploads\/2023\/05\/lady-justice-gb347a03fc_1280-768x576.jpeg 768w, https:\/\/ggi-initiative.at\/wp\/wp-content\/uploads\/2023\/05\/lady-justice-gb347a03fc_1280-920x690.jpeg 920w, https:\/\/ggi-initiative.at\/wp\/wp-content\/uploads\/2023\/05\/lady-justice-gb347a03fc_1280-230x173.jpeg 230w, https:\/\/ggi-initiative.at\/wp\/wp-content\/uploads\/2023\/05\/lady-justice-gb347a03fc_1280-350x263.jpeg 350w, https:\/\/ggi-initiative.at\/wp\/wp-content\/uploads\/2023\/05\/lady-justice-gb347a03fc_1280-480x360.jpeg 480w\" sizes=\"(max-width: 1280px) 100vw, 1280px\" \/><\/a>\t\t\t\t\t\t<\/div>\n\t\t\t\t\t\n\t\t\t\t\t\t\t\t\t\t<div class=\"elementor-testimonial-details\">\n\t\t\t\t\t\t\t\t\t\t\t\t\t\t<a class=\"elementor-testimonial-name\" href=\"https:\/\/www.focus.de\/gesundheit\/news\/focus-online-kolumne-von-alexander-kekule-geimpfte-laenger-geschuetzt-als-genesene-dafuer-gibt-es-keinen-medizinischen-beleg_id_47001796.html\" target=\"_blank\">Februar 2022<\/a>\n\t\t\t\t\t\t\t\t\t\t\t\t\t\t\t\t\t\t\t\t\t\t<a class=\"elementor-testimonial-job\" href=\"https:\/\/www.focus.de\/gesundheit\/news\/focus-online-kolumne-von-alexander-kekule-geimpfte-laenger-geschuetzt-als-genesene-dafuer-gibt-es-keinen-medizinischen-beleg_id_47001796.html\" target=\"_blank\">Alexander Kekul\u00e9<\/a>\n\t\t\t\t\t\t\t\t\t\t\t\t\t<\/div>\n\t\t\t\t\t\t\t\t\t<\/div>\n\t\t\t<\/div>\n\t\t\t\t\t<\/div>\n\t\t\t\t\t\t<\/div>\n\t\t\t\t<\/div>\n\t\t\t\t\t<\/div>\n\t\t<\/div>\n\t\t\t\t\t<\/div>\n\t\t<\/section>\n\t\t\t\t<section class=\"elementor-section elementor-top-section elementor-element elementor-element-5cda566 elementor-section-boxed elementor-section-height-default elementor-section-height-default\" data-id=\"5cda566\" data-element_type=\"section\" data-e-type=\"section\">\n\t\t\t\t\t\t<div class=\"elementor-container elementor-column-gap-default\">\n\t\t\t\t\t<div class=\"elementor-column elementor-col-50 elementor-top-column elementor-element elementor-element-7b11ca9\" data-id=\"7b11ca9\" data-element_type=\"column\" data-e-type=\"column\">\n\t\t\t<div class=\"elementor-widget-wrap elementor-element-populated\">\n\t\t\t\t\t\t<div class=\"elementor-element elementor-element-31d3d30 elementor-widget elementor-widget-testimonial\" data-id=\"31d3d30\" data-element_type=\"widget\" data-e-type=\"widget\" data-widget_type=\"testimonial.default\">\n\t\t\t\t<div class=\"elementor-widget-container\">\n\t\t\t\t\t\t\t<div class=\"elementor-testimonial-wrapper\">\n\t\t\t\t\t\t\t<div class=\"elementor-testimonial-content\">Die Herdenimmunit\u00e4t ist virologisch eh immer angezweifelt worden, aber jetzt ist sie tot.<\/div>\n\t\t\t\n\t\t\t\t\t\t<div class=\"elementor-testimonial-meta elementor-has-image elementor-testimonial-image-position-aside\">\n\t\t\t\t<div class=\"elementor-testimonial-meta-inner\">\n\t\t\t\t\t\t\t\t\t\t\t<div class=\"elementor-testimonial-image\">\n\t\t\t\t\t\t\t<a href=\"https:\/\/wien.orf.at\/stories\/3149290\/\" target=\"_blank\"><img decoding=\"async\" width=\"1280\" height=\"960\" src=\"https:\/\/ggi-initiative.at\/wp\/wp-content\/uploads\/2023\/05\/lady-justice-gb347a03fc_1280.jpeg\" class=\"attachment-full size-full wp-image-8188\" alt=\"\" srcset=\"https:\/\/ggi-initiative.at\/wp\/wp-content\/uploads\/2023\/05\/lady-justice-gb347a03fc_1280.jpeg 1280w, https:\/\/ggi-initiative.at\/wp\/wp-content\/uploads\/2023\/05\/lady-justice-gb347a03fc_1280-300x225.jpeg 300w, https:\/\/ggi-initiative.at\/wp\/wp-content\/uploads\/2023\/05\/lady-justice-gb347a03fc_1280-1024x768.jpeg 1024w, https:\/\/ggi-initiative.at\/wp\/wp-content\/uploads\/2023\/05\/lady-justice-gb347a03fc_1280-768x576.jpeg 768w, https:\/\/ggi-initiative.at\/wp\/wp-content\/uploads\/2023\/05\/lady-justice-gb347a03fc_1280-920x690.jpeg 920w, https:\/\/ggi-initiative.at\/wp\/wp-content\/uploads\/2023\/05\/lady-justice-gb347a03fc_1280-230x173.jpeg 230w, https:\/\/ggi-initiative.at\/wp\/wp-content\/uploads\/2023\/05\/lady-justice-gb347a03fc_1280-350x263.jpeg 350w, https:\/\/ggi-initiative.at\/wp\/wp-content\/uploads\/2023\/05\/lady-justice-gb347a03fc_1280-480x360.jpeg 480w\" sizes=\"(max-width: 1280px) 100vw, 1280px\" \/><\/a>\t\t\t\t\t\t<\/div>\n\t\t\t\t\t\n\t\t\t\t\t\t\t\t\t\t<div class=\"elementor-testimonial-details\">\n\t\t\t\t\t\t\t\t\t\t\t\t\t\t<a class=\"elementor-testimonial-name\" href=\"https:\/\/wien.orf.at\/stories\/3149290\/\" target=\"_blank\">M\u00e4rz 2022<\/a>\n\t\t\t\t\t\t\t\t\t\t\t\t\t\t\t\t\t\t\t\t\t\t<a class=\"elementor-testimonial-job\" href=\"https:\/\/wien.orf.at\/stories\/3149290\/\" target=\"_blank\">Christoph Wenisch<\/a>\n\t\t\t\t\t\t\t\t\t\t\t\t\t<\/div>\n\t\t\t\t\t\t\t\t\t<\/div>\n\t\t\t<\/div>\n\t\t\t\t\t<\/div>\n\t\t\t\t\t\t<\/div>\n\t\t\t\t<\/div>\n\t\t\t\t\t<\/div>\n\t\t<\/div>\n\t\t\t\t<div class=\"elementor-column elementor-col-50 elementor-top-column elementor-element elementor-element-46f3e59\" data-id=\"46f3e59\" data-element_type=\"column\" data-e-type=\"column\">\n\t\t\t<div class=\"elementor-widget-wrap\">\n\t\t\t\t\t\t\t<\/div>\n\t\t<\/div>\n\t\t\t\t\t<\/div>\n\t\t<\/section>\n\t\t\t\t<section class=\"elementor-section elementor-top-section elementor-element elementor-element-1840255 elementor-section-boxed elementor-section-height-default elementor-section-height-default\" data-id=\"1840255\" data-element_type=\"section\" data-e-type=\"section\">\n\t\t\t\t\t\t<div class=\"elementor-container elementor-column-gap-default\">\n\t\t\t\t\t<div class=\"elementor-column elementor-col-100 elementor-top-column elementor-element elementor-element-b404185\" data-id=\"b404185\" data-element_type=\"column\" data-e-type=\"column\">\n\t\t\t<div class=\"elementor-widget-wrap elementor-element-populated\">\n\t\t\t\t\t\t<div class=\"elementor-element elementor-element-6452ea0 elementor-widget elementor-widget-spacer\" data-id=\"6452ea0\" data-element_type=\"widget\" data-e-type=\"widget\" data-widget_type=\"spacer.default\">\n\t\t\t\t<div class=\"elementor-widget-container\">\n\t\t\t\t\t\t\t<div class=\"elementor-spacer\">\n\t\t\t<div class=\"elementor-spacer-inner\"><\/div>\n\t\t<\/div>\n\t\t\t\t\t\t<\/div>\n\t\t\t\t<\/div>\n\t\t\t\t\t<\/div>\n\t\t<\/div>\n\t\t\t\t\t<\/div>\n\t\t<\/section>\n\t\t\t\t<section class=\"elementor-section elementor-top-section elementor-element elementor-element-4283d7d elementor-section-boxed elementor-section-height-default elementor-section-height-default\" data-id=\"4283d7d\" data-element_type=\"section\" data-e-type=\"section\">\n\t\t\t\t\t\t<div class=\"elementor-container elementor-column-gap-default\">\n\t\t\t\t\t<div class=\"elementor-column elementor-col-50 elementor-top-column elementor-element elementor-element-91a124e\" data-id=\"91a124e\" data-element_type=\"column\" data-e-type=\"column\">\n\t\t\t<div class=\"elementor-widget-wrap elementor-element-populated\">\n\t\t\t\t\t\t<div class=\"elementor-element elementor-element-d54ffbf elementor-widget elementor-widget-testimonial\" data-id=\"d54ffbf\" data-element_type=\"widget\" data-e-type=\"widget\" data-widget_type=\"testimonial.default\">\n\t\t\t\t<div class=\"elementor-widget-container\">\n\t\t\t\t\t\t\t<div class=\"elementor-testimonial-wrapper\">\n\t\t\t\t\t\t\t<div class=\"elementor-testimonial-content\">Wenn man von spezifischen Forschungen zum neuen Sars-CoV-2 absieht, war vieles von dem, was angeblich zur Bew\u00e4ltigung der Coronapandemie als Wissen neu erworben wurde, schon lange bekannt. Das Problem: Es war leider den Entscheidungstr\u00e4gern bzw. deren wissenschaftlichen Beratern nicht bekannt oder wurde unter dem Generaleindruck einer v\u00f6llig neuen Herausforderung nicht ber\u00fccksichtigt. Mit etwas mehr Aufrichtigkeit, Besonnenheit und Literaturstudium h\u00e4tte man fast alles schon vorher parat haben k\u00f6nnen. Bereits die seit mehr als 10 Jahren vorliegenden Empfehlungen zu einer Pandemiebew\u00e4ltigung enthielten viele wesentliche Informationen.<\/div>\n\t\t\t\n\t\t\t\t\t\t<div class=\"elementor-testimonial-meta elementor-has-image elementor-testimonial-image-position-aside\">\n\t\t\t\t<div class=\"elementor-testimonial-meta-inner\">\n\t\t\t\t\t\t\t\t\t\t\t<div class=\"elementor-testimonial-image\">\n\t\t\t\t\t\t\t<a href=\"https:\/\/www.cicero.de\/kultur\/stellungnahme-sokrates-corona-pandemie-schrappe-antes\" target=\"_blank\"><img decoding=\"async\" width=\"1280\" height=\"960\" src=\"https:\/\/ggi-initiative.at\/wp\/wp-content\/uploads\/2023\/05\/lady-justice-gb347a03fc_1280.jpeg\" class=\"attachment-full size-full wp-image-8188\" alt=\"\" srcset=\"https:\/\/ggi-initiative.at\/wp\/wp-content\/uploads\/2023\/05\/lady-justice-gb347a03fc_1280.jpeg 1280w, https:\/\/ggi-initiative.at\/wp\/wp-content\/uploads\/2023\/05\/lady-justice-gb347a03fc_1280-300x225.jpeg 300w, https:\/\/ggi-initiative.at\/wp\/wp-content\/uploads\/2023\/05\/lady-justice-gb347a03fc_1280-1024x768.jpeg 1024w, https:\/\/ggi-initiative.at\/wp\/wp-content\/uploads\/2023\/05\/lady-justice-gb347a03fc_1280-768x576.jpeg 768w, https:\/\/ggi-initiative.at\/wp\/wp-content\/uploads\/2023\/05\/lady-justice-gb347a03fc_1280-920x690.jpeg 920w, https:\/\/ggi-initiative.at\/wp\/wp-content\/uploads\/2023\/05\/lady-justice-gb347a03fc_1280-230x173.jpeg 230w, https:\/\/ggi-initiative.at\/wp\/wp-content\/uploads\/2023\/05\/lady-justice-gb347a03fc_1280-350x263.jpeg 350w, https:\/\/ggi-initiative.at\/wp\/wp-content\/uploads\/2023\/05\/lady-justice-gb347a03fc_1280-480x360.jpeg 480w\" sizes=\"(max-width: 1280px) 100vw, 1280px\" \/><\/a>\t\t\t\t\t\t<\/div>\n\t\t\t\t\t\n\t\t\t\t\t\t\t\t\t\t<div class=\"elementor-testimonial-details\">\n\t\t\t\t\t\t\t\t\t\t\t\t\t\t<a class=\"elementor-testimonial-name\" href=\"https:\/\/www.cicero.de\/kultur\/stellungnahme-sokrates-corona-pandemie-schrappe-antes\" target=\"_blank\">R\u00fcckblickend<\/a>\n\t\t\t\t\t\t\t\t\t\t\t\t\t\t\t\t\t\t\t\t\t\t<a class=\"elementor-testimonial-job\" href=\"https:\/\/www.cicero.de\/kultur\/stellungnahme-sokrates-corona-pandemie-schrappe-antes\" target=\"_blank\">Verein \"Sokrates\", 02\/2023<\/a>\n\t\t\t\t\t\t\t\t\t\t\t\t\t<\/div>\n\t\t\t\t\t\t\t\t\t<\/div>\n\t\t\t<\/div>\n\t\t\t\t\t<\/div>\n\t\t\t\t\t\t<\/div>\n\t\t\t\t<\/div>\n\t\t\t\t\t<\/div>\n\t\t<\/div>\n\t\t\t\t<div class=\"elementor-column elementor-col-50 elementor-top-column elementor-element elementor-element-d0acf6f\" data-id=\"d0acf6f\" data-element_type=\"column\" data-e-type=\"column\">\n\t\t\t<div class=\"elementor-widget-wrap elementor-element-populated\">\n\t\t\t\t\t\t<div class=\"elementor-element elementor-element-2e518c4 elementor-widget elementor-widget-testimonial\" data-id=\"2e518c4\" data-element_type=\"widget\" data-e-type=\"widget\" data-widget_type=\"testimonial.default\">\n\t\t\t\t<div class=\"elementor-widget-container\">\n\t\t\t\t\t\t\t<div class=\"elementor-testimonial-wrapper\">\n\t\t\t\t\t\t\t<div class=\"elementor-testimonial-content\">Verkauft wurde die Impfung als Schutz vor Covid \u2013 das war v\u00f6llig realit\u00e4tsfremd. Denn gegen Atemwegserreger brauchen Sie eine gute Immunit\u00e4t auf der Schleimhaut. Sie l\u00e4sst sich mit einem Impfstoff, den man spritzt, nicht ann\u00e4hernd so gut beeinflussen wie etwa bei der Masern-, Mumps- oder R\u00f6telnimpfung. (...)\u00a0 Und das war von vornherein klar.<\/div>\n\t\t\t\n\t\t\t\t\t\t<div class=\"elementor-testimonial-meta elementor-has-image elementor-testimonial-image-position-aside\">\n\t\t\t\t<div class=\"elementor-testimonial-meta-inner\">\n\t\t\t\t\t\t\t\t\t\t\t<div class=\"elementor-testimonial-image\">\n\t\t\t\t\t\t\t<a href=\"https:\/\/www.infosperber.ch\/gesundheit\/covid-impfung-hohe-wirksamkeit-war-nie-reproduzierbar\/\" target=\"_blank\"><img decoding=\"async\" width=\"1280\" height=\"960\" src=\"https:\/\/ggi-initiative.at\/wp\/wp-content\/uploads\/2023\/05\/lady-justice-gb347a03fc_1280.jpeg\" class=\"attachment-full size-full wp-image-8188\" alt=\"\" srcset=\"https:\/\/ggi-initiative.at\/wp\/wp-content\/uploads\/2023\/05\/lady-justice-gb347a03fc_1280.jpeg 1280w, https:\/\/ggi-initiative.at\/wp\/wp-content\/uploads\/2023\/05\/lady-justice-gb347a03fc_1280-300x225.jpeg 300w, https:\/\/ggi-initiative.at\/wp\/wp-content\/uploads\/2023\/05\/lady-justice-gb347a03fc_1280-1024x768.jpeg 1024w, https:\/\/ggi-initiative.at\/wp\/wp-content\/uploads\/2023\/05\/lady-justice-gb347a03fc_1280-768x576.jpeg 768w, https:\/\/ggi-initiative.at\/wp\/wp-content\/uploads\/2023\/05\/lady-justice-gb347a03fc_1280-920x690.jpeg 920w, https:\/\/ggi-initiative.at\/wp\/wp-content\/uploads\/2023\/05\/lady-justice-gb347a03fc_1280-230x173.jpeg 230w, https:\/\/ggi-initiative.at\/wp\/wp-content\/uploads\/2023\/05\/lady-justice-gb347a03fc_1280-350x263.jpeg 350w, https:\/\/ggi-initiative.at\/wp\/wp-content\/uploads\/2023\/05\/lady-justice-gb347a03fc_1280-480x360.jpeg 480w\" sizes=\"(max-width: 1280px) 100vw, 1280px\" \/><\/a>\t\t\t\t\t\t<\/div>\n\t\t\t\t\t\n\t\t\t\t\t\t\t\t\t\t<div class=\"elementor-testimonial-details\">\n\t\t\t\t\t\t\t\t\t\t\t\t\t\t<a class=\"elementor-testimonial-name\" href=\"https:\/\/www.infosperber.ch\/gesundheit\/covid-impfung-hohe-wirksamkeit-war-nie-reproduzierbar\/\" target=\"_blank\">R\u00fcckblickend<\/a>\n\t\t\t\t\t\t\t\t\t\t\t\t\t\t\t\t\t\t\t\t\t\t<a class=\"elementor-testimonial-job\" href=\"https:\/\/www.infosperber.ch\/gesundheit\/covid-impfung-hohe-wirksamkeit-war-nie-reproduzierbar\/\" target=\"_blank\">Franz Allerberger, 02\/2023<\/a>\n\t\t\t\t\t\t\t\t\t\t\t\t\t<\/div>\n\t\t\t\t\t\t\t\t\t<\/div>\n\t\t\t<\/div>\n\t\t\t\t\t<\/div>\n\t\t\t\t\t\t<\/div>\n\t\t\t\t<\/div>\n\t\t\t\t\t<\/div>\n\t\t<\/div>\n\t\t\t\t\t<\/div>\n\t\t<\/section>\n\t\t\t\t<section class=\"elementor-section elementor-top-section elementor-element elementor-element-4067536 elementor-section-boxed elementor-section-height-default elementor-section-height-default\" data-id=\"4067536\" data-element_type=\"section\" data-e-type=\"section\">\n\t\t\t\t\t\t<div class=\"elementor-container elementor-column-gap-default\">\n\t\t\t\t\t<div class=\"elementor-column elementor-col-50 elementor-top-column elementor-element elementor-element-e93c707\" data-id=\"e93c707\" data-element_type=\"column\" data-e-type=\"column\">\n\t\t\t<div class=\"elementor-widget-wrap elementor-element-populated\">\n\t\t\t\t\t\t<div class=\"elementor-element elementor-element-ef42e86 elementor-widget elementor-widget-testimonial\" data-id=\"ef42e86\" data-element_type=\"widget\" data-e-type=\"widget\" data-widget_type=\"testimonial.default\">\n\t\t\t\t<div class=\"elementor-widget-container\">\n\t\t\t\t\t\t\t<div class=\"elementor-testimonial-wrapper\">\n\t\t\t\t\t\t\t<div class=\"elementor-testimonial-content\">In der Realit\u00e4t war die 95-prozentige Wirksamkeit, die anfangs gegen\u00fcber Covid, also gegen einen positiven PCR-Befund, postuliert wurde, nie reproduzierbar.<\/div>\n\t\t\t\n\t\t\t\t\t\t<div class=\"elementor-testimonial-meta elementor-has-image elementor-testimonial-image-position-aside\">\n\t\t\t\t<div class=\"elementor-testimonial-meta-inner\">\n\t\t\t\t\t\t\t\t\t\t\t<div class=\"elementor-testimonial-image\">\n\t\t\t\t\t\t\t<a href=\"https:\/\/www.infosperber.ch\/gesundheit\/covid-impfung-hohe-wirksamkeit-war-nie-reproduzierbar\/\" target=\"_blank\"><img decoding=\"async\" width=\"1280\" height=\"960\" src=\"https:\/\/ggi-initiative.at\/wp\/wp-content\/uploads\/2023\/05\/lady-justice-gb347a03fc_1280.jpeg\" class=\"attachment-full size-full wp-image-8188\" alt=\"\" srcset=\"https:\/\/ggi-initiative.at\/wp\/wp-content\/uploads\/2023\/05\/lady-justice-gb347a03fc_1280.jpeg 1280w, https:\/\/ggi-initiative.at\/wp\/wp-content\/uploads\/2023\/05\/lady-justice-gb347a03fc_1280-300x225.jpeg 300w, https:\/\/ggi-initiative.at\/wp\/wp-content\/uploads\/2023\/05\/lady-justice-gb347a03fc_1280-1024x768.jpeg 1024w, https:\/\/ggi-initiative.at\/wp\/wp-content\/uploads\/2023\/05\/lady-justice-gb347a03fc_1280-768x576.jpeg 768w, https:\/\/ggi-initiative.at\/wp\/wp-content\/uploads\/2023\/05\/lady-justice-gb347a03fc_1280-920x690.jpeg 920w, https:\/\/ggi-initiative.at\/wp\/wp-content\/uploads\/2023\/05\/lady-justice-gb347a03fc_1280-230x173.jpeg 230w, https:\/\/ggi-initiative.at\/wp\/wp-content\/uploads\/2023\/05\/lady-justice-gb347a03fc_1280-350x263.jpeg 350w, https:\/\/ggi-initiative.at\/wp\/wp-content\/uploads\/2023\/05\/lady-justice-gb347a03fc_1280-480x360.jpeg 480w\" sizes=\"(max-width: 1280px) 100vw, 1280px\" \/><\/a>\t\t\t\t\t\t<\/div>\n\t\t\t\t\t\n\t\t\t\t\t\t\t\t\t\t<div class=\"elementor-testimonial-details\">\n\t\t\t\t\t\t\t\t\t\t\t\t\t\t<a class=\"elementor-testimonial-name\" href=\"https:\/\/www.infosperber.ch\/gesundheit\/covid-impfung-hohe-wirksamkeit-war-nie-reproduzierbar\/\" target=\"_blank\">R\u00fcckblickend<\/a>\n\t\t\t\t\t\t\t\t\t\t\t\t\t\t\t\t\t\t\t\t\t\t<a class=\"elementor-testimonial-job\" href=\"https:\/\/www.infosperber.ch\/gesundheit\/covid-impfung-hohe-wirksamkeit-war-nie-reproduzierbar\/\" target=\"_blank\">Franz Allerberger, 02\/2023<\/a>\n\t\t\t\t\t\t\t\t\t\t\t\t\t<\/div>\n\t\t\t\t\t\t\t\t\t<\/div>\n\t\t\t<\/div>\n\t\t\t\t\t<\/div>\n\t\t\t\t\t\t<\/div>\n\t\t\t\t<\/div>\n\t\t\t\t\t<\/div>\n\t\t<\/div>\n\t\t\t\t<div class=\"elementor-column elementor-col-50 elementor-top-column elementor-element elementor-element-c7b8ad5\" data-id=\"c7b8ad5\" data-element_type=\"column\" data-e-type=\"column\">\n\t\t\t<div class=\"elementor-widget-wrap elementor-element-populated\">\n\t\t\t\t\t\t<div class=\"elementor-element elementor-element-9bdcf03 elementor-widget elementor-widget-testimonial\" data-id=\"9bdcf03\" data-element_type=\"widget\" data-e-type=\"widget\" data-widget_type=\"testimonial.default\">\n\t\t\t\t<div class=\"elementor-widget-container\">\n\t\t\t\t\t\t\t<div class=\"elementor-testimonial-wrapper\">\n\t\t\t\t\t\t\t<div class=\"elementor-testimonial-content\">Ioannidis z\u00e4hlt zu den erfolgreichsten Epidemiologen und hat mehr Erfahrung als manche Wissenschaftler ohne Erfahrung, die als Experten hochgejubelt wurden. In der \u00abIschglstudie\u00bb lag die Sterblichkeitsrate bei 0,26 Prozent. Das deckt sich mit dem, was Ioannidis gesch\u00e4tzt hatte. Er hatte Recht, als er behauptete, die Sterblichkeit von Covid liege im Bereich von Promillen.\u00a0<\/div>\n\t\t\t\n\t\t\t\t\t\t<div class=\"elementor-testimonial-meta elementor-has-image elementor-testimonial-image-position-aside\">\n\t\t\t\t<div class=\"elementor-testimonial-meta-inner\">\n\t\t\t\t\t\t\t\t\t\t\t<div class=\"elementor-testimonial-image\">\n\t\t\t\t\t\t\t<a href=\"https:\/\/www.infosperber.ch\/gesundheit\/covid-impfung-hohe-wirksamkeit-war-nie-reproduzierbar\/\" target=\"_blank\"><img decoding=\"async\" width=\"1280\" height=\"960\" src=\"https:\/\/ggi-initiative.at\/wp\/wp-content\/uploads\/2023\/05\/lady-justice-gb347a03fc_1280.jpeg\" class=\"attachment-full size-full wp-image-8188\" alt=\"\" srcset=\"https:\/\/ggi-initiative.at\/wp\/wp-content\/uploads\/2023\/05\/lady-justice-gb347a03fc_1280.jpeg 1280w, https:\/\/ggi-initiative.at\/wp\/wp-content\/uploads\/2023\/05\/lady-justice-gb347a03fc_1280-300x225.jpeg 300w, https:\/\/ggi-initiative.at\/wp\/wp-content\/uploads\/2023\/05\/lady-justice-gb347a03fc_1280-1024x768.jpeg 1024w, https:\/\/ggi-initiative.at\/wp\/wp-content\/uploads\/2023\/05\/lady-justice-gb347a03fc_1280-768x576.jpeg 768w, https:\/\/ggi-initiative.at\/wp\/wp-content\/uploads\/2023\/05\/lady-justice-gb347a03fc_1280-920x690.jpeg 920w, https:\/\/ggi-initiative.at\/wp\/wp-content\/uploads\/2023\/05\/lady-justice-gb347a03fc_1280-230x173.jpeg 230w, https:\/\/ggi-initiative.at\/wp\/wp-content\/uploads\/2023\/05\/lady-justice-gb347a03fc_1280-350x263.jpeg 350w, https:\/\/ggi-initiative.at\/wp\/wp-content\/uploads\/2023\/05\/lady-justice-gb347a03fc_1280-480x360.jpeg 480w\" sizes=\"(max-width: 1280px) 100vw, 1280px\" \/><\/a>\t\t\t\t\t\t<\/div>\n\t\t\t\t\t\n\t\t\t\t\t\t\t\t\t\t<div class=\"elementor-testimonial-details\">\n\t\t\t\t\t\t\t\t\t\t\t\t\t\t<a class=\"elementor-testimonial-name\" href=\"https:\/\/www.infosperber.ch\/gesundheit\/covid-impfung-hohe-wirksamkeit-war-nie-reproduzierbar\/\" target=\"_blank\">R\u00fcckblickend<\/a>\n\t\t\t\t\t\t\t\t\t\t\t\t\t\t\t\t\t\t\t\t\t\t<a class=\"elementor-testimonial-job\" href=\"https:\/\/www.infosperber.ch\/gesundheit\/covid-impfung-hohe-wirksamkeit-war-nie-reproduzierbar\/\" target=\"_blank\">Franz Allerberger, 02\/2023<\/a>\n\t\t\t\t\t\t\t\t\t\t\t\t\t<\/div>\n\t\t\t\t\t\t\t\t\t<\/div>\n\t\t\t<\/div>\n\t\t\t\t\t<\/div>\n\t\t\t\t\t\t<\/div>\n\t\t\t\t<\/div>\n\t\t\t\t\t<\/div>\n\t\t<\/div>\n\t\t\t\t\t<\/div>\n\t\t<\/section>\n\t\t\t\t<section class=\"elementor-section elementor-top-section elementor-element elementor-element-1aafec1 elementor-section-boxed elementor-section-height-default elementor-section-height-default\" data-id=\"1aafec1\" data-element_type=\"section\" data-e-type=\"section\">\n\t\t\t\t\t\t<div class=\"elementor-container elementor-column-gap-default\">\n\t\t\t\t\t<div class=\"elementor-column elementor-col-50 elementor-top-column elementor-element elementor-element-87eecbc\" data-id=\"87eecbc\" data-element_type=\"column\" data-e-type=\"column\">\n\t\t\t<div class=\"elementor-widget-wrap elementor-element-populated\">\n\t\t\t\t\t\t<div class=\"elementor-element elementor-element-46065ce elementor-widget elementor-widget-testimonial\" data-id=\"46065ce\" data-element_type=\"widget\" data-e-type=\"widget\" data-widget_type=\"testimonial.default\">\n\t\t\t\t<div class=\"elementor-widget-container\">\n\t\t\t\t\t\t\t<div class=\"elementor-testimonial-wrapper\">\n\t\t\t\t\t\t\t<div class=\"elementor-testimonial-content\">Es gab nie die \u00dcbersterblichkeit, wie sie von diesen Wissenschaftlern dargestellt wurde. Das konnte man schon dank der \"Ischglstudie\" im Fr\u00fchjahr 2020 erkennen.<\/div>\n\t\t\t\n\t\t\t\t\t\t<div class=\"elementor-testimonial-meta elementor-has-image elementor-testimonial-image-position-aside\">\n\t\t\t\t<div class=\"elementor-testimonial-meta-inner\">\n\t\t\t\t\t\t\t\t\t\t\t<div class=\"elementor-testimonial-image\">\n\t\t\t\t\t\t\t<a href=\"https:\/\/www.infosperber.ch\/gesundheit\/corona-pandemie-das-war-angstmache-zum-quadrat-4\/\" target=\"_blank\"><img decoding=\"async\" width=\"1280\" height=\"960\" src=\"https:\/\/ggi-initiative.at\/wp\/wp-content\/uploads\/2023\/05\/lady-justice-gb347a03fc_1280.jpeg\" class=\"attachment-full size-full wp-image-8188\" alt=\"\" srcset=\"https:\/\/ggi-initiative.at\/wp\/wp-content\/uploads\/2023\/05\/lady-justice-gb347a03fc_1280.jpeg 1280w, https:\/\/ggi-initiative.at\/wp\/wp-content\/uploads\/2023\/05\/lady-justice-gb347a03fc_1280-300x225.jpeg 300w, https:\/\/ggi-initiative.at\/wp\/wp-content\/uploads\/2023\/05\/lady-justice-gb347a03fc_1280-1024x768.jpeg 1024w, https:\/\/ggi-initiative.at\/wp\/wp-content\/uploads\/2023\/05\/lady-justice-gb347a03fc_1280-768x576.jpeg 768w, https:\/\/ggi-initiative.at\/wp\/wp-content\/uploads\/2023\/05\/lady-justice-gb347a03fc_1280-920x690.jpeg 920w, https:\/\/ggi-initiative.at\/wp\/wp-content\/uploads\/2023\/05\/lady-justice-gb347a03fc_1280-230x173.jpeg 230w, https:\/\/ggi-initiative.at\/wp\/wp-content\/uploads\/2023\/05\/lady-justice-gb347a03fc_1280-350x263.jpeg 350w, https:\/\/ggi-initiative.at\/wp\/wp-content\/uploads\/2023\/05\/lady-justice-gb347a03fc_1280-480x360.jpeg 480w\" sizes=\"(max-width: 1280px) 100vw, 1280px\" \/><\/a>\t\t\t\t\t\t<\/div>\n\t\t\t\t\t\n\t\t\t\t\t\t\t\t\t\t<div class=\"elementor-testimonial-details\">\n\t\t\t\t\t\t\t\t\t\t\t\t\t\t<a class=\"elementor-testimonial-name\" href=\"https:\/\/www.infosperber.ch\/gesundheit\/corona-pandemie-das-war-angstmache-zum-quadrat-4\/\" target=\"_blank\">R\u00fcckblickend<\/a>\n\t\t\t\t\t\t\t\t\t\t\t\t\t\t\t\t\t\t\t\t\t\t<a class=\"elementor-testimonial-job\" href=\"https:\/\/www.infosperber.ch\/gesundheit\/corona-pandemie-das-war-angstmache-zum-quadrat-4\/\" target=\"_blank\">Franz Allerberger, 2023<\/a>\n\t\t\t\t\t\t\t\t\t\t\t\t\t<\/div>\n\t\t\t\t\t\t\t\t\t<\/div>\n\t\t\t<\/div>\n\t\t\t\t\t<\/div>\n\t\t\t\t\t\t<\/div>\n\t\t\t\t<\/div>\n\t\t\t\t\t<\/div>\n\t\t<\/div>\n\t\t\t\t<div class=\"elementor-column elementor-col-50 elementor-top-column elementor-element elementor-element-7161837\" data-id=\"7161837\" data-element_type=\"column\" data-e-type=\"column\">\n\t\t\t<div class=\"elementor-widget-wrap elementor-element-populated\">\n\t\t\t\t\t\t<div class=\"elementor-element elementor-element-2b212df elementor-widget elementor-widget-testimonial\" data-id=\"2b212df\" data-element_type=\"widget\" data-e-type=\"widget\" data-widget_type=\"testimonial.default\">\n\t\t\t\t<div class=\"elementor-widget-container\">\n\t\t\t\t\t\t\t<div class=\"elementor-testimonial-wrapper\">\n\t\t\t\t\t\t\t<div class=\"elementor-testimonial-content\">Die 2G-Experimente im Szeneclub Berghain oder in Clubs in Kreuzberg und anderen St\u00e4dten haben allesamt zu beachtlichen Infektionszahlen gef\u00fchrt. Auch die sich untereinander infiziert habenden Spieler vom Eishockey-Klub M\u00fcnchen waren alle doppelt geimpft. Ein doppelt Geimpfter steckt seine doppelt geimpfte Frau an. Obwohl die Wirksamkeit der restriktiven 2G-Methode als widerlegt angesehen werden kann, gehen viele Einrichtungen, darunter gern auch linke mit ihrem Zero-Covid-Trugbild, jetzt zu dieser demonstrativen Ausgrenzung \u00fcber. <\/div>\n\t\t\t\n\t\t\t\t\t\t<div class=\"elementor-testimonial-meta elementor-has-image elementor-testimonial-image-position-aside\">\n\t\t\t\t<div class=\"elementor-testimonial-meta-inner\">\n\t\t\t\t\t\t\t\t\t\t\t<div class=\"elementor-testimonial-image\">\n\t\t\t\t\t\t\t<a href=\"https:\/\/www.berliner-zeitung.de\/politik-gesellschaft\/daniela-dahn-was-ich-bei-ungeimpften-in-meinem-umfeld-beobachte-li.190726\" target=\"_blank\"><img decoding=\"async\" width=\"1280\" height=\"960\" src=\"https:\/\/ggi-initiative.at\/wp\/wp-content\/uploads\/2023\/05\/lady-justice-gb347a03fc_1280.jpeg\" class=\"attachment-full size-full wp-image-8188\" alt=\"\" srcset=\"https:\/\/ggi-initiative.at\/wp\/wp-content\/uploads\/2023\/05\/lady-justice-gb347a03fc_1280.jpeg 1280w, https:\/\/ggi-initiative.at\/wp\/wp-content\/uploads\/2023\/05\/lady-justice-gb347a03fc_1280-300x225.jpeg 300w, https:\/\/ggi-initiative.at\/wp\/wp-content\/uploads\/2023\/05\/lady-justice-gb347a03fc_1280-1024x768.jpeg 1024w, https:\/\/ggi-initiative.at\/wp\/wp-content\/uploads\/2023\/05\/lady-justice-gb347a03fc_1280-768x576.jpeg 768w, https:\/\/ggi-initiative.at\/wp\/wp-content\/uploads\/2023\/05\/lady-justice-gb347a03fc_1280-920x690.jpeg 920w, https:\/\/ggi-initiative.at\/wp\/wp-content\/uploads\/2023\/05\/lady-justice-gb347a03fc_1280-230x173.jpeg 230w, https:\/\/ggi-initiative.at\/wp\/wp-content\/uploads\/2023\/05\/lady-justice-gb347a03fc_1280-350x263.jpeg 350w, https:\/\/ggi-initiative.at\/wp\/wp-content\/uploads\/2023\/05\/lady-justice-gb347a03fc_1280-480x360.jpeg 480w\" sizes=\"(max-width: 1280px) 100vw, 1280px\" \/><\/a>\t\t\t\t\t\t<\/div>\n\t\t\t\t\t\n\t\t\t\t\t\t\t\t\t\t<div class=\"elementor-testimonial-details\">\n\t\t\t\t\t\t\t\t\t\t\t\t\t\t<a class=\"elementor-testimonial-name\" href=\"https:\/\/www.berliner-zeitung.de\/politik-gesellschaft\/daniela-dahn-was-ich-bei-ungeimpften-in-meinem-umfeld-beobachte-li.190726\" target=\"_blank\">Daniela Dahn<\/a>\n\t\t\t\t\t\t\t\t\t\t\t\t\t\t\t\t\t\t\t\t\t\t<a class=\"elementor-testimonial-job\" href=\"https:\/\/www.berliner-zeitung.de\/politik-gesellschaft\/daniela-dahn-was-ich-bei-ungeimpften-in-meinem-umfeld-beobachte-li.190726\" target=\"_blank\">Oktober 2021<\/a>\n\t\t\t\t\t\t\t\t\t\t\t\t\t<\/div>\n\t\t\t\t\t\t\t\t\t<\/div>\n\t\t\t<\/div>\n\t\t\t\t\t<\/div>\n\t\t\t\t\t\t<\/div>\n\t\t\t\t<\/div>\n\t\t\t\t\t<\/div>\n\t\t<\/div>\n\t\t\t\t\t<\/div>\n\t\t<\/section>\n\t\t\t\t<section class=\"elementor-section elementor-top-section elementor-element elementor-element-af7ad5c elementor-section-boxed elementor-section-height-default elementor-section-height-default\" data-id=\"af7ad5c\" data-element_type=\"section\" data-e-type=\"section\">\n\t\t\t\t\t\t<div class=\"elementor-container elementor-column-gap-default\">\n\t\t\t\t\t<div class=\"elementor-column elementor-col-100 elementor-top-column elementor-element elementor-element-0e22d0f\" data-id=\"0e22d0f\" data-element_type=\"column\" data-e-type=\"column\">\n\t\t\t<div class=\"elementor-widget-wrap elementor-element-populated\">\n\t\t\t\t\t\t<div class=\"elementor-element elementor-element-8cc9472 elementor-widget elementor-widget-spacer\" data-id=\"8cc9472\" data-element_type=\"widget\" data-e-type=\"widget\" data-widget_type=\"spacer.default\">\n\t\t\t\t<div class=\"elementor-widget-container\">\n\t\t\t\t\t\t\t<div class=\"elementor-spacer\">\n\t\t\t<div class=\"elementor-spacer-inner\"><\/div>\n\t\t<\/div>\n\t\t\t\t\t\t<\/div>\n\t\t\t\t<\/div>\n\t\t\t\t\t<\/div>\n\t\t<\/div>\n\t\t\t\t\t<\/div>\n\t\t<\/section>\n\t\t\t\t<section class=\"elementor-section elementor-top-section elementor-element elementor-element-b156d86 elementor-section-boxed elementor-section-height-default elementor-section-height-default\" data-id=\"b156d86\" data-element_type=\"section\" data-e-type=\"section\">\n\t\t\t\t\t\t<div class=\"elementor-container elementor-column-gap-default\">\n\t\t\t\t\t<div class=\"elementor-column elementor-col-50 elementor-top-column elementor-element elementor-element-866db6f\" data-id=\"866db6f\" data-element_type=\"column\" data-e-type=\"column\">\n\t\t\t<div class=\"elementor-widget-wrap elementor-element-populated\">\n\t\t\t\t\t\t<div class=\"elementor-element elementor-element-08ddebb elementor-widget elementor-widget-menu-anchor\" data-id=\"08ddebb\" data-element_type=\"widget\" data-e-type=\"widget\" data-widget_type=\"menu-anchor.default\">\n\t\t\t\t<div class=\"elementor-widget-container\">\n\t\t\t\t\t\t\t<div class=\"elementor-menu-anchor\" id=\"Studien\"><\/div>\n\t\t\t\t\t\t<\/div>\n\t\t\t\t<\/div>\n\t\t\t\t<div class=\"elementor-element elementor-element-6bf692b elementor-widget elementor-widget-heading\" data-id=\"6bf692b\" data-element_type=\"widget\" data-e-type=\"widget\" data-widget_type=\"heading.default\">\n\t\t\t\t<div class=\"elementor-widget-container\">\n\t\t\t\t\t<h2 class=\"elementor-heading-title elementor-size-default\">(2) Studien<\/h2>\t\t\t\t<\/div>\n\t\t\t\t<\/div>\n\t\t\t\t\t<\/div>\n\t\t<\/div>\n\t\t\t\t<div class=\"elementor-column elementor-col-50 elementor-top-column elementor-element elementor-element-3f34c7a\" data-id=\"3f34c7a\" data-element_type=\"column\" data-e-type=\"column\">\n\t\t\t<div class=\"elementor-widget-wrap elementor-element-populated\">\n\t\t\t\t\t\t<div class=\"elementor-element elementor-element-803649a elementor-align-right elementor-widget elementor-widget-button\" data-id=\"803649a\" data-element_type=\"widget\" data-e-type=\"widget\" data-widget_type=\"button.default\">\n\t\t\t\t<div class=\"elementor-widget-container\">\n\t\t\t\t\t\t\t\t\t<div class=\"elementor-button-wrapper\">\n\t\t\t\t\t<a class=\"elementor-button elementor-button-link elementor-size-sm\" href=\"#Kommentar\">\n\t\t\t\t\t\t<span class=\"elementor-button-content-wrapper\">\n\t\t\t\t\t\t\t\t\t<span class=\"elementor-button-text\">Kommentieren<\/span>\n\t\t\t\t\t<\/span>\n\t\t\t\t\t<\/a>\n\t\t\t\t<\/div>\n\t\t\t\t\t\t\t\t<\/div>\n\t\t\t\t<\/div>\n\t\t\t\t\t<\/div>\n\t\t<\/div>\n\t\t\t\t\t<\/div>\n\t\t<\/section>\n\t\t\t\t<section class=\"elementor-section elementor-top-section elementor-element elementor-element-40ab81e elementor-section-boxed elementor-section-height-default elementor-section-height-default\" data-id=\"40ab81e\" data-element_type=\"section\" data-e-type=\"section\">\n\t\t\t\t\t\t<div class=\"elementor-container elementor-column-gap-default\">\n\t\t\t\t\t<div class=\"elementor-column elementor-col-100 elementor-top-column elementor-element elementor-element-504f183\" data-id=\"504f183\" data-element_type=\"column\" data-e-type=\"column\" data-settings=\"{&quot;background_background&quot;:&quot;classic&quot;}\">\n\t\t\t<div class=\"elementor-widget-wrap elementor-element-populated\">\n\t\t\t\t\t\t<div class=\"elementor-element elementor-element-3837c8f elementor-widget elementor-widget-text-editor\" data-id=\"3837c8f\" data-element_type=\"widget\" data-e-type=\"widget\" data-widget_type=\"text-editor.default\">\n\t\t\t\t<div class=\"elementor-widget-container\">\n\t\t\t\t\t\t\t\t\t<p>\u00a0<\/p><ul><li>Vorl\u00e4ufiges Ergebnis und Schlussfolgerungen der COVID-19 Case-ClusterStudy (Gemeinde Gangelt) (<a href=\"https:\/\/www.land.nrw\/sites\/default\/files\/asset\/document\/zwischenergebnis_covid19_case_study_gangelt.pdf\">9. April 2020<\/a>)<\/li><li>Ischgl-Studie:\u00a0<a href=\"https:\/\/www.i-med.ac.at\/pr\/presse\/2020\/40.html\">Pressemitteilung MedUni Innsbruck, 25.06.2020<\/a>. Siehe auch APA-Meldung (<a href=\"https:\/\/science.apa.at\/power-search\/5726513007771386976\">APA 25.02.2021<\/a>)<\/li><li><a href=\"https:\/\/www.uni-bonn.de\/de\/neues\/111-2020\">Heinsberg-Studie<\/a>: Infection fatality rate of SARS-CoV2 in a super-spreading event in Germany (<a href=\"https:\/\/www.nature.com\/articles\/s41467-020-19509-y\">Nature, 17.11.2020<\/a>)<\/li><li>Sensitivity of infectious SARS-CoV-2 B.1.1.7 and B.1.351 variants to neutralizing antibodies (<a href=\"https:\/\/www.nature.com\/articles\/s41591-021-01318-5\">Nature, 26.03.2021<\/a>)<\/li><li>Anti-SARS-CoV-2 receptor-binding domain antibody evolution after mRNA vaccination (<a href=\"https:\/\/www.nature.com\/articles\/s41586-021-04060-7\">Nature, 07.10.2021<\/a>)<\/li><li>Community transmission and viral load kinetics of the SARS-CoV-2 delta (B.1.617.2) variant in vaccinated and unvaccinated individuals in the UK: a prospective, longitudinal, cohort study (<a href=\"https:\/\/www.thelancet.com\/journals\/laninf\/article\/PIIS1473-3099(21)00648-4\/fulltext\">Lancet, 29.10.2021<\/a>)<\/li><li>Public health measures for covid-19 (<a href=\"https:\/\/www.bmj.com\/content\/375\/bmj.n2729?fbclid=IwAR1w7BqaQqyRr8C5rTFkxvh6sGw4gGUlHVkaHlNebPUcnLpyZBwAXuDihcw\">BMJ, 18.11.2021<\/a>)<\/li><li>REG 174 Information for UK Healthcare Professionals (<a href=\"https:\/\/assets.publishing.service.gov.uk\/government\/uploads\/system\/uploads\/attachment_data\/file\/1043778\/Temporary_Authorisation_HCP_Information_BNT162_19_0_UK_Clean.pdf\">SPC BNT162 UK 19_0, Dezember 2021<\/a>)<\/li><li>Striking antibody evasion manifested by the Omicron variant of SARS-CoV-2 (<a href=\"https:\/\/www.nature.com\/articles\/s41586-021-04388-0\">Nature, 23.12.2021<\/a>)<\/li><li>Reduced risk of hospitalisation among reported COVID-19 cases infected with the SARS-CoV-2 Omicron BA.1 variant compared with the Delta variant, Norway, December 2021 to January 2022 (<a href=\"https:\/\/www.eurosurveillance.org\/content\/10.2807\/1560-7917.ES.2022.27.4.2200077#html_fulltext\">Eurosurveillance, 27.01.2022<\/a>)<\/li><li>Effect of Covid-19 Vaccination on Transmission of Alpha and Delta Variants (<a href=\"https:\/\/www.nejm.org\/doi\/full\/10.1056\/nejmoa2116597#:~:text=Vaccine%2Dassociated%20reductions%20in%20transmission,to%200.65)%20than%20after%20two\">NEJM, 24.02.2022<\/a>)<\/li><li>Clinical outcomes among patients infected with Omicron (B.1.1.529) SARS-CoV-2 variant in southern California (<a href=\"https:\/\/www.nature.com\/articles\/s41591-022-01887-z\">Nature, 08.06.2022<\/a>)<\/li><li>Immune responses after omicron infection in triple-vaccinated health-care workers with and without previous SARS-CoV-2 infection (<a href=\"https:\/\/www.thelancet.com\/journals\/laninf\/article\/PIIS1473-3099(22)00362-0\/fulltext\">The Lancet, 09.06.2022<\/a>)<\/li><li>Immune boosting by B.1.1.529\u00a0(Omicron) depends on previous SARS-CoV-2 exposure (<a href=\"https:\/\/www.science.org\/doi\/10.1126\/science.abq1841\">Science, 14.06.2022<\/a>)<\/li><li>Elevated risk of infection with SARS-CoV-2 Beta, Gamma, and Delta variants compared with Alpha variant in vaccinated individuals (<a href=\"https:\/\/www.science.org\/doi\/10.1126\/scitranslmed.abn4338\">Science Translational Medicine, 21.07.2022<\/a>)\u00a0<\/li><li>Serious adverse events of special interest following mRNA COVID-19 vaccination in randomized trials in adults (<a href=\"https:\/\/pubmed.ncbi.nlm.nih.gov\/36055877\/\">PubMed, 31.08.2022<\/a>)<\/li><li>Effects of Vaccination and Previous Infection on Omicron Infections in Children (<a href=\"https:\/\/www.nejm.org\/doi\/full\/10.1056\/NEJMc2209371\">NEJM, 22.09.2022<\/a>)\u00a0<\/li><li>Household transmission of the SARS-CoV-2 Omicron variant in Denmark (<a href=\"https:\/\/pubmed.ncbi.nlm.nih.gov\/36151099\/\">PubMed, 23.09.2022<\/a>)<\/li><li>Shedding of infectious SARS-CoV-2 despite vaccination (<a href=\"https:\/\/journals.plos.org\/plospathogens\/article?id=10.1371\/journal.ppat.1010876\">Plos Pathogens, 30.09.2022<\/a>)<\/li><li>Association of mRNA Vaccination With Clinical and Virologic Features of COVID-19 Among US Essential and Frontline Workers (<a href=\"https:\/\/jamanetwork.com\/journals\/jama\/fullarticle\/2797418\">JAMA Network, 18.10.2022<\/a>)<\/li><li>Waning of first- and second-dose ChAdOx1 and BNT162b2 COVID-19 vaccinations: a pooled target trial study of 12.9 million individuals in England, Northern Ireland, Scotland and Wales\u00a0(<a href=\"https:\/\/academic.oup.com\/ije\/article\/52\/1\/22\/6770060?login=false\">International Journal of Epidemiology, 22.10.2022<\/a>)<\/li><li>Extended SARS-CoV-2 RBD booster vaccination induces humoral and cellular immune tolerance in mice (<a href=\"https:\/\/www.ncbi.nlm.nih.gov\/pmc\/articles\/PMC9625849\/\">NCBI, 22.12.2022<\/a>)<\/li><li>Class switch toward noninflammatory, spike-specific IgG4 antibodies after repeated SARS-CoV-2 mRNA vaccination (<a href=\"https:\/\/www.science.org\/doi\/10.1126\/sciimmunol.ade2798\">Science Immunology, 22.12.2022<\/a>)<\/li><li>Age-stratified infection fatality rate of COVID-19 in the non-elderly population (<a href=\"https:\/\/www.sciencedirect.com\/science\/article\/pii\/S001393512201982X\">ScienceDirect, 01.01.2023<\/a>)<\/li><li>Physikalische Interventionen zur Unterbrechung oder Verringerung der Ausbreitung von Atemwegsviren (<a href=\"https:\/\/www.cochranelibrary.com\/cdsr\/doi\/10.1002\/14651858.CD006207.pub6\/full\/de\">Cochrane Library, 30.01.2023<\/a>)<\/li><li>Past SARS-CoV-2 infection protection against re-infection: a systematic review and meta-analysis (<a href=\"https:\/\/www.thelancet.com\/journals\/lancet\/article\/PIIS0140-6736(22)02465-5\/fulltext\">The Lancet, 16.02.2023<\/a>)<\/li><li>Hypoxic, anemic and cardiac hypoxemia: When does tissue hypoxia begin? (<a href=\"https:\/\/pubmed.ncbi.nlm.nih.gov\/36990120\/\">PubMed, 29.03.2023<\/a>)<\/li><li>Physio-metabolic and clinical consequences of wearing face masks\u2014Systematic review with meta-analysis and comprehensive evaluation (<a href=\"https:\/\/www.frontiersin.org\/articles\/10.3389\/fpubh.2023.1125150\/full\">frontiers, 05.04.2023<\/a>)<\/li><li>Batch-dependent safety of the BNT162b2 mRNA COVID-19 vaccine (<a href=\"https:\/\/pubmed.ncbi.nlm.nih.gov\/36997290\/\">PubMed, 09.04.2023<\/a>)<\/li><li>SARS-CoV-2 variants of concern and variants under investigation in England; Technical briefing 52 (<a href=\"https:\/\/assets.publishing.service.gov.uk\/government\/uploads\/system\/uploads\/attachment_data\/file\/1152143\/variant-technical-briefing-52-21-april-2023.pdf\">UK Health Security Agency, 21.04.2023<\/a>)<\/li><li>Machine learning links unresolving secondary pneumonia to mortality in patients with severe pneumonia, including COVID-19 (<a href=\"https:\/\/www.jci.org\/articles\/view\/170682\">JCI, 27.04.2023<\/a>)<\/li><\/ul>\t\t\t\t\t\t\t\t<\/div>\n\t\t\t\t<\/div>\n\t\t\t\t\t<\/div>\n\t\t<\/div>\n\t\t\t\t\t<\/div>\n\t\t<\/section>\n\t\t\t\t<section class=\"elementor-section elementor-top-section elementor-element elementor-element-43d209d elementor-section-boxed elementor-section-height-default elementor-section-height-default\" data-id=\"43d209d\" data-element_type=\"section\" data-e-type=\"section\">\n\t\t\t\t\t\t<div class=\"elementor-container elementor-column-gap-default\">\n\t\t\t\t\t<div class=\"elementor-column elementor-col-100 elementor-top-column elementor-element elementor-element-f55dbef\" data-id=\"f55dbef\" data-element_type=\"column\" data-e-type=\"column\">\n\t\t\t<div class=\"elementor-widget-wrap elementor-element-populated\">\n\t\t\t\t\t\t<div class=\"elementor-element elementor-element-ec50cab elementor-widget elementor-widget-spacer\" data-id=\"ec50cab\" data-element_type=\"widget\" data-e-type=\"widget\" data-widget_type=\"spacer.default\">\n\t\t\t\t<div class=\"elementor-widget-container\">\n\t\t\t\t\t\t\t<div class=\"elementor-spacer\">\n\t\t\t<div class=\"elementor-spacer-inner\"><\/div>\n\t\t<\/div>\n\t\t\t\t\t\t<\/div>\n\t\t\t\t<\/div>\n\t\t\t\t\t<\/div>\n\t\t<\/div>\n\t\t\t\t\t<\/div>\n\t\t<\/section>\n\t\t\t\t<section class=\"elementor-section elementor-top-section elementor-element elementor-element-f8b7127 elementor-section-boxed elementor-section-height-default elementor-section-height-default\" data-id=\"f8b7127\" data-element_type=\"section\" data-e-type=\"section\">\n\t\t\t\t\t\t<div class=\"elementor-container elementor-column-gap-default\">\n\t\t\t\t\t<div class=\"elementor-column elementor-col-50 elementor-top-column elementor-element elementor-element-63f7b42\" data-id=\"63f7b42\" data-element_type=\"column\" data-e-type=\"column\">\n\t\t\t<div class=\"elementor-widget-wrap elementor-element-populated\">\n\t\t\t\t\t\t<div class=\"elementor-element elementor-element-b91c2e8 elementor-widget elementor-widget-menu-anchor\" data-id=\"b91c2e8\" data-element_type=\"widget\" data-e-type=\"widget\" data-widget_type=\"menu-anchor.default\">\n\t\t\t\t<div class=\"elementor-widget-container\">\n\t\t\t\t\t\t\t<div class=\"elementor-menu-anchor\" id=\"Deklarationen\"><\/div>\n\t\t\t\t\t\t<\/div>\n\t\t\t\t<\/div>\n\t\t\t\t<div class=\"elementor-element elementor-element-d2547c9 elementor-widget elementor-widget-heading\" data-id=\"d2547c9\" data-element_type=\"widget\" data-e-type=\"widget\" data-widget_type=\"heading.default\">\n\t\t\t\t<div class=\"elementor-widget-container\">\n\t\t\t\t\t<h2 class=\"elementor-heading-title elementor-size-default\">(3) Offene Briefe, Deklarationen, Initiativen und Stellungnahmen\n<\/h2>\t\t\t\t<\/div>\n\t\t\t\t<\/div>\n\t\t\t\t\t<\/div>\n\t\t<\/div>\n\t\t\t\t<div class=\"elementor-column elementor-col-50 elementor-top-column elementor-element elementor-element-47cf77e\" data-id=\"47cf77e\" data-element_type=\"column\" data-e-type=\"column\">\n\t\t\t<div class=\"elementor-widget-wrap elementor-element-populated\">\n\t\t\t\t\t\t<div class=\"elementor-element elementor-element-0eb8773 elementor-align-right elementor-widget elementor-widget-button\" data-id=\"0eb8773\" data-element_type=\"widget\" data-e-type=\"widget\" data-widget_type=\"button.default\">\n\t\t\t\t<div class=\"elementor-widget-container\">\n\t\t\t\t\t\t\t\t\t<div class=\"elementor-button-wrapper\">\n\t\t\t\t\t<a class=\"elementor-button elementor-button-link elementor-size-sm\" href=\"#Kommentar\">\n\t\t\t\t\t\t<span class=\"elementor-button-content-wrapper\">\n\t\t\t\t\t\t\t\t\t<span class=\"elementor-button-text\">Kommentieren<\/span>\n\t\t\t\t\t<\/span>\n\t\t\t\t\t<\/a>\n\t\t\t\t<\/div>\n\t\t\t\t\t\t\t\t<\/div>\n\t\t\t\t<\/div>\n\t\t\t\t\t<\/div>\n\t\t<\/div>\n\t\t\t\t\t<\/div>\n\t\t<\/section>\n\t\t\t\t<section class=\"elementor-section elementor-top-section elementor-element elementor-element-66bd4c7 elementor-section-boxed elementor-section-height-default elementor-section-height-default\" data-id=\"66bd4c7\" data-element_type=\"section\" data-e-type=\"section\">\n\t\t\t\t\t\t<div class=\"elementor-container elementor-column-gap-default\">\n\t\t\t\t\t<div class=\"elementor-column elementor-col-100 elementor-top-column elementor-element elementor-element-3618cb5\" data-id=\"3618cb5\" data-element_type=\"column\" data-e-type=\"column\" data-settings=\"{&quot;background_background&quot;:&quot;classic&quot;}\">\n\t\t\t<div class=\"elementor-widget-wrap elementor-element-populated\">\n\t\t\t\t\t\t<div class=\"elementor-element elementor-element-15f41e8 elementor-widget elementor-widget-text-editor\" data-id=\"15f41e8\" data-element_type=\"widget\" data-e-type=\"widget\" data-widget_type=\"text-editor.default\">\n\t\t\t\t<div class=\"elementor-widget-container\">\n\t\t\t\t\t\t\t\t\t<ul><li>Offener Brief von Martin Sprenger an Niki Popper, Herwig Ostermann und Rudolf Anschober (<a href=\"https:\/\/www.addendum.org\/coronavirus\/offener-brief-martin-sprenger\/\">Addendum, 29.05.2020<\/a>)<\/li><li>Zivilgesellschaftliches B\u00fcndnis fordert eine Kommission, die alle Ma\u00dfnahmen seit Beginn der Pandemie \u00fcberpr\u00fcft (<a href=\"https:\/\/www.mehr-demokratie.de\/fileadmin\/pdf\/2020-08-26_offener-Brief_02_1_.pdf\">Offener Brief, August 2020<\/a>)<\/li><li>Epidemiologen f\u00fcr Infektionskrankheiten und Wissenschaftler des \u00f6ffentlichen Gesundheitswesens geben ihre Bedenken hinsichtlich der sch\u00e4dlichen Auswirkungen der aktuellen COVID-19-Richtlinien auf die k\u00f6rperliche und geistige Gesundheit an und empfehlen einen Ansatz, den sie \u201eFocused Protection\u201c nennen (<a href=\"https:\/\/gbdeclaration.org\/\">Great Barrington Declaration, 4. Oktober 2020<\/a>). Die Deklaration wurde von 43 WissenschafterInnen und MedizinerInnen initiiert und in weiterer Folge von 16.067\u00a0WissenschafterInnen f\u00fcr Medizin und \u00f6ffentliche Gesundheit, 47.541 MedizinerInnen sowie 873.747 besorgten B\u00fcrgerInnen unterschrieben (<a href=\"https:\/\/gbdeclaration.org\/view-signatures\/\">Signatures<\/a>)<\/li><li>Wissenschaftler und Mediziner, Rechtsexperten sowie einige Prominente aus Kultur und Medien fordern von den Parteichefs eine Offenlegung ihrer Strategie zur Bew\u00e4ltigung der Corona-Krise und die Schadensbegrenzung betreffend wirtschaftlicher, gesundheitlicher und gesellschaftlicher Folgen. (<a href=\"https:\/\/www.openbook-berlin.com\/\">Offener Brief, September 2021<\/a>). Siehe dazu auch den Artikel im Focus (<a href=\"https:\/\/www.focus.de\/politik\/deutschland\/bekannter-virologe-an-bord-normalitaet-wiederherstellen-wissenschaftler-und-aerzte-fordern-corona-konzept-von-allen-parteien_id_20908962.html\">Focus, 02.09.2021<\/a>)<\/li><li>177 Fachleute aus dem Bereich Medizin und Gesundheit\u00a0unterst\u00fctzen einen st\u00e4rkeren wissenschaftlichen Diskurs und interdisziplin\u00e4re Risikoeinsch\u00e4tzung in Vorbereitung von politischen Entscheidungen in der Pandemiebek\u00e4mpfung\u00a0(<a href=\"https:\/\/covid-strategie.de\/impressum\/\">covid-strategie.de<\/a>)<\/li><li>In der Arbeitsgruppe \u201eInfo-Plattform Corona \u201c haben sich Einzelpersonen aus dem Bereich Medizin, Pflege, Gesundheitswissenschaften, Wissenschaftsjournalismus und anderen beteiligten Fachdisziplinen zusammengeschlossen, um wissenschaftliche Erkenntnisse zu infektiologischen Fragestellungen mit Schwerpunkt SARS-2\/CoViD-19 zu identifizieren, aufzubereiten, zu bewerten und ggf. zusammenzufassen (<a href=\"https:\/\/corona-netzwerk.info\/\">corona-netzwerk.info<\/a>)<\/li><li>Netzwerk aus rund 600 \u00f6sterreichischen \u00c4rztinnen und \u00c4rzten appelliert in einem Brief an die Politik und zeigt alternative Wege aus der Krise (<a href=\"https:\/\/www.gesundheit-oesterreich.at\/wp-content\/uploads\/2022\/01\/PAupload\/OffenerBrief_13012022.pdf\">Offener Brief, 13.01.2022<\/a>). Siehe dazu auch APA-Meldung \u201eGesundheit f\u00fcr \u00d6sterreich\u201c: Sachliche Argumente gegen die Impfpflicht (<a href=\"https:\/\/www.ots.at\/presseaussendung\/OTS_20220114_OTS0017\/gesundheit-fuer-oesterreich-sachliche-argumente-gegen-die-impfpflicht\">APA, 14.01.2022<\/a>) und die APA-Meldung &#8220;Corona Impfpflicht: \u201eDamals hat man es nicht besser gewusst.\u201c \u2013 Doch, hat man!&#8221; (<a href=\"https:\/\/www.ots.at\/presseaussendung\/OTS_20230315_OTS0026\/corona-impfpflicht-damals-hat-man-es-nicht-besser-gewusst-doch-hat-man\">APA, 15.03.2023<\/a>)<\/li><li>Kinder- und Jugendmediziner sowie Virologen und Epidemiologen fordern Aufhebung der Quarant\u00e4ne f\u00fcr gesunde Kinder (<a href=\"https:\/\/www.initiativefamilien.de\/aktuelles\/offener-brief-kinder-gehoeren-in-die-schule\/?_thumbnail_id=33661\">Offener Brief, 17.01.2022<\/a>)<\/li><li>566 deutsche Wissenschafterinnen und Wissenschaftern fordern die Einsetzung einer Kommission zur Aufarbeitung der Corona-Pandemie (<a href=\"https:\/\/pandemieaufarbeitung.net\/\">Offener Brief, 20.04.2023<\/a>)\u00a0<\/li><li>Die Bedeutung fachlichwissenschaftlicher Grundprinzipien und die Folgen ihrer Missachtung (<a href=\"https:\/\/www.monitor-versorgungsforschung.de\/wp-content\/uploads\/2023\/05\/MVF0323_Schrappe-etal.pdf\">Monitor Versorgungsforschung 03\/23<\/a>)<\/li><\/ul>\t\t\t\t\t\t\t\t<\/div>\n\t\t\t\t<\/div>\n\t\t\t\t\t<\/div>\n\t\t<\/div>\n\t\t\t\t\t<\/div>\n\t\t<\/section>\n\t\t\t\t<section class=\"elementor-section elementor-top-section elementor-element elementor-element-a0520cd elementor-section-boxed elementor-section-height-default elementor-section-height-default\" data-id=\"a0520cd\" data-element_type=\"section\" data-e-type=\"section\">\n\t\t\t\t\t\t<div class=\"elementor-container elementor-column-gap-default\">\n\t\t\t\t\t<div class=\"elementor-column elementor-col-100 elementor-top-column elementor-element elementor-element-b06b106\" data-id=\"b06b106\" data-element_type=\"column\" data-e-type=\"column\">\n\t\t\t<div class=\"elementor-widget-wrap elementor-element-populated\">\n\t\t\t\t\t\t<div class=\"elementor-element elementor-element-3cc12a4 elementor-widget elementor-widget-spacer\" data-id=\"3cc12a4\" data-element_type=\"widget\" data-e-type=\"widget\" data-widget_type=\"spacer.default\">\n\t\t\t\t<div class=\"elementor-widget-container\">\n\t\t\t\t\t\t\t<div class=\"elementor-spacer\">\n\t\t\t<div class=\"elementor-spacer-inner\"><\/div>\n\t\t<\/div>\n\t\t\t\t\t\t<\/div>\n\t\t\t\t<\/div>\n\t\t\t\t\t<\/div>\n\t\t<\/div>\n\t\t\t\t\t<\/div>\n\t\t<\/section>\n\t\t\t\t<section class=\"elementor-section elementor-top-section elementor-element elementor-element-8812641 elementor-section-boxed elementor-section-height-default elementor-section-height-default\" data-id=\"8812641\" data-element_type=\"section\" data-e-type=\"section\">\n\t\t\t\t\t\t<div class=\"elementor-container elementor-column-gap-default\">\n\t\t\t\t\t<div class=\"elementor-column elementor-col-50 elementor-top-column elementor-element elementor-element-bbe374f\" data-id=\"bbe374f\" data-element_type=\"column\" data-e-type=\"column\">\n\t\t\t<div class=\"elementor-widget-wrap elementor-element-populated\">\n\t\t\t\t\t\t<div class=\"elementor-element elementor-element-2f54b73 elementor-widget elementor-widget-menu-anchor\" data-id=\"2f54b73\" data-element_type=\"widget\" data-e-type=\"widget\" data-widget_type=\"menu-anchor.default\">\n\t\t\t\t<div class=\"elementor-widget-container\">\n\t\t\t\t\t\t\t<div class=\"elementor-menu-anchor\" id=\"Berichte\"><\/div>\n\t\t\t\t\t\t<\/div>\n\t\t\t\t<\/div>\n\t\t\t\t<div class=\"elementor-element elementor-element-344edc0 elementor-widget elementor-widget-heading\" data-id=\"344edc0\" data-element_type=\"widget\" data-e-type=\"widget\" data-widget_type=\"heading.default\">\n\t\t\t\t<div class=\"elementor-widget-container\">\n\t\t\t\t\t<h2 class=\"elementor-heading-title elementor-size-default\">(4) Berichte und Interviews\u200b<\/h2>\t\t\t\t<\/div>\n\t\t\t\t<\/div>\n\t\t\t\t\t<\/div>\n\t\t<\/div>\n\t\t\t\t<div class=\"elementor-column elementor-col-50 elementor-top-column elementor-element elementor-element-c228369\" data-id=\"c228369\" data-element_type=\"column\" data-e-type=\"column\">\n\t\t\t<div class=\"elementor-widget-wrap elementor-element-populated\">\n\t\t\t\t\t\t<div class=\"elementor-element elementor-element-e4807e2 elementor-align-right elementor-widget elementor-widget-button\" data-id=\"e4807e2\" data-element_type=\"widget\" data-e-type=\"widget\" data-widget_type=\"button.default\">\n\t\t\t\t<div class=\"elementor-widget-container\">\n\t\t\t\t\t\t\t\t\t<div class=\"elementor-button-wrapper\">\n\t\t\t\t\t<a class=\"elementor-button elementor-button-link elementor-size-sm\" href=\"#Kommentar\">\n\t\t\t\t\t\t<span class=\"elementor-button-content-wrapper\">\n\t\t\t\t\t\t\t\t\t<span class=\"elementor-button-text\">Kommentieren<\/span>\n\t\t\t\t\t<\/span>\n\t\t\t\t\t<\/a>\n\t\t\t\t<\/div>\n\t\t\t\t\t\t\t\t<\/div>\n\t\t\t\t<\/div>\n\t\t\t\t\t<\/div>\n\t\t<\/div>\n\t\t\t\t\t<\/div>\n\t\t<\/section>\n\t\t\t\t<section class=\"elementor-section elementor-top-section elementor-element elementor-element-f1222ad elementor-section-boxed elementor-section-height-default elementor-section-height-default\" data-id=\"f1222ad\" data-element_type=\"section\" data-e-type=\"section\">\n\t\t\t\t\t\t<div class=\"elementor-container elementor-column-gap-default\">\n\t\t\t\t\t<div class=\"elementor-column elementor-col-100 elementor-top-column elementor-element elementor-element-e51b967\" data-id=\"e51b967\" data-element_type=\"column\" data-e-type=\"column\" data-settings=\"{&quot;background_background&quot;:&quot;classic&quot;}\">\n\t\t\t<div class=\"elementor-widget-wrap elementor-element-populated\">\n\t\t\t\t\t\t<div class=\"elementor-element elementor-element-b44c23b elementor-widget elementor-widget-text-editor\" data-id=\"b44c23b\" data-element_type=\"widget\" data-e-type=\"widget\" data-widget_type=\"text-editor.default\">\n\t\t\t\t<div class=\"elementor-widget-container\">\n\t\t\t\t\t\t\t\t\t<ul style=\"color: #020102;\"><li><h6><b>Weitreichende Lockdown-Massnahmen zielen an der Realit\u00e4t vorbei<\/b>\u00a0<\/h6><\/li><\/ul><p style=\"padding-left: 40px;\"><span style=\"color: #808080;\">Bei n\u00e4herer Betrachtung scheinen Infektionskurven fast regelm\u00e4ssig chaotischen Mustern zu folgen. Konklusive Aussagen aus rein epidemiologischen Daten stiften deshalb oft Verwirrung. Es fehlt an \u00fcberpr\u00fcfbaren Hypothesen, die das Auf und Ab des Pandemiegeschehens erkl\u00e4ren. <span style=\"color: #333333;\">Gastbeitrag von Gerhard Scheuch, Thomas Voshaar und Dieter K\u00f6hler\u00a0(<a style=\"color: #333333;\" href=\"https:\/\/www.nzz.ch\/meinung\/weitreichende-lockdown-massnahmen-zielen-an-der-realitaet-vorbei-ld.1601848?reduced=true\" target=\"_blank\" rel=\"noopener\">NZZ, 18.02.2021<\/a>)<\/span><\/span><\/p><ul><li><h6>Kliniken 2020: Falsche Corona-F\u00e4lle, Patientenschwund und selbstgemachter Notstand<\/h6><\/li><\/ul><div><p style=\"padding-left: 40px;\"><span style=\"color: #808080;\">\u00dcberlastete Kliniken, Schwerkranke, die nicht behandelt werden k\u00f6nnen: Seit Beginn der Corona-Krise ist die Angst vor diesem Szenario in der \u00d6ffentlichkeit pr\u00e4sent \u2013 und dient als Begr\u00fcndung f\u00fcr immer sch\u00e4rfere Lockdown-Ma\u00dfnahmen mit weitreichenden existenziellen und psychischen Folgen. Doch was passierte 2020 wirklich in den Krankenh\u00e4usern? Eine neue Analyse der Initiative Qualit\u00e4tsmedizin (IQM), in der rund 500 Kliniken in Deutschland und der Schweiz organisiert sind, offenbart nun ein anderes Bild. Auch eine aktuelle Recherche der ZEIT belegt eine ma\u00dflose \u00dcbertreibung des Corona-Problems. <span style=\"color: #333333;\">Susan Bonath (<a style=\"color: #333333;\" href=\"https:\/\/multipolar-magazin.de\/artikel\/kliniken-2020\" target=\"_blank\" rel=\"noopener\">Multipolar, 18.02.2021<\/a>)<\/span><\/span><\/p><\/div><ul><li><h6><span style=\"font-weight: 600;\">Droht ein gesellschaftliches Long Covid?<\/span><\/h6><\/li><\/ul><div><p style=\"padding-left: 40px;\"><span style=\"color: #808080;\">Die Pandemiepolitik der letzten zweieinhalb Jahre ist nicht spurlos an der Gesellschaft vorbeigegangen. Kritik entz\u00fcndete sich vor allem an der Frage: Welche Freiheitseingriffe sind zum Schutz vor Covid-19 verh\u00e4ltnism\u00e4\u00dfig? Die Soziologin Sandra Kostner hat dazu ein Buch mitherausgegeben. Sie bef\u00fcrchtet, dass mit der Covid-Politik ein gef\u00e4hrlicher Geist aus der Flasche gelassen wurde, der kaum noch einzufangen ist.\u00a0<span style=\"color: #333333;\">Sandra Kostner\u00a0\u00a0(<a style=\"color: #333333;\" href=\"https:\/\/www.cicero.de\/innenpolitik\/corona-gesellschaftliches-post-covid-sandra-kostner-pandemiepolitik\" target=\"_blank\" rel=\"noopener\">Cicero, 12.10.2022<\/a>)<\/span><\/span><\/p><ul><li><h6>Abrechnungsdaten der Krankenkassen: Nur jeder zweite \u201eCorona-Patient\u201c wegen Corona-Verdacht im Krankenhaus<\/h6><\/li><\/ul><div class=\"highlight-teaser\"><p style=\"padding-left: 40px;\"><span style=\"color: #808080;\">Nur rund die H\u00e4lfte aller hospitalisierten COVID-19-F\u00e4lle des vergangenen Winters wurde mit akuten Atemwegserkrankungen ins Krankenhaus aufgenommen \u2013 alle anderen \u201eCorona-Patienten\u201c hingegen wegen ganz anderer Krankheitsbilder. <span style=\"color: #333333;\">Karsten Montag (<a style=\"color: #333333;\" href=\"https:\/\/multipolar-magazin.de\/artikel\/abrechnungsdaten-krankenkassen\" target=\"_blank\" rel=\"noopener\">Multipolar, 30.10.2021<\/a>)<\/span><\/span><\/p><\/div><\/div><ul style=\"color: #020102;\"><li><h6>Zehn Thesen zur Aufarbeitung der Corona-Krise\u00a0<\/h6><\/li><\/ul><div style=\"padding-left: 40px;\"><span style=\"color: #808080;\">Im Zuge der Corona-Pandemie ist es zu den st\u00e4rksten Freiheitseinschr\u00e4nkungen in Nicht-Kriegszeiten gekommen, w\u00e4hrend das deutsche Gesundheitssystem um Jahrzehnte zur\u00fcckgeworfen wurde.\u00a0<span style=\"color: #000000;\">Matthias Schrappe\u00a0<\/span><\/span><span style=\"color: #333333;\">Teil 1 (<a style=\"color: #333333;\" href=\"https:\/\/www.cicero.de\/innenpolitik\/corona-krise-aufarbeitung-zehn-thesen-schrappe-teil-1\" target=\"_blank\" rel=\"noopener\">Cicero, 30.11.2022<\/a>), Teil 2 (<a style=\"color: #333333;\" href=\"https:\/\/www.cicero.de\/innenpolitik\/corona-krise-aufarbeitung-zehn-thesen-schrappe-teil-2\" target=\"_blank\" rel=\"noopener\">Cicero, 01.12.2022<\/a>), Teil 3 (<a style=\"color: #333333;\" href=\"https:\/\/www.cicero.de\/innenpolitik\/corona-krise-aufarbeitung-zehn-thesen-schrappe-teil-3\" target=\"_blank\" rel=\"noopener\">Cicero, 02.12.2022<\/a>)<\/span><span style=\"color: #808080;\"><span style=\"color: #000000;\"><br \/><\/span><\/span><span style=\"color: #333333;\"><br \/><\/span><\/div><ul><li><h6><span style=\"font-weight: 600;\">Das ging am infektiologischen Sachverstand vorbei\u00a0<\/span><\/h6><\/li><\/ul><p style=\"padding-left: 40px;\"><span style=\"color: #808080;\">Die Grippesaison ist wieder da. Und egal ob Rhinoviren, Influenza oder Corona: besonders Kinder sind aktuell betroffen. Im Interview erkl\u00e4rt der Berliner Hausarzt Erich Freisleben, woher die aktuelle Welle an Atemwegserkrankungen kommt und was das Infektionsgeschehen auch mit der falschen Corona-Politik zu tun haben k\u00f6nnte.\u00a0<span style=\"color: #000000;\">Interview mit Erich Freisleben <\/span><\/span><span style=\"color: #333333;\">(<a style=\"color: #333333;\" href=\"https:\/\/www.cicero.de\/innenpolitik\/freisleben-interview-grippewelle-corona-maskenfplicht-hanselle\" target=\"_blank\" rel=\"noopener\">Cicero, 03.12.2022<\/a>)<\/span><\/p><ul style=\"color: #020102;\"><li><h6><strong>Es gab nie nur die Alternative: Entweder wenige Tote oder Schulen offen halten<\/strong>\u00a0<\/h6><\/li><\/ul><p style=\"padding-left: 40px;\"><span style=\"color: #808080;\">Zu Beginn der Pandemie habe er wahrscheinlich nicht optimal kommuniziert, sagt der Pr\u00e4sident des Robert Koch-Instituts, Lothar Wieler. Nun tritt er vorzeitig von seinem Amt zur\u00fcck \u2013 und zieht erstmals \u00f6ffentlich Bilanz. <span style=\"color: #333333;\">Interview mit Lothar Wieler (<a style=\"color: #333333;\" href=\"https:\/\/www.zeit.de\/2023\/05\/lothar-wieler-rki-ruecktritt-corona-pandemie?utm_referrer=https%3A%2F%2Fwww.cicero.de%2F\" target=\"_blank\" rel=\"noopener\">Die Zeit, 23.01.2023<\/a>)<\/span><\/span><\/p><header><ul><li><h6>Die WHO k\u00f6nnte j\u00e4hrlich eine Pandemie ausrufen<\/h6><\/li><\/ul><\/header><div><p style=\"padding-left: 40px;\"><span style=\"color: #808080;\">Der gr\u00f6sste Fehler in der Pandemie war die Falldefinition der WHO, sagt der international ausgewiesene Fachmann Franz Allerberger. <span style=\"color: #333333;\">Martina Frei (<a style=\"color: #333333;\" href=\"https:\/\/www.infosperber.ch\/gesundheit\/die-who-koennte-jaehrlich-eine-pandemie-ausrufen-1\/\" target=\"_blank\" rel=\"noopener\">Infosperber, 06.02.2023<\/a>)<\/span><\/span><\/p><\/div><header><ul><li><h6>Die \u00dcbersterblichkeit geht nicht allein auf das Virus zur\u00fcck<\/h6><\/li><\/ul><p style=\"padding-left: 40px;\"><span style=\"color: #808080;\">Die Reaktionen der Menschen auf die Lockdowns haben zur Sterblichkeit w\u00e4hrend der Pandemie beigetragen, sagt Franz Allerberger. <span style=\"color: #333333;\">Martina Frei (<a style=\"color: #333333;\" href=\"https:\/\/www.infosperber.ch\/gesundheit\/die-uebersterblichkeit-geht-nicht-allein-auf-das-virus-zurueck\/\" target=\"_blank\" rel=\"noopener\">Infosperber, 07.02.2023<\/a>)<\/span> <\/span><\/p><\/header><ul style=\"color: #020102;\"><li><h6><span style=\"font-weight: 600;\">Jetzt will es keiner gewesen sein<\/span>\u00a0<\/h6><\/li><\/ul><p style=\"color: #000000; padding-left: 40px;\"><span style=\"color: #808080;\">W\u00e4hrend der Corona-Pandemie versuchten Politiker mit immer h\u00e4rteren Ma\u00dfnahmen, das Virus aufzuhalten. Die Frage nach der Verh\u00e4ltnism\u00e4\u00dfigkeit geriet dabei schnell ins Hintertreffen. Das ist l\u00e4ngst Konsens &#8211; doch Verantwortung f\u00fcr begangene Fehler m\u00f6chte trotzdem niemand \u00fcbernehmen. <span style=\"color: #000000;\">Andrea Knipp-Selke<span style=\"font-family: Poppins-SemiBold, 'Helvetica Neue', Helvetica, Arial, sans-serif; font-size: 14px;\">\u00a0<\/span><\/span><\/span><span style=\"color: #333333;\">(<a style=\"color: #333333;\" href=\"https:\/\/www.cicero.de\/innenpolitik\/corona-freiheit-karl-lauterbach-massnahmen-aufarbeitung\" target=\"_blank\" rel=\"noopener\">Cicero, 08.02.2023<\/a>)<\/span><\/p><header><ul><li><h6><strong>Covid-Impfung: Hohe Wirksamkeit \u00abwar nie reproduzierbar\u00bb<\/strong><\/h6><\/li><\/ul><p style=\"padding-left: 40px;\"><span style=\"color: #808080;\">Die Behauptung einer Wirksamkeit von 95 Prozent h\u00e4lt der ausgewiesene Experte Franz Allerberger f\u00fcr \u00abunverantwortlich\u00bb. <span style=\"color: #333333;\">Martina Frei (<a style=\"color: #333333;\" href=\"https:\/\/www.infosperber.ch\/gesundheit\/covid-impfung-hohe-wirksamkeit-war-nie-reproduzierbar\/\" target=\"_blank\" rel=\"noopener\">Infosperber, 09.02.2023<\/a>)<\/span><\/span><\/p><\/header><header><ul><li><h6>Corona-Pandemie: &#8220;Das war Angstmache zum Quadrat&#8221;\u00a0<\/h6><\/li><\/ul><p style=\"padding-left: 40px;\"><span style=\"color: #808080;\">Mit Blick auf die Zukunft pl\u00e4diert Franz Allerberger daf\u00fcr, \u00abunverantwortliche Angstmacherei\u00bb \u2013 auch vor Gentechnik \u2013 zu stoppen. <span style=\"color: #333333;\">Martina Frei (<a style=\"color: #333333;\" href=\"https:\/\/www.infosperber.ch\/gesundheit\/corona-pandemie-das-war-angstmache-zum-quadrat-4\/\" target=\"_blank\" rel=\"noopener\">Infosperber, 13.02.2023<\/a>)<\/span><\/span><\/p><\/header><ul><li><h6>Qualit\u00e4tsdefizite im Corona-Journalismus\u00a0<\/h6><\/li><\/ul><p style=\"padding-left: 40px;\"><span style=\"color: #808080;\">Eine kommentierte Fallsammlung.<span style=\"color: #000000;\">\u00a0Thiemo Rieg <\/span><\/span><span style=\"color: #333333;\">(<a style=\"color: #333333;\" href=\"https:\/\/www.researchgate.net\/publication\/368289947_Qualitatsdefizite_im_Corona-Journalismus_Eine_kommentierte_Fallsammlung\" target=\"_blank\" rel=\"noopener\">Research Gate, M\u00e4rz 2023<\/a>)<\/span><\/p><ul style=\"color: #020102;\"><li><h6><b>Fehler aus Unwissenheit?\u00a0<\/b><\/h6><\/li><\/ul><p style=\"padding-left: 40px;\"><span style=\"color: #808080;\">Politiker und Medien rechtfertigen die massiven Freiheitseinschr\u00e4nkungen w\u00e4hrend der Pandemie mit dem mangelnden Wissen \u00fcber das Coronavirus. Doch dies ist nichts weiter als ein Mythos &#8211; denn bereits fr\u00fchzeitig zeigten Studien, dass der Effekt von Lockdown und Maskenpflicht nicht ins Gewicht fiel. <span style=\"color: #333333;\">Boris Kotchoubey\u00a0<\/span><\/span><span style=\"color: #333333;\">(<a style=\"color: #333333;\" href=\"https:\/\/www.cicero.de\/innenpolitik\/corona-pandemie-lockdown-maskenpflicht\" target=\"_blank\" rel=\"noopener\">Cicero, 19.05.2023<\/a>)<\/span><\/p><ul><li><h6><strong>Corona-Protokolle: F\u00fcr die Zukunft nichts Gutes<\/strong>\u00a0<\/h6><\/li><\/ul><p style=\"padding-left: 40px;\"><span style=\"color: #808080;\">Ein Frankfurter Allgemeinmediziner hat die Protokolle des Corona-Expertenrats freigeklagt. Sie belegen an vielen Stellen die fehlende Evidenz von Ma\u00dfnahmen und geben f\u00fcr kommende Krisen wenig Hoffnung. <span style=\"color: #000000;\">Ralf Hanselle\u00a0<\/span><\/span><span style=\"color: #333333;\">(<a style=\"color: #333333;\" href=\"https:\/\/www.cicero.de\/innenpolitik\/corona-protokolle-expertenrat-drosten-china\" target=\"_blank\" rel=\"noopener\">Cicero, 23.06.2023<\/a>)<\/span><\/p><div><span style=\"font-family: Poppins-SemiBold, Poppins-Regular, 'Helvetica Neue', Helvetica, Arial, sans-serif; line-height: 0; margin-top: 22px; margin-bottom: 11px; font-size: 41px;\">\u00a0<\/span><\/div><div style=\"padding-left: 40px;\"><div><span style=\"font-family: Poppins-SemiBold, Poppins-Regular, 'Helvetica Neue', Helvetica, Arial, sans-serif; line-height: 0; margin-top: 22px; margin-bottom: 11px; font-size: 41px;\">\u00a0<\/span><\/div><\/div>\t\t\t\t\t\t\t\t<\/div>\n\t\t\t\t<\/div>\n\t\t\t\t\t<\/div>\n\t\t<\/div>\n\t\t\t\t\t<\/div>\n\t\t<\/section>\n\t\t\t\t<section class=\"elementor-section elementor-top-section elementor-element elementor-element-99522ff elementor-section-boxed elementor-section-height-default elementor-section-height-default\" data-id=\"99522ff\" data-element_type=\"section\" data-e-type=\"section\">\n\t\t\t\t\t\t<div class=\"elementor-container elementor-column-gap-default\">\n\t\t\t\t\t<div class=\"elementor-column elementor-col-100 elementor-top-column elementor-element elementor-element-6cf9785\" data-id=\"6cf9785\" data-element_type=\"column\" data-e-type=\"column\">\n\t\t\t<div class=\"elementor-widget-wrap elementor-element-populated\">\n\t\t\t\t\t\t<div class=\"elementor-element elementor-element-d7498c8 elementor-widget elementor-widget-spacer\" data-id=\"d7498c8\" data-element_type=\"widget\" data-e-type=\"widget\" data-widget_type=\"spacer.default\">\n\t\t\t\t<div class=\"elementor-widget-container\">\n\t\t\t\t\t\t\t<div class=\"elementor-spacer\">\n\t\t\t<div class=\"elementor-spacer-inner\"><\/div>\n\t\t<\/div>\n\t\t\t\t\t\t<\/div>\n\t\t\t\t<\/div>\n\t\t\t\t\t<\/div>\n\t\t<\/div>\n\t\t\t\t\t<\/div>\n\t\t<\/section>\n\t\t\t\t<section class=\"elementor-section elementor-top-section elementor-element elementor-element-ca52eed elementor-section-boxed elementor-section-height-default elementor-section-height-default\" data-id=\"ca52eed\" data-element_type=\"section\" data-e-type=\"section\">\n\t\t\t\t\t\t<div class=\"elementor-container elementor-column-gap-default\">\n\t\t\t\t\t<div class=\"elementor-column elementor-col-100 elementor-top-column elementor-element elementor-element-17ef622\" data-id=\"17ef622\" data-element_type=\"column\" data-e-type=\"column\">\n\t\t\t<div class=\"elementor-widget-wrap elementor-element-populated\">\n\t\t\t\t\t\t<div class=\"elementor-element elementor-element-a9f81b6 elementor-alert-info elementor-widget elementor-widget-alert\" data-id=\"a9f81b6\" data-element_type=\"widget\" data-e-type=\"widget\" data-widget_type=\"alert.default\">\n\t\t\t\t<div class=\"elementor-widget-container\">\n\t\t\t\t\t\t\t<div class=\"elementor-alert\" role=\"alert\">\n\n\t\t\t\t\t\t<span class=\"elementor-alert-title\">Notwendigkeit und Verh\u00e4ltnism\u00e4\u00dfigkeit<\/span>\n\t\t\t\n\t\t\t\t\t\t<span class=\"elementor-alert-description\">sind grundlegende Prinzipien eines Rechtsstaates um sicherzustellen, dass Ma\u00dfnahmen, die in die Grundrechte der B\u00fcrgerinnen und B\u00fcrger eingreifen, schonend und nur bei wirklicher Dringlichkeit angewendet werden. Bei Grundrechtseinschr\u00e4nkungen muss 1.) Notwendigkeit gegeben sein: diese ist auf Grundlage objektiver Beweise zu rechtfertigen und 2.) Verh\u00e4ltnism\u00e4\u00dfigkeit gepr\u00fcft werden: Vorbedingung ist, dass die Ma\u00dfnahme angemessen ist, um das angestrebte Ziel zu erreichen. Der Grundsatz der Verh\u00e4ltnism\u00e4\u00dfigkeit verlangt zudem, dass die Ma\u00dfnahme nicht au\u00dfer Verh\u00e4ltnis zum Ziel steht, dem sie dienen soll. <\/span>\n\t\t\t\n\t\t\t\t\t\t<button type=\"button\" class=\"elementor-alert-dismiss\" aria-label=\"Hinweis ausblenden.\">\n\t\t\t\t\t\t\t\t\t<span aria-hidden=\"true\">&times;<\/span>\n\t\t\t\t\t\t\t<\/button>\n\t\t\t\n\t\t<\/div>\n\t\t\t\t\t\t<\/div>\n\t\t\t\t<\/div>\n\t\t\t\t\t<\/div>\n\t\t<\/div>\n\t\t\t\t\t<\/div>\n\t\t<\/section>\n\t\t\t\t<section class=\"elementor-section elementor-top-section elementor-element elementor-element-5ad0307 elementor-section-boxed elementor-section-height-default elementor-section-height-default\" data-id=\"5ad0307\" data-element_type=\"section\" data-e-type=\"section\">\n\t\t\t\t\t\t<div class=\"elementor-container elementor-column-gap-default\">\n\t\t\t\t\t<div class=\"elementor-column elementor-col-100 elementor-top-column elementor-element elementor-element-8fd0d00\" data-id=\"8fd0d00\" data-element_type=\"column\" data-e-type=\"column\">\n\t\t\t<div class=\"elementor-widget-wrap elementor-element-populated\">\n\t\t\t\t\t\t<div class=\"elementor-element elementor-element-996f0ba elementor-widget elementor-widget-spacer\" data-id=\"996f0ba\" data-element_type=\"widget\" data-e-type=\"widget\" data-widget_type=\"spacer.default\">\n\t\t\t\t<div class=\"elementor-widget-container\">\n\t\t\t\t\t\t\t<div class=\"elementor-spacer\">\n\t\t\t<div class=\"elementor-spacer-inner\"><\/div>\n\t\t<\/div>\n\t\t\t\t\t\t<\/div>\n\t\t\t\t<\/div>\n\t\t\t\t\t<\/div>\n\t\t<\/div>\n\t\t\t\t\t<\/div>\n\t\t<\/section>\n\t\t\t\t<section class=\"elementor-section elementor-top-section elementor-element elementor-element-f839d16 elementor-section-boxed elementor-section-height-default elementor-section-height-default\" data-id=\"f839d16\" data-element_type=\"section\" data-e-type=\"section\">\n\t\t\t\t\t\t<div class=\"elementor-container elementor-column-gap-default\">\n\t\t\t\t\t<div class=\"elementor-column elementor-col-50 elementor-top-column elementor-element elementor-element-d3bfede\" data-id=\"d3bfede\" data-element_type=\"column\" data-e-type=\"column\">\n\t\t\t<div class=\"elementor-widget-wrap elementor-element-populated\">\n\t\t\t\t\t\t<div class=\"elementor-element elementor-element-1b51534 elementor-widget elementor-widget-heading\" data-id=\"1b51534\" data-element_type=\"widget\" data-e-type=\"widget\" data-widget_type=\"heading.default\">\n\t\t\t\t<div class=\"elementor-widget-container\">\n\t\t\t\t\t<h4 class=\"elementor-heading-title elementor-size-default\">Quellenangaben\n<\/h4>\t\t\t\t<\/div>\n\t\t\t\t<\/div>\n\t\t\t\t\t<\/div>\n\t\t<\/div>\n\t\t\t\t<div class=\"elementor-column elementor-col-50 elementor-top-column elementor-element elementor-element-20609ea\" data-id=\"20609ea\" data-element_type=\"column\" data-e-type=\"column\">\n\t\t\t<div class=\"elementor-widget-wrap elementor-element-populated\">\n\t\t\t\t\t\t<div class=\"elementor-element elementor-element-97e8095 elementor-align-right elementor-widget elementor-widget-button\" data-id=\"97e8095\" data-element_type=\"widget\" data-e-type=\"widget\" data-widget_type=\"button.default\">\n\t\t\t\t<div class=\"elementor-widget-container\">\n\t\t\t\t\t\t\t\t\t<div class=\"elementor-button-wrapper\">\n\t\t\t\t\t<a class=\"elementor-button elementor-button-link elementor-size-sm\" href=\"#Kommentar\">\n\t\t\t\t\t\t<span class=\"elementor-button-content-wrapper\">\n\t\t\t\t\t\t\t\t\t<span class=\"elementor-button-text\">Kommentieren<\/span>\n\t\t\t\t\t<\/span>\n\t\t\t\t\t<\/a>\n\t\t\t\t<\/div>\n\t\t\t\t\t\t\t\t<\/div>\n\t\t\t\t<\/div>\n\t\t\t\t\t<\/div>\n\t\t<\/div>\n\t\t\t\t\t<\/div>\n\t\t<\/section>\n\t\t\t\t<section class=\"elementor-section elementor-top-section elementor-element elementor-element-a4bbcc8 elementor-section-boxed elementor-section-height-default elementor-section-height-default\" data-id=\"a4bbcc8\" data-element_type=\"section\" data-e-type=\"section\">\n\t\t\t\t\t\t<div class=\"elementor-container elementor-column-gap-default\">\n\t\t\t\t\t<div class=\"elementor-column elementor-col-100 elementor-top-column elementor-element elementor-element-a59abc7\" data-id=\"a59abc7\" data-element_type=\"column\" data-e-type=\"column\">\n\t\t\t<div class=\"elementor-widget-wrap elementor-element-populated\">\n\t\t\t\t\t\t<div class=\"elementor-element elementor-element-cce2cc8 elementor-widget elementor-widget-text-editor\" data-id=\"cce2cc8\" data-element_type=\"widget\" data-e-type=\"widget\" data-widget_type=\"text-editor.default\">\n\t\t\t\t<div class=\"elementor-widget-container\">\n\t\t\t\t\t\t\t\t\t<ul style=\"color: #020102;\"><li style=\"text-align: left;\">Streek: Interview im Focus (<a href=\"https:\/\/www.focus.de\/gesundheit\/coronavirus\/virologe-streeck-zieht-corona-bilanz-die-pandemie-hat-gezeigt-was-die-schwaechen-unseres-heutigen-systems-sind_id_185435522.html\">Focus, 17.02.2023<\/a>)<\/li><li>St\u00f6hr: Talk im Hangar-7 (<a style=\"background-color: #ffffff;\" href=\"https:\/\/www.servustv.com\/aktuelles\/v\/aak8k5rj7qpy46mhstzx\/\">ServusTV, 01.06.2023<\/a>, ab Minute 29)<\/li><li style=\"text-align: left;\">Februar 2020, Allerberger: Interview im Profil (<a href=\"https:\/\/www.profil.at\/oesterreich\/umstrittener-infektiologe-die-grippe-ist-gefaehrlicher-als-corona\/402248583\">Profil, 06.12.2022<\/a>)<\/li><li style=\"text-align: left;\">Fr\u00fchjahr 2020, Allerberger: Interview im Schweizer Magazin Infosperber (<a href=\"https:\/\/www.infosperber.ch\/gesundheit\/corona-pandemie-das-war-angstmache-zum-quadrat-4\/\">Infosperber, 29.05.2023<\/a>)<\/li><li style=\"text-align: left;\">Mai 2020, Spiegel \u00fcber Heinsberg-Studie: Bericht \u00fcber erste Version (<a href=\"https:\/\/www.spiegel.de\/wissenschaft\/medizin\/corona-ergebnisse-der-heinsberg-studie-veroeffentlicht-a-37119092-08b5-496e-a848-f8da93e55950\">Spiegel Wissenschaft, 04.05.2020<\/a>)<\/li><li style=\"text-align: left;\">August 2020, Kulldorff: Interview mit Contagion Live (<a href=\"https:\/\/www.youtube.com\/watch?v=lIQ0SSMo3JU&amp;ab_channel=Contagion_Live\">Youtube Kanal Contagion_Live, August 2020<\/a>)<\/li><li style=\"text-align: left;\">September 2020, M\u00fcller: Bundesentwicklungsminister warnt vor den Kollateralsch\u00e4den im Kampf gegen Corona (<a href=\"https:\/\/www.reuters.com\/article\/afrika-virus-m-ller-idDEKCN26E0MN\">Reuters, 23.09.2020<\/a>)<\/li><li style=\"text-align: left;\">September 2020, Ioannidis: Bericht im Mein Bezirk Nieder\u00f6sterreich (<a href=\"https:\/\/www.meinbezirk.at\/niederoesterreich\/c-regionauten-community\/top-medizin-wissenschaftler-john-ioannidis-skeptisch-ueber-corona-impfstoff_a4216986\">Mein Bezirk, 02.09.2020<\/a>)<\/li><li style=\"text-align: left;\">Oktober 2020, Metastudie John Ioannidis (<a href=\"https:\/\/www.ncbi.nlm.nih.gov\/pmc\/articles\/PMC7947934\/pdf\/BLT.20.265892.pdf\/\">Bulletin of the World Health Organization<\/a>), siehe auch Merkur (<a href=\"https:\/\/www.merkur.de\/welt\/who-corona-studie-tote-uebersterblichkeit-infektion-pandemie-zr-90073439.html\">merkur.de<\/a>, 21.10.2020)<\/li><li style=\"text-align: left;\">Dezember 2020, FDA: Webseite der FDA (<a style=\"background-color: #ffffff;\" href=\"https:\/\/www.fda.gov\/news-events\/press-announcements\/fda-takes-key-action-fight-against-covid-19-issuing-emergency-use-authorization-first-covid-19\">News Release, 11.12.2020<\/a>)<\/li><li style=\"text-align: left;\">2021, Allerberger: Interview im schweizer Magazin Infosperber (<a href=\"https:\/\/www.infosperber.ch\/gesundheit\/corona-pandemie-das-war-angstmache-zum-quadrat-4\/\">Infosperber, 29.05.2023<\/a>)<\/li><li style=\"text-align: left;\">J\u00e4nner 2021, RKI: Epidemiologisches Bulletin 2\/2021, Seite 27 (<a href=\"https:\/\/www.rki.de\/DE\/Content\/Infekt\/EpidBull\/Archiv\/2021\/Ausgaben\/02_21.pdf?__blob=publicationFile\">RKI, 14.01.2021<\/a>)\u00a0<\/li><li style=\"text-align: left;\">J\u00e4nner 2021, Riese: Bericht im Spektrum (<a href=\"https:\/\/www.spektrum.de\/news\/impfstoffe-warum-auch-geimpfte-das-virus-verbreiten-koennten\/1824145\">Spektrum, 28.01.2021<\/a>)<\/li><li style=\"text-align: left;\">M\u00e4rz 2021, Kulldorff:\u00a0<a href=\"https:\/\/twitter.com\/MartinKulldorff\/status\/1371638485686358018?ref_src=twsrc%5Etfw%7Ctwcamp%5Etweetembed%7Ctwterm%5E1371638485686358018%7Ctwgr%5Ec42c16aea84e76ea4e443e55a6616c591936e27e%7Ctwcon%5Es1_&amp;ref_url=https%3A%2F%2Ftkp.at%2F2021%2F04%2F07%2Fsollen-kinder-und-immune-geimpft-werden%2F\">Tweet @MartinKulldorff, 16.03.2021<\/a><\/li><li style=\"text-align: left;\">Juni 2021, Allerberger: Interview mit Robert Cibis (<a href=\"https:\/\/www.oval.media\/e6bd5618-c2e9-45a2-9d5a-f76a3704909d\/\">Ovalmedia, 19.06.2021<\/a>)<\/li><li style=\"text-align: left;\">Juli 2021, Fauci: Bericht in der Washington Post (<a href=\"https:\/\/www.washingtonpost.com\/health\/breakthrough-infections-cdc-data\/2021\/07\/28\/dcaaa6b2-efce-11eb-a452-4da5fe48582d_story.html\">The Washington Post, 28.07.2021<\/a>)<\/li><li style=\"text-align: left;\">Juli 2021, CDC: Nachrichten in den U.S.A. (<a href=\"https:\/\/edition.cnn.com\/2021\/07\/30\/health\/breakthrough-infection-masks-cdc-provincetown-study\/index.html\">CNN, 30.07.2021<\/a>)<\/li><li style=\"text-align: left;\">Juli 2021, Walensky: Artikel in der New York Times\u00a0 (<a href=\"https:\/\/www.nytimes.com\/2021\/07\/30\/health\/cdc-vaccinated-delta.html\">NYtimes, 30.07.2021<\/a>)<\/li><li style=\"text-align: left;\">Juli 2021, Streek: Artikel im Radionetzwerk Deutschland (<a href=\"https:\/\/www.rnd.de\/gesundheit\/virologe-hendrik-streeck-wir-erreichen-mit-diesen-impfstoffen-keine-herdenimmunitaet-42ZY777OCRFXBEVG5KJYGONI4I.html\">rnd, 22.07.2021<\/a>)<\/li><li style=\"text-align: left;\">Juli 2021, St\u00f6hr: Interview im nd Journalismus von Links (<a href=\"https:\/\/www.nd-aktuell.de\/artikel\/1155113.klaus-stoehr-erste-pandemie-die-durch-impfstoffe-beendet-wird.html\">nd, 30.07.2021<\/a>)<\/li><li style=\"text-align: left;\">Juli 2021, RKI Strategiepapier &#8220;Vorbereitungen auf den Herbst\/Winter 2021&#8221; (<a href=\"http:\/\/web.archive.org\/web\/20210722075810\/https:\/\/www.rki.de\/DE\/Content\/InfAZ\/N\/Neuartiges_Coronavirus\/Downloads\/Vorbereitung-Herbst-Winter.html\">web archive RKI, 22.07.2021<\/a>, siehe dazu auch<\/li><li style=\"text-align: left;\">August 2021, Spiegel Wissenschaft: Artikel (<a href=\"https:\/\/www.spiegel.de\/wissenschaft\/medizin\/corona-viruslast-von-geimpften-genauso-hoch-wie-von-ungeimpften-a-4e21aeaa-78c6-4d61-b350-85bd32942a74\">Spiegel Wissenschaft, 06.08.2021<\/a>)<\/li><li style=\"text-align: left;\">August 2021, Keil: Bericht in der Tageszeitung (<a href=\"https:\/\/taz.de\/Ulrich-Keil\/!a59990\/\">TAZ, 10.08.2020<\/a>)<\/li><li style=\"text-align: left;\">August 2021, ORF: Bericht \u00fcber Israelische Studie (<a href=\"https:\/\/science.orf.at\/stories\/3208378\/\">ORF, 27.08.2021<\/a>)<\/li><li style=\"text-align: left;\">August 2021, Th\u00e5lin: Zitat im Wissenschaftsmagazin Science (<a href=\"https:\/\/www.science.org\/content\/article\/having-sars-cov-2-once-confers-much-greater-immunity-vaccine-vaccination-remains-vital\">Science, 26.08.2021<\/a>)<\/li><li style=\"text-align: left;\">Sommer 2021, Watzl: Zitat aus der Tagesschau (<a href=\"https:\/\/www.tagesschau.de\/faktenfinder\/coronavirus-ansteckung-101.html\">Tagesschau, 19.10.2022<\/a>)<\/li><li style=\"text-align: left;\">September 2021, Allerberger: Bericht in der Kleinen Zeitung (<a style=\"background-color: #ffffff;\" title=\"https:\/\/www.kleinezeitung.at\/politik\/innenpolitik\/6027892\/Allerberger-in-Pension_Bernhard-Benka-uebernimmt-den-Bereich\" href=\"https:\/\/www.kleinezeitung.at\/politik\/innenpolitik\/6027892\/Allerberger-in-Pension_Bernhard-Benka-uebernimmt-den-Bereich\" rel=\"noopener noreferrer nofollow\">Kleine Zeitung, 01.09.2021<\/a>)<\/li><li style=\"text-align: left;\">September 2021, Sprenger: Post auf Facebook\u00a0 (<a href=\"https:\/\/www.facebook.com\/GrazPublicHealth\/posts\/pfbid036TKZhGzBJ4kgGDmUGAVqBETG6wXoi9ZW7fFUNUeqZPUErUhNbghdtQnh9X36od7Al\">FB Public Health Graz, 04.09.2021<\/a>)<\/li><li style=\"text-align: left;\">Oktober 2021, AGES: Studie auf der Webseite der AGES\u00a0 (<a href=\"http:\/\/web.archive.org\/web\/20211014075312\/https:\/\/www.ages.at\/download\/0\/0\/6ea07b06c144d5d51bbd6752d639bfce8eb40b61\/fileadmin\/AGES2015\/Themen\/Krankheitserreger_Dateien\/Coronavirus\/Impfdurchbruch\/Impfeffektivit%C3%A4t_der_in_%C3%96sterreich_eingesetzten_COVID19-Impfstoffe_Ergebnisse_einer_populatonsbasierten_Kohortenstudie__KW_05-35.pdf\">Populationsbasierte Kohortenstudie KW 05-35, 2021, S. 8)<\/a>, seit 16.11.2021 offline (<a href=\"http:\/\/web.archive.org\/web\/20210515000000*\/https:\/\/www.ages.at\/download\/0\/0\/6ea07b06c144d5d51bbd6752d639bfce8eb40b61\/fileadmin\/AGES2015\/Themen\/Krankheitserreger_Dateien\/Coronavirus\/Impfdurchbruch\/Impfeffektivit%C3%A4t_der_in_%C3%96sterreich_eingesetzten_COVID19-Impfstoffe_Ergebnisse_einer_populatonsbasierten_Kohortenstudie__KW_05-35.pdf\">wayback)<\/a>. Siehe auch\u00a0<a href=\"https:\/\/www.derstandard.at\/story\/2000132221674\/wie-gut-impfungen-vor-aufenthalt-auf-der-intensivstation-schuetzen?fbclid=IwAR1VRHOKJMJh45XgPUUXx5vdLygzXV6Ruc1yWSAZ-DQh16Y1UEnJ_IW5LQg\">Der Standard, 29.12.2021<\/a><\/li><li style=\"text-align: left;\">Oktober 2021, Presse: Jahresr\u00fcckblick (<a href=\"https:\/\/www.diepresse.com\/6077320\/der-endgueltige-abschied-von-der-sterilen-immunitaet\">Die Presse, 22.12.2021<\/a>). Die im\u00a0<a href=\"https:\/\/www.thelancet.com\/journals\/laninf\/article\/PIIS1473-3099(21)00648-4\/fulltext\">Lancet Infectious Diseases\u00a0<\/a>vorgestellten Ergebnisse der obersten britischen Gesundheitsbeh\u00f6rde\u00a0<a href=\"https:\/\/www.gov.uk\/government\/organisations\/uk-health-security-agency\" target=\"_blank\" rel=\"noopener\">UKHSA<\/a>\u00a0(\u201eUK Health Security Agency\u201c):\u00a0<a href=\"https:\/\/www.thelancet.com\/lancet\/article\/s1473309921006484\" target=\"_blank\" rel=\"noopener\">DOI: 10.1016\/S1473-3099(21)00648-4<\/a><\/li><li style=\"text-align: left;\">Oktober 2021,\u00a0<a href=\"http:\/\/xn--die%20great%20barrington%20erklrung-07c\/\">Great Barrington Declaration<\/a><\/li><li style=\"text-align: left;\">November 2021, Kr\u00fcger: Interview in der Bild (<a style=\"background-color: #ffffff;\" href=\"https:\/\/www.bild.de\/politik\/inland\/politik-inland\/ex-charit-chefvirologe-krueger-2g-ist-nicht-sicherer-aber-unfreier-78186550.bild.html?fbclid=IwAR3DqsJdhpxouBnw8ukUTcT0t_EkUyPg-kzQXfr8WSGDaTkEa7xdws6UKBI\">Bild, 08.11.2021<\/a>)<\/li><li style=\"text-align: left;\">November 2021, Kekul\u00e9: Bericht der ZDF, 19.11.2021 (siehe auch:\u00a0<a href=\"https:\/\/www.welt.de\/politik\/deutschland\/plus235208392\/Virologe-Kekule-Geimpfte-glauben-sie-seien-sicher-Man-hat-sie-falsch-informiert.html\">Welt, 24.11.2021<\/a>)<\/li><li style=\"text-align: left;\">November 2021, Drosten: Artikel im Focus (<a href=\"https:\/\/www.focus.de\/corona-virus\/drosten-stellt-klar-pandemie-der-ungeimpften-ist-vollkommen-falsch_id_24417612.html\">Focus, 11.11.2021<\/a>)<\/li><li style=\"text-align: left;\">Dezember 2021, Jahresr\u00fcckblick in &#8220;Die Presse&#8221; (<a href=\"https:\/\/www.diepresse.com\/6077320\/der-endgueltige-abschied-von-der-sterilen-immunitaet\">Die Presse, 22.12.2021<\/a>)<\/li><li style=\"text-align: left;\">Dezember 2021, Corona Expertenrat Deutschland: Protokoll vom 28.12.2021 (<a style=\"background-color: #ffffff;\" href=\"https:\/\/my.hidrive.com\/lnk\/UbST4YWv#file\">Christian Haffner, HiDrive Share<\/a>)<\/li><li style=\"text-align: left;\">Februar 2022, Kekul\u00e9: Focus-Online Gastbeitrag von Alexander Kekul\u00e9 (<a href=\"https:\/\/www.focus.de\/gesundheit\/news\/focus-online-kolumne-von-alexander-kekule-geimpfte-laenger-geschuetzt-als-genesene-dafuer-gibt-es-keinen-medizinischen-beleg_id_47001796.html\">Focus, 02.02.2022<\/a>)<\/li><li style=\"text-align: left;\">M\u00e4rz 2022, Wenisch: Bericht vom ORF (<a href=\"https:\/\/wien.orf.at\/stories\/3149290\/\">ORF, 26.03.2022<\/a>)<\/li><li style=\"text-align: left;\">Juli 2022,\u00a0Wissenschaftliche Initiative Gesundheit f\u00fcr \u00d6sterreich: Zusammenfassung der wichtigsten Studienevidenz, S. 17 (<a href=\"https:\/\/www.gesundheit-oesterreich.at\/wp-content\/uploads\/2022\/07\/2022-07-26-Evidenzzusammenfassung-COVID-Impfung.pdf\">26.07.2022<\/a>). Studie, auf die Bezug genommen wird: Riemersma KK, Grogan BE, Kita-Yarbro A, Halfmann PJ, Segaloff HE, Kocharian A, u. a. Shedding of Infectious SARS-CoV-2 Despite Vaccination [Internet]. Infectious Diseases (except HIV\/AIDS); 2021 [zitiert 2022 Juni 9]. Available from: <a href=\"https:\/\/www.medrxiv.org\/content\/10.1101\/2021.07.31.21261387v7\">http:\/\/medrxiv.org\/lookup\/doi\/10.1101\/2021.07.31.21261387\u00a0<\/a><\/li><li style=\"text-align: left;\">Februar 2023, Allerberger: Interview mit der Schweizer Online-Zeitung Infosperber (<a style=\"background-color: #ffffff;\" href=\"https:\/\/www.infosperber.ch\/gesundheit\/covid-impfung-hohe-wirksamkeit-war-nie-reproduzierbar\/\">Infosperber, 09.02.2023<\/a><\/li><\/ul>\t\t\t\t\t\t\t\t<\/div>\n\t\t\t\t<\/div>\n\t\t\t\t\t<\/div>\n\t\t<\/div>\n\t\t\t\t\t<\/div>\n\t\t<\/section>\n\t\t\t\t<section class=\"elementor-section elementor-top-section elementor-element elementor-element-60b60d8 elementor-section-boxed elementor-section-height-default elementor-section-height-default\" data-id=\"60b60d8\" data-element_type=\"section\" data-e-type=\"section\">\n\t\t\t\t\t\t<div class=\"elementor-container elementor-column-gap-default\">\n\t\t\t\t\t<div class=\"elementor-column elementor-col-100 elementor-top-column elementor-element elementor-element-14686f5\" data-id=\"14686f5\" data-element_type=\"column\" data-e-type=\"column\">\n\t\t\t<div class=\"elementor-widget-wrap elementor-element-populated\">\n\t\t\t\t\t\t<div class=\"elementor-element elementor-element-3919602 elementor-widget elementor-widget-spacer\" data-id=\"3919602\" data-element_type=\"widget\" data-e-type=\"widget\" data-widget_type=\"spacer.default\">\n\t\t\t\t<div class=\"elementor-widget-container\">\n\t\t\t\t\t\t\t<div class=\"elementor-spacer\">\n\t\t\t<div class=\"elementor-spacer-inner\"><\/div>\n\t\t<\/div>\n\t\t\t\t\t\t<\/div>\n\t\t\t\t<\/div>\n\t\t\t\t\t<\/div>\n\t\t<\/div>\n\t\t\t\t\t<\/div>\n\t\t<\/section>\n\t\t\t\t<section class=\"elementor-section elementor-top-section elementor-element elementor-element-ad2b651 elementor-section-boxed elementor-section-height-default elementor-section-height-default\" data-id=\"ad2b651\" data-element_type=\"section\" data-e-type=\"section\">\n\t\t\t\t\t\t<div class=\"elementor-container elementor-column-gap-default\">\n\t\t\t\t\t<div class=\"elementor-column elementor-col-100 elementor-top-column elementor-element elementor-element-83c1185\" data-id=\"83c1185\" data-element_type=\"column\" data-e-type=\"column\">\n\t\t\t<div class=\"elementor-widget-wrap elementor-element-populated\">\n\t\t\t\t\t\t<div class=\"elementor-element elementor-element-d097c64 elementor-widget elementor-widget-text-editor\" data-id=\"d097c64\" data-element_type=\"widget\" data-e-type=\"widget\" data-widget_type=\"text-editor.default\">\n\t\t\t\t<div class=\"elementor-widget-container\">\n\t\t\t\t\t\t\t\t\t<h6><span style=\"color: #020102;\">\u00a0Weiterf\u00fchrende Links<\/span><\/h6><ul style=\"color: #020102;\"><li>Globales Influenca Programm 2019: Non-pharmaceutical\u00a0public health measures\u00a0for mitigating the risk and\u00a0impact of epidemic and\u00a0pandemic influenza, 2019 (<a href=\"https:\/\/web.archive.org\/web\/20200330124252\/https:\/\/apps.who.int\/iris\/bitstream\/handle\/10665\/329438\/9789241516839-eng.pdf\">webarchiv, WHO<\/a>)<\/li><\/ul>\t\t\t\t\t\t\t\t<\/div>\n\t\t\t\t<\/div>\n\t\t\t\t\t<\/div>\n\t\t<\/div>\n\t\t\t\t\t<\/div>\n\t\t<\/section>\n\t\t\t\t<section class=\"elementor-section elementor-top-section elementor-element elementor-element-e574d6b elementor-section-boxed elementor-section-height-default elementor-section-height-default\" data-id=\"e574d6b\" data-element_type=\"section\" data-e-type=\"section\">\n\t\t\t\t\t\t<div class=\"elementor-container elementor-column-gap-default\">\n\t\t\t\t\t<div class=\"elementor-column elementor-col-100 elementor-top-column elementor-element elementor-element-f344276\" data-id=\"f344276\" data-element_type=\"column\" data-e-type=\"column\">\n\t\t\t<div class=\"elementor-widget-wrap elementor-element-populated\">\n\t\t\t\t\t\t<div class=\"elementor-element elementor-element-d702d06 elementor-widget elementor-widget-heading\" data-id=\"d702d06\" data-element_type=\"widget\" data-e-type=\"widget\" data-widget_type=\"heading.default\">\n\t\t\t\t<div class=\"elementor-widget-container\">\n\t\t\t\t\t<h2 class=\"elementor-heading-title elementor-size-default\"><h1 style=\"white-space: normal\"><a href=\"https:\/\/ggi-initiative.at\/wp\/lets-talk-about\/\">Let's talk about ...<\/a><\/h1><\/h2>\t\t\t\t<\/div>\n\t\t\t\t<\/div>\n\t\t\t\t\t<\/div>\n\t\t<\/div>\n\t\t\t\t\t<\/div>\n\t\t<\/section>\n\t\t\t\t<section class=\"elementor-section elementor-top-section elementor-element elementor-element-137005c elementor-section-boxed elementor-section-height-default elementor-section-height-default\" data-id=\"137005c\" data-element_type=\"section\" data-e-type=\"section\">\n\t\t\t\t\t\t<div class=\"elementor-container elementor-column-gap-default\">\n\t\t\t\t\t<div class=\"elementor-column elementor-col-25 elementor-top-column elementor-element elementor-element-40e409e\" data-id=\"40e409e\" data-element_type=\"column\" data-e-type=\"column\">\n\t\t\t<div class=\"elementor-widget-wrap elementor-element-populated\">\n\t\t\t\t\t\t<div class=\"elementor-element elementor-element-2de2408 elementor-widget elementor-widget-image\" data-id=\"2de2408\" data-element_type=\"widget\" data-e-type=\"widget\" data-widget_type=\"image.default\">\n\t\t\t\t<div class=\"elementor-widget-container\">\n\t\t\t\t\t\t\t\t\t\t\t\t<figure class=\"wp-caption\">\n\t\t\t\t\t\t\t\t\t\t\t<a href=\"https:\/\/ggi-initiative.at\/wp\/pandemie-der-ungeimpften\/\">\n\t\t\t\t\t\t\t<img decoding=\"async\" width=\"550\" height=\"400\" src=\"https:\/\/ggi-initiative.at\/wp\/wp-content\/uploads\/2023\/05\/scapegoat-1-550x400.png\" class=\"attachment-sydney-medium-thumb size-sydney-medium-thumb wp-image-5440\" alt=\"\" \/>\t\t\t\t\t\t\t\t<\/a>\n\t\t\t\t\t\t\t\t\t\t\t<figcaption class=\"widget-image-caption wp-caption-text\">Pandemie der Ungeimpften<\/figcaption>\n\t\t\t\t\t\t\t\t\t\t<\/figure>\n\t\t\t\t\t\t\t\t\t<\/div>\n\t\t\t\t<\/div>\n\t\t\t\t\t<\/div>\n\t\t<\/div>\n\t\t\t\t<div class=\"elementor-column elementor-col-25 elementor-top-column elementor-element elementor-element-1dbaba5\" data-id=\"1dbaba5\" data-element_type=\"column\" data-e-type=\"column\">\n\t\t\t<div class=\"elementor-widget-wrap elementor-element-populated\">\n\t\t\t\t\t\t<div class=\"elementor-element elementor-element-3dfa623 elementor-widget elementor-widget-image\" data-id=\"3dfa623\" data-element_type=\"widget\" data-e-type=\"widget\" data-widget_type=\"image.default\">\n\t\t\t\t<div class=\"elementor-widget-container\">\n\t\t\t\t\t\t\t\t\t\t\t\t<figure class=\"wp-caption\">\n\t\t\t\t\t\t\t\t\t\t\t<a href=\"https:\/\/ggi-initiative.at\/wp\/versprechen\/\">\n\t\t\t\t\t\t\t<img loading=\"lazy\" decoding=\"async\" width=\"550\" height=\"400\" src=\"https:\/\/ggi-initiative.at\/wp\/wp-content\/uploads\/2023\/07\/ring-2807717_1280-550x400.jpeg\" class=\"attachment-sydney-medium-thumb size-sydney-medium-thumb wp-image-21710\" alt=\"\" \/>\t\t\t\t\t\t\t\t<\/a>\n\t\t\t\t\t\t\t\t\t\t\t<figcaption class=\"widget-image-caption wp-caption-text\">Versprechen an Geimpfte<\/figcaption>\n\t\t\t\t\t\t\t\t\t\t<\/figure>\n\t\t\t\t\t\t\t\t\t<\/div>\n\t\t\t\t<\/div>\n\t\t\t\t\t<\/div>\n\t\t<\/div>\n\t\t\t\t<div class=\"elementor-column elementor-col-25 elementor-top-column elementor-element elementor-element-0ee0f27\" data-id=\"0ee0f27\" data-element_type=\"column\" data-e-type=\"column\">\n\t\t\t<div class=\"elementor-widget-wrap elementor-element-populated\">\n\t\t\t\t\t\t<div class=\"elementor-element elementor-element-c0c9737 elementor-widget elementor-widget-image\" data-id=\"c0c9737\" data-element_type=\"widget\" data-e-type=\"widget\" data-widget_type=\"image.default\">\n\t\t\t\t<div class=\"elementor-widget-container\">\n\t\t\t\t\t\t\t\t\t\t\t\t<figure class=\"wp-caption\">\n\t\t\t\t\t\t\t\t\t\t\t<a href=\"https:\/\/ggi-initiative.at\/wp\/diskriminierung\/\">\n\t\t\t\t\t\t\t<img loading=\"lazy\" decoding=\"async\" width=\"550\" height=\"400\" src=\"https:\/\/ggi-initiative.at\/wp\/wp-content\/uploads\/2023\/05\/Kegel-550x400.jpeg\" class=\"attachment-sydney-medium-thumb size-sydney-medium-thumb wp-image-3049\" alt=\"\" \/>\t\t\t\t\t\t\t\t<\/a>\n\t\t\t\t\t\t\t\t\t\t\t<figcaption class=\"widget-image-caption wp-caption-text\">Diskriminierung Ungeimpfter<\/figcaption>\n\t\t\t\t\t\t\t\t\t\t<\/figure>\n\t\t\t\t\t\t\t\t\t<\/div>\n\t\t\t\t<\/div>\n\t\t\t\t\t<\/div>\n\t\t<\/div>\n\t\t\t\t<div class=\"elementor-column elementor-col-25 elementor-top-column elementor-element elementor-element-467324e\" data-id=\"467324e\" data-element_type=\"column\" data-e-type=\"column\">\n\t\t\t<div class=\"elementor-widget-wrap elementor-element-populated\">\n\t\t\t\t\t\t<div class=\"elementor-element elementor-element-161d25b elementor-widget elementor-widget-image\" data-id=\"161d25b\" data-element_type=\"widget\" data-e-type=\"widget\" data-widget_type=\"image.default\">\n\t\t\t\t<div class=\"elementor-widget-container\">\n\t\t\t\t\t\t\t\t\t\t\t\t<figure class=\"wp-caption\">\n\t\t\t\t\t\t\t\t\t\t\t<a href=\"https:\/\/ggi-initiative.at\/wp\/umgang-mit-andersdenkenden\/\">\n\t\t\t\t\t\t\t<img loading=\"lazy\" decoding=\"async\" width=\"550\" height=\"400\" src=\"https:\/\/ggi-initiative.at\/wp\/wp-content\/uploads\/2023\/07\/jail-550x400.png\" class=\"attachment-sydney-medium-thumb size-sydney-medium-thumb wp-image-20954\" alt=\"\" \/>\t\t\t\t\t\t\t\t<\/a>\n\t\t\t\t\t\t\t\t\t\t\t<figcaption class=\"widget-image-caption wp-caption-text\">Umgang mit Andersdenkenden<\/figcaption>\n\t\t\t\t\t\t\t\t\t\t<\/figure>\n\t\t\t\t\t\t\t\t\t<\/div>\n\t\t\t\t<\/div>\n\t\t\t\t\t<\/div>\n\t\t<\/div>\n\t\t\t\t\t<\/div>\n\t\t<\/section>\n\t\t\t\t<section class=\"elementor-section elementor-top-section elementor-element elementor-element-f1a73b1 elementor-section-boxed elementor-section-height-default elementor-section-height-default\" data-id=\"f1a73b1\" data-element_type=\"section\" data-e-type=\"section\">\n\t\t\t\t\t\t<div class=\"elementor-container elementor-column-gap-default\">\n\t\t\t\t\t<div class=\"elementor-column elementor-col-25 elementor-top-column elementor-element elementor-element-3b3567f\" data-id=\"3b3567f\" data-element_type=\"column\" data-e-type=\"column\">\n\t\t\t<div class=\"elementor-widget-wrap elementor-element-populated\">\n\t\t\t\t\t\t<div class=\"elementor-element elementor-element-058fd1e elementor-widget elementor-widget-image\" data-id=\"058fd1e\" data-element_type=\"widget\" data-e-type=\"widget\" data-widget_type=\"image.default\">\n\t\t\t\t<div class=\"elementor-widget-container\">\n\t\t\t\t\t\t\t\t\t\t\t\t<figure class=\"wp-caption\">\n\t\t\t\t\t\t\t\t\t\t\t<a href=\"https:\/\/ggi-initiative.at\/wp\/zulassung\/\">\n\t\t\t\t\t\t\t<img loading=\"lazy\" decoding=\"async\" width=\"550\" height=\"400\" src=\"https:\/\/ggi-initiative.at\/wp\/wp-content\/uploads\/2023\/05\/plan-gb60a03a0b_1280-550x400.jpeg\" class=\"attachment-sydney-medium-thumb size-sydney-medium-thumb wp-image-3052\" alt=\"\" \/>\t\t\t\t\t\t\t\t<\/a>\n\t\t\t\t\t\t\t\t\t\t\t<figcaption class=\"widget-image-caption wp-caption-text\">Arzneimittelsicherheit<\/figcaption>\n\t\t\t\t\t\t\t\t\t\t<\/figure>\n\t\t\t\t\t\t\t\t\t<\/div>\n\t\t\t\t<\/div>\n\t\t\t\t\t<\/div>\n\t\t<\/div>\n\t\t\t\t<div class=\"elementor-column elementor-col-25 elementor-top-column elementor-element elementor-element-18add86\" data-id=\"18add86\" data-element_type=\"column\" data-e-type=\"column\">\n\t\t\t<div class=\"elementor-widget-wrap elementor-element-populated\">\n\t\t\t\t\t\t<div class=\"elementor-element elementor-element-129af23 elementor-widget elementor-widget-image\" data-id=\"129af23\" data-element_type=\"widget\" data-e-type=\"widget\" data-widget_type=\"image.default\">\n\t\t\t\t<div class=\"elementor-widget-container\">\n\t\t\t\t\t\t\t\t\t\t\t\t<figure class=\"wp-caption\">\n\t\t\t\t\t\t\t\t\t\t\t<a href=\"https:\/\/ggi-initiative.at\/wp\/framing-von-demonstrationen\/\">\n\t\t\t\t\t\t\t<img loading=\"lazy\" decoding=\"async\" width=\"550\" height=\"400\" src=\"https:\/\/ggi-initiative.at\/wp\/wp-content\/uploads\/2023\/07\/apple-2605472_1280-550x400.jpeg\" class=\"attachment-sydney-medium-thumb size-sydney-medium-thumb wp-image-26308\" alt=\"\" \/>\t\t\t\t\t\t\t\t<\/a>\n\t\t\t\t\t\t\t\t\t\t\t<figcaption class=\"widget-image-caption wp-caption-text\">Framing von Demonstrationen<\/figcaption>\n\t\t\t\t\t\t\t\t\t\t<\/figure>\n\t\t\t\t\t\t\t\t\t<\/div>\n\t\t\t\t<\/div>\n\t\t\t\t\t<\/div>\n\t\t<\/div>\n\t\t\t\t<div class=\"elementor-column elementor-col-25 elementor-top-column elementor-element elementor-element-02b8a61\" data-id=\"02b8a61\" data-element_type=\"column\" data-e-type=\"column\">\n\t\t\t<div class=\"elementor-widget-wrap elementor-element-populated\">\n\t\t\t\t\t\t<div class=\"elementor-element elementor-element-8083c72 elementor-widget elementor-widget-image\" data-id=\"8083c72\" data-element_type=\"widget\" data-e-type=\"widget\" data-widget_type=\"image.default\">\n\t\t\t\t<div class=\"elementor-widget-container\">\n\t\t\t\t\t\t\t\t\t\t\t\t<figure class=\"wp-caption\">\n\t\t\t\t\t\t\t\t\t\t\t<a href=\"https:\/\/ggi-initiative.at\/wp\/letstalkabout-begriffe-und-definitionen\/\">\n\t\t\t\t\t\t\t<img loading=\"lazy\" decoding=\"async\" width=\"550\" height=\"400\" src=\"https:\/\/ggi-initiative.at\/wp\/wp-content\/uploads\/2023\/05\/Lupe2-550x400.jpeg\" class=\"attachment-sydney-medium-thumb size-sydney-medium-thumb wp-image-3050\" alt=\"\" \/>\t\t\t\t\t\t\t\t<\/a>\n\t\t\t\t\t\t\t\t\t\t\t<figcaption class=\"widget-image-caption wp-caption-text\">Begriffe und Definitionen<\/figcaption>\n\t\t\t\t\t\t\t\t\t\t<\/figure>\n\t\t\t\t\t\t\t\t\t<\/div>\n\t\t\t\t<\/div>\n\t\t\t\t\t<\/div>\n\t\t<\/div>\n\t\t\t\t<div class=\"elementor-column elementor-col-25 elementor-top-column elementor-element elementor-element-693f89d\" data-id=\"693f89d\" data-element_type=\"column\" data-e-type=\"column\">\n\t\t\t<div class=\"elementor-widget-wrap elementor-element-populated\">\n\t\t\t\t\t\t<div class=\"elementor-element elementor-element-6f75f50 elementor-align-justify elementor-widget elementor-widget-button\" data-id=\"6f75f50\" data-element_type=\"widget\" data-e-type=\"widget\" data-widget_type=\"button.default\">\n\t\t\t\t<div class=\"elementor-widget-container\">\n\t\t\t\t\t\t\t\t\t<div class=\"elementor-button-wrapper\">\n\t\t\t\t\t<a class=\"elementor-button elementor-button-link elementor-size-sm\" href=\"https:\/\/ggi-initiative.at\/wp\/die-grosse-aufarbeitung-der-corona-krise\/\">\n\t\t\t\t\t\t<span class=\"elementor-button-content-wrapper\">\n\t\t\t\t\t\t\t\t\t<span class=\"elementor-button-text\">Aufarbeitung<\/span>\n\t\t\t\t\t<\/span>\n\t\t\t\t\t<\/a>\n\t\t\t\t<\/div>\n\t\t\t\t\t\t\t\t<\/div>\n\t\t\t\t<\/div>\n\t\t\t\t\t<\/div>\n\t\t<\/div>\n\t\t\t\t\t<\/div>\n\t\t<\/section>\n\t\t\t\t<section class=\"elementor-section elementor-top-section elementor-element elementor-element-257a52d elementor-section-boxed elementor-section-height-default elementor-section-height-default\" data-id=\"257a52d\" data-element_type=\"section\" data-e-type=\"section\">\n\t\t\t\t\t\t<div class=\"elementor-container elementor-column-gap-default\">\n\t\t\t\t\t<div class=\"elementor-column elementor-col-100 elementor-top-column elementor-element elementor-element-df28af1\" data-id=\"df28af1\" data-element_type=\"column\" data-e-type=\"column\">\n\t\t\t<div class=\"elementor-widget-wrap elementor-element-populated\">\n\t\t\t\t\t\t<div class=\"elementor-element elementor-element-393cc4c elementor-widget elementor-widget-text-editor\" data-id=\"393cc4c\" data-element_type=\"widget\" data-e-type=\"widget\" data-widget_type=\"text-editor.default\">\n\t\t\t\t<div class=\"elementor-widget-container\">\n\t\t\t\t\t\t\t\t\t<ul><li>GGI Pressemitteilung #11 vom 14.03.2023: <a href=\"https:\/\/ggi-initiative.at\/wp\/pm-11-evidenzbasierte-massnahmen\/\">Evidenzbasierte Ma\u00dfnahmen?<\/a><\/li><li>GGI Pressemitteilung #35 vom 15.06.2023: <a href=\"https:\/\/ggi-initiative.at\/wp\/pm-35-mysterium-intensivstation-hinter-verschlossenen-tueren\/\">Mysterium Intensivstation \u2013 Hinter verschlossenen T\u00fcren<\/a><\/li><\/ul>\t\t\t\t\t\t\t\t<\/div>\n\t\t\t\t<\/div>\n\t\t\t\t\t<\/div>\n\t\t<\/div>\n\t\t\t\t\t<\/div>\n\t\t<\/section>\n\t\t\t\t<\/div>\n\t\t","protected":false},"excerpt":{"rendered":"<p>Verh\u00e4ltnism\u00e4\u00dfigkeit Notwendigkeit und Verh\u00e4ltnism\u00e4\u00dfigkeit sind grundlegende Grunds\u00e4tze in einem Rechtsstaat, um sicherzustellen, [&hellip;]<\/p>\n","protected":false},"author":3,"featured_media":0,"parent":0,"menu_order":0,"comment_status":"open","ping_status":"closed","template":"lets-talk-about-template","meta":{"footnotes":""},"class_list":["post-26461","page","type-page","status-publish","hentry"],"aioseo_notices":[],"_links":{"self":[{"href":"https:\/\/ggi-initiative.at\/wp\/wp-json\/wp\/v2\/pages\/26461","targetHints":{"allow":["GET"]}}],"collection":[{"href":"https:\/\/ggi-initiative.at\/wp\/wp-json\/wp\/v2\/pages"}],"about":[{"href":"https:\/\/ggi-initiative.at\/wp\/wp-json\/wp\/v2\/types\/page"}],"author":[{"embeddable":true,"href":"https:\/\/ggi-initiative.at\/wp\/wp-json\/wp\/v2\/users\/3"}],"replies":[{"embeddable":true,"href":"https:\/\/ggi-initiative.at\/wp\/wp-json\/wp\/v2\/comments?post=26461"}],"version-history":[{"count":10,"href":"https:\/\/ggi-initiative.at\/wp\/wp-json\/wp\/v2\/pages\/26461\/revisions"}],"predecessor-version":[{"id":35572,"href":"https:\/\/ggi-initiative.at\/wp\/wp-json\/wp\/v2\/pages\/26461\/revisions\/35572"}],"wp:attachment":[{"href":"https:\/\/ggi-initiative.at\/wp\/wp-json\/wp\/v2\/media?parent=26461"}],"curies":[{"name":"wp","href":"https:\/\/api.w.org\/{rel}","templated":true}]}}